{"id":6468,"date":"2024-07-21T14:59:45","date_gmt":"2024-07-21T12:59:45","guid":{"rendered":"https:\/\/www.trois-a.org\/?page_id=6468"},"modified":"2024-07-21T14:59:45","modified_gmt":"2024-07-21T12:59:45","slug":"participation-a-la-rencontre-3a-presidents-du-31-juillet-24","status":"publish","type":"page","link":"https:\/\/www.trois-a.org\/index.php\/participation-a-la-rencontre-3a-presidents-du-31-juillet-24\/","title":{"rendered":"Participation \u00e0 la rencontre 3A-pr\u00e9sidents du 31 juillet 24"},"content":{"rendered":"<table class=\"with_frm_style frm-responsive-table frm-alt-table\">\n<thead>\n<tr>\n<th>Participation et sujets \u00e0 aborder<\/th>\n<\/tr>\n<\/thead>\n<tbody>\n<tr>\n<td style='--v-responsive-table-label:\"Participation et sujets \u00e0 aborder\";'>\n<p>30 juillet 2024 \u00e0 11 h 11 min Claude LEBLANC H\u00f4tel des 3 Arcs dit Les Charmettes Je participerai \u00e0 la rencontre<\/p>\n<p>Th\u00e9matiques<\/p>\n<p><p>Point sur le recours sur la tarification de l&rsquo;eau.<\/p>\n<\/p>\n<p>Commentaires<\/p>\n<\/p>\n<\/td>\n<\/tr>\n<tr>\n<td style='--v-responsive-table-label:\"Participation et sujets \u00e0 aborder\";'>\n<p>30 juillet 2024 \u00e0 10 h 21 min Claire CHABROL AG3 Je participerai \u00e0 la rencontre<\/p>\n<p>Th\u00e9matiques<\/p>\n<\/p>\n<p>Commentaires<\/p>\n<\/p>\n<\/td>\n<\/tr>\n<tr>\n<td style='--v-responsive-table-label:\"Participation et sujets \u00e0 aborder\";'>\n<p>29 juillet 2024 \u00e0 18 h 56 min Maurice Delplanque Grand arbois Je ne participerai pas \u00e0 la rencontre<\/p>\n<p>Th\u00e9matiques<\/p>\n<\/p>\n<p>Commentaires<\/p>\n<\/p>\n<\/td>\n<\/tr>\n<tr>\n<td style='--v-responsive-table-label:\"Participation et sujets \u00e0 aborder\";'>\n<p>29 juillet 2024 \u00e0 15 h 07 min Dominique RAMPAZZO Hauts de l&rsquo;Adret C3 ARC 1600 Je participerai \u00e0 la rencontre<\/p>\n<p>Th\u00e9matiques<\/p>\n<p><p>partage d&rsquo;exp\u00e9rience sur l&rsquo;installation de la fibre<\/p>\n<\/p>\n<p>Commentaires<\/p>\n<\/p>\n<\/td>\n<\/tr>\n<tr>\n<td style='--v-responsive-table-label:\"Participation et sujets \u00e0 aborder\";'>\n<p>29 juillet 2024 \u00e0 10 h 14 min sonia roquette village des 2 t\u00eates Je ne participerai pas \u00e0 la rencontre<\/p>\n<p>Th\u00e9matiques<\/p>\n<p><p>Comment faire pour am\u00e9liorer les conditions de ski en hiver, pistes surpeupl\u00e9es et dangereuses pour un prix de forfait \u00e9lev\u00e9 (quasi identique \u00e0 celui de Val d&rsquo;Is\u00e8re qui offre des \u00e9quipements qui n&rsquo;ont rien \u00e0 voir)<\/p>\n<\/p>\n<p>Commentaires<\/p>\n<\/p>\n<\/td>\n<\/tr>\n<tr>\n<td style='--v-responsive-table-label:\"Participation et sujets \u00e0 aborder\";'>\n<p>29 juillet 2024 \u00e0 9 h 11 min Dana Burcea Les Sources de Marie &#8211; Arc 1950 Je ne participerai pas \u00e0 la rencontre<\/p>\n<p>Th\u00e9matiques<\/p>\n<\/p>\n<p>Commentaires<\/p>\n<p><p>Merci beaucoup pour votre action.<br \/>\nBonne r\u00e9union!<\/p>\n<\/p>\n<\/td>\n<\/tr>\n<tr>\n<td style='--v-responsive-table-label:\"Participation et sujets \u00e0 aborder\";'>\n<p>28 juillet 2024 \u00e0 20 h 11 min Antoine -GUERIN Cascade <\/p>\n<p>Th\u00e9matiques<\/p>\n<\/p>\n<p>Commentaires<\/p>\n<\/p>\n<\/td>\n<\/tr>\n<tr>\n<td style='--v-responsive-table-label:\"Participation et sujets \u00e0 aborder\";'>\n<p>28 juillet 2024 \u00e0 13 h 49 min LAURENT DE PARISOT L&rsquo;ECRIN Je ne participerai pas \u00e0 la rencontre<\/p>\n<p>Th\u00e9matiques<\/p>\n<p><p>Est-il possible de n\u00e9gocier avec la Mairie la souscription d&rsquo;un contrat  pour l&rsquo;enl\u00e8vement des TAG aux Arcs (1600,1800, 1950 et 2000)?<br \/>\nCertaines municipalit\u00e9s proposent des contrats Fa\u00e7ades nettes auxquels les copropri\u00e9t\u00e9s peuvent souscrire moyennant un abonnement calcul\u00e9 sur les m\u00e8tres lin\u00e9aires de fa\u00e7ades expos\u00e9s aux risques de TAG<\/p>\n<\/p>\n<p>Commentaires<\/p>\n<p><p>A priori la r\u00e9sidence est connect\u00e9e.<\/p>\n<\/p>\n<\/td>\n<\/tr>\n<tr>\n<td style='--v-responsive-table-label:\"Participation et sujets \u00e0 aborder\";'>\n<p>28 juillet 2024 \u00e0 11 h 40 min Thibaud Duchosal Manoir de Savoie &#8211; Chalet des Lys Je ne participerai pas \u00e0 la rencontre<\/p>\n<p>Th\u00e9matiques<\/p>\n<\/p>\n<p>Commentaires<\/p>\n<\/p>\n<\/td>\n<\/tr>\n<tr>\n<td style='--v-responsive-table-label:\"Participation et sujets \u00e0 aborder\";'>\n<p>28 juillet 2024 \u00e0 11 h 34 min William FROUIN Vogel arcs 1800 Je ne participerai pas \u00e0 la rencontre<\/p>\n<p>Th\u00e9matiques<\/p>\n<p><p>Point de situation sur la proc\u00e9dure mairie &#8211; eau<\/p>\n<\/p>\n<p>Commentaires<\/p>\n<p><p>Fibre au b\u00e2timent, mais pas de raccordement aux appt.<\/p>\n<\/p>\n<\/td>\n<\/tr>\n<tr>\n<td style='--v-responsive-table-label:\"Participation et sujets \u00e0 aborder\";'>\n<p>28 juillet 2024 \u00e0 10 h 04 min Christine Chapuis Jardin Alpin, chalet collectif Je ne participerai pas \u00e0 la rencontre<\/p>\n<p>Th\u00e9matiques<\/p>\n<\/p>\n<p>Commentaires<\/p>\n<p><p>Nous serons pr\u00e9sents le 1er par contre pour l&rsquo;AG de 15h \u00e0 Taillefer.<\/p>\n<\/p>\n<\/td>\n<\/tr>\n<tr>\n<td style='--v-responsive-table-label:\"Participation et sujets \u00e0 aborder\";'>\n<p>28 juillet 2024 \u00e0 8 h 34 min Jacques ETUR Arandeli\u00e8res Arcs 1800 Je participerai \u00e0 la rencontre<\/p>\n<p>Th\u00e9matiques<\/p>\n<p><p>Faire une revue des sujets repris par le pr\u00e9sident de 3A dans le rapport moral de la prochaine AG<\/p>\n<\/p>\n<p>Commentaires<\/p>\n<\/p>\n<\/td>\n<\/tr>\n<tr>\n<td style='--v-responsive-table-label:\"Participation et sujets \u00e0 aborder\";'>\n<p>28 juillet 2024 \u00e0 8 h 26 min Antoine -GUERIN Cascade <\/p>\n<p>Th\u00e9matiques<\/p>\n<\/p>\n<p>Commentaires<\/p>\n<\/p>\n<\/td>\n<\/tr>\n<tr>\n<td style='--v-responsive-table-label:\"Participation et sujets \u00e0 aborder\";'>\n<p>28 juillet 2024 \u00e0 8 h 25 min Francoise AUMONT-GUERIN  Je participerai \u00e0 la rencontre<\/p>\n<p>Th\u00e9matiques<\/p>\n<\/p>\n<p>Commentaires<\/p>\n<\/p>\n<\/td>\n<\/tr>\n<tr>\n<td style='--v-responsive-table-label:\"Participation et sujets \u00e0 aborder\";'>\n<p>28 juillet 2024 \u00e0 8 h 07 min Jocelyn GHESELLE COURBATON-Village Je ne participerai pas \u00e0 la rencontre<\/p>\n<p>Th\u00e9matiques<\/p>\n<p><p>Fibre pr\u00e9sente dans la copro<\/p>\n<\/p>\n<p>Commentaires<\/p>\n<\/p>\n<\/td>\n<\/tr>\n<tr>\n<td style='--v-responsive-table-label:\"Participation et sujets \u00e0 aborder\";'>\n<p>28 juillet 2024 \u00e0 7 h 23 min Audrey Ruydant Adret Je participerai \u00e0 la rencontre<\/p>\n<p>Th\u00e9matiques<\/p>\n<\/p>\n<p>Commentaires<\/p>\n<\/p>\n<\/td>\n<\/tr>\n<tr>\n<td style='--v-responsive-table-label:\"Participation et sujets \u00e0 aborder\";'>\n<p>27 juillet 2024 \u00e0 22 h 29 min Christophe Mangholz Iseran Je ne participerai pas \u00e0 la rencontre<\/p>\n<p>Th\u00e9matiques<\/p>\n<\/p>\n<p>Commentaires<\/p>\n<\/p>\n<\/td>\n<\/tr>\n<tr>\n<td style='--v-responsive-table-label:\"Participation et sujets \u00e0 aborder\";'>\n<p>27 juillet 2024 \u00e0 22 h 15 min Christophe Mangholz Iseran Je ne participerai pas \u00e0 la rencontre<\/p>\n<p>Th\u00e9matiques<\/p>\n<\/p>\n<p>Commentaires<\/p>\n<\/p>\n<\/td>\n<\/tr>\n<tr>\n<td style='--v-responsive-table-label:\"Participation et sujets \u00e0 aborder\";'>\n<p>27 juillet 2024 \u00e0 21 h 18 min Alain VALLEE TOURNAVELLES Je ne participerai pas \u00e0 la rencontre<\/p>\n<p>Th\u00e9matiques<\/p>\n<\/p>\n<p>Commentaires<\/p>\n<p><p>Notre immeuble est raccord\u00e9 la fibre avec NEPTUNE<\/p>\n<\/p>\n<\/td>\n<\/tr>\n<tr>\n<td style='--v-responsive-table-label:\"Participation et sujets \u00e0 aborder\";'>\n<p>27 juillet 2024 \u00e0 21 h 09 min Georges SOUFFLET Alliet Je participerai \u00e0 la rencontre<\/p>\n<p>Th\u00e9matiques<\/p>\n<\/p>\n<p>Commentaires<\/p>\n<p><p>La fibre est dispo \u00e0 l&rsquo;Alliet mais je ne sais pas si quelqu&rsquo;un l&rsquo;a fait raccorder \u00e0 son appart;<\/p>\n<\/p>\n<\/td>\n<\/tr>\n<tr>\n<td style='--v-responsive-table-label:\"Participation et sujets \u00e0 aborder\";'>\n<p>27 juillet 2024 \u00e0 19 h 58 min Michael Herfurth Varet A3  Les ARCS 2000 Je participerai \u00e0 la rencontre<\/p>\n<p>Th\u00e9matiques<\/p>\n<p><p>Chevalier , transparence du P3<br \/>\nTrouver un bon syndic de r\u00e9el proximit\u00e9<br \/>\nProc\u00e9dure contre la Mairie de BSM pour le prix de l&rsquo;eau<\/p>\n<\/p>\n<p>Commentaires<\/p>\n<p><p>J&rsquo;ai particip\u00e9 l&rsquo;ann\u00e9e derni\u00e8re et je suis content que vous organisiez cette rencontre aussi cette ann\u00e9e<\/p>\n<\/p>\n<\/td>\n<\/tr>\n<tr>\n<td style='--v-responsive-table-label:\"Participation et sujets \u00e0 aborder\";'>\n<p>25 juillet 2024 \u00e0 19 h 37 min Anne VIAL ARMOISE Je ne participerai pas \u00e0 la rencontre<\/p>\n<p>Th\u00e9matiques<\/p>\n<p><p>WIFI: pour info, nous avons un contrat avec NEPTUNE pour le wifi<br \/>\nPas de vol de bornes&#8230; jusqu&rsquo;\u00e0 pr\u00e9sent<br \/>\nLa fibre est d\u00e9ploy\u00e9e dans l&rsquo;immeuble, \u00e0 priori une demande de raccordement en cours&#8230;<\/p>\n<p>Point sur le dossier recours Eau<br \/>\nProjet de construction d&rsquo;un Parking couvert \u00e0 Arc 1600. Est-ce toujours d\u2019actualit\u00e9?<\/p>\n<\/p>\n<p>Commentaires<\/p>\n<p><p>D\u00e9sol\u00e9e de ne pas pouvoir participer, je quitte les Arcs lundi 29.. et reviens le 5 pour 2 \u00e0 3 semaines..<br \/>\ncordialement<\/p>\n<\/p>\n<\/td>\n<\/tr>\n<tr>\n<td style='--v-responsive-table-label:\"Participation et sujets \u00e0 aborder\";'>\n<p>25 juillet 2024 \u00e0 11 h 07 min Jean-Christophe Monfret Le Ridge Je participerai \u00e0 la rencontre<\/p>\n<p>Th\u00e9matiques<\/p>\n<\/p>\n<p>Commentaires<\/p>\n<\/p>\n<\/td>\n<\/tr>\n<tr>\n<td style='--v-responsive-table-label:\"Participation et sujets \u00e0 aborder\";'>\n<p>23 juillet 2024 \u00e0 8 h 27 min laurent giraud Belmont Je participerai \u00e0 la rencontre<\/p>\n<p>Th\u00e9matiques<\/p>\n<p><p>&#8211; La liste FPCSA fonctionne tr\u00e8s bien. N\u00e9anmoins il serait peut \u00eatre possible de r\u00e9pertorier tous les prestataires de nos copropri\u00e9t\u00e9s dans un fichier\/base de donn\u00e9es partag\u00e9e en ligne<br \/>\n&#8211; Avons nous une synth\u00e8se de ce qui est pr\u00e9vu pour les points de recharge de v\u00e9hicules \u00e9lectriques? Bourg St Maurice et Les Arcs me semblent tr\u00e8s en retard<\/p>\n<\/p>\n<p>Commentaires<\/p>\n<\/p>\n<\/td>\n<\/tr>\n<tr>\n<td style='--v-responsive-table-label:\"Participation et sujets \u00e0 aborder\";'>\n<p>22 juillet 2024 \u00e0 16 h 50 min Agnes Coussy Plan Devin 2 &#8211; les Arcs 1600 Je ne participerai pas \u00e0 la rencontre<\/p>\n<p>Th\u00e9matiques<\/p>\n<p><p>1 La question de la tarification de l&rsquo;eau<br \/>\n2 L&rsquo;\u00e9volution de taxe fonci\u00e8re et taxe habitation<br \/>\n3 Le PLU \u00e9volutions<\/p>\n<\/p>\n<p>Commentaires<\/p>\n<p><p>je serai pr\u00e9sente \u00e0 la r\u00e9union 3A du 1er aout<\/p>\n<\/p>\n<\/td>\n<\/tr>\n<tr>\n<td style='--v-responsive-table-label:\"Participation et sujets \u00e0 aborder\";'>\n<p>22 juillet 2024 \u00e0 11 h 19 min annie cotonnec Belles Challes Lauzi\u00e8res Je ne participerai pas \u00e0 la rencontre<\/p>\n<p>Th\u00e9matiques<\/p>\n<\/p>\n<p>Commentaires<\/p>\n<\/p>\n<\/td>\n<\/tr>\n<tr>\n<td style='--v-responsive-table-label:\"Participation et sujets \u00e0 aborder\";'>\n<p>22 juillet 2024 \u00e0 9 h 31 min Michel KUBLER Les Cristaux Je ne participerai pas \u00e0 la rencontre<\/p>\n<p>Th\u00e9matiques<\/p>\n<p><p>Adaptation des navettes:  j&rsquo;ai assist\u00e9 \u00e0 certaines arriv\u00e9es dans la station avec des files interminables d&rsquo;attente en sortie de funiculaire. La station souhaitant promouvoir les d\u00e9placements vertueux, ces situations, relay\u00e9es sur les r\u00e9seaux, ont bien \u00e9videmment des effets tr\u00e8s n\u00e9gatifs sur l&rsquo;image de la station. Il faudrait pourtant simplement qu&rsquo;elle pr\u00e9voie mieux les cadences de navettes dans les jours d&rsquo;arriv\u00e9e qui sont sensibles.<\/p>\n<\/p>\n<p>Commentaires<\/p>\n<\/p>\n<\/td>\n<\/tr>\n<tr>\n<td style='--v-responsive-table-label:\"Participation et sujets \u00e0 aborder\";'>\n<p>21 juillet 2024 \u00e0 14 h 43 min Serge-Yves HANDSCHUH EDENARC Souverains Je ne participerai pas \u00e0 la rencontre<\/p>\n<p>Th\u00e9matiques<\/p>\n<\/p>\n<p>Commentaires<\/p>\n<\/p>\n<\/td>\n<\/tr>\n<tr>\n<td style='--v-responsive-table-label:\"Participation et sujets \u00e0 aborder\";'>\n<p>21 juillet 2024 \u00e0 14 h 29 min Patrice Wagner Refuge du Montagnard Je ne participerai pas \u00e0 la rencontre<\/p>\n<p>Th\u00e9matiques<\/p>\n<p><p>O\u00f9 en est on sur l\u2019augmentation de l\u2019eau ?<br \/>\nEst ce que la mairie compte revenir sur cette mesure incompr\u00e9hensible pour les immeubles qui n\u2019ont qu\u2019un seul compteur. Suite \u00e0  cela nous avons approch\u00e9 Veolia pour l\u2019installation de compteurs individuels, ceux ci ont refus\u00e9 de les g\u00e9rer sachant qu\u2019on ne peut pas physiquement les installer dans les couloirs. Veolia reste sur ses positions, malgr\u00e9 les moyens modernes de t\u00e9l\u00e9transmission qui permettent la gestion des consommations \u00e0  distance, ils veulent que les compteurs soient accessibles physiquement donc reporter dans les parties communes.<br \/>\nEn conclusion on a en face de nous une mairie retord et un fournisseur but\u00e9.<\/p>\n<\/p>\n<p>Commentaires<\/p>\n<\/p>\n<\/td>\n<\/tr>\n<tr>\n<td style='--v-responsive-table-label:\"Participation et sujets \u00e0 aborder\";'>\n<p>21 juillet 2024 \u00e0 14 h 20 min Genevi\u00e8ve leconte aiguille grive 1 <\/p>\n<p>Th\u00e9matiques<\/p>\n<\/p>\n<p>Commentaires<\/p>\n<p><p>Neptune est d\u00e9ploy\u00e9 dans notre r\u00e9sidence depuis le 01\/12\/2014 et nous en sommes tr\u00e8s satisfaits<br \/>\nla fibre est dans les colonnes montantes mais \u00e0 ma connaissance pas de raccordement effectu\u00e9 par les propri\u00e9taires<\/p>\n<\/p>\n<\/td>\n<\/tr>\n<tr>\n<td style='--v-responsive-table-label:\"Participation et sujets \u00e0 aborder\";'>\n<p>21 juillet 2024 \u00e0 13 h 51 min Jacques Marquis Ruitor Je ne participerai pas \u00e0 la rencontre<\/p>\n<p>Th\u00e9matiques<\/p>\n<p><p>Fonctionnement de FPCSA<br \/>\nRappel des r\u00e8gles mais int\u00e9r\u00eat des \u00e9changes<br \/>\nR\u00e9pondre \u00e0 tous si jugez que \u00e7a int\u00e9resse  tout FPCSA ,sinon r\u00e9pondre sur email perso<br \/>\nDes \u00e9changes  mais pourrait \u00eatre plus important  et plus fr\u00e9quents<br \/>\nQuel orientation  futur doit on donner \u00e0 ce forum<\/p>\n<\/p>\n<p>Commentaires<\/p>\n<\/p>\n<\/td>\n<\/tr>\n<tr>\n<td style='--v-responsive-table-label:\"Participation et sujets \u00e0 aborder\";'>\n<p>21 juillet 2024 \u00e0 12 h 53 min Claire CHABROL LEBOURGEOIS AG 3 Je participerai \u00e0 la rencontre<\/p>\n<p>Th\u00e9matiques<\/p>\n<p><p>D\u00e9ploiement commercial fibre.<\/p>\n<\/p>\n<p>Commentaires<\/p>\n<\/p>\n<\/td>\n<\/tr>\n<tr>\n<td style='--v-responsive-table-label:\"Participation et sujets \u00e0 aborder\";'>\n<p>21 juillet 2024 \u00e0 12 h 43 min Genevi\u00e8ve LECONTE Aiguille Grive 1 Je participerai \u00e0 la rencontre<\/p>\n<p>Th\u00e9matiques<\/p>\n<p><p>groupe pour l&rsquo;hiver prochain<\/p>\n<\/p>\n<p>Commentaires<\/p>\n<p><p>merci pour cette organisation et la mise en place de FPCSA<\/p>\n<\/p>\n<\/td>\n<\/tr>\n<tr>\n<td style='--v-responsive-table-label:\"Participation et sujets \u00e0 aborder\";'>\n<p>21 juillet 2024 \u00e0 12 h 40 min Jean-Pierre Colly Aiguille Grive II Je participerai \u00e0 la rencontre<\/p>\n<p>Th\u00e9matiques<\/p>\n<p><p>Outre les sujets d\u00e9j\u00e0 mentionn\u00e9s, pourrait on faireun point sur les immeubles o\u00f9 un abonnement fibre est disponible via les FAI habituels.<\/p>\n<\/p>\n<p>Commentaires<\/p>\n<\/p>\n<\/td>\n<\/tr>\n<tr>\n<td style='--v-responsive-table-label:\"Participation et sujets \u00e0 aborder\";'>\n<p>21 juillet 2024 \u00e0 12 h 11 min Jean-Pierre Coll\u00e8s Aiguille Grive II Je participerai \u00e0 la rencontre<\/p>\n<p>Th\u00e9matiques<\/p>\n<p><p>1\/ un programme de reconnaissance financi\u00e8re par ADS de la contribution des propri\u00e9taires qui ne laissent pas leurs lits froids<\/p>\n<p>2\/ un point sur les bornes RVE priv\u00e9es ?  publiques ?<\/p>\n<p>3\/ inscription des propri\u00e9taires sur les listes \u00e9lectorales de BSM<\/p>\n<\/p>\n<p>Commentaires<\/p>\n<\/p>\n<\/td>\n<\/tr>\n<tr>\n<td style='--v-responsive-table-label:\"Participation et sujets \u00e0 aborder\";'>\n<p>21 juillet 2024 \u00e0 11 h 26 min Georges SOUFFLET Alliet Je participerai \u00e0 la rencontre<\/p>\n<p>Th\u00e9matiques<\/p>\n<\/p>\n<p>Commentaires<\/p>\n<\/p>\n<\/td>\n<\/tr>\n<\/tbody>\n<\/table>\n\n","protected":false},"excerpt":{"rendered":"","protected":false},"author":386,"featured_media":0,"parent":0,"menu_order":0,"comment_status":"closed","ping_status":"closed","template":"","meta":{"footnotes":""},"class_list":["post-6468","page","type-page","status-publish","hentry"],"_links":{"self":[{"href":"https:\/\/www.trois-a.org\/index.php\/wp-json\/wp\/v2\/pages\/6468","targetHints":{"allow":["GET"]}}],"collection":[{"href":"https:\/\/www.trois-a.org\/index.php\/wp-json\/wp\/v2\/pages"}],"about":[{"href":"https:\/\/www.trois-a.org\/index.php\/wp-json\/wp\/v2\/types\/page"}],"author":[{"embeddable":true,"href":"https:\/\/www.trois-a.org\/index.php\/wp-json\/wp\/v2\/users\/386"}],"replies":[{"embeddable":true,"href":"https:\/\/www.trois-a.org\/index.php\/wp-json\/wp\/v2\/comments?post=6468"}],"version-history":[{"count":2,"href":"https:\/\/www.trois-a.org\/index.php\/wp-json\/wp\/v2\/pages\/6468\/revisions"}],"predecessor-version":[{"id":6470,"href":"https:\/\/www.trois-a.org\/index.php\/wp-json\/wp\/v2\/pages\/6468\/revisions\/6470"}],"wp:attachment":[{"href":"https:\/\/www.trois-a.org\/index.php\/wp-json\/wp\/v2\/media?parent=6468"}],"curies":[{"name":"wp","href":"https:\/\/api.w.org\/{rel}","templated":true}]}}