{"id":5366,"date":"2023-07-15T07:26:46","date_gmt":"2023-07-15T05:26:46","guid":{"rendered":"https:\/\/www.trois-a.org\/?page_id=5366"},"modified":"2023-07-15T07:26:46","modified_gmt":"2023-07-15T05:26:46","slug":"historique-composition-du-ca","status":"publish","type":"page","link":"https:\/\/www.trois-a.org\/index.php\/historique-composition-du-ca\/","title":{"rendered":"Historique composition du CA"},"content":{"rendered":"<h4>Mise \u00e0 jour du 11 octobre 2022<\/h4>\n<div class=\"page\" title=\"Page 5\">\n<div class=\"layoutArea\">\n<div class=\"column\">\n<p>4 &#8211; RENOUVELLEMENT DU CONSEIL D\u2019ADMINISTRATION<\/p>\n<p>Comme chaque anne\u0301e, l\u2019Assemble\u0301e doit proce\u0301der au renouvellement d\u2019un tiers du Conseil d\u2019administration.<br \/>\nLes mandats arrivant a\u0300 e\u0301che\u0301ance en 2022 sont ceux de Mme Carole Rampazzo, MM. Thomas Di Lorenzo et Jean-Louis Narquin.<\/p>\n<p>Il est propose\u0301 a\u0300 l\u2019assemble\u0301e le renouvellement de leur mandat.<br \/>\nTrois postes d\u2019administrateurs sont vacants.<br \/>\nLe pre\u0301sident de se\u0301ance constate qu\u2019aucune candidature ne s\u2019est manifeste\u0301e. Il met aux voix le renouvellement des administrateurs.<\/p>\n<p>Re\u0301solution 4 : L\u2019Assemble\u0301e vote a\u0300 l\u2019unanimite\u0301 le renouvellement des mandats de Mme Carole Rampazzo et de MM. Thomas Di Lorenzo et Jean-Louis Narquin pour une dure\u0301e de 3 ans, venant a\u0300 e\u0301che\u0301ance en aou\u0302t 2025.<\/p>\n<\/div>\n<\/div>\n<\/div>\n<h4>Mise \u00e0 jour du 12 ao\u00fbt 2021<\/h4>\n<p>L&rsquo;assembl\u00e9e g\u00e9n\u00e9rale de 3A du 12 ao\u00fbt 2021 a approuv\u00e9 les modifications suivantes du conseil d&rsquo;administration de l&rsquo;association pour 2020-2021 :<\/p>\n<ul>\n<li><strong>Renouvellement\u00a0<\/strong>des mandats : Christian Helft, Bernard Hollebeke, Alain Rius, Bernard Seligmann<\/li>\n<li><strong>Sans changement\u00a0<\/strong>: Thomas Di Lorenzo,\u00a0Jacqueline Houin,\u00a0Paul Landowski, Jean-Louis Narquin, Herv\u00e9 Panthier,\u00a0Carole Rampazzo, Miren Vercollier<\/li>\n<li><strong>Nouveau membre :\u00a0<\/strong>\n<ul>\n<li>C\u00e9dric Lespiau<\/li>\n<\/ul>\n<\/li>\n<li><strong>D\u00e9mission\u00a0<\/strong>\n<ul>\n<li>Alain Domenget<\/li>\n<\/ul>\n<\/li>\n<li>Jean-Luc Mercier, fondateur et premier pr\u00e9sident de 3A, reste pr\u00e9sident d&rsquo;honneur de l&rsquo;association.<\/li>\n<\/ul>\n<p>&nbsp;<\/p>\n<h4>Mise \u00e0 jour du 7 ao\u00fbt 2020<\/h4>\n<p>L&rsquo;assembl\u00e9e g\u00e9n\u00e9rale de 3A du 6 ao\u00fbt 2020 a approuv\u00e9 les modifications suivantes du conseil d&rsquo;administration de l&rsquo;association pour 2020-2021 :<\/p>\n<ul>\n<li><strong>Renouvellement\u00a0<\/strong>des mandats : Jacqueline Houin, Miren Vercollier<\/li>\n<li><strong>Sans changement\u00a0<\/strong>: Bernard Seligmann, Christian Helft, Carole Rampazzo, Jean-Louis Narquin, Alain Rius, Bernard Hollebeke, Thomas Di Lorenzo, Paul Landowski<\/li>\n<li><strong>2 Nouveaux membres :\u00a0<\/strong>\n<ul>\n<li>Alain Domenget<\/li>\n<li>Herv\u00e9 Panthier<\/li>\n<\/ul>\n<\/li>\n<li>Jean-Luc Mercier, fondateur et premier pr\u00e9sident de 3A, reste pr\u00e9sident d&rsquo;honneur de l&rsquo;association.<\/li>\n<\/ul>\n<p>Le nouveau CA a reconduit le bureau :<\/p>\n<ul>\n<li>Carole Rampazzo, pr\u00e9sidente,<\/li>\n<li>Jean-Louis Narquin, repr\u00e9sentant permanent de 3A, notamment pour les r\u00e9unions hebdomadaires de coordination<\/li>\n<li>Bernard Seligmann, vice-pr\u00e9sident<\/li>\n<li>Christian Helft, secr\u00e9taire g\u00e9n\u00e9ral, en charge du site Web et des outils informatiques de 3A<\/li>\n<li>Jacqueline Houin, tr\u00e9sori\u00e8re<\/li>\n<li>Alain Rius, secr\u00e9taire g\u00e9n\u00e9ral adjoint<\/li>\n<\/ul>\n<p><strong>Nomination d\u2019un administrateur \u00ab\u00a0r\u00e9f\u00e9rent\u00a0\u00bb pour chacun des secteurs des Arcs\u00a0<\/strong>(sauf Arc 1950)\u00a0:<\/p>\n<ul>\n<li>Arc 1600 : Miren Vercollier<\/li>\n<li>Arc 1800 Charvet : Jean-Louis\u00a0Narquin<\/li>\n<li>Arc 1800 Villards : Herv\u00e9 Panthier<\/li>\n<li>Arc 1800 Charmettoger : Alain Rius\/Alain Domenget<\/li>\n<li>Arc 1800 Chantel : Christian Helft<\/li>\n<li>Arc 2000 : Bernard Hollebeke<\/li>\n<\/ul>\n<p><strong>Suivi des questions \u00e9conomiques\u00a0:<\/strong>\u00a0Thomas di Lorenzo et Bernard Seligmann<\/p>\n<p><strong>Suivi des questions de t\u00e9l\u00e9communications\u00a0: <\/strong>Alain Rius<\/p>\n<p><strong>Communication 3 A\u00a0:\u00a0<\/strong>pilot\u00e9e par Carole RAMPAZZO<\/p>\n<p><strong>Relations avec les pr\u00e9sidents de copropri\u00e9t\u00e9<\/strong> : Carole Rampazzo et Alain Rius<\/p>\n<p><strong>Avantages Propri\u00e9taires<\/strong> : Carole Rampazzo et Christian Helft<\/p>\n<p>&nbsp;<\/p>\n","protected":false},"excerpt":{"rendered":"<p>Mise \u00e0 jour du 11 octobre 2022 4 &#8211; RENOUVELLEMENT DU CONSEIL D\u2019ADMINISTRATION Comme chaque anne\u0301e, l\u2019Assemble\u0301e doit proce\u0301der au renouvellement d\u2019un tiers du Conseil d\u2019administration. Les mandats arrivant a\u0300 e\u0301che\u0301ance en 2022 sont ceux de Mme Carole Rampazzo, MM. Thomas Di Lorenzo et Jean-Louis Narquin. Il est propose\u0301 a\u0300 l\u2019assemble\u0301e le renouvellement de leur &#8230;<\/p>\n","protected":false},"author":386,"featured_media":0,"parent":0,"menu_order":0,"comment_status":"closed","ping_status":"closed","template":"","meta":{"footnotes":""},"class_list":["post-5366","page","type-page","status-publish","hentry"],"_links":{"self":[{"href":"https:\/\/www.trois-a.org\/index.php\/wp-json\/wp\/v2\/pages\/5366","targetHints":{"allow":["GET"]}}],"collection":[{"href":"https:\/\/www.trois-a.org\/index.php\/wp-json\/wp\/v2\/pages"}],"about":[{"href":"https:\/\/www.trois-a.org\/index.php\/wp-json\/wp\/v2\/types\/page"}],"author":[{"embeddable":true,"href":"https:\/\/www.trois-a.org\/index.php\/wp-json\/wp\/v2\/users\/386"}],"replies":[{"embeddable":true,"href":"https:\/\/www.trois-a.org\/index.php\/wp-json\/wp\/v2\/comments?post=5366"}],"version-history":[{"count":1,"href":"https:\/\/www.trois-a.org\/index.php\/wp-json\/wp\/v2\/pages\/5366\/revisions"}],"predecessor-version":[{"id":5367,"href":"https:\/\/www.trois-a.org\/index.php\/wp-json\/wp\/v2\/pages\/5366\/revisions\/5367"}],"wp:attachment":[{"href":"https:\/\/www.trois-a.org\/index.php\/wp-json\/wp\/v2\/media?parent=5366"}],"curies":[{"name":"wp","href":"https:\/\/api.w.org\/{rel}","templated":true}]}}