{"id":172,"date":"2016-11-20T18:53:34","date_gmt":"2016-11-20T17:53:34","guid":{"rendered":"https:\/\/www.trois-a.org\/?page_id=172"},"modified":"2016-11-20T19:49:40","modified_gmt":"2016-11-20T18:49:40","slug":"musique","status":"publish","type":"page","link":"https:\/\/www.trois-a.org\/index.php\/la-vie-aux-arcs\/musique\/","title":{"rendered":"Musique"},"content":{"rendered":"<p>Fond\u00e9 en 1973 par Roger Godino, co-fondateur des Arcs, et Yves Petit-de-Voize l&rsquo;Acad\u00e9mie-Festival des Arcs a repris l&rsquo;id\u00e9e de certaines grandes acad\u00e9mies am\u00e9ricaines en offrant \u00e0 de jeunes et brillants musicien un lieu o\u00f9 ils pourraient se retrouver pour faire de la musique ensemble, la partager \u00e0 des \u00e9l\u00e8ves dans les cours (l&rsquo;Acad\u00e9mie) et la faire partager aux estivants \u00e0 l&rsquo;occasion de concerts (le Festival) gratuits pour \u00eatre accessibles au plus grand nombre.<br \/>\nLes fondateurs ont su convaincre les meilleurs musiciens de participer \u00e0 cette aventure, musiciens qui ont eux-m\u00eame convaincu d&rsquo;autres musiciens de participer.<br \/>\nEn 1984, les fondateurs ont pass\u00e9 les r\u00eanes de l&rsquo;Acad\u00e9mie-Festival \u00e0 Pascal Dumay, qui les a lui m\u00eame transmis \u00e0 Michel Dalberto et Bernard Yannotta en 1990 jusqu&rsquo;\u00e0 ce qu&rsquo;Eric Crambes reprenne le flambeau en 2006.<br \/>\nLes principes de base de l&rsquo;Acad\u00e9mie-Festival adopt\u00e9s par les fondateurs n&rsquo;ont pas vari\u00e9, chaque directeur artistique apportant sa personnalit\u00e9 et sa sensibilit\u00e9 avec la volont\u00e9 de d\u00e9couvrir de nouveau talent, de nouvelles \u0153uvres et de nouveaux genres.<br \/>\n<div id=\"masonry_id_852\" class=\"masonry_container masonry_column_3 masonry_with_title_desc\"><ul class=\"masonry_items\"><li class=\"masonry_item entry\"><div class=\"masonry_item_image\"><a href=\"https:\/\/www.trois-a.org\/index.php\/2024\/07\/13\/les-evenements-3a-de-lete\/\" title=\"Lien permanent pour Les \u00e9v\u00e8nements 3A de l&rsquo;\u00e9t\u00e9\"><img decoding=\"async\" src=\"https:\/\/www.trois-a.org\/wp-content\/uploads\/strikingr\/images\/6431_affiche-AG-2024-470.jpg\" alt=\"Les \u00e9v\u00e8nements 3A de l&rsquo;\u00e9t\u00e9\" \/><span class=\"masonry_item_image_overlay\"><\/span><\/a><\/div><h4 class=\"masonry_item_title\"><a href=\"https:\/\/www.trois-a.org\/index.php\/2024\/07\/13\/les-evenements-3a-de-lete\/\" rel=\"bookmark\" title=\"Lien permanent pour Les \u00e9v\u00e8nements 3A de l&rsquo;\u00e9t\u00e9\">Les \u00e9v\u00e8nements 3A de l&rsquo;\u00e9t\u00e9<\/a><\/h4><div class=\"masonry_item_desc\"><p>Petit floril\u00e8ge des animations 3A de cet \u00e9t\u00e9 : Le bridge &#8211; tout l&rsquo;\u00e9t\u00e9 ! Une pr\u00e9sence au festival de musique &#8211; 13 au 26 juillet La rencontre 3A-propri\u00e9taires au Chantel &#8211; 23 juillet La rencontre 3A-pr\u00e9sidents de copropri\u00e9t\u00e9 &#8211; 31 juillet L&rsquo;assembl\u00e9e g\u00e9n\u00e9rale de 3A &#8211; 1er ao\u00fbt La coupe de golf 3A &#8211; &#8230;<\/p>\n<\/div><\/li><li class=\"masonry_item entry\"><div class=\"masonry_item_image\"><a href=\"https:\/\/www.trois-a.org\/index.php\/2024\/06\/21\/lisez-le-dossier-de-presse-du-festival-de-musique-des-arcs\/\" title=\"Lien permanent pour Lisez le dossier de presse du festival de musique des Arcs\"><img decoding=\"async\" src=\"https:\/\/www.trois-a.org\/wp-content\/uploads\/strikingr\/images\/6393_Franck-en-plein-air-470.jpg\" alt=\"Lisez le dossier de presse du festival de musique des Arcs\" \/><span class=\"masonry_item_image_overlay\"><\/span><\/a><\/div><h4 class=\"masonry_item_title\"><a href=\"https:\/\/www.trois-a.org\/index.php\/2024\/06\/21\/lisez-le-dossier-de-presse-du-festival-de-musique-des-arcs\/\" rel=\"bookmark\" title=\"Lien permanent pour Lisez le dossier de presse du festival de musique des Arcs\">Lisez le dossier de presse du festival de musique des Arcs<\/a><\/h4><div class=\"masonry_item_desc\"><p>Article en acc\u00e8s libre &nbsp; Dans quelques semaines, nos montagnes chanteront la 51e \u00e9dition du festival de musique des Arcs, qui prendra place du 14 au 26 juillet. Cet \u00e9v\u00e8nement totalement inclusif immerge son public, des plus novices aux m\u00e9lomanes, parmi de grands virtuoses et compositeurs du moment. 3A soutient activement l&rsquo;\u00e9quipe organisatrice, qui accompagne &#8230;<\/p>\n<\/div><\/li><li class=\"masonry_item entry\"><div class=\"masonry_item_image\"><a href=\"https:\/\/www.trois-a.org\/index.php\/2024\/05\/15\/3a_et_les_animations_culturelles_de_la-station\/\" title=\"Lien permanent pour 3A et les animations culturelles de la station\"><img decoding=\"async\" src=\"https:\/\/www.trois-a.org\/wp-content\/uploads\/strikingr\/images\/6197_Commissions-ABT-470.jpg\" alt=\"3A et les animations culturelles de la station\" \/><span class=\"masonry_item_image_overlay\"><\/span><\/a><\/div><h4 class=\"masonry_item_title\"><a href=\"https:\/\/www.trois-a.org\/index.php\/2024\/05\/15\/3a_et_les_animations_culturelles_de_la-station\/\" rel=\"bookmark\" title=\"Lien permanent pour 3A et les animations culturelles de la station\">3A et les animations culturelles de la station<\/a><\/h4><div class=\"masonry_item_desc\"><p>Contenu r\u00e9serv\u00e9 aux adh\u00e9rents 3A. Connectez-vous ou adh\u00e9rez \u00e0 3A pour le consulter.<\/p>\n<\/div><\/li><li class=\"masonry_item entry\"><div class=\"masonry_item_image\"><a href=\"https:\/\/www.trois-a.org\/index.php\/2023\/06\/14\/le-festival-de-musique-a-besoin-de-vous\/\" title=\"Lien permanent pour Le festival de musique a besoin de vous !\"><img decoding=\"async\" src=\"https:\/\/www.trois-a.org\/wp-content\/uploads\/strikingr\/images\/5235_une-image-contenant-interieur-batiment-centre-de-470.jpg\" alt=\"Le festival de musique a besoin de vous !\" \/><span class=\"masonry_item_image_overlay\"><\/span><\/a><\/div><h4 class=\"masonry_item_title\"><a href=\"https:\/\/www.trois-a.org\/index.php\/2023\/06\/14\/le-festival-de-musique-a-besoin-de-vous\/\" rel=\"bookmark\" title=\"Lien permanent pour Le festival de musique a besoin de vous !\">Le festival de musique a besoin de vous !<\/a><\/h4><div class=\"masonry_item_desc\"><p>Contenu r\u00e9serv\u00e9 aux adh\u00e9rents 3A. Connectez-vous ou adh\u00e9rez \u00e0 3A pour le consulter.<\/p>\n<\/div><\/li><li class=\"masonry_item entry\"><div class=\"masonry_item_image\"><a href=\"https:\/\/www.trois-a.org\/index.php\/2022\/10\/03\/coup-de-pouce-au-festival-de-musique\/\" title=\"Lien permanent pour Coup de pouce au festival de musique\"><img decoding=\"async\" src=\"https:\/\/www.trois-a.org\/wp-content\/uploads\/strikingr\/images\/4663_festival-Benedicte-1-470.jpg\" alt=\"Coup de pouce au festival de musique\" \/><span class=\"masonry_item_image_overlay\"><\/span><\/a><\/div><h4 class=\"masonry_item_title\"><a href=\"https:\/\/www.trois-a.org\/index.php\/2022\/10\/03\/coup-de-pouce-au-festival-de-musique\/\" rel=\"bookmark\" title=\"Lien permanent pour Coup de pouce au festival de musique\">Coup de pouce au festival de musique<\/a><\/h4><div class=\"masonry_item_desc\"><p>Article en acc\u00e8s libre Un fait marquant de la 49e\u00a0\u00e9dition du festival de musique des Arcs qui s\u2019est d\u00e9roul\u00e9e avec succ\u00e8s cet \u00e9t\u00e9 est h\u00e9las la d\u00e9fection d\u2019un sponsor, qui met en danger l\u2019\u00e9quilibre financier de l\u2019association qui le g\u00e8re. Plusieurs d\u2019entre vous qui sont adh\u00e9rents ont d\u00e9j\u00e0 vers\u00e9 un compl\u00e9ment \u00e0 leur cotisation pour &#8230;<\/p>\n<\/div><\/li><li class=\"masonry_item entry\"><div class=\"masonry_item_image\"><a href=\"https:\/\/www.trois-a.org\/index.php\/2022\/01\/27\/le-point-sur-lamenagement-du-futur-nouveau-depart-du-transarc\/\" title=\"Lien permanent pour Le point sur l&rsquo;am\u00e9nagement du futur nouveau d\u00e9part du Transarc\"><img decoding=\"async\" src=\"https:\/\/www.trois-a.org\/wp-content\/uploads\/strikingr\/images\/4020_nouvelle-piste-acces-transarc-470.jpg\" alt=\"Le point sur l&rsquo;am\u00e9nagement du futur nouveau d\u00e9part du Transarc\" \/><span class=\"masonry_item_image_overlay\"><\/span><\/a><\/div><h4 class=\"masonry_item_title\"><a href=\"https:\/\/www.trois-a.org\/index.php\/2022\/01\/27\/le-point-sur-lamenagement-du-futur-nouveau-depart-du-transarc\/\" rel=\"bookmark\" title=\"Lien permanent pour Le point sur l&rsquo;am\u00e9nagement du futur nouveau d\u00e9part du Transarc\">Le point sur l&rsquo;am\u00e9nagement du futur nouveau d\u00e9part du Transarc<\/a><\/h4><div class=\"masonry_item_desc\"><p>Contenu r\u00e9serv\u00e9 aux adh\u00e9rents 3A. Connectez-vous ou adh\u00e9rez \u00e0 3A pour le consulter.<\/p>\n<\/div><\/li><li class=\"masonry_item entry\"><div class=\"masonry_item_image\"><a href=\"https:\/\/www.trois-a.org\/index.php\/2021\/07\/23\/aux-arcs-citoyens\/\" title=\"Lien permanent pour Aux Arcs, citoyens !\"><img decoding=\"async\" src=\"https:\/\/www.trois-a.org\/wp-content\/uploads\/strikingr\/images\/3738_Aux-arcs-citoyens-470.jpg\" alt=\"Aux Arcs, citoyens !\" \/><span class=\"masonry_item_image_overlay\"><\/span><\/a><\/div><h4 class=\"masonry_item_title\"><a href=\"https:\/\/www.trois-a.org\/index.php\/2021\/07\/23\/aux-arcs-citoyens\/\" rel=\"bookmark\" title=\"Lien permanent pour Aux Arcs, citoyens !\">Aux Arcs, citoyens !<\/a><\/h4><div class=\"masonry_item_desc\"><p>Le 30 juillet 2021 \u00e0 16h, Franck Krawczyk couronnera sa s\u00e9rie de conf\u00e9rences \u00ab\u00a0Les Enjeux\u00a0\u00bb donn\u00e9es dans le cadre du festival de musique des Arcs par un \u00ab\u00a0happening participatif\u00ab\u00a0, intitul\u00e9 \u00ab\u00a0Aux Arcs Citoyens\u00a0\u00bb. Pour r\u00e9ussir ce happening, il a besoin de vous : soumettez votre version acadienne des paroles de La Marseillaise via un commentaire &#8230;<\/p>\n<\/div><\/li><li class=\"masonry_item entry\"><div class=\"masonry_item_image\"><a href=\"https:\/\/www.trois-a.org\/index.php\/2021\/06\/17\/soutenir-les-jeunes-talents-du-festival-de-musique\/\" title=\"Lien permanent pour Soutenir les jeunes talents du festival de musique\"><img decoding=\"async\" src=\"https:\/\/www.trois-a.org\/wp-content\/uploads\/strikingr\/images\/3660_Brochure-jeunes-talents-2021-470.jpg\" alt=\"Soutenir les jeunes talents du festival de musique\" \/><span class=\"masonry_item_image_overlay\"><\/span><\/a><\/div><h4 class=\"masonry_item_title\"><a href=\"https:\/\/www.trois-a.org\/index.php\/2021\/06\/17\/soutenir-les-jeunes-talents-du-festival-de-musique\/\" rel=\"bookmark\" title=\"Lien permanent pour Soutenir les jeunes talents du festival de musique\">Soutenir les jeunes talents du festival de musique<\/a><\/h4><div class=\"masonry_item_desc\"><p>Contenu r\u00e9serv\u00e9 aux adh\u00e9rents 3A. Connectez-vous ou adh\u00e9rez \u00e0 3A pour le consulter.<\/p>\n<\/div><\/li><li class=\"masonry_item entry\"><div class=\"masonry_item_image\"><a href=\"https:\/\/www.trois-a.org\/index.php\/2020\/05\/29\/le-festival-de-musique-aura-bien-lieu-cet-ete\/\" title=\"Lien permanent pour Le festival de musique aura bien lieu cet \u00e9t\u00e9\"><img decoding=\"async\" src=\"https:\/\/www.trois-a.org\/wp-content\/uploads\/strikingr\/images\/2875_Eric-Crambes-470.jpg\" alt=\"Le festival de musique aura bien lieu cet \u00e9t\u00e9\" \/><span class=\"masonry_item_image_overlay\"><\/span><\/a><\/div><h4 class=\"masonry_item_title\"><a href=\"https:\/\/www.trois-a.org\/index.php\/2020\/05\/29\/le-festival-de-musique-aura-bien-lieu-cet-ete\/\" rel=\"bookmark\" title=\"Lien permanent pour Le festival de musique aura bien lieu cet \u00e9t\u00e9\">Le festival de musique aura bien lieu cet \u00e9t\u00e9<\/a><\/h4><div class=\"masonry_item_desc\"><p>Malgr\u00e9 les difficult\u00e9s redoutables engendr\u00e9es par la situation sanitaire, les organisateurs du Festival de Musique des Arcs ont travaill\u00e9 d&rsquo;arrache-pied pour le maintenir cette ann\u00e9e. En France, ce sera peut-\u00eatre le plus grand festival de musique de la saison ! Pour r\u00e9ussir ce pari, plus que jamais, il a besoin de notre concours, nous les &#8230;<\/p>\n<\/div><\/li><\/ul><div class='wp-pagenavi' role='navigation'>\n<span aria-current='page' class='current'>1<\/span><a class=\"page larger\" data-page=\"2\" title=\"Page 2\" href=\"https:\/\/www.trois-a.org\/index.php\/wp-json\/wp\/v2\/pages\/172\/page\/2\/\">2<\/a><a class=\"nextpostslink\" rel=\"next\" data-page=\"2\" title=\"Next Page\" aria-label=\"Next Page\" href=\"https:\/\/www.trois-a.org\/index.php\/wp-json\/wp\/v2\/pages\/172\/page\/2\/\"><i class=\"theme-icon icon_angle-right-navi\"><\/i><\/a>\n<\/div><script>\n\tjQuery(document).ready(function($){\n\t\tvar container = $('#masonry_id_852').addClass('masonry_isotope');\n\n\t\tcontainer.imagesLoaded(function(){\n\t\t\tcontainer.children('ul').isotope({\n\t\t\t\titemSelector: '.masonry_item',\n\t\t\t\tlayoutMode: 'masonry',\n\t\t\t\tmasonry: {\n\t\t\t\t\tgutter: 20\n\t\t\t\t}\n\t\t\t});\n\t\t});\n\t});\n<\/script><\/div>   <\/p>\n","protected":false},"excerpt":{"rendered":"<p>Fond\u00e9 en 1973 par Roger Godino, co-fondateur des Arcs, et Yves Petit-de-Voize l&rsquo;Acad\u00e9mie-Festival des Arcs a repris l&rsquo;id\u00e9e de certaines grandes acad\u00e9mies am\u00e9ricaines en offrant \u00e0 de jeunes et brillants musicien un lieu o\u00f9 ils pourraient se retrouver pour faire de la musique ensemble, la partager \u00e0 des \u00e9l\u00e8ves dans les cours (l&rsquo;Acad\u00e9mie) et la &#8230;<\/p>\n","protected":false},"author":386,"featured_media":0,"parent":131,"menu_order":500,"comment_status":"closed","ping_status":"closed","template":"template_fullwidth.php","meta":{"footnotes":""},"class_list":["post-172","page","type-page","status-publish","hentry"],"_links":{"self":[{"href":"https:\/\/www.trois-a.org\/index.php\/wp-json\/wp\/v2\/pages\/172","targetHints":{"allow":["GET"]}}],"collection":[{"href":"https:\/\/www.trois-a.org\/index.php\/wp-json\/wp\/v2\/pages"}],"about":[{"href":"https:\/\/www.trois-a.org\/index.php\/wp-json\/wp\/v2\/types\/page"}],"author":[{"embeddable":true,"href":"https:\/\/www.trois-a.org\/index.php\/wp-json\/wp\/v2\/users\/386"}],"replies":[{"embeddable":true,"href":"https:\/\/www.trois-a.org\/index.php\/wp-json\/wp\/v2\/comments?post=172"}],"version-history":[{"count":4,"href":"https:\/\/www.trois-a.org\/index.php\/wp-json\/wp\/v2\/pages\/172\/revisions"}],"predecessor-version":[{"id":174,"href":"https:\/\/www.trois-a.org\/index.php\/wp-json\/wp\/v2\/pages\/172\/revisions\/174"}],"up":[{"embeddable":true,"href":"https:\/\/www.trois-a.org\/index.php\/wp-json\/wp\/v2\/pages\/131"}],"wp:attachment":[{"href":"https:\/\/www.trois-a.org\/index.php\/wp-json\/wp\/v2\/media?parent=172"}],"curies":[{"name":"wp","href":"https:\/\/api.w.org\/{rel}","templated":true}]}}