{"id":131,"date":"2016-11-12T18:49:36","date_gmt":"2016-11-12T17:49:36","guid":{"rendered":"https:\/\/www.trois-a.org\/?page_id=131"},"modified":"2017-07-19T17:18:06","modified_gmt":"2017-07-19T15:18:06","slug":"la-vie-aux-arcs","status":"publish","type":"page","link":"https:\/\/www.trois-a.org\/index.php\/la-vie-aux-arcs\/","title":{"rendered":"La vie aux Arcs"},"content":{"rendered":"<p>Etre propri\u00e9taire aux Arcs c&rsquo;est bien s\u00fbr avoir le privil\u00e8ge de pouvoir \u00e9voluer, \u00e9t\u00e9 et hiver, sur un des plus beau domaine skiable des Alpes. C&rsquo;est aussi \u00eatre confront\u00e9 \u00e0 des probl\u00e8mes li\u00e9s \u00e0 l&rsquo;histoire de la station dont le concept fondateur a \u00e9t\u00e9 mis \u00e0 mal par les r\u00e9alit\u00e9s \u00e9conomiques et les al\u00e9as politiques locaux. Selon le point de vue que l&rsquo;on adopte, de la vall\u00e9e ou des sommets, l&rsquo;opinion que l&rsquo;on se fait de la situation est diff\u00e9rent. Les int\u00e9r\u00eats imm\u00e9diats d&rsquo;en haut et d&rsquo;en bas divergent. Reste qu&rsquo;\u00e0 long terme, le bourg centre et les villages stations d\u00e9pendent \u00e9troitement les uns des autres.<br \/>\n<div id=\"masonry_id_774\" class=\"masonry_container masonry_column_3 masonry_with_title_desc\"><ul class=\"masonry_items\"><li class=\"masonry_item entry\"><div class=\"masonry_item_image\"><a href=\"https:\/\/www.trois-a.org\/index.php\/2026\/03\/11\/les-reponses-des-candidats-au-questionnaire-3a\/\" title=\"Lien permanent pour Les r\u00e9ponses des candidats au questionnaire 3A\"><img decoding=\"async\" src=\"https:\/\/www.trois-a.org\/wp-content\/uploads\/strikingr\/images\/8123_Mairie-BSM-470.jpg\" alt=\"Les r\u00e9ponses des candidats au questionnaire 3A\" \/><span class=\"masonry_item_image_overlay\"><\/span><\/a><\/div><h4 class=\"masonry_item_title\"><a href=\"https:\/\/www.trois-a.org\/index.php\/2026\/03\/11\/les-reponses-des-candidats-au-questionnaire-3a\/\" rel=\"bookmark\" title=\"Lien permanent pour Les r\u00e9ponses des candidats au questionnaire 3A\">Les r\u00e9ponses des candidats au questionnaire 3A<\/a><\/h4><div class=\"masonry_item_desc\"><p>Les trois candidats d\u00e9clar\u00e9s aux \u00e9lections municipales de Bourg Saint Maurice en 2026 ont r\u00e9pondu au questionnaire 3A. Vous pouvez consulter ces r\u00e9ponses candidat par candidat via ces documents : &nbsp; &nbsp; R\u00e9ponse de C\u00e9cile Utille-Grand R\u00e9ponse compl\u00e9mentaire de C\u00e9cile Utille-Grand re\u00e7ue sous format libre le 12 mars &nbsp; &nbsp; R\u00e9ponse d&rsquo;\u00c9ric Minoret &nbsp; &nbsp; &#8230;<\/p>\n<\/div><\/li><li class=\"masonry_item entry\"><div class=\"masonry_item_image\"><a href=\"https:\/\/www.trois-a.org\/index.php\/2026\/02\/10\/bourse-aux-procurations\/\" title=\"Lien permanent pour Bourse aux procurations\"><img decoding=\"async\" src=\"https:\/\/www.trois-a.org\/wp-content\/uploads\/strikingr\/images\/7523_vote-aux-Arcs-avec-drapeau-europeen-470.jpg\" alt=\"Bourse aux procurations\" \/><span class=\"masonry_item_image_overlay\"><\/span><\/a><\/div><h4 class=\"masonry_item_title\"><a href=\"https:\/\/www.trois-a.org\/index.php\/2026\/02\/10\/bourse-aux-procurations\/\" rel=\"bookmark\" title=\"Lien permanent pour Bourse aux procurations\">Bourse aux procurations<\/a><\/h4><div class=\"masonry_item_desc\"><p>Les inscriptions sur les listes \u00e9lectorales de Bourg Saint Maurice sont d\u00e9sormais closes. Pour pouvoir voter, il faut \u00eatre pr\u00e9sent \u00e0 Bourg Saint Maurice les 15 et\/ou 22 mars. Si ce n\u2019est pas votre cas, vous pouvez recourir au vote par procuration. Vous cherchez un mandataire\u00a0 Vous \u00eates inscrit sur les listes \u00e9lectorales de Bourg &#8230;<\/p>\n<\/div><\/li><li class=\"masonry_item entry\"><div class=\"masonry_item_image\"><a href=\"https:\/\/www.trois-a.org\/index.php\/2026\/01\/25\/dsp-2030-quels-enjeux-pour-le-domaine-de-montagne-des-arcs\/\" title=\"Lien permanent pour DSP 2030 : quels enjeux pour le domaine de montagne des Arcs ?\"><img decoding=\"async\" src=\"https:\/\/www.trois-a.org\/wp-content\/uploads\/strikingr\/images\/8040_Domaine-de-montagne-extrait-470.jpg\" alt=\"DSP 2030 : quels enjeux pour le domaine de montagne des Arcs ?\" \/><span class=\"masonry_item_image_overlay\"><\/span><\/a><\/div><h4 class=\"masonry_item_title\"><a href=\"https:\/\/www.trois-a.org\/index.php\/2026\/01\/25\/dsp-2030-quels-enjeux-pour-le-domaine-de-montagne-des-arcs\/\" rel=\"bookmark\" title=\"Lien permanent pour DSP 2030 : quels enjeux pour le domaine de montagne des Arcs ?\">DSP 2030 : quels enjeux pour le domaine de montagne des Arcs ?<\/a><\/h4><div class=\"masonry_item_desc\"><p>Contenu r\u00e9serv\u00e9 aux adh\u00e9rents 3A. Connectez-vous ou adh\u00e9rez \u00e0 3A pour le consulter.<\/p>\n<\/div><\/li><li class=\"masonry_item entry\"><div class=\"masonry_item_image\"><a href=\"https:\/\/www.trois-a.org\/index.php\/2025\/07\/18\/voter-aux-arcs\/\" title=\"Lien permanent pour Voter aux Arcs\"><img decoding=\"async\" src=\"https:\/\/www.trois-a.org\/wp-content\/uploads\/strikingr\/images\/7523_vote-aux-Arcs-avec-drapeau-europeen-470.jpg\" alt=\"Voter aux Arcs\" \/><span class=\"masonry_item_image_overlay\"><\/span><\/a><\/div><h4 class=\"masonry_item_title\"><a href=\"https:\/\/www.trois-a.org\/index.php\/2025\/07\/18\/voter-aux-arcs\/\" rel=\"bookmark\" title=\"Lien permanent pour Voter aux Arcs\">Voter aux Arcs<\/a><\/h4><div class=\"masonry_item_desc\"><p>Propri\u00e9taires de r\u00e9sidence secondaire aux Arcs : comment vous inscrire sur les listes \u00e9lectorales de Bourg-Saint-Maurice \u00c0 l\u2019approche des prochaines \u00e9lections municipales, 3A rappelle \u00e0 tous les propri\u00e9taires de r\u00e9sidences secondaires aux Arcs qu\u2019il est possible \u2013 et l\u00e9gitime \u2013 de s\u2019inscrire sur les listes \u00e9lectorales de Bourg-Saint-Maurice. Ce geste permet de faire entendre la &#8230;<\/p>\n<\/div><\/li><li class=\"masonry_item entry\"><div class=\"masonry_item_image\"><a href=\"https:\/\/www.trois-a.org\/index.php\/2024\/05\/21\/exoneration-partielle-de-la-taxe-fonciere-pour-qui-comment-quel-pourcentage\/\" title=\"Lien permanent pour Exon\u00e9ration partielle de la taxe fonci\u00e8re : pour qui, comment, quel pourcentage ?\"><img decoding=\"async\" src=\"https:\/\/www.trois-a.org\/wp-content\/uploads\/strikingr\/images\/6153_extrait-voeux-du-maire-470.jpg\" alt=\"Exon\u00e9ration partielle de la taxe fonci\u00e8re : pour qui, comment, quel pourcentage ?\" \/><span class=\"masonry_item_image_overlay\"><\/span><\/a><\/div><h4 class=\"masonry_item_title\"><a href=\"https:\/\/www.trois-a.org\/index.php\/2024\/05\/21\/exoneration-partielle-de-la-taxe-fonciere-pour-qui-comment-quel-pourcentage\/\" rel=\"bookmark\" title=\"Lien permanent pour Exon\u00e9ration partielle de la taxe fonci\u00e8re : pour qui, comment, quel pourcentage ?\">Exon\u00e9ration partielle de la taxe fonci\u00e8re : pour qui, comment, quel pourcentage ?<\/a><\/h4><div class=\"masonry_item_desc\"><p>&nbsp; &nbsp; Vous \u00eates propri\u00e9taire \u00e0 Bourg St Maurice et\/ou aux Arcs, et avez effectu\u00e9 (ou vous souhaitez effectuer) des travaux de r\u00e9novation \u00e9nerg\u00e9tique, vous pouvez \u00e9ventuellement b\u00e9n\u00e9ficier d\u2019une exon\u00e9ration partielle de votre taxe fonci\u00e8re, selon la date de fin de construction de votre logement. En effet, le conseil municipal du 14 d\u00e9cembre 2023 a &#8230;<\/p>\n<\/div><\/li><li class=\"masonry_item entry\"><div class=\"masonry_item_image\"><a href=\"https:\/\/www.trois-a.org\/index.php\/2024\/05\/15\/une-interview-du-maire-par-le-president-de-3a\/\" title=\"Lien permanent pour Une interview du maire par le pr\u00e9sident de 3A\"><img decoding=\"async\" src=\"https:\/\/www.trois-a.org\/wp-content\/uploads\/strikingr\/images\/6374_illustration-470.jpg\" alt=\"Une interview du maire par le pr\u00e9sident de 3A\" \/><span class=\"masonry_item_image_overlay\"><\/span><\/a><\/div><h4 class=\"masonry_item_title\"><a href=\"https:\/\/www.trois-a.org\/index.php\/2024\/05\/15\/une-interview-du-maire-par-le-president-de-3a\/\" rel=\"bookmark\" title=\"Lien permanent pour Une interview du maire par le pr\u00e9sident de 3A\">Une interview du maire par le pr\u00e9sident de 3A<\/a><\/h4><div class=\"masonry_item_desc\"><p>Contenu r\u00e9serv\u00e9 aux adh\u00e9rents 3A. Connectez-vous ou adh\u00e9rez \u00e0 3A pour le consulter.<\/p>\n<\/div><\/li><li class=\"masonry_item entry\"><div class=\"masonry_item_image\"><a href=\"https:\/\/www.trois-a.org\/index.php\/2024\/05\/13\/la-reunion-publique-du-10-avril-2024\/\" title=\"Lien permanent pour La r\u00e9union publique du 10 avril 2024\"><img decoding=\"async\" src=\"https:\/\/www.trois-a.org\/wp-content\/uploads\/strikingr\/images\/6121_une-image-contenant-presentation-ecran-de-project-470.jpg\" alt=\"La r\u00e9union publique du 10 avril 2024\" \/><span class=\"masonry_item_image_overlay\"><\/span><\/a><\/div><h4 class=\"masonry_item_title\"><a href=\"https:\/\/www.trois-a.org\/index.php\/2024\/05\/13\/la-reunion-publique-du-10-avril-2024\/\" rel=\"bookmark\" title=\"Lien permanent pour La r\u00e9union publique du 10 avril 2024\">La r\u00e9union publique du 10 avril 2024<\/a><\/h4><div class=\"masonry_item_desc\"><p>Article r\u00e9serv\u00e9 aux adh\u00e9rents 3A Le 10 avril dernier s\u2019est tenue la traditionnelle r\u00e9union publique organis\u00e9e par la station pour pr\u00e9senter le bilan de la saison et ses perspectives aux propri\u00e9taires des Arcs. Vous trouverez les diapos de support des pr\u00e9sentations sur le site des Arcs ou sous format pdf ici. Les informations majeures : &#8230;<\/p>\n<\/div><\/li><li class=\"masonry_item entry\"><div class=\"masonry_item_image\"><a href=\"https:\/\/www.trois-a.org\/index.php\/2023\/09\/12\/la-majoration-de-la-taxe-dhabitation-ce-sera-40\/\" title=\"Lien permanent pour La majoration de la taxe d&rsquo;habitation : ce sera +40%\"><img decoding=\"async\" src=\"https:\/\/www.trois-a.org\/wp-content\/uploads\/strikingr\/images\/5632_THRS40-470.jpg\" alt=\"La majoration de la taxe d&rsquo;habitation : ce sera +40%\" \/><span class=\"masonry_item_image_overlay\"><\/span><\/a><\/div><h4 class=\"masonry_item_title\"><a href=\"https:\/\/www.trois-a.org\/index.php\/2023\/09\/12\/la-majoration-de-la-taxe-dhabitation-ce-sera-40\/\" rel=\"bookmark\" title=\"Lien permanent pour La majoration de la taxe d&rsquo;habitation : ce sera +40%\">La majoration de la taxe d&rsquo;habitation : ce sera +40%<\/a><\/h4><div class=\"masonry_item_desc\"><p>Article en libre acc\u00e8s Aux questions pos\u00e9es par 3A en fin d\u2019ann\u00e9e derni\u00e8re sur ses intentions d\u2019utiliser la nouvelle loi lui permettant d\u2019augmenter la taxe d\u2019habitation sur les r\u00e9sidences secondaires (THRS) de 5 \u00e0 60 %, Guillaume Desrues, maire de Bourg Saint Maurice-Les Arcs, vient de r\u00e9pondre dans un communiqu\u00e9 de presse reproduit ci-dessous. L\u2019augmentation &#8230;<\/p>\n<\/div><\/li><li class=\"masonry_item entry\"><div class=\"masonry_item_image\"><a href=\"https:\/\/www.trois-a.org\/index.php\/2023\/06\/26\/associer-heritage-architectural-et-enjeux-energetiques\/\" title=\"Lien permanent pour \u00ab\u00a0Associer h\u00e9ritage architectural et enjeux \u00e9nerg\u00e9tiques\u00a0\u00bb\"><img decoding=\"async\" src=\"https:\/\/www.trois-a.org\/wp-content\/uploads\/strikingr\/images\/5295_titre-470.jpg\" alt=\"\u00ab\u00a0Associer h\u00e9ritage architectural et enjeux \u00e9nerg\u00e9tiques\u00a0\u00bb\" \/><span class=\"masonry_item_image_overlay\"><\/span><\/a><\/div><h4 class=\"masonry_item_title\"><a href=\"https:\/\/www.trois-a.org\/index.php\/2023\/06\/26\/associer-heritage-architectural-et-enjeux-energetiques\/\" rel=\"bookmark\" title=\"Lien permanent pour \u00ab\u00a0Associer h\u00e9ritage architectural et enjeux \u00e9nerg\u00e9tiques\u00a0\u00bb\">\u00ab\u00a0Associer h\u00e9ritage architectural et enjeux \u00e9nerg\u00e9tiques\u00a0\u00bb<\/a><\/h4><div class=\"masonry_item_desc\"><p>Contenu r\u00e9serv\u00e9 aux adh\u00e9rents 3A. Connectez-vous ou adh\u00e9rez \u00e0 3A pour le consulter.<\/p>\n<\/div><\/li><li class=\"masonry_item entry\"><div class=\"masonry_item_image\"><a href=\"https:\/\/www.trois-a.org\/index.php\/2023\/03\/30\/nouvelle-evolution-du-prix-de-leau-aux-arcs\/\" title=\"Lien permanent pour Nouvelle \u00e9volution du prix de l&rsquo;eau aux Arcs\"><img decoding=\"async\" src=\"https:\/\/www.trois-a.org\/wp-content\/uploads\/strikingr\/images\/4994_Robinet-470.jpg\" alt=\"Nouvelle \u00e9volution du prix de l&rsquo;eau aux Arcs\" \/><span class=\"masonry_item_image_overlay\"><\/span><\/a><\/div><h4 class=\"masonry_item_title\"><a href=\"https:\/\/www.trois-a.org\/index.php\/2023\/03\/30\/nouvelle-evolution-du-prix-de-leau-aux-arcs\/\" rel=\"bookmark\" title=\"Lien permanent pour Nouvelle \u00e9volution du prix de l&rsquo;eau aux Arcs\">Nouvelle \u00e9volution du prix de l&rsquo;eau aux Arcs<\/a><\/h4><div class=\"masonry_item_desc\"><p>&nbsp; Article en libre acc\u00e8s. Pour faire face aux besoins de r\u00e9novation et renforcement des r\u00e9seaux d\u2019eau potable \u00e0 Bourg Saint Maurice et aux Arcs, ainsi que de mise aux normes de la station d\u2019\u00e9puration g\u00e9r\u00e9e par le SAHI, le Syndicat d\u2019Assainissement de Haute Ise\u0300re, la municipalit\u00e9 a d\u00e9cid\u00e9 d\u2019augmenter ses recettes li\u00e9es \u00e0 la &#8230;<\/p>\n<\/div><\/li><\/ul><div class='wp-pagenavi' role='navigation'>\n<span aria-current='page' class='current'>1<\/span><a class=\"page larger\" data-page=\"2\" title=\"Page 2\" href=\"https:\/\/www.trois-a.org\/index.php\/wp-json\/wp\/v2\/pages\/131\/page\/2\/\">2<\/a><a class=\"page larger\" data-page=\"3\" title=\"Page 3\" href=\"https:\/\/www.trois-a.org\/index.php\/wp-json\/wp\/v2\/pages\/131\/page\/3\/\">3<\/a><a class=\"page larger\" data-page=\"4\" title=\"Page 4\" href=\"https:\/\/www.trois-a.org\/index.php\/wp-json\/wp\/v2\/pages\/131\/page\/4\/\">4<\/a><span class='extend'>...<\/span><a class=\"nextpostslink\" rel=\"next\" data-page=\"2\" title=\"Next Page\" aria-label=\"Next Page\" href=\"https:\/\/www.trois-a.org\/index.php\/wp-json\/wp\/v2\/pages\/131\/page\/2\/\"><i class=\"theme-icon icon_angle-right-navi\"><\/i><\/a><a class=\"last\" data-page=\"7\" title=\"Last Page\" aria-label=\"Last Page\" href=\"https:\/\/www.trois-a.org\/index.php\/wp-json\/wp\/v2\/pages\/131\/page\/7\/\"><i class=\"theme-icon icon_angle-double-right\"><\/i><\/a>\n<\/div><script>\n\tjQuery(document).ready(function($){\n\t\tvar container = $('#masonry_id_774').addClass('masonry_isotope');\n\n\t\tcontainer.imagesLoaded(function(){\n\t\t\tcontainer.children('ul').isotope({\n\t\t\t\titemSelector: '.masonry_item',\n\t\t\t\tlayoutMode: 'masonry',\n\t\t\t\tmasonry: {\n\t\t\t\t\tgutter: 20\n\t\t\t\t}\n\t\t\t});\n\t\t});\n\t});\n<\/script><\/div>\n<div id=\"masonry_id_920\" class=\"masonry_container masonry_column_3 masonry_with_title_desc\"><ul class=\"masonry_items\"><li class=\"masonry_item entry\"><div class=\"masonry_item_image\"><a href=\"https:\/\/www.trois-a.org\/index.php\/2025\/09\/23\/la-renouee-du-japon-un-enjeu-environnemental-pour-les-arcs\/\" title=\"Lien permanent pour La renou\u00e9e du Japon : un enjeu environnemental pour les Arcs\"><img decoding=\"async\" src=\"https:\/\/www.trois-a.org\/wp-content\/uploads\/strikingr\/images\/7759_portrait-renouee-1-470.jpg\" alt=\"La renou\u00e9e du Japon : un enjeu environnemental pour les Arcs\" \/><span class=\"masonry_item_image_overlay\"><\/span><\/a><\/div><h4 class=\"masonry_item_title\"><a href=\"https:\/\/www.trois-a.org\/index.php\/2025\/09\/23\/la-renouee-du-japon-un-enjeu-environnemental-pour-les-arcs\/\" rel=\"bookmark\" title=\"Lien permanent pour La renou\u00e9e du Japon : un enjeu environnemental pour les Arcs\">La renou\u00e9e du Japon : un enjeu environnemental pour les Arcs<\/a><\/h4><div class=\"masonry_item_desc\"><p>La renou\u00e9e du Japon, c\u2019est quoi\u00a0? &nbsp; La renou\u00e9e du Japon (Fallopia japonica) fait partie des esp\u00e8ces dites exotiques envahissantes. Introduite en Europe \u00e0 la fin du XIX\u1d49 si\u00e8cle pour ses qualit\u00e9s ornementales, elle est aujourd\u2019hui consid\u00e9r\u00e9e comme l\u2019une des plantes les plus probl\u00e9matiques pour la biodiversit\u00e9. Pour mieux comprendre comment elle envahit l\u2019Europe, consulter &#8230;<\/p>\n<\/div><\/li><li class=\"masonry_item entry\"><div class=\"masonry_item_image\"><a href=\"https:\/\/www.trois-a.org\/index.php\/2024\/08\/13\/le-sentier-des-arollins\/\" title=\"Lien permanent pour Le sentier des Arollins\"><img decoding=\"async\" src=\"https:\/\/www.trois-a.org\/wp-content\/uploads\/strikingr\/images\/6562_Arollin-470.jpg\" alt=\"Le sentier des Arollins\" \/><span class=\"masonry_item_image_overlay\"><\/span><\/a><\/div><h4 class=\"masonry_item_title\"><a href=\"https:\/\/www.trois-a.org\/index.php\/2024\/08\/13\/le-sentier-des-arollins\/\" rel=\"bookmark\" title=\"Lien permanent pour Le sentier des Arollins\">Le sentier des Arollins<\/a><\/h4><div class=\"masonry_item_desc\"><p>Contenu r\u00e9serv\u00e9 aux adh\u00e9rents 3A. Connectez-vous ou adh\u00e9rez \u00e0 3A pour le consulter.<\/p>\n<\/div><\/li><li class=\"masonry_item entry\"><div class=\"masonry_item_image\"><a href=\"https:\/\/www.trois-a.org\/index.php\/2021\/10\/20\/preservons-lenvironnement-au-depart-du-transarc\/\" title=\"Lien permanent pour Menaces sur l&rsquo;environnement au d\u00e9part du Transarc, 3A et les riverains se mobilisent\"><img decoding=\"async\" src=\"https:\/\/www.trois-a.org\/wp-content\/uploads\/strikingr\/images\/3861_Nouvelle-cabine-470.jpg\" alt=\"Menaces sur l&rsquo;environnement au d\u00e9part du Transarc, 3A et les riverains se mobilisent\" \/><span class=\"masonry_item_image_overlay\"><\/span><\/a><\/div><h4 class=\"masonry_item_title\"><a href=\"https:\/\/www.trois-a.org\/index.php\/2021\/10\/20\/preservons-lenvironnement-au-depart-du-transarc\/\" rel=\"bookmark\" title=\"Lien permanent pour Menaces sur l&rsquo;environnement au d\u00e9part du Transarc, 3A et les riverains se mobilisent\">Menaces sur l&rsquo;environnement au d\u00e9part du Transarc, 3A et les riverains se mobilisent<\/a><\/h4><div class=\"masonry_item_desc\"><p>*Mise \u00e0 jour du 6 janvier 2022* ADS a envoy\u00e9 le 3 janvier 2022 un courrier aux copropri\u00e9t\u00e9s avoisinant la gare de d\u00e9part du Transarc. Ce courrier montre une prise en compte des remarques faites sur ce projet, et promet d&rsquo;associer ces copropri\u00e9t\u00e9s \u00e0 son ex\u00e9cution. On attend maintenant une r\u00e9ponse de la part de &#8230;<\/p>\n<\/div><\/li><li class=\"masonry_item entry\"><div class=\"masonry_item_image\"><a href=\"https:\/\/www.trois-a.org\/index.php\/2021\/04\/11\/retrouvons-nos-etoiles\/\" title=\"Lien permanent pour Retrouvons nos \u00e9toiles\"><img decoding=\"async\" src=\"https:\/\/www.trois-a.org\/wp-content\/uploads\/strikingr\/images\/3526_word-image-3-470.jpg\" alt=\"Retrouvons nos \u00e9toiles\" \/><span class=\"masonry_item_image_overlay\"><\/span><\/a><\/div><h4 class=\"masonry_item_title\"><a href=\"https:\/\/www.trois-a.org\/index.php\/2021\/04\/11\/retrouvons-nos-etoiles\/\" rel=\"bookmark\" title=\"Lien permanent pour Retrouvons nos \u00e9toiles\">Retrouvons nos \u00e9toiles<\/a><\/h4><div class=\"masonry_item_desc\"><p>La mairie a d\u00e9cid\u00e9 de g\u00e9rer l&rsquo;\u00e9clairage nocturne de Bourg Saint-Maurice et des Arcs, comme un \u00e9cho \u00e0 cette discussion sur notre site. La d\u00e9marche semble \u00e0 la fois soucieuse de la pr\u00e9servation de l&rsquo;environnement, b\u00e9n\u00e9fique pour les finances de la municipalit\u00e9, et raisonn\u00e9e. Nous reproduisons ci-dessous le communiqu\u00e9 de la mairie in extenso, avec &#8230;<\/p>\n<\/div><\/li><li class=\"masonry_item entry\"><div class=\"masonry_item_image\"><a href=\"https:\/\/www.trois-a.org\/index.php\/2020\/09\/01\/samedi-prochain-aidez-a-faire-un-beaute-a-votre-station\/\" title=\"Lien permanent pour Samedi 5 septembre, grand nettoyage des Arcs !\"><img decoding=\"async\" src=\"https:\/\/www.trois-a.org\/wp-content\/uploads\/strikingr\/images\/3177_Stop-Waste-Les-Arcs-470.jpg\" alt=\"Samedi 5 septembre, grand nettoyage des Arcs !\" \/><span class=\"masonry_item_image_overlay\"><\/span><\/a><\/div><h4 class=\"masonry_item_title\"><a href=\"https:\/\/www.trois-a.org\/index.php\/2020\/09\/01\/samedi-prochain-aidez-a-faire-un-beaute-a-votre-station\/\" rel=\"bookmark\" title=\"Lien permanent pour Samedi 5 septembre, grand nettoyage des Arcs !\">Samedi 5 septembre, grand nettoyage des Arcs !<\/a><\/h4><div class=\"masonry_item_desc\"><p>Mise \u00e0 jour du 5 septembre 2020 Le \u00ab\u00a0monde d&rsquo;apr\u00e8s\u00a0\u00bb n&rsquo;est pas encore tout \u00e0 fait clean ! L\u2019op\u00e9ration de nettoyage n\u2019\u00e9tait pas superflue. Lors de l&rsquo;op\u00e9ration de ramassage des d\u00e9chets organis\u00e9e samedi 5 septembre, 670 kilos de d\u00e9chets ont \u00e9t\u00e9 ramass\u00e9s par quelque 300 participants, dont quelques propri\u00e9taires encore retranch\u00e9s aux Arcs. Merci \u00e0 &#8230;<\/p>\n<\/div><\/li><li class=\"masonry_item entry\"><div class=\"masonry_item_image\"><a href=\"https:\/\/www.trois-a.org\/index.php\/2020\/03\/04\/pourrons-nous-encore-skier-aux-arcs-en-2050\/\" title=\"Lien permanent pour Pourrons-nous encore skier aux Arcs en 2050 ?\"><img decoding=\"async\" src=\"https:\/\/www.trois-a.org\/wp-content\/uploads\/strikingr\/images\/2755_Image-04-03-2020-\u00e0-16.27-470.jpg\" alt=\"Pourrons-nous encore skier aux Arcs en 2050 ?\" \/><span class=\"masonry_item_image_overlay\"><\/span><\/a><\/div><h4 class=\"masonry_item_title\"><a href=\"https:\/\/www.trois-a.org\/index.php\/2020\/03\/04\/pourrons-nous-encore-skier-aux-arcs-en-2050\/\" rel=\"bookmark\" title=\"Lien permanent pour Pourrons-nous encore skier aux Arcs en 2050 ?\">Pourrons-nous encore skier aux Arcs en 2050 ?<\/a><\/h4><div class=\"masonry_item_desc\"><p>Contenu r\u00e9serv\u00e9 aux adh\u00e9rents 3A. Connectez-vous ou adh\u00e9rez \u00e0 3A pour le consulter.<\/p>\n<\/div><\/li><li class=\"masonry_item entry\"><div class=\"masonry_item_image\"><a href=\"https:\/\/www.trois-a.org\/index.php\/2019\/10\/14\/participez-a-lenquete-publique-sur-le-plu-de-landry\/\" title=\"Lien permanent pour Enqu\u00eate publique sur le PLU de Landry\"><img decoding=\"async\" src=\"https:\/\/www.trois-a.org\/wp-content\/uploads\/strikingr\/images\/2305_word-image-470.jpg\" alt=\"Enqu\u00eate publique sur le PLU de Landry\" \/><span class=\"masonry_item_image_overlay\"><\/span><\/a><\/div><h4 class=\"masonry_item_title\"><a href=\"https:\/\/www.trois-a.org\/index.php\/2019\/10\/14\/participez-a-lenquete-publique-sur-le-plu-de-landry\/\" rel=\"bookmark\" title=\"Lien permanent pour Enqu\u00eate publique sur le PLU de Landry\">Enqu\u00eate publique sur le PLU de Landry<\/a><\/h4><div class=\"masonry_item_desc\"><p>&nbsp; Une enqu\u00eate publique relative au PLU (Plan Local d\u2019Urbanisme) de Landry s&rsquo;est d\u00e9roul\u00e9e du vendredi 18 octobre au lundi 18 novembre 2019. Elle avait pour objet de recueillir les observations du public sur le PLU arr\u00eat\u00e9 par le conseil municipal de Landry en mai dernier, en vue de l&rsquo;approbation du document final avant la &#8230;<\/p>\n<\/div><\/li><li class=\"masonry_item entry\"><h4 class=\"masonry_item_title\"><a href=\"https:\/\/www.trois-a.org\/index.php\/2018\/05\/02\/enquete-publique-sur-lamenagement-de-comborciere\/\" rel=\"bookmark\" title=\"Lien permanent pour Enqu\u00eate publique sur l&rsquo;am\u00e9nagement de Comborci\u00e8re\">Enqu\u00eate publique sur l&rsquo;am\u00e9nagement de Comborci\u00e8re<\/a><\/h4><div class=\"masonry_item_desc\"><p>Enqu\u00eate publique relative au projet de remplacement du t\u00e9l\u00e9si\u00e8ge de Comborci\u00e8re et \u00e0 l\u2019am\u00e9nagement d\u2019une nouvelle piste Observations pr\u00e9sent\u00e9es au nom de l\u2019association\u00a03A Avenir et Animation des Arcs, par M Bernard Seligmann, vice-pr\u00e9sident de 3A 1 -Dossier d\u2019enqu\u00eate mis \u00e0 la disposition du public sur le site Internet de la Mairie Nous tenons \u00e0 saluer &#8230;<\/p>\n<\/div><\/li><li class=\"masonry_item entry\"><h4 class=\"masonry_item_title\"><a href=\"https:\/\/www.trois-a.org\/index.php\/2017\/10\/30\/16-100-euros-pour-lillumination-des-villards\/\" rel=\"bookmark\" title=\"Lien permanent pour 16\u202f100 euros pour l&rsquo;illumination des Villards\">16\u202f100 euros pour l&rsquo;illumination des Villards<\/a><\/h4><div class=\"masonry_item_desc\"><p>Contenu r\u00e9serv\u00e9 aux adh\u00e9rents 3A. Connectez-vous ou adh\u00e9rez \u00e0 3A pour le consulter.<\/p>\n<\/div><\/li><li class=\"masonry_item entry\"><h4 class=\"masonry_item_title\"><a href=\"https:\/\/www.trois-a.org\/index.php\/2017\/09\/03\/extension-du-chalet-de-lesf-a-arc-1600\/\" rel=\"bookmark\" title=\"Lien permanent pour Extension du chalet de l&rsquo;ESF \u00e0 Arc 1600\">Extension du chalet de l&rsquo;ESF \u00e0 Arc 1600<\/a><\/h4><div class=\"masonry_item_desc\"><p>Contenu r\u00e9serv\u00e9 aux adh\u00e9rents 3A. Connectez-vous ou adh\u00e9rez \u00e0 3A pour le consulter.<\/p>\n<\/div><\/li><li class=\"masonry_item entry\"><h4 class=\"masonry_item_title\"><a href=\"https:\/\/www.trois-a.org\/index.php\/2017\/09\/03\/une-petition-pour-lenneigement-des-cheminements-du-charvet\/\" rel=\"bookmark\" title=\"Lien permanent pour Une p\u00e9tition pour l&rsquo;enneigement des cheminements du Charvet\">Une p\u00e9tition pour l&rsquo;enneigement des cheminements du Charvet<\/a><\/h4><div class=\"masonry_item_desc\"><p>Contenu r\u00e9serv\u00e9 aux adh\u00e9rents 3A. Connectez-vous ou adh\u00e9rez \u00e0 3A pour le consulter.<\/p>\n<\/div><\/li><li class=\"masonry_item entry\"><h4 class=\"masonry_item_title\"><a href=\"https:\/\/www.trois-a.org\/index.php\/2016\/12\/05\/436\/\" rel=\"bookmark\" title=\"Lien permanent pour Les d\u00e9gradations place basse des Villards fin 2016\">Les d\u00e9gradations place basse des Villards fin 2016<\/a><\/h4><div class=\"masonry_item_desc\"><p>Contenu r\u00e9serv\u00e9 aux adh\u00e9rents 3A. Connectez-vous ou adh\u00e9rez \u00e0 3A pour le consulter.<\/p>\n<\/div><\/li><li class=\"masonry_item entry\"><h4 class=\"masonry_item_title\"><a href=\"https:\/\/www.trois-a.org\/index.php\/2016\/12\/01\/rehabilitation-de-limmobilier-de-montagne-les-preconisations-datout-france\/\" rel=\"bookmark\" title=\"Lien permanent pour R\u00e9habilitation de l&rsquo;immobilier de loisir dans les stations de montagne: les pr\u00e9conisations d&rsquo;Atout France\">R\u00e9habilitation de l&rsquo;immobilier de loisir dans les stations de montagne: les pr\u00e9conisations d&rsquo;Atout France<\/a><\/h4><div class=\"masonry_item_desc\"><p>Contenu r\u00e9serv\u00e9 aux adh\u00e9rents 3A. Connectez-vous ou adh\u00e9rez \u00e0 3A pour le consulter.<\/p>\n<\/div><\/li><li class=\"masonry_item entry\"><h4 class=\"masonry_item_title\"><a href=\"https:\/\/www.trois-a.org\/index.php\/2016\/09\/02\/les-cheminements-de-charmettoger-et-des-villards-en-mauvais-etat\/\" rel=\"bookmark\" title=\"Lien permanent pour Les cheminements de Charmettoger et des Villards en mauvais \u00e9tat\">Les cheminements de Charmettoger et des Villards en mauvais \u00e9tat<\/a><\/h4><div class=\"masonry_item_desc\"><p>Contenu r\u00e9serv\u00e9 aux adh\u00e9rents 3A. Connectez-vous ou adh\u00e9rez \u00e0 3A pour le consulter.<\/p>\n<\/div><\/li><li class=\"masonry_item entry\"><h4 class=\"masonry_item_title\"><a href=\"https:\/\/www.trois-a.org\/index.php\/2016\/07\/18\/projets-immobiliers-et-concessions-des-remontees-mecaniques-abordes-lors-de-lassemblee-generale-de-lavp\/\" rel=\"bookmark\" title=\"Lien permanent pour Projets immobiliers et concessions des remont\u00e9es m\u00e9caniques abord\u00e9s lors de l&rsquo;assembl\u00e9e g\u00e9n\u00e9rale de l&rsquo;AVP\">Projets immobiliers et concessions des remont\u00e9es m\u00e9caniques abord\u00e9s lors de l&rsquo;assembl\u00e9e g\u00e9n\u00e9rale de l&rsquo;AVP<\/a><\/h4><div class=\"masonry_item_desc\"><p>Contenu r\u00e9serv\u00e9 aux adh\u00e9rents 3A. Connectez-vous ou adh\u00e9rez \u00e0 3A pour le consulter.<\/p>\n<\/div><\/li><\/ul><script>\n\tjQuery(document).ready(function($){\n\t\tvar container = $('#masonry_id_920').addClass('masonry_isotope');\n\n\t\tcontainer.imagesLoaded(function(){\n\t\t\tcontainer.children('ul').isotope({\n\t\t\t\titemSelector: '.masonry_item',\n\t\t\t\tlayoutMode: 'masonry',\n\t\t\t\tmasonry: {\n\t\t\t\t\tgutter: 20\n\t\t\t\t}\n\t\t\t});\n\t\t});\n\t});\n<\/script><\/div>\n<div id=\"masonry_id_690\" class=\"masonry_container masonry_column_3 masonry_with_title_desc\"><ul class=\"masonry_items\"><li class=\"masonry_item entry\"><h4 class=\"masonry_item_title\"><a href=\"https:\/\/www.trois-a.org\/index.php\/2019\/06\/01\/les-nouvelles-rames-du-funiculaire-sont-arrivees\/\" rel=\"bookmark\" title=\"Lien permanent pour Les nouvelles rames du funiculaire sont arriv\u00e9es\">Les nouvelles rames du funiculaire sont arriv\u00e9es<\/a><\/h4><div class=\"masonry_item_desc\"><p>&nbsp; Les nouvelles rames du funiculaire ont \u00e9t\u00e9 livr\u00e9es par transport sp\u00e9cial hors gabarit les 22 et 29 mai derniers. Elles seront en service pour le public \u00e0 l\u2019ouverture de la saison d\u2019\u00e9t\u00e9 et seront officiellement inaugur\u00e9es le samedi 14 d\u00e9cembre. En compl\u00e9ment de la Newsletter de la mairie consacr\u00e9e \u00e0 cette r\u00e9novation du funiculaire, &#8230;<\/p>\n<\/div><\/li><li class=\"masonry_item entry\"><h4 class=\"masonry_item_title\"><a href=\"https:\/\/www.trois-a.org\/index.php\/2019\/05\/22\/reunion-dinformation-proprietaire-du-20-avril-2019\/\" rel=\"bookmark\" title=\"Lien permanent pour R\u00e9union d&rsquo;information Propri\u00e9taire du 20 avril 2019\">R\u00e9union d&rsquo;information Propri\u00e9taire du 20 avril 2019<\/a><\/h4><div class=\"masonry_item_desc\"><p>La mairie a organis\u00e9, comme chaque ann\u00e9e, une r\u00e9union d&rsquo;information sur le d\u00e9roulement de la saison 2018-2019 \u00e0 l&rsquo;attention des propri\u00e9taires de la station. Vous trouverez les diapositives de cet \u00e9v\u00e8nement sur le site des Arcs dans l&rsquo;espace propri\u00e9taires\u00a0ou directement ici (dans un fichier moins volumineux). Nous vous donnerons des pr\u00e9cisions sur le nouveau programme &#8230;<\/p>\n<\/div><\/li><li class=\"masonry_item entry\"><h4 class=\"masonry_item_title\"><a href=\"https:\/\/www.trois-a.org\/index.php\/2018\/11\/22\/bilan-remontees-mecaniques-hiver-2018\/\" rel=\"bookmark\" title=\"Lien permanent pour Bilan remont\u00e9es m\u00e9caniques hiver 2018\">Bilan remont\u00e9es m\u00e9caniques hiver 2018<\/a><\/h4><div class=\"masonry_item_desc\"><p>Remont\u00e9es m\u00e9caniques des Arcs\u00a0: Bilan de l\u2019exercice 2016\/2017 Le rapport d\u2019ADS sur l\u2019activit\u00e9 des remont\u00e9es m\u00e9caniques pour l\u2019exercice 2016\/2017 a \u00e9t\u00e9 pr\u00e9sent\u00e9 et adopt\u00e9 \u00e0 la s\u00e9ance du conseil municipal du 11\u00a0octobre 2018. Le compte-rendu de cette r\u00e9union (disponible sur le site de la mairie) en d\u00e9taille les principaux \u00e9l\u00e9ments. Nous en retiendrons plus particuli\u00e8rement &#8230;<\/p>\n<\/div><\/li><li class=\"masonry_item entry\"><h4 class=\"masonry_item_title\"><a href=\"https:\/\/www.trois-a.org\/index.php\/2018\/09\/30\/fin-de-lenquete-publique-sur-lamenagement-de-comborciere\/\" rel=\"bookmark\" title=\"Lien permanent pour Fin de l&rsquo;enqu\u00eate publique sur l&rsquo;am\u00e9nagement de Comborci\u00e8re\">Fin de l&rsquo;enqu\u00eate publique sur l&rsquo;am\u00e9nagement de Comborci\u00e8re<\/a><\/h4><div class=\"masonry_item_desc\"><p>Nous avions d\u00e9j\u00e0 publi\u00e9 ici\u00a0les remarques de 3A sur le remplacement du t\u00e9l\u00e9si\u00e8ge de Comborci\u00e8re et l&rsquo;ouverture dans ce secteur d&rsquo;une nouvelle piste rouge, la piste de Secret (n\u00e9e piste du Loup), qui double la c\u00e9l\u00e8bre (et redout\u00e9e par les skieurs moyens) piste noire de Comborci\u00e8re, accompagn\u00e9es du dossier technique d&rsquo;ADS sur ce projet. Comme &#8230;<\/p>\n<\/div><\/li><li class=\"masonry_item entry\"><h4 class=\"masonry_item_title\"><a href=\"https:\/\/www.trois-a.org\/index.php\/2018\/05\/02\/enquete-publique-sur-lamenagement-de-comborciere\/\" rel=\"bookmark\" title=\"Lien permanent pour Enqu\u00eate publique sur l&rsquo;am\u00e9nagement de Comborci\u00e8re\">Enqu\u00eate publique sur l&rsquo;am\u00e9nagement de Comborci\u00e8re<\/a><\/h4><div class=\"masonry_item_desc\"><p>Enqu\u00eate publique relative au projet de remplacement du t\u00e9l\u00e9si\u00e8ge de Comborci\u00e8re et \u00e0 l\u2019am\u00e9nagement d\u2019une nouvelle piste Observations pr\u00e9sent\u00e9es au nom de l\u2019association\u00a03A Avenir et Animation des Arcs, par M Bernard Seligmann, vice-pr\u00e9sident de 3A 1 -Dossier d\u2019enqu\u00eate mis \u00e0 la disposition du public sur le site Internet de la Mairie Nous tenons \u00e0 saluer &#8230;<\/p>\n<\/div><\/li><li class=\"masonry_item entry\"><h4 class=\"masonry_item_title\"><a href=\"https:\/\/www.trois-a.org\/index.php\/2018\/03\/21\/le-printemps-du-ski-2018\/\" rel=\"bookmark\" title=\"Lien permanent pour Le printemps du ski 2018\">Le printemps du ski 2018<\/a><\/h4><div class=\"masonry_item_desc\"><p>Le service de presse de la station a diffus\u00e9 le communiqu\u00e9 suivant concerant l&rsquo;\u00e9dition 2018 du Printemps du ski:<\/p>\n<\/div><\/li><li class=\"masonry_item entry\"><h4 class=\"masonry_item_title\"><a href=\"https:\/\/www.trois-a.org\/index.php\/2017\/12\/07\/soiree-douverture-de-la-saison-2017-2018-mercredi-13-decembre\/\" rel=\"bookmark\" title=\"Lien permanent pour Soir\u00e9e d&rsquo;ouverture de la saison 2017-2018 mercredi 13 d\u00e9cembre\">Soir\u00e9e d&rsquo;ouverture de la saison 2017-2018 mercredi 13 d\u00e9cembre<\/a><\/h4><div class=\"masonry_item_desc\"><p>Michel Giraudy, pr\u00e9sident, et Fr\u00e9d\u00e9ric Charlot, vice-pr\u00e9sident des Arcs\u2013Bourg-Saint-Maurice Tourisme, vous invitent \u00e0 les gens pr\u00e9sents sur les Arcs le 13 d\u00e9cembre \u00e0 la soir\u00e9e d&rsquo;ouverture de la saison centre Bernard-Taillefer .:<\/p>\n<\/div><\/li><li class=\"masonry_item entry\"><div class=\"masonry_item_image\"><a href=\"https:\/\/www.trois-a.org\/index.php\/2017\/11\/11\/les-rendez-vous-station-de-lhiver-2017-2018\/\" title=\"Lien permanent pour Les rendez-vous station de l&rsquo;hiver 2017-2018\"><img decoding=\"async\" src=\"https:\/\/www.trois-a.org\/wp-content\/uploads\/strikingr\/images\/989_flash_bando_hiver2017-470.png\" alt=\"Les rendez-vous station de l&rsquo;hiver 2017-2018\" \/><span class=\"masonry_item_image_overlay\"><\/span><\/a><\/div><h4 class=\"masonry_item_title\"><a href=\"https:\/\/www.trois-a.org\/index.php\/2017\/11\/11\/les-rendez-vous-station-de-lhiver-2017-2018\/\" rel=\"bookmark\" title=\"Lien permanent pour Les rendez-vous station de l&rsquo;hiver 2017-2018\">Les rendez-vous station de l&rsquo;hiver 2017-2018<\/a><\/h4><div class=\"masonry_item_desc\"><\/div><\/li><li class=\"masonry_item entry\"><h4 class=\"masonry_item_title\"><a href=\"https:\/\/www.trois-a.org\/index.php\/2017\/11\/08\/forfaits-hiver-2017-2018-la-nouvelle-grille-tarifaire\/\" rel=\"bookmark\" title=\"Lien permanent pour Forfaits hiver 2017-2018: la nouvelle grille tarifaire\">Forfaits hiver 2017-2018: la nouvelle grille tarifaire<\/a><\/h4><div class=\"masonry_item_desc\"><p>La grille tarifaire des remont\u00e9es m\u00e9caniques des domaines Paradiski et Les Arcs-Peisey-Vallandry fait ressortir une hausse de l&rsquo;ordre de 2% par rapport \u00e0 la saison pr\u00e9c\u00e9dente. Domaine Les-Arcs-Peisey-Vallandru Domaine Paradiski<\/p>\n<\/div><\/li><li class=\"masonry_item entry\"><h4 class=\"masonry_item_title\"><a href=\"https:\/\/www.trois-a.org\/index.php\/2017\/11\/08\/le-nouveau-telesiege-chauffant-de-pre-st-esprit\/\" rel=\"bookmark\" title=\"Lien permanent pour Le nouveau t\u00e9l\u00e9si\u00e8ge chauffant de Pr\u00e9-St-Esprit\">Le nouveau t\u00e9l\u00e9si\u00e8ge chauffant de Pr\u00e9-St-Esprit<\/a><\/h4><div class=\"masonry_item_desc\"><p>Premier \u00e9l\u00e9ment du projet de r\u00e9am\u00e9nagement de la vall\u00e9e de l&rsquo;Arc,, le nouveau t\u00e9l\u00e9si\u00e8ge chauffant de Pr\u00e9-St-Esprit a fait l&rsquo;objet d&rsquo;un article publi\u00e9 par le \u00ab\u00a0Dauphin\u00e9 lib\u00e9r\u00e9\u00a0\u00bb du 30 ocotbre 2017:<\/p>\n<\/div><\/li><li class=\"masonry_item entry\"><h4 class=\"masonry_item_title\"><a href=\"https:\/\/www.trois-a.org\/index.php\/2017\/11\/04\/nirvanalps-evolution-en-cours\/\" rel=\"bookmark\" title=\"Lien permanent pour Nirvanalps: \u00e9volution en cours\">Nirvanalps: \u00e9volution en cours<\/a><\/h4><div class=\"masonry_item_desc\"><p>L&rsquo;\u00e9tat de la situation en novembre 2017 L&rsquo;\u00e9tat de la situation en mars 2017 Dans sa newsletter aux propri\u00e9taires du 4 novembre, R\u00e9f\u00e9rence les Arcs a annonc\u00e9 une \u00e9volution de la date de validit\u00e9 des points Nirvanalps et une refonte compl\u00e8te du programme en liaison avec les associations de propri\u00e9taires: Une r\u00e9union a eu lieu &#8230;<\/p>\n<\/div><\/li><li class=\"masonry_item entry\"><h4 class=\"masonry_item_title\"><a href=\"https:\/\/www.trois-a.org\/index.php\/2017\/07\/16\/le-projet-dads-pour-lamenagement-de-la-vallee-de-larc\/\" rel=\"bookmark\" title=\"Lien permanent pour Le projet d&rsquo;ADS pour l&rsquo;am\u00e9nagement de la vall\u00e9e de l&rsquo;Arc\">Le projet d&rsquo;ADS pour l&rsquo;am\u00e9nagement de la vall\u00e9e de l&rsquo;Arc<\/a><\/h4><div class=\"masonry_item_desc\"><p>A l&rsquo;occasion de la r\u00e9union d&rsquo;information tenue samedi 15 avril 2017, par Michel Giraudy, maire de Bourg-St-Maurice\/Les Arcs, et par Eric Chevalier, directeur de l&rsquo;Epic AB Tourisme, Fr\u00e9d\u00e9ric Charlot, directeur g\u00e9n\u00e9ral d&rsquo;ADS, a pr\u00e9sent\u00e9 le projet d&rsquo;am\u00e9nagement de la vall\u00e9e de l&rsquo;Arc, projet qui a \u00e9galement fait l&rsquo;objet de la newsletter suivante: Les d\u00e9tails du &#8230;<\/p>\n<\/div><\/li><li class=\"masonry_item entry\"><h4 class=\"masonry_item_title\"><a href=\"https:\/\/www.trois-a.org\/index.php\/2017\/04\/28\/baisse-des-tarifs-des-forfaites-en-suisse-la-reaction-de-michel-giraudy-maire-de-bourg-st-mauriceles-arcs\/\" rel=\"bookmark\" title=\"Lien permanent pour Baisse des tarifs des forfaites en Suisse: la r\u00e9action de Michel Giraudy, maire de Bourg-St-Maurice\/Les Arcs\">Baisse des tarifs des forfaites en Suisse: la r\u00e9action de Michel Giraudy, maire de Bourg-St-Maurice\/Les Arcs<\/a><\/h4><div class=\"masonry_item_desc\"><p>Le \u00ab\u00a0Dauphin\u00e9 Lib\u00e9r\u00e9\u00a0\u00bb a publi\u00e9 le 20 avril 2017, un article intitul\u00e9 \u00ab\u00a0Forfait de ski: quand la Suisse casse les prix\u00a0\u00bb: L&rsquo;article indique notamment: Sous l\u2019appellation \u00abMagic pass\u00bb, l\u2019offre permettra la saison prochaine de skier dans 25 stations de cinq cantons suisses pour un abonnement annuel de 359 francs (336\u20ac) et m\u00eame 249 francs pour &#8230;<\/p>\n<\/div><\/li><li class=\"masonry_item entry\"><h4 class=\"masonry_item_title\"><a href=\"https:\/\/www.trois-a.org\/index.php\/2017\/03\/12\/le-chinois-fosun-dans-le-capital-de-la-compagnie-des-alpes\/\" rel=\"bookmark\" title=\"Lien permanent pour Le chinois Fosun dans le capital de la Compagnie des Alpes?\">Le chinois Fosun dans le capital de la Compagnie des Alpes?<\/a><\/h4><div class=\"masonry_item_desc\"><p>Fosun, le conglom\u00e9rat du milliardaire chinois Guo Guangchan qui a pris le contr\u00f4le du Club M\u00e9diterran\u00e9e en 2015, est en n\u00e9gociations en vue de prendre une participation, de l\u2019ordre de 10% \u00e0 15%, dans la Compagnie des Alpes. Fosun deviendrait ainsi l\u2019un des principaux actionnaires de la soci\u00e9t\u00e9 qui exploite onze des plus fameux domaines &#8230;<\/p>\n<\/div><\/li><li class=\"masonry_item entry\"><h4 class=\"masonry_item_title\"><a href=\"https:\/\/www.trois-a.org\/index.php\/2017\/01\/12\/tarifs-des-remontees-mecaniques-les-voeux-de-suzanne-a-ses-parents\/\" rel=\"bookmark\" title=\"Lien permanent pour Tarifs des remont\u00e9es m\u00e9caniques: les \u00ab\u00a0voeux\u00a0\u00bb de Suzanne \u00e0 ses parents\">Tarifs des remont\u00e9es m\u00e9caniques: les \u00ab\u00a0voeux\u00a0\u00bb de Suzanne \u00e0 ses parents<\/a><\/h4><div class=\"masonry_item_desc\"><p>Dans sa lettre de voeux pour 2017, l&rsquo;association de la Vall\u00e9e du Ponthurin (Pessey-Vallandry) \u00e9voque de fa\u00e7on humoristique le probl\u00e8me du prix des remont\u00e9es m\u00e9caniques pour les r\u00e9sidents secondaires: Lettre de Suzanne \u00e0 ses parents Peisey-Vallandry le 3 janvier 2017 Chers parents, Je vous \u00e9cris pour vous donner de bonnes nouvelles : nous sommes tr\u00e8s &#8230;<\/p>\n<\/div><\/li><li class=\"masonry_item entry\"><h4 class=\"masonry_item_title\"><a href=\"https:\/\/www.trois-a.org\/index.php\/2016\/09\/19\/forfaits-hiver-2016-2017-la-nouvelle-grille-tarifaire\/\" rel=\"bookmark\" title=\"Lien permanent pour Forfaits hiver 2016-2017: la nouvelle grille tarifaire\">Forfaits hiver 2016-2017: la nouvelle grille tarifaire<\/a><\/h4><div class=\"masonry_item_desc\"><p>ADS a publi\u00e9 la grille tarifaire des forfaits pour l&rsquo;hiver 2016-2017 qui fait appara\u00eetre les \u00ab\u00a0nouveaut\u00e9s\u00a0\u00bb suivantes: de forfaits 2016\/2017, vous verrez quelques subtiles modifications de la part d&rsquo;ADS sur les grilles de prix&#8230; Le tarif Enfant s&rsquo;arr\u00eate d\u00e9sormais \u00e0 12 ans au lieu de 13 ans. La gratuit\u00e9 pour les s\u00e9niors est est repouss\u00e9 &#8230;<\/p>\n<\/div><\/li><li class=\"masonry_item entry\"><h4 class=\"masonry_item_title\"><a href=\"https:\/\/www.trois-a.org\/index.php\/2016\/05\/19\/frederic-charlot-remplace-laurent-chelle-a-la-direction-dads\/\" rel=\"bookmark\" title=\"Lien permanent pour Fr\u00e9d\u00e9ric Charlot remplace Laurent Chelle \u00e0 la direction d&rsquo;ADS\">Fr\u00e9d\u00e9ric Charlot remplace Laurent Chelle \u00e0 la direction d&rsquo;ADS<\/a><\/h4><div class=\"masonry_item_desc\"><p>Dans le cadre de sa strat\u00e9gie de renforcement de l&rsquo;activit\u00e9 montagne, la Compagnie des Alpes a proc\u00e9d\u00e9 \u00e0 un renforcement de son comit\u00e9 ex\u00e9cutif en int\u00e9grant notament Laurent Chelle qui a, \u00e0 compter du 1er juin 2016, la responsabilit\u00e9 de la nouvelle direction du d\u00e9veloppement et de l\u2019attractivit\u00e9 des destinations montagne. Il est remplac\u00e9 \u00e0 &#8230;<\/p>\n<\/div><\/li><li class=\"masonry_item entry\"><h4 class=\"masonry_item_title\"><a href=\"https:\/\/www.trois-a.org\/index.php\/2008\/09\/23\/les-actions-de-la-sma-2010\/\" rel=\"bookmark\" title=\"Lien permanent pour Les actions de la SMA 2010\">Les actions de la SMA 2010<\/a><\/h4><div class=\"masonry_item_desc\"><p>Pr\u00e9sntation faite par le directeur adjoint de la SMA lors de l&rsquo;Assembl\u00e9e g\u00e9n\u00e9rale de 3A, le 13 ao\u00fbt 2008. Get your own &#8211; Open publication<\/p>\n<\/div><\/li><\/ul><script>\n\tjQuery(document).ready(function($){\n\t\tvar container = $('#masonry_id_690').addClass('masonry_isotope');\n\n\t\tcontainer.imagesLoaded(function(){\n\t\t\tcontainer.children('ul').isotope({\n\t\t\t\titemSelector: '.masonry_item',\n\t\t\t\tlayoutMode: 'masonry',\n\t\t\t\tmasonry: {\n\t\t\t\t\tgutter: 20\n\t\t\t\t}\n\t\t\t});\n\t\t});\n\t});\n<\/script><\/div> <\/p>\n","protected":false},"excerpt":{"rendered":"<p>Etre propri\u00e9taire aux Arcs c&rsquo;est bien s\u00fbr avoir le privil\u00e8ge de pouvoir \u00e9voluer, \u00e9t\u00e9 et hiver, sur un des plus beau domaine skiable des Alpes. C&rsquo;est aussi \u00eatre confront\u00e9 \u00e0 des probl\u00e8mes li\u00e9s \u00e0 l&rsquo;histoire de la station dont le concept fondateur a \u00e9t\u00e9 mis \u00e0 mal par les r\u00e9alit\u00e9s \u00e9conomiques et les al\u00e9as politiques &#8230;<\/p>\n","protected":false},"author":386,"featured_media":0,"parent":0,"menu_order":60,"comment_status":"closed","ping_status":"closed","template":"template_fullwidth.php","meta":{"footnotes":""},"class_list":["post-131","page","type-page","status-publish","hentry"],"_links":{"self":[{"href":"https:\/\/www.trois-a.org\/index.php\/wp-json\/wp\/v2\/pages\/131","targetHints":{"allow":["GET"]}}],"collection":[{"href":"https:\/\/www.trois-a.org\/index.php\/wp-json\/wp\/v2\/pages"}],"about":[{"href":"https:\/\/www.trois-a.org\/index.php\/wp-json\/wp\/v2\/types\/page"}],"author":[{"embeddable":true,"href":"https:\/\/www.trois-a.org\/index.php\/wp-json\/wp\/v2\/users\/386"}],"replies":[{"embeddable":true,"href":"https:\/\/www.trois-a.org\/index.php\/wp-json\/wp\/v2\/comments?post=131"}],"version-history":[{"count":10,"href":"https:\/\/www.trois-a.org\/index.php\/wp-json\/wp\/v2\/pages\/131\/revisions"}],"predecessor-version":[{"id":575,"href":"https:\/\/www.trois-a.org\/index.php\/wp-json\/wp\/v2\/pages\/131\/revisions\/575"}],"wp:attachment":[{"href":"https:\/\/www.trois-a.org\/index.php\/wp-json\/wp\/v2\/media?parent=131"}],"curies":[{"name":"wp","href":"https:\/\/api.w.org\/{rel}","templated":true}]}}