{"id":1206,"date":"2018-04-23T19:30:55","date_gmt":"2018-04-23T17:30:55","guid":{"rendered":"https:\/\/www.trois-a.org\/?page_id=1206"},"modified":"2021-04-04T15:28:01","modified_gmt":"2021-04-04T13:28:01","slug":"les-breves-de-3a","status":"publish","type":"page","link":"https:\/\/www.trois-a.org\/index.php\/accueil\/les-breves-de-3a\/","title":{"rendered":"Les br\u00e8ves de 3A"},"content":{"rendered":"<div id=\"blog_98\" class=\"theme_blog_list\"><article id=\"post-8023\" class=\"hentry entry entry_full post_has_image \"><div class=\"entry_info\"><h2 class=\"entry_title entry-title\"><a href=\"https:\/\/www.trois-a.org\/index.php\/2026\/01\/26\/les-breves-de-3a-n27\/\" rel=\"bookmark\" title=\"Lien permanent pour Les Br\u00e8ves de 3A n\u00b027\">Les Br\u00e8ves de 3A n\u00b027<\/a><\/h2><div class=\"entry_meta\"><time class=\"published updated\" datetime=\"2026-01-26\"><a href=\"https:\/\/www.trois-a.org\/index.php\/2026\/01\/\"><i class=\"theme-icon icon_calendar-meta meta-icon meta-icon-calendar\"><\/i>26 janvier 2026<\/a><\/time><span class=\"separator\">|<\/span><span class=\"tags\"><i class=\"theme-icon icon_tag-meta meta-icon\"><\/i><a href=\"https:\/\/www.trois-a.org\/index.php\/tag\/article-en-acces-libre\/\" rel=\"tag\">Article en acc\u00e8s libre<\/a><\/span><\/div><\/div><div class=\"entry_content entry-content\"><p><img decoding=\"async\" class=\"size-medium wp-image-7482 aligncenter\" src=\"https:\/\/www.trois-a.org\/wp-content\/uploads\/2025\/07\/une-image-contenant-ligne-triangle-police-conce-300x232.jpeg\" alt=\"Une image contenant ligne, triangle, Police, conception Description g\u00e9n\u00e9r\u00e9e automatiquement\" width=\"300\" height=\"232\" srcset=\"https:\/\/www.trois-a.org\/wp-content\/uploads\/2025\/07\/une-image-contenant-ligne-triangle-police-conce-300x232.jpeg 300w, https:\/\/www.trois-a.org\/wp-content\/uploads\/2025\/07\/une-image-contenant-ligne-triangle-police-conce.jpeg 351w\" sizes=\"(max-width: 300px) 100vw, 300px\" \/><\/p>\n<h3 style=\"text-align: center;\">La voix des propri\u00e9taires aux Arcs<\/h3>\n<hr \/>\n<p>Tous les anciens nume\u0301ros des Bre\u0300ves de 3A sont disponibles en libre acce\u0300s <strong><a href=\"https:\/\/www.trois-a.org\/index.php\/accueil\/les-breves-de-3a\/\">ici<\/a><\/strong>.<\/p>\n<hr \/>\n<p><img decoding=\"async\" class=\"wp-image-8026 aligncenter\" src=\"https:\/\/www.trois-a.org\/wp-content\/uploads\/2026\/01\/couverture-B3A27-300x232.jpeg\" alt=\"\" width=\"852\" height=\"659\" srcset=\"https:\/\/www.trois-a.org\/wp-content\/uploads\/2026\/01\/couverture-B3A27-300x232.jpeg 300w, https:\/\/www.trois-a.org\/wp-content\/uploads\/2026\/01\/couverture-B3A27-1024x792.jpeg 1024w, https:\/\/www.trois-a.org\/wp-content\/uploads\/2026\/01\/couverture-B3A27-768x594.jpeg 768w, https:\/\/www.trois-a.org\/wp-content\/uploads\/2026\/01\/couverture-B3A27-1536x1188.jpeg 1536w, https:\/\/www.trois-a.org\/wp-content\/uploads\/2026\/01\/couverture-B3A27-2048x1584.jpeg 2048w, https:\/\/www.trois-a.org\/wp-content\/uploads\/2026\/01\/couverture-B3A27-1320x1021.jpeg 1320w\" sizes=\"(max-width: 852px) 100vw, 852px\" \/><\/p>\n<p><strong>Dans ce num\u00e9ro<\/strong><\/p>\n<ol>\n<li><a href=\"#edito\">L\u2019\u00e9dito du pr\u00e9sident<\/a><\/li>\n<li><a href=\"#rencontre\">La rencontre \u00ab\u00a0Propri\u00e9taire aux Arcs\u00a0\u00bb de fin d\u2019ann\u00e9e<\/a><\/li>\n<li><a href=\"#marielle\">Suivez notre championne de skicross Marielle Berger Sabbatel aux J.O.<\/a><\/li>\n<li><a href=\"#voter_aux_arcs\">S\u2019impliquer aux Arcs\u00a0: voter aux municipales \u00e0 Bourg Saint Maurice<\/a><\/li>\n<li><a href=\"#dsp\">Le renouvellement de la DSP d\u2019ADS, un enjeu majeur pour les Arcs<\/a><\/li>\n<li><a href=\"#courbaton\">Courbaton, le 5<sup>e<\/sup> village des Arcs\u00a0?<\/a><\/li>\n<li><a href=\"#ruitor\">Le Ruitor candidat Reha-H\u00e9ritage<\/a><\/li>\n<\/ol>\n<hr \/>\n<ol>\n<li id=\"edito\"><strong>L\u2019\u00e9dito du pr\u00e9sident<\/strong><\/li>\n<\/ol>\n<p><img decoding=\"async\" class=\"wp-image-8027 aligncenter\" src=\"https:\/\/www.trois-a.org\/wp-content\/uploads\/2026\/01\/edito-B3A27-voeux-300x225.jpeg\" alt=\"\" width=\"663\" height=\"497\" srcset=\"https:\/\/www.trois-a.org\/wp-content\/uploads\/2026\/01\/edito-B3A27-voeux-300x225.jpeg 300w, https:\/\/www.trois-a.org\/wp-content\/uploads\/2026\/01\/edito-B3A27-voeux-768x576.jpeg 768w, https:\/\/www.trois-a.org\/wp-content\/uploads\/2026\/01\/edito-B3A27-voeux.jpeg 1024w\" sizes=\"(max-width: 663px) 100vw, 663px\" \/><\/p>\n<p style=\"text-align: center;\"><strong>2026 : des choix d\u00e9cisifs pour l\u2019avenir des Arcs<\/strong><\/p>\n<p>En ce d\u00e9but d\u2019ann\u00e9e, il est tentant de se contenter de formuler des v\u0153ux. Mais 2026 sera surtout une ann\u00e9e de d\u00e9cisions structurantes pour l\u2019avenir des Arcs, et donc pour celui de leurs propri\u00e9taires. Plus que jamais, notre station se trouve \u00e0 un moment charni\u00e8re.<\/p>\n<p>Les prochaines \u00e9lections municipales \u00e0 Bourg Saint-Maurice ne sont pas un rendez-vous lointain ou abstrait : elles d\u00e9termineront la gouvernance de notre station pour les ann\u00e9es \u00e0 venir. Elles p\u00e8seront directement sur les grands dossiers qui conditionnent l\u2019attractivit\u00e9, la valeur et la durabilit\u00e9 des Arcs. C\u2019est pourquoi 3A appelle, une nouvelle fois, les propri\u00e9taires \u00e0 faire entendre leur voix, notamment en votant aux municipales aux Arcs.<\/p>\n<p>Parmi ces dossiers, l\u2019un se distingue par son importance strat\u00e9gique : le renouvellement de la d\u00e9l\u00e9gation de service public des remont\u00e9es m\u00e9caniques, actuellement confi\u00e9e \u00e0 ADS et qui arrivera \u00e0 \u00e9ch\u00e9ance en 2030. Ce sujet d\u00e9passe largement la seule question de l\u2019exploitant. Il engage une vision de long terme : mod\u00e8le \u00e9conomique, investissements, transition climatique, qualit\u00e9 de service, place des propri\u00e9taires et \u00e9quilibre entre les villages. Les choix qui seront pr\u00e9par\u00e9s lors de la prochaine mandature municipale fa\u00e7onneront les Arcs pour plusieurs d\u00e9cennies. Les propri\u00e9taires ne peuvent pas rester simples spectateurs de ce d\u00e9bat majeur.<\/p>\n<p>Ce num\u00e9ro des Br\u00e8ves de 3A revient largement sur ces enjeux, fid\u00e8lement \u00e0 la mission que s\u2019est donn\u00e9e notre association depuis sa cr\u00e9ation : informer, alerter et repr\u00e9senter la voix des propri\u00e9taires dans les grands choix qui concernent la station.<\/p>\n<p>Enfin, cet \u00e9ditorial est aussi l\u2019occasion de confirmer un passage de t\u00e9moin. \u00c0 l\u2019issue des prochaines \u00e9lections municipales, je passerai la main \u00e0 un nouveau pr\u00e9sident de 3A. Mon engagement aux Arcs se poursuit, notamment \u00e0 travers la pr\u00e9sidence du Festival de musique des Arcs, mais il m\u2019a sembl\u00e9 n\u00e9cessaire de clarifier les responsabilit\u00e9s et de permettre \u00e0 3A de continuer son action avec toute l\u2019\u00e9nergie requise.<\/p>\n<p>Je le fais avec confiance et s\u00e9r\u00e9nit\u00e9, tant le conseil d\u2019administration de 3A est aujourd\u2019hui solide, engag\u00e9 et comp\u00e9tent. L\u2019association est bien arm\u00e9e pour poursuivre son r\u00f4le dans un contexte exigeant, o\u00f9 les d\u00e9cisions \u00e0 venir seront d\u00e9terminantes pour l\u2019avenir de notre station et pour les int\u00e9r\u00eats des propri\u00e9taires.<\/p>\n<p>Plus que jamais, 3A aura besoin de votre soutien, de votre participation et de votre mobilisation. L\u2019avenir des Arcs se construit maintenant.<\/p>\n<p><img decoding=\"async\" class=\"wp-image-7485 aligncenter\" src=\"https:\/\/www.trois-a.org\/wp-content\/uploads\/2025\/07\/une-image-contenant-visage-humain-personne-souri-237x300.jpeg\" alt=\"Une image contenant Visage humain, personne, sourire, Menton Le contenu g\u00e9n\u00e9r\u00e9 par l\u2019IA peut \u00eatre incorrect.\" width=\"124\" height=\"157\" srcset=\"https:\/\/www.trois-a.org\/wp-content\/uploads\/2025\/07\/une-image-contenant-visage-humain-personne-souri-237x300.jpeg 237w, https:\/\/www.trois-a.org\/wp-content\/uploads\/2025\/07\/une-image-contenant-visage-humain-personne-souri.jpeg 239w\" sizes=\"(max-width: 124px) 100vw, 124px\" \/><\/p>\n<p style=\"text-align: center;\">C\u00e9dric Lespiau, pr\u00e9sident de 3A<\/p>\n<hr \/>\n<ol start=\"2\">\n<li id=\"rencontre\"><strong>La rencontre \u00ab\u00a0Propri\u00e9taire aux Arcs\u00a0\u00bb de fin d\u2019ann\u00e9e<\/strong><\/li>\n<\/ol>\n<p><a href=\"https:\/\/www.trois-a.org\/wp-content\/uploads\/2025\/12\/Diapos-rencontre-29-decembre-2025.pdf\" target=\"_blank\" rel=\"noopener\"><img decoding=\"async\" class=\"wp-image-8030 aligncenter\" src=\"https:\/\/www.trois-a.org\/wp-content\/uploads\/2026\/01\/Diapos-rencontre-29-decembre-2025-300x169.jpg\" alt=\"\" width=\"599\" height=\"338\" srcset=\"https:\/\/www.trois-a.org\/wp-content\/uploads\/2026\/01\/Diapos-rencontre-29-decembre-2025-300x169.jpg 300w, https:\/\/www.trois-a.org\/wp-content\/uploads\/2026\/01\/Diapos-rencontre-29-decembre-2025.jpg 720w\" sizes=\"(max-width: 599px) 100vw, 599px\" \/><\/a><\/p>\n<p>Une rencontre \u00ab Propri\u00e9taire aux Arcs \u00bb s\u2019est tenue le 29 d\u00e9cembre 2025 \u00e0 l\u2019h\u00f4tel Belambra d\u2019Arc 1800. La salle, devenue trop petite, t\u00e9moignait du succ\u00e8s de l\u2019initiative : pr\u00e8s d\u2019une centaine de propri\u00e9taires ont r\u00e9pondu \u00e0 l\u2019invitation. Ils sont venus \u00e9changer avec plusieurs membres du conseil d\u2019administration de 3A et entre eux sur les probl\u00e9matiques actuelles de la station.<\/p>\n<p>Fait inhabituel, la rencontre a r\u00e9uni presque autant de propri\u00e9taires non adh\u00e9rents \u00e0 3A que d\u2019adh\u00e9rents.<\/p>\n<p>Apr\u00e8s un expos\u00e9 pr\u00e9sentant bri\u00e8vement 3A, les enjeux du renouvellement en 2030 de la d\u00e9l\u00e9gation de service public pour l\u2019exploitation du domaine de montagne ont \u00e9t\u00e9 abord\u00e9s. Une large place a \u00e9galement \u00e9t\u00e9 consacr\u00e9e \u00e0 un questionnaire que 3A a adress\u00e9 aux candidats \u00e0 la mairie. Voir les diapositives <strong><a href=\"https:\/\/www.trois-a.org\/wp-content\/uploads\/2025\/12\/Diapos-rencontre-29-decembre-2025.pdf\">ici<\/a>.<\/strong><\/p>\n<p>Les \u00e9changes ont ensuite port\u00e9 sur plusieurs sujets concrets : la fermeture du parking des Villards, la disparition des anciens programmes d\u2019avantages propri\u00e9taires sur les forfaits, ou encore la capacit\u00e9 des propri\u00e9taires \u00e0 peser sur les \u00e9lections en votant aux Arcs. La soir\u00e9e s\u2019est conclue autour d\u2019un cocktail convivial.<\/p>\n<p><strong>Note<\/strong> \u2013 Le questionnaire (sans les r\u00e9ponses des candidats) est consultable <a href=\"https:\/\/www.trois-a.org\/questionnaire\/questionnaire.html\" target=\"_blank\" rel=\"noopener\"><strong>ici<\/strong><\/a> . Il permet de prendre la mesure d\u2019un large \u00e9chantillon des probl\u00e9matiques actuelles aux Arcs, auxquelles la prochaine municipalit\u00e9 devra r\u00e9pondre. Il est \u00e9galement possible d\u2019y ajouter des commentaires, en utilisant les espaces pr\u00e9vus pour les r\u00e9ponses des candidats, puis de nous le retourner.<\/p>\n<hr \/>\n<ol start=\"3\">\n<li id=\"marielle\"><strong>Suivez notre championne de skicross Marielle Berger Sabbatel aux J.O.<\/strong><\/li>\n<\/ol>\n<p><a href=\"https:\/\/www.lesarcs.com\/que-faire-aux-arcs\/evenements\/marielle-berger-en-mission-olympique\" target=\"_blank\" rel=\"noopener\"><img decoding=\"async\" class=\"alignnone wp-image-8024 aligncenter\" src=\"https:\/\/www.trois-a.org\/wp-content\/uploads\/2026\/01\/affiche-marielle-berger-212x300.jpg\" alt=\"\" width=\"333\" height=\"471\" srcset=\"https:\/\/www.trois-a.org\/wp-content\/uploads\/2026\/01\/affiche-marielle-berger-212x300.jpg 212w, https:\/\/www.trois-a.org\/wp-content\/uploads\/2026\/01\/affiche-marielle-berger-724x1024.jpg 724w, https:\/\/www.trois-a.org\/wp-content\/uploads\/2026\/01\/affiche-marielle-berger-768x1086.jpg 768w, https:\/\/www.trois-a.org\/wp-content\/uploads\/2026\/01\/affiche-marielle-berger-1086x1536.jpg 1086w, https:\/\/www.trois-a.org\/wp-content\/uploads\/2026\/01\/affiche-marielle-berger-1448x2048.jpg 1448w, https:\/\/www.trois-a.org\/wp-content\/uploads\/2026\/01\/affiche-marielle-berger-1320x1867.jpg 1320w\" sizes=\"(max-width: 333px) 100vw, 333px\" \/><\/a><\/p>\n<p>Ne manquez pas de suivre notre championne de skicross le 20 f\u00e9vrier en direct des Jeux Olympiques <a href=\"https:\/\/www.lequipe.fr\/\" target=\"_blank\" rel=\"noopener\">sur la chaine video de l\u2019\u00c9quipe<\/a> ou, mieux, <a href=\"https:\/\/www.lesarcs.com\/que-faire-aux-arcs\/evenements\/marielle-berger-en-mission-olympique\" target=\"_blank\" rel=\"noopener\">sur le front de neige d\u2019Arc 1800<\/a>, le 20 f\u00e9vrier prochain \u00e0 13h15.<\/p>\n<p>En attendant, (re)vivez <a href=\"https:\/\/www.trois-a.org\/wp-content\/uploads\/2026\/01\/MB.m4v\">sa spectaculaire victoire du 20 d\u00e9cembre dernier<\/a> \u00e0 la coupe de monde \u00e0 Innichen (Italie). Regardez comment on contr\u00f4le une course \u00ab\u00a0\u00e0 la Marielle\u00a0\u00bb, en restant en embuscade toute la premi\u00e8re partie de la course et en plongeant \u00e0 la corde \u00e0 3 virages de la fin de course (\u00e0 1\u201942). Du grand art.<\/p>\n<p>D\u00e9couvrez la personnalit\u00e9 attachante de Marielle dans <a href=\"https:\/\/www.trois-a.org\/index.php\/2023\/05\/19\/connaissez-vous-marielle-berger\/\" target=\"_blank\" rel=\"noopener\">l\u2019interview<\/a> qu\u2019elle a accord\u00e9e \u00e0 3A en 2023.<\/p>\n<hr \/>\n<ol start=\"4\">\n<li id=\"voter_aux_arcs\"><strong>S\u2019impliquer aux Arcs\u00a0: voter aux municipales \u00e0 Bourg Saint Maurice<\/strong><\/li>\n<\/ol>\n<p><img decoding=\"async\" class=\"size-medium wp-image-7523 aligncenter\" src=\"https:\/\/www.trois-a.org\/wp-content\/uploads\/2025\/07\/vote-aux-Arcs-avec-drapeau-europeen-300x300.jpg\" alt=\"\" width=\"300\" height=\"300\" srcset=\"https:\/\/www.trois-a.org\/wp-content\/uploads\/2025\/07\/vote-aux-Arcs-avec-drapeau-europeen-300x300.jpg 300w, https:\/\/www.trois-a.org\/wp-content\/uploads\/2025\/07\/vote-aux-Arcs-avec-drapeau-europeen-150x150.jpg 150w, https:\/\/www.trois-a.org\/wp-content\/uploads\/2025\/07\/vote-aux-Arcs-avec-drapeau-europeen-768x768.jpg 768w, https:\/\/www.trois-a.org\/wp-content\/uploads\/2025\/07\/vote-aux-Arcs-avec-drapeau-europeen.jpg 1024w\" sizes=\"(max-width: 300px) 100vw, 300px\" \/><\/p>\n<p>&nbsp;<\/p>\n<p>Vous \u00eates attach\u00e9 \u00e0 la bonne marche et \u00e0 l\u2019avenir des Arcs. Mais comment transformer cet int\u00e9r\u00eat en actions concr\u00e8tes ? Au-del\u00e0 de <strong><a href=\"https:\/\/www.trois-a.org\/index.php\/adhesion\/\" target=\"_blank\" rel=\"noopener\">l\u2019adh\u00e9sion \u00e0 3A<\/a><\/strong>, une d\u00e9marche essentielle s\u2019impose\u00a0:\u00a0<strong data-start=\"274\" data-end=\"334\">voter aux Arcs lors des prochaines \u00e9lections municipales<\/strong>.<\/p>\n<p data-start=\"344\" data-end=\"539\">La proc\u00e9dure est simple et r\u00e9versible, si vous souhaitez ult\u00e9rieurement voter dans votre r\u00e9sidence principale pour d\u2019autres scrutins.\u00a0<strong data-start=\"478\" data-end=\"537\">Attention : la date limite est fix\u00e9e au 4 f\u00e9vrier pour les inscriptions en ligne et au 6 f\u00e9vrier pour les inscriptions \u00e0 la mairie.<\/strong><\/p>\n<p data-start=\"546\" data-end=\"702\">3A a publi\u00e9 <strong><a href=\"https:\/\/www.trois-a.org\/index.php\/2025\/07\/18\/voter-aux-arcs\/\" target=\"_blank\" rel=\"noopener\">un article d\u00e9taillant cette d\u00e9marche<\/a><\/strong> et a \u00e9labor\u00e9 un questionnaire qu&rsquo;elle a transmis aux candidats, comme lors des derni\u00e8res \u00e9lections municipales. Nous pr\u00e9voyons de vous communiquer leurs r\u00e9ponses mi-f\u00e9vrier.<\/p>\n<p data-start=\"709\" data-end=\"890\"><em data-start=\"709\" data-end=\"890\">Note : vous pouvez d\u00e8s \u00e0 pr\u00e9sent nous faire part de vos remarques sur ce questionnaire, \u00e0 partir de <\/em><strong><em><a href=\"https:\/\/www.trois-a.org\/questionnaire\/questionnaire.html\" target=\"_blank\" rel=\"noopener\">cette version<\/a><\/em><\/strong><em>, en utilisant les espaces pr\u00e9vus pour les r\u00e9ponses des candidats.<\/em><\/p>\n<hr \/>\n<ol start=\"5\">\n<li id=\"dsp\"><strong>Le renouvellement de la DSP d\u2019ADS, un enjeu majeur pour les Arcs<\/strong><\/li>\n<\/ol>\n<p><img decoding=\"async\" class=\"wp-image-8021 aligncenter\" src=\"https:\/\/www.trois-a.org\/wp-content\/uploads\/2026\/01\/Paradiski-300x90.jpg\" alt=\"\" width=\"863\" height=\"259\" srcset=\"https:\/\/www.trois-a.org\/wp-content\/uploads\/2026\/01\/Paradiski-300x90.jpg 300w, https:\/\/www.trois-a.org\/wp-content\/uploads\/2026\/01\/Paradiski-1024x307.jpg 1024w, https:\/\/www.trois-a.org\/wp-content\/uploads\/2026\/01\/Paradiski-768x230.jpg 768w, https:\/\/www.trois-a.org\/wp-content\/uploads\/2026\/01\/Paradiski-1536x460.jpg 1536w, https:\/\/www.trois-a.org\/wp-content\/uploads\/2026\/01\/Paradiski-1320x395.jpg 1320w, https:\/\/www.trois-a.org\/wp-content\/uploads\/2026\/01\/Paradiski.jpg 2000w\" sizes=\"(max-width: 863px) 100vw, 863px\" \/><\/p>\n<p>La d\u00e9l\u00e9gation de service public (DSP) sur l\u2019exploitation du domaine de montagne des Arcs, actuellement d\u00e9tenue par ADS, arrive \u00e0 \u00e9ch\u00e9ance en 2030. Tignes, dont l\u2019\u00e9ch\u00e9ance est en 2026, a choisi de se s\u00e9parer de la Compagnie des Alpes, maison m\u00e8re de la plupart des soci\u00e9t\u00e9s qui exploite les domaines skiables des stations des Alpes. La Plagne, elle, a opt\u00e9 pour rester dans le giron de la CDA pour 25 ans suppl\u00e9mentaires \u00e0 partir de juin 2027, en obtenant de tr\u00e8s substantiels avantages, apr\u00e8s mise en concurrence. Et les Arcs ?<\/p>\n<p>Tous les enjeux pour notre station dans <strong><a href=\"https:\/\/www.trois-a.org\/index.php\/2026\/01\/25\/dsp-2030-quels-enjeux-pour-le-domaine-de-montagne-des-arcs\/\" target=\"_blank\" rel=\"noopener\">cet article<\/a><\/strong>.<\/p>\n<hr \/>\n<ol start=\"6\">\n<li id=\"courbaton\"><strong>Courbaton, le 5<sup>e<\/sup> village des Arcs\u00a0?<\/strong><\/li>\n<\/ol>\n<div id=\"attachment_8031\" style=\"width: 444px\" class=\"wp-caption aligncenter\"><img decoding=\"async\" aria-describedby=\"caption-attachment-8031\" class=\"wp-image-8031\" src=\"https:\/\/www.trois-a.org\/wp-content\/uploads\/2026\/01\/Arret-navette-courbaton-B3A27-1-300x225.jpeg\" alt=\"\" width=\"444\" height=\"333\" srcset=\"https:\/\/www.trois-a.org\/wp-content\/uploads\/2026\/01\/Arret-navette-courbaton-B3A27-1-300x225.jpeg 300w, https:\/\/www.trois-a.org\/wp-content\/uploads\/2026\/01\/Arret-navette-courbaton-B3A27-1-1024x768.jpeg 1024w, https:\/\/www.trois-a.org\/wp-content\/uploads\/2026\/01\/Arret-navette-courbaton-B3A27-1-768x576.jpeg 768w, https:\/\/www.trois-a.org\/wp-content\/uploads\/2026\/01\/Arret-navette-courbaton-B3A27-1-1536x1152.jpeg 1536w, https:\/\/www.trois-a.org\/wp-content\/uploads\/2026\/01\/Arret-navette-courbaton-B3A27-1-1320x990.jpeg 1320w, https:\/\/www.trois-a.org\/wp-content\/uploads\/2026\/01\/Arret-navette-courbaton-B3A27-1.jpeg 1600w\" sizes=\"(max-width: 444px) 100vw, 444px\" \/><p id=\"caption-attachment-8031\" class=\"wp-caption-text\">L&rsquo;arr\u00eat \u00ab\u00a0Courbaton\u00a0\u00bb<\/p><\/div>\n<p>Courbaton a enfin obtenu son arr\u00eat navette cette saison, am\u00e9liorant significativement son inclusion dans les Arcs, et qui connait d\u00e9j\u00e0 un grand succ\u00e8s.<\/p>\n<p><img decoding=\"async\" class=\"wp-image-8028 aligncenter\" src=\"https:\/\/www.trois-a.org\/wp-content\/uploads\/2026\/01\/horaires-navette-Courbaton-300x131.jpg\" alt=\"\" width=\"421\" height=\"184\" srcset=\"https:\/\/www.trois-a.org\/wp-content\/uploads\/2026\/01\/horaires-navette-Courbaton-300x131.jpg 300w, https:\/\/www.trois-a.org\/wp-content\/uploads\/2026\/01\/horaires-navette-Courbaton-1024x446.jpg 1024w, https:\/\/www.trois-a.org\/wp-content\/uploads\/2026\/01\/horaires-navette-Courbaton-768x335.jpg 768w, https:\/\/www.trois-a.org\/wp-content\/uploads\/2026\/01\/horaires-navette-Courbaton-1536x670.jpg 1536w, https:\/\/www.trois-a.org\/wp-content\/uploads\/2026\/01\/horaires-navette-Courbaton-2048x893.jpg 2048w, https:\/\/www.trois-a.org\/wp-content\/uploads\/2026\/01\/horaires-navette-Courbaton-1320x576.jpg 1320w\" sizes=\"(max-width: 421px) 100vw, 421px\" \/><\/p>\n<hr \/>\n<ol start=\"7\">\n<li id=\"ruitor\"><strong>Le Ruitor candidat Reha-H\u00e9ritage<\/strong><\/li>\n<\/ol>\n<div id=\"attachment_8029\" style=\"width: 668px\" class=\"wp-caption aligncenter\"><img decoding=\"async\" aria-describedby=\"caption-attachment-8029\" class=\"wp-image-8029\" src=\"https:\/\/www.trois-a.org\/wp-content\/uploads\/2026\/01\/Le-Ruitor-300x153.jpg\" alt=\"\" width=\"668\" height=\"341\" srcset=\"https:\/\/www.trois-a.org\/wp-content\/uploads\/2026\/01\/Le-Ruitor-300x153.jpg 300w, https:\/\/www.trois-a.org\/wp-content\/uploads\/2026\/01\/Le-Ruitor-1024x521.jpg 1024w, https:\/\/www.trois-a.org\/wp-content\/uploads\/2026\/01\/Le-Ruitor-768x391.jpg 768w, https:\/\/www.trois-a.org\/wp-content\/uploads\/2026\/01\/Le-Ruitor-1536x781.jpg 1536w, https:\/\/www.trois-a.org\/wp-content\/uploads\/2026\/01\/Le-Ruitor-2048x1042.jpg 2048w, https:\/\/www.trois-a.org\/wp-content\/uploads\/2026\/01\/Le-Ruitor-1320x672.jpg 1320w\" sizes=\"(max-width: 668px) 100vw, 668px\" \/><p id=\"caption-attachment-8029\" class=\"wp-caption-text\">@Romain Gibert<\/p><\/div>\n<p>Sous l\u2019impulsion de son conseil syndical et de son pr\u00e9sident, Jacques Marquis, le Ruitor m\u00e8ne depuis une dizaine d\u2019ann\u00e9es un programme de r\u00e9duction de sa consommation \u00e9nerg\u00e9tique. Dans l\u2019optique d\u2019obtenir des soutiens pour cette d\u00e9marche, Jacques est parvenu \u00e0 faire inscrire <strong><a href=\"https:\/\/reha.figli.io\/sitespilotes\/les-arcs-le-ruitor\" target=\"_blank\" rel=\"noopener\">le Ruitor parmi les 15 projets retenus<\/a><\/strong> dans le cadre de <strong><a href=\"https:\/\/reha.figli.io\/\" target=\"_blank\" rel=\"noopener\">Reha-H\u00e9ritage<\/a><\/strong>, un programme national d\u2019exp\u00e9rimentation et de recherche consacr\u00e9 \u00e0 la r\u00e9habilitation de logements pr\u00e9sentant un int\u00e9r\u00eat patrimonial, architectural ou technique particulier. Plus d\u2019informations sont disponibles <strong><a href=\"https:\/\/www.trois-a.org\/index.php\/2026\/01\/27\/le-ruitor-candidat-reha-heritage\/\" target=\"_blank\" rel=\"noopener\">ici<\/a><\/strong>.<\/p>\n<\/div><\/article><article id=\"post-7481\" class=\"hentry entry entry_full post_has_image \"><div class=\"entry_info\"><h2 class=\"entry_title entry-title\"><a href=\"https:\/\/www.trois-a.org\/index.php\/2025\/07\/15\/les-breves-de-3a-n-26\/\" rel=\"bookmark\" title=\"Lien permanent pour Les Br\u00e8ves de 3A n\u00b0 26\">Les Br\u00e8ves de 3A n\u00b0 26<\/a><\/h2><div class=\"entry_meta\"><time class=\"published updated\" datetime=\"2025-07-15\"><a href=\"https:\/\/www.trois-a.org\/index.php\/2025\/07\/\"><i class=\"theme-icon icon_calendar-meta meta-icon meta-icon-calendar\"><\/i>15 juillet 2025<\/a><\/time><span class=\"separator\">|<\/span><span class=\"tags\"><i class=\"theme-icon icon_tag-meta meta-icon\"><\/i><a href=\"https:\/\/www.trois-a.org\/index.php\/tag\/article-en-acces-libre\/\" rel=\"tag\">Article en acc\u00e8s libre<\/a><\/span><\/div><\/div><div class=\"entry_content entry-content\"><p>Vous pouvez consulter<strong> <a href=\"https:\/\/www.trois-a.org\/wp-content\/uploads\/2025\/07\/Breves-de-3A-n\u00b026.pdf\">la version pdf<\/a><\/strong> (1,6 Mo).<\/p>\n<p><img decoding=\"async\" width=\"351\" height=\"271\" class=\"wp-image-7482 aligncenter\" src=\"https:\/\/www.trois-a.org\/wp-content\/uploads\/2025\/07\/une-image-contenant-ligne-triangle-police-conce.jpeg\" alt=\"Une image contenant ligne, triangle, Police, conception Description g\u00e9n\u00e9r\u00e9e automatiquement\" srcset=\"https:\/\/www.trois-a.org\/wp-content\/uploads\/2025\/07\/une-image-contenant-ligne-triangle-police-conce.jpeg 351w, https:\/\/www.trois-a.org\/wp-content\/uploads\/2025\/07\/une-image-contenant-ligne-triangle-police-conce-300x232.jpeg 300w\" sizes=\"(max-width: 351px) 100vw, 351px\" \/><\/p>\n<h3 style=\"text-align: center;\">La voix des propri\u00e9taires aux Arcs<\/h3>\n<p><em>Tous les anciens nume\u0301ros des Bre\u0300ves de 3A sont disponibles en libre acce\u0300s <\/em><a href=\"https:\/\/www.trois-a.org\/index.php\/accueil\/les-breves-de-3a\/\"><em>ici<\/em><\/a><em>.<\/em><\/p>\n<p><img decoding=\"async\" class=\"wp-image-7536 aligncenter\" src=\"https:\/\/www.trois-a.org\/wp-content\/uploads\/2025\/07\/couverture-Breves-de-3A-n\u00b026-300x216.jpg\" alt=\"\" width=\"946\" height=\"681\" srcset=\"https:\/\/www.trois-a.org\/wp-content\/uploads\/2025\/07\/couverture-Breves-de-3A-n\u00b026-300x216.jpg 300w, https:\/\/www.trois-a.org\/wp-content\/uploads\/2025\/07\/couverture-Breves-de-3A-n\u00b026-1024x737.jpg 1024w, https:\/\/www.trois-a.org\/wp-content\/uploads\/2025\/07\/couverture-Breves-de-3A-n\u00b026-768x553.jpg 768w, https:\/\/www.trois-a.org\/wp-content\/uploads\/2025\/07\/couverture-Breves-de-3A-n\u00b026-1536x1105.jpg 1536w, https:\/\/www.trois-a.org\/wp-content\/uploads\/2025\/07\/couverture-Breves-de-3A-n\u00b026-2048x1474.jpg 2048w, https:\/\/www.trois-a.org\/wp-content\/uploads\/2025\/07\/couverture-Breves-de-3A-n\u00b026-1320x950.jpg 1320w\" sizes=\"(max-width: 946px) 100vw, 946px\" \/><\/p>\n<h1 style=\"text-align: center;\"><\/h1>\n<h2>Dans ce num\u00e9ro<\/h2>\n<ol>\n<li>L\u2019\u00e9dito du pr\u00e9sident<\/li>\n<li>Les \u00e9v\u00e8nements 3A de l\u2019\u00e9t\u00e9<\/li>\n<li>En Bref Cette Semaine Aux Arcs, des retours positifs<\/li>\n<li>\u00c9chos de la r\u00e9union de bilan de saison du 20 avril<\/li>\n<li>Le festival du v\u00e9lo vert, Bourg Saint Maurice reprend le flambeau<\/li>\n<li>Le festival de musique, c\u2019est en ce moment<\/li>\n<li>S\u2019impliquer aux Arcs\u00a0: voter aux municipales \u00e0 Bourg Saint Maurice<\/li>\n<li>Avez-vous r\u00e9cup\u00e9r\u00e9 votre (nouveau) num\u00e9ro de meubl\u00e9 de tourisme\u00a0?<\/li>\n<li>Un nouveau calcul du DPE plus favorable aux Arcs<\/li>\n<li>Les Hameaux du Mont Blanc red\u00e9marrent<\/li>\n<li>Adoption d\u00e9finitive du nouveau PLU<\/li>\n<li>Le parking des Villards ferm\u00e9 cet hiver\u00a0?<\/li>\n<\/ol>\n<p>&nbsp;<\/p>\n<hr \/>\n<h2 style=\"text-align: center;\"><a id=\"post-7481-\u00e9dito\"><\/a> L\u2019\u00e9dito du pr\u00e9sident<\/h2>\n<p><img decoding=\"async\" class=\"wp-image-7484 aligncenter\" src=\"https:\/\/www.trois-a.org\/wp-content\/uploads\/2025\/07\/une-image-contenant-plein-air-nuage-paysage-her.jpeg\" alt=\"Une image contenant plein air, nuage, paysage, herbe Le contenu g\u00e9n\u00e9r\u00e9 par l\u2019IA peut \u00eatre incorrect.\" width=\"789\" height=\"592\" srcset=\"https:\/\/www.trois-a.org\/wp-content\/uploads\/2025\/07\/une-image-contenant-plein-air-nuage-paysage-her.jpeg 1600w, https:\/\/www.trois-a.org\/wp-content\/uploads\/2025\/07\/une-image-contenant-plein-air-nuage-paysage-her-300x225.jpeg 300w, https:\/\/www.trois-a.org\/wp-content\/uploads\/2025\/07\/une-image-contenant-plein-air-nuage-paysage-her-1024x768.jpeg 1024w, https:\/\/www.trois-a.org\/wp-content\/uploads\/2025\/07\/une-image-contenant-plein-air-nuage-paysage-her-768x576.jpeg 768w, https:\/\/www.trois-a.org\/wp-content\/uploads\/2025\/07\/une-image-contenant-plein-air-nuage-paysage-her-1536x1152.jpeg 1536w, https:\/\/www.trois-a.org\/wp-content\/uploads\/2025\/07\/une-image-contenant-plein-air-nuage-paysage-her-1320x990.jpeg 1320w\" sizes=\"(max-width: 789px) 100vw, 789px\" \/><\/p>\n<p>Apr\u00e8s une interruption de pr\u00e8s de six mois, due \u00e0 une surcharge de travail des r\u00e9dacteurs habituels, et dont je vous prie de nous excuser, les Br\u00e8ves de 3A reprennent du service.<\/p>\n<p>\u00c0 l\u2019approche de notre assembl\u00e9e g\u00e9n\u00e9rale annuelle le 31 juillet prochain, o\u00f9 j\u2019esp\u00e8re vous retrouver nombreux, le conseil d\u2019administration de 3A se renouvelle, ou plut\u00f4t s\u2019\u00e9toffe de fa\u00e7on significative. Pas moins de quatre nouveaux administrateurs nous rejoignent et, gr\u00e2ce \u00e0 leurs comp\u00e9tences et leur implication dans la vie de notre station, ils apporteront des regards nouveaux sur le fonctionnement de notre association ; par exemple, 3A s\u2019ouvre enfin sur 1950, un peu \u00e0 l\u2019\u00e9cart jusqu\u2019ici, et aussi sur Courbaton.<\/p>\n<p>Comme vous l\u2019avez appris dans une communication \u00e0 nos adh\u00e9rents il y a quelques semaines, je vais progressivement me tourner vers l\u2019animation de notre si pr\u00e9cieux festival de musique, mais je compte bien rester actif au sein de cette \u00e9quipe renforc\u00e9e dont une des raisons d\u2019\u00eatre est de porter votre voix aupr\u00e8s des instances de la station.<\/p>\n<p>Les \u00e9lections municipales de mars prochain vont, comme tous les six ans, constituer un temps fort de la vie de notre station. Si vous souhaitez vous impliquer plus aux Arcs, un geste simple (et r\u00e9versible) consiste \u00e0 vous inscrire sur les listes \u00e9lectorales locales. 3A va vous fournir un mode d\u2019emploi complet sur le sujet. Et, pour vous aider \u00e0 faire un choix parmi les candidats, 3A ne manquera pas, comme c\u2019est maintenant la coutume, de leur demander \u00e0 chacun de r\u00e9pondre \u00e0 un questionnaire \u00ab Propri\u00e9taire aux Arcs \u00bb.<\/p>\n<p>Dans l\u2019attente de vous rencontrer lors de notre AG, je vous souhaite un excellent s\u00e9jour estival aux Arcs, sans oublier d\u2019aller aux concerts offerts par notre festival de musique\u00a0!<\/p>\n<p><img decoding=\"async\" class=\"wp-image-7485 aligncenter\" src=\"https:\/\/www.trois-a.org\/wp-content\/uploads\/2025\/07\/une-image-contenant-visage-humain-personne-souri.jpeg\" alt=\"Une image contenant Visage humain, personne, sourire, Menton Le contenu g\u00e9n\u00e9r\u00e9 par l\u2019IA peut \u00eatre incorrect.\" width=\"150\" height=\"190\" srcset=\"https:\/\/www.trois-a.org\/wp-content\/uploads\/2025\/07\/une-image-contenant-visage-humain-personne-souri.jpeg 239w, https:\/\/www.trois-a.org\/wp-content\/uploads\/2025\/07\/une-image-contenant-visage-humain-personne-souri-237x300.jpeg 237w\" sizes=\"(max-width: 150px) 100vw, 150px\" \/><\/p>\n<p style=\"text-align: center;\">C\u00e9dric Lespiau, pr\u00e9sident de 3A<\/p>\n<hr \/>\n<h2 style=\"text-align: center;\"><a id=\"post-7481-handicap\"><\/a> Les \u00e9v\u00e8nements 3A de l\u2019\u00e9t\u00e9<\/h2>\n<p><img decoding=\"async\" class=\"wp-image-7486 aligncenter\" src=\"https:\/\/www.trois-a.org\/wp-content\/uploads\/2025\/07\/une-image-contenant-presentation-ecran-de-project.jpeg\" alt=\"Une image contenant pr\u00e9sentation, \u00c9cran de projection, homme, \u00c9quipement de sc\u00e8ne Le contenu g\u00e9n\u00e9r\u00e9 par l\u2019IA peut \u00eatre incorrect.\" width=\"717\" height=\"323\" srcset=\"https:\/\/www.trois-a.org\/wp-content\/uploads\/2025\/07\/une-image-contenant-presentation-ecran-de-project.jpeg 2000w, https:\/\/www.trois-a.org\/wp-content\/uploads\/2025\/07\/une-image-contenant-presentation-ecran-de-project-300x135.jpeg 300w, https:\/\/www.trois-a.org\/wp-content\/uploads\/2025\/07\/une-image-contenant-presentation-ecran-de-project-1024x461.jpeg 1024w, https:\/\/www.trois-a.org\/wp-content\/uploads\/2025\/07\/une-image-contenant-presentation-ecran-de-project-768x346.jpeg 768w, https:\/\/www.trois-a.org\/wp-content\/uploads\/2025\/07\/une-image-contenant-presentation-ecran-de-project-1536x691.jpeg 1536w, https:\/\/www.trois-a.org\/wp-content\/uploads\/2025\/07\/une-image-contenant-presentation-ecran-de-project-1320x594.jpeg 1320w\" sizes=\"(max-width: 717px) 100vw, 717px\" \/><\/p>\n<p>Une <strong>rencontre 3A-pr\u00e9sidents<\/strong> de copropri\u00e9t\u00e9 aux Arcs est pr\u00e9vue \u00e0 l\u2019h\u00f4tel Cachette \u00e0 Arc 1600 le dimanche 27 juillet \u00e0 17h. Contactez votre conseil syndical pour assurer la pr\u00e9sence de votre copropri\u00e9t\u00e9.<\/p>\n<p>L\u2019<strong>AG de 3A <\/strong>se tiendra cette ann\u00e9e <strong><a href=\"https:\/\/www.trois-a.org\/index.php\/2025\/07\/20\/lag-3a-2025-cest-le-31-juillet-cette-annee\/\" target=\"_blank\" rel=\"noopener\">le 31 juillet \u00e0 la salle Taillefer \u00e0 15h<\/a><\/strong> comme d\u2019habitude. Elle sera suivie par la r\u00e9union publique organis\u00e9e par la mairie \u00e0 l\u2019intention des propri\u00e9taires aux Arcs \u00e0 18h.<\/p>\n<p>La <a href=\"https:\/\/www.trois-a.org\/index.php\/2025\/07\/12\/competition-de-golf-3a-le-3-aout\/\" target=\"_blank\" rel=\"noopener\"><strong>comp\u00e9tition de golf<\/strong> 3A<\/a> aura lieu le 3 ao\u00fbt. Golfeurs, un practice tout neuf vous attend. Attention, cette ann\u00e9e, l\u2019acc\u00e8s en voiture au parking du golf n\u2019est plus possible \u00e0 partir du Chantel pour assurer la s\u00e9curit\u00e9 du Mountain Kart. Un parking en \u00e9pi est cependant mis en place pr\u00e8s du d\u00e9part du TSD du Carreley.<\/p>\n<p>Les <strong>Rencontres de bridge 3A<\/strong> reprennent du 21 juillet au 16 ao\u00fbt. Cours d\u2019initiation gratuits les apr\u00e8s-midis avec une monitrice dipl\u00f4m\u00e9e de la F\u00e9d\u00e9ration Fran\u00e7aise de Bridge. Rendez-vous cette ann\u00e9e \u00e0 l\u2019Escale Gourmande, en face de la gare routi\u00e8re \u00e0 Arc 1800. Renseignements aupr\u00e8s de Monique (06 25 35 48 27).<\/p>\n<hr \/>\n<h2 style=\"text-align: center;\"><a id=\"post-7481-ebcs2a\"><\/a> En Bref Cette Semaine Aux Arcs, des retours positifs<\/h2>\n<div id=\"attachment_7487\" style=\"width: 372px\" class=\"wp-caption aligncenter\"><img decoding=\"async\" aria-describedby=\"caption-attachment-7487\" class=\"wp-image-7487\" src=\"https:\/\/www.trois-a.org\/wp-content\/uploads\/2025\/07\/une-image-contenant-texte-neige-capture-decran.jpeg\" alt=\"Une image contenant texte, neige, capture d\u2019\u00e9cran, hiverLe contenu g\u00e9n\u00e9r\u00e9 par l\u2019IA peut \u00eatre incorrect.\" width=\"372\" height=\"448\" srcset=\"https:\/\/www.trois-a.org\/wp-content\/uploads\/2025\/07\/une-image-contenant-texte-neige-capture-decran.jpeg 1292w, https:\/\/www.trois-a.org\/wp-content\/uploads\/2025\/07\/une-image-contenant-texte-neige-capture-decran-249x300.jpeg 249w, https:\/\/www.trois-a.org\/wp-content\/uploads\/2025\/07\/une-image-contenant-texte-neige-capture-decran-850x1024.jpeg 850w, https:\/\/www.trois-a.org\/wp-content\/uploads\/2025\/07\/une-image-contenant-texte-neige-capture-decran-768x925.jpeg 768w, https:\/\/www.trois-a.org\/wp-content\/uploads\/2025\/07\/une-image-contenant-texte-neige-capture-decran-1275x1536.jpeg 1275w\" sizes=\"(max-width: 372px) 100vw, 372px\" \/><p id=\"caption-attachment-7487\" class=\"wp-caption-text\">La couverture du dernier num\u00e9ro de la saison d\u2019hiver 2025<\/p><\/div>\n<p>Nous \u00e9crivions dans les Br\u00e8ves de 3A de janvier dernier\u00a0: \u00ab\u00a03A participe, en la personne de Jean-Louis Narquin, aux r\u00e9unions de coordination stations du jeudi matin, qui r\u00e9unit toutes les instances parties prenantes du fonctionnement de la station, sur tous ses aspects. Nous envoyons \u00e0 tous nos adh\u00e9rents, sous le titre \u00ab\u00a0En bref cette semaine aux Arcs\u00a0\u00bb, un petit compte-rendu des informations non confidentielles qui y ont \u00e9t\u00e9 discut\u00e9es et qui peuvent \u00eatre int\u00e9ressantes pour les propri\u00e9taires aux Arcs.\u00a0\u00bb<\/p>\n<p>Les \u00e9chos positifs que nous avons re\u00e7us des 18 premiers num\u00e9ros, correspondant \u00e0 la saison de l\u2019hiver 2025, nous encouragent \u00e0 reprendre ces comptes-rendus d\u00e8s cette saison d\u2019\u00e9t\u00e9. Jean-Louis est votre porte-parole \u00e0 ces r\u00e9unions, faites-lui vos remarques avant le jeudi, vous aurez une r\u00e9ponse rapide \u00e0 vos interrogations, soit via <a href=\"https:\/\/www.trois-a.org\/index.php\/exprimez-vous\/\"><strong>le formulaire \u00ab\u00a0Exprimez-vous\u00a0\u00bb<\/strong><\/a> sur toutes les pages du site de 3A, soit en envoyant un courrier \u00e9lectronique \u00e0 <a href=\"mailto:mailto:contact@trois-a.org\"><strong>contact@trois-a.org<\/strong><\/a>.<\/p>\n<hr \/>\n<h2 style=\"text-align: center;\"><a id=\"post-7481-rpaa\"><\/a> \u00c9chos de la r\u00e9union de bilan de saison du 20 avril<\/h2>\n<p><img decoding=\"async\" class=\"wp-image-7488 aligncenter\" src=\"https:\/\/www.trois-a.org\/wp-content\/uploads\/2025\/07\/word-image-7481-7.jpeg\" width=\"628\" height=\"471\" srcset=\"https:\/\/www.trois-a.org\/wp-content\/uploads\/2025\/07\/word-image-7481-7.jpeg 2000w, https:\/\/www.trois-a.org\/wp-content\/uploads\/2025\/07\/word-image-7481-7-300x225.jpeg 300w, https:\/\/www.trois-a.org\/wp-content\/uploads\/2025\/07\/word-image-7481-7-1024x768.jpeg 1024w, https:\/\/www.trois-a.org\/wp-content\/uploads\/2025\/07\/word-image-7481-7-768x576.jpeg 768w, https:\/\/www.trois-a.org\/wp-content\/uploads\/2025\/07\/word-image-7481-7-1536x1152.jpeg 1536w, https:\/\/www.trois-a.org\/wp-content\/uploads\/2025\/07\/word-image-7481-7-1320x990.jpeg 1320w\" sizes=\"(max-width: 628px) 100vw, 628px\" \/><\/p>\n<p>La r\u00e9union publique de bilan de saison hiver 2025 du 20 avril organis\u00e9e par la mairie a \u00e9t\u00e9 riche en informations malgr\u00e9 l\u2019absence (exceptionnelle) du maire.<\/p>\n<p style=\"font-weight: 400;\">Les principales infos<\/p>\n<ul>\n<li>La nouvelle politique sur les meubl\u00e9s de tourisme (voir la br\u00e8ve ci-dessous)<\/li>\n<li>Les bornes de recharge rapide de VE de la gare SNCF sont op\u00e9rationnelles<\/li>\n<li>Travaux cet \u00e9t\u00e9\u00a0:\n<ul>\n<li>D\u00e9marrage de la r\u00e9sidence pour les saisonniers sur le site du parking de la Croisette<\/li>\n<li>R\u00e9novation de l\u2019office du tourisme du Charvet<\/li>\n<li>R\u00e9novation du cabinet m\u00e9dical d\u2019Arc 1600<\/li>\n<\/ul>\n<\/li>\n<li>Un appel appuy\u00e9 \u00e0 \u00ab nos \u00bb enfants pour rejoindre l\u2019encadrement de HERO les Arcs. Le clip est sur le site d\u2019ABT<\/li>\n<li>La promesse d\u2019un dixi\u00e8me anniversaire en 2026 de HERO les Arcs qui pr\u00e9figurera le HERO les Arcs de la transition, avec de myst\u00e9rieuses nouvelles animations d\u00e9finies apr\u00e8s une \u00e9tude bas\u00e9e sur des consultations de \u00ab clients \u00bb, dont les propri\u00e9taires.<\/li>\n<li>Am\u00e9nagement de la gare routi\u00e8re d\u2019Arc 1600<\/li>\n<li>Parkings ext\u00e9rieurs de 1600\u00a0: \u00e7a suit son cours (?)<\/li>\n<li>Nouvelle signal\u00e9tique (qu\u2019on peut d\u00e9j\u00e0 voir actuellement, et appr\u00e9cier, \u00e0 Arc 1600)<\/li>\n<\/ul>\n<p style=\"font-weight: 400;\">En fin de s\u00e9ance, Laurent Chelle explique la probl\u00e9matique de la fermeture \u00e9ventuelle du parking des Villards.<\/p>\n<p>Les pr\u00e9sentations sont disponibles sur <a href=\"https:\/\/www.lesarcs.com\/proprietaires\/reunion-publique\">le site \u00ab\u00a0propri\u00e9taires\u00a0\u00bb de la station<\/a> ou <a href=\"https:\/\/www.trois-a.org\/wp-content\/uploads\/2025\/07\/diapos-RP20250420.pdf\">ici en version pdf<\/a> (2 Mo).<\/p>\n<p>Si vous avez manqu\u00e9 cette \u00e9dition, ne manquez pas de venir \u00e0 celle du 31 juillet\u00a0!<\/p>\n<hr \/>\n<h2 style=\"text-align: center;\"><a id=\"post-7481-web\"><\/a> Le festival du v\u00e9lo vert, Bourg Saint Maurice-les Arcs reprend le flambeau<\/h2>\n<p><img decoding=\"async\" class=\"wp-image-7537 aligncenter\" src=\"https:\/\/www.trois-a.org\/wp-content\/uploads\/2025\/07\/Reunion-VVF-300x225.jpg\" alt=\"\" width=\"463\" height=\"347\" srcset=\"https:\/\/www.trois-a.org\/wp-content\/uploads\/2025\/07\/Reunion-VVF-300x225.jpg 300w, https:\/\/www.trois-a.org\/wp-content\/uploads\/2025\/07\/Reunion-VVF-1024x768.jpg 1024w, https:\/\/www.trois-a.org\/wp-content\/uploads\/2025\/07\/Reunion-VVF-768x576.jpg 768w, https:\/\/www.trois-a.org\/wp-content\/uploads\/2025\/07\/Reunion-VVF-1536x1152.jpg 1536w, https:\/\/www.trois-a.org\/wp-content\/uploads\/2025\/07\/Reunion-VVF-1320x990.jpg 1320w, https:\/\/www.trois-a.org\/wp-content\/uploads\/2025\/07\/Reunion-VVF.jpg 2048w\" sizes=\"(max-width: 463px) 100vw, 463px\" \/><\/p>\n<p>La commune a montr\u00e9 une volont\u00e9 forte d\u2019organiser \u00e0 Bourg Saint Maurice-les Arcs un \u00ab V\u00e9lo Vert Festival \u00bb en votant le 6 mars dernier l\u2019attribution d\u2019un budget de 350 k\u20ac, renouvelable sur trois ans, consacr\u00e9 \u00e0 cet \u00e9v\u00e8nement d\u00e8s 2026. Une telle manifestation s\u2019inscrit pleinement dans le sens de la diversification des activit\u00e9s de la station et, se tenant dans les \u00ab ailes \u00bb de la saison d\u2019\u00e9t\u00e9 (12 au 14 juin) et pour peu qu\u2019elle exploite judicieusement le domaine de montagne des Arcs, elle contribuera de fa\u00e7on majeure au projet \u00ab quatre saisons \u00bb de la station. Fort d&rsquo;une participation de 40000 visiteurs, on peut se faire une id\u00e9e des multiples facettes de ce \u00ab VVF \u00bb (un salon d&rsquo;exposition, des tests de v\u00e9los, des randonn\u00e9es, des comp\u00e9titions et des animations grand public\u2026) en consultant le site de <a href=\"https:\/\/velovertfestival.com\/\"><strong>l\u2019\u00e9dition 2025 \u00e0 Samo\u00ebns<\/strong><\/a> et ce <a href=\"https:\/\/www.youtube.com\/watch?v=FM8slqT8kwU\"><strong>best of du Velo Vert Festival 2025<\/strong><\/a>.<\/p>\n<p>Au-del\u00e0 du VTT et du Tour de France, la station mise sur le v\u00e9lo comme nouvelle image de marque forte dans sa d\u00e9marche de transition vers une <a href=\"https:\/\/www.lesarcs.com\/destination-responsable\" target=\"_blank\" rel=\"noopener\"><strong>destination responsable<\/strong><\/a>.<\/p>\n<hr \/>\n<h2 style=\"text-align: center;\">Le festival de musique, c\u2019est en ce moment<\/h2>\n<p><a href=\"https:\/\/festivaldesarcs.com\/programme\/\" target=\"_blank\" rel=\"noopener\"><img decoding=\"async\" class=\"wp-image-7490 aligncenter\" src=\"https:\/\/www.trois-a.org\/wp-content\/uploads\/2025\/07\/une-image-contenant-texte-graphisme-graphique-a.jpeg\" alt=\"Une image contenant texte, graphisme, Graphique, affiche Le contenu g\u00e9n\u00e9r\u00e9 par l\u2019IA peut \u00eatre incorrect.\" width=\"498\" height=\"373\" srcset=\"https:\/\/www.trois-a.org\/wp-content\/uploads\/2025\/07\/une-image-contenant-texte-graphisme-graphique-a.jpeg 800w, https:\/\/www.trois-a.org\/wp-content\/uploads\/2025\/07\/une-image-contenant-texte-graphisme-graphique-a-300x225.jpeg 300w, https:\/\/www.trois-a.org\/wp-content\/uploads\/2025\/07\/une-image-contenant-texte-graphisme-graphique-a-768x576.jpeg 768w\" sizes=\"(max-width: 498px) 100vw, 498px\" \/><\/a><\/p>\n<p>Venez nombreux \u00e0 <a href=\"https:\/\/festivaldesarcs.com\/programme\/\" target=\"_blank\" rel=\"noopener\">cette \u00e9dition 2025<\/a>. Rappelons que les concerts sont gratuits, une caract\u00e9ristique de l\u2019ADN du festival cr\u00e9\u00e9 par Roger Godino un des fondateurs des Arcs.<\/p>\n<p>C\u2019est l\u2019occasion de c\u00f4toyer de nombreux artistes exceptionnels, et d\u2019assister \u00e0 des master classes, un compl\u00e9ment toujours int\u00e9ressant \u00e0 la fr\u00e9quentation des concerts.<\/p>\n<p><img decoding=\"async\" class=\"wp-image-7491 aligncenter\" src=\"https:\/\/www.trois-a.org\/wp-content\/uploads\/2025\/07\/une-image-contenant-musique-instrument-de-musique.jpeg\" alt=\"Une image contenant musique, instrument de musique, r\u00e9cital, pianiste Le contenu g\u00e9n\u00e9r\u00e9 par l\u2019IA peut \u00eatre incorrect.\" width=\"373\" height=\"379\" srcset=\"https:\/\/www.trois-a.org\/wp-content\/uploads\/2025\/07\/une-image-contenant-musique-instrument-de-musique.jpeg 562w, https:\/\/www.trois-a.org\/wp-content\/uploads\/2025\/07\/une-image-contenant-musique-instrument-de-musique-295x300.jpeg 295w\" sizes=\"(max-width: 373px) 100vw, 373px\" \/><\/p>\n<hr \/>\n<h2>S\u2019impliquer aux Arcs\u00a0: voter aux municipales \u00e0 Bourg Saint Maurice<\/h2>\n<h2><img decoding=\"async\" class=\" wp-image-7523 aligncenter\" src=\"https:\/\/www.trois-a.org\/wp-content\/uploads\/2025\/07\/vote-aux-Arcs-avec-drapeau-europeen-300x300.jpg\" alt=\"\" width=\"381\" height=\"381\" srcset=\"https:\/\/www.trois-a.org\/wp-content\/uploads\/2025\/07\/vote-aux-Arcs-avec-drapeau-europeen-300x300.jpg 300w, https:\/\/www.trois-a.org\/wp-content\/uploads\/2025\/07\/vote-aux-Arcs-avec-drapeau-europeen-150x150.jpg 150w, https:\/\/www.trois-a.org\/wp-content\/uploads\/2025\/07\/vote-aux-Arcs-avec-drapeau-europeen-768x768.jpg 768w, https:\/\/www.trois-a.org\/wp-content\/uploads\/2025\/07\/vote-aux-Arcs-avec-drapeau-europeen.jpg 1024w\" sizes=\"(max-width: 381px) 100vw, 381px\" \/><\/h2>\n<p>Vous vous int\u00e9ressez \u00e0 la bonne marche et \u00e0 l\u2019avenir des Arcs. Mais vous ne savez pas comment traduire cela en actions\u00a0? \u00c0 part bien s\u00fbr <strong><a href=\"https:\/\/www.trois-a.org\/index.php\/adhesion\/\" target=\"_blank\" rel=\"noopener\">adh\u00e9rer \u00e0 3A<\/a><\/strong>, une d\u00e9marche s\u2019impose\u00a0: voter aux Arcs aux prochaines municipales. Cette d\u00e9marche est relativement simple, et surtout r\u00e9versible pour d\u2019autres votes \u00e0 enjeu plus large si vous le souhaitez. 3A a publi\u00e9 <a href=\"https:\/\/www.trois-a.org\/index.php\/2025\/07\/18\/voter-aux-arcs\/\" target=\"_blank\" rel=\"noopener\"><strong>un article sur les d\u00e9tails de l\u2019op\u00e9ration<\/strong><\/a>, et vous aidera \u00e0 faire un choix parmi les futurs candidats comme \u00e9voqu\u00e9 dans l\u2019\u00e9dito du pr\u00e9sident ci-dessus.<\/p>\n<hr \/>\n<h2 style=\"text-align: center;\">Avez-vous r\u00e9cup\u00e9r\u00e9 votre (nouveau) num\u00e9ro de meubl\u00e9 de tourisme\u00a0?<\/h2>\n<h2 style=\"text-align: center;\"><img decoding=\"async\" class=\" wp-image-7538 aligncenter\" src=\"https:\/\/www.trois-a.org\/wp-content\/uploads\/2025\/07\/Demande-de-numero-denregistrement-300x274.jpg\" alt=\"\" width=\"653\" height=\"596\" srcset=\"https:\/\/www.trois-a.org\/wp-content\/uploads\/2025\/07\/Demande-de-numero-denregistrement-300x274.jpg 300w, https:\/\/www.trois-a.org\/wp-content\/uploads\/2025\/07\/Demande-de-numero-denregistrement-1024x936.jpg 1024w, https:\/\/www.trois-a.org\/wp-content\/uploads\/2025\/07\/Demande-de-numero-denregistrement-768x702.jpg 768w, https:\/\/www.trois-a.org\/wp-content\/uploads\/2025\/07\/Demande-de-numero-denregistrement.jpg 1278w\" sizes=\"(max-width: 653px) 100vw, 653px\" \/><\/h2>\n<p>Le conseil municipal du 10 avril dernier a d\u00e9fini une nouvelle \u00ab\u00a0strat\u00e9gie habitat communale 2025 \u2013 2035\u00a0\u00bb (voir l\u2019extrait du compte-rendu <a href=\"https:\/\/www.trois-a.org\/wp-content\/uploads\/2025\/07\/CR-CM-2025-04-10-extrait-strategie-habitat.pdf\" target=\"_blank\" rel=\"noopener\"><strong>ici<\/strong><\/a>), dont un des aspects vise \u00e0 limiter les effets ind\u00e9sirables de la multiplication incontr\u00f4l\u00e9e des locations saisonni\u00e8res dans la vall\u00e9e. Nos appartements et leur mode \u00e9ventuel de location ne sont explicitement pas concern\u00e9s par la nouvelle r\u00e9glementation, une disposition frapp\u00e9e du bon sens, <strong>sauf<\/strong> pour l\u2019obligation de d\u00e9clarer la mise en location saisonni\u00e8re de son appartement. Cette proc\u00e9dure est \u00e0 effectuer sur le site de d\u00e9claration de la taxe de s\u00e9jour, elle permet d\u2019obtenir un num\u00e9ro d\u2019enregistrement <strong>\u00e0 faire figurer imp\u00e9rativement dans vos annonces sur les plateformes de location<\/strong>. Et ceci m\u00eame si vous aviez d\u00e9j\u00e0 un num\u00e9ro d\u2019enregistrement.<\/p>\n<p>Cette r\u00e9glementation entrera en vigueur le 1<sup>er<\/sup> novembre 2025.<\/p>\n<p>La mairie a produit un petit guide tr\u00e8s explicite disponible <strong><a href=\"https:\/\/www.calameo.com\/read\/005689616859c7fbed36e\">ici<\/a><\/strong>, ou <a href=\"https:\/\/www.trois-a.org\/wp-content\/uploads\/2025\/07\/guide-meuble-de-tourisme.pdf\" target=\"_blank\" rel=\"noopener\"><strong>sous format pdf<\/strong><\/a>, plus facile \u00e0 lire, dans lequel nous avons mis en \u00e9vidence la partie qui concerne un propri\u00e9taire de r\u00e9sidence secondaire aux Arcs.<\/p>\n<p>Si vous vous lancez dans la location de votre appartement aux Arcs, nous vous rappelons que <a href=\"https:\/\/www.lesarcs.com\/proprietaires\" target=\"_blank\" rel=\"noopener\"><strong>le site de la Maison des Propri\u00e9taires<\/strong><\/a> fourmille d\u2019aides \u00e0 la location extr\u00eamement bien faites.<\/p>\n<hr \/>\n<h2 style=\"text-align: center;\">Un nouveau calcul du DPE plus favorable aux Arcs<\/h2>\n<p><img decoding=\"async\" class=\"wp-image-7492 aligncenter\" src=\"https:\/\/www.trois-a.org\/wp-content\/uploads\/2025\/07\/une-image-contenant-texte-capture-decran-police.jpeg\" alt=\"Une image contenant texte, capture d\u2019\u00e9cran, Police, conception Le contenu g\u00e9n\u00e9r\u00e9 par l\u2019IA peut \u00eatre incorrect.\" width=\"538\" height=\"306\" srcset=\"https:\/\/www.trois-a.org\/wp-content\/uploads\/2025\/07\/une-image-contenant-texte-capture-decran-police.jpeg 1030w, https:\/\/www.trois-a.org\/wp-content\/uploads\/2025\/07\/une-image-contenant-texte-capture-decran-police-300x171.jpeg 300w, https:\/\/www.trois-a.org\/wp-content\/uploads\/2025\/07\/une-image-contenant-texte-capture-decran-police-1024x583.jpeg 1024w, https:\/\/www.trois-a.org\/wp-content\/uploads\/2025\/07\/une-image-contenant-texte-capture-decran-police-768x437.jpeg 768w\" sizes=\"(max-width: 538px) 100vw, 538px\" \/><\/p>\n<p>Un changement \u00e0 venir des r\u00e8gles de calcul pour le DPE devrait \u00eatre favorable aux appartements de montagne, qui \u00e9taient d\u00e9favoris\u00e9s par le chauffage \u00e9lectrique.<\/p>\n<p>\u00c0 l\u2019exception des r\u00e9sidences tr\u00e8s r\u00e9centes, le DPE (Diagnostic de Performance \u00c9nerg\u00e9tique) d\u2019un appartement aux Arcs est souvent E ou F, voire G.<\/p>\n<p>Le mode de calcul du DPE est tr\u00e8s controvers\u00e9 (nombreux cas particuliers non pris en consid\u00e9ration, citons le statut r\u00e9sidence secondaire non occup\u00e9e toute l\u2019ann\u00e9e parmi bien d\u2019autres), aussi bien que la comp\u00e9tence souvent constat\u00e9e toute relative des diagnostiqueurs ou encore son utilisation comme contrainte pour inciter \u00e0 am\u00e9liorer l\u2019efficacit\u00e9 \u00e9nerg\u00e9tique d\u2019un logement.<\/p>\n<p style=\"font-weight: 400;\">Toutefois, m\u00eame s\u2019il faut saluer cette \u00e9volution, il faut \u00eatre conscient que son impact sur le classement de votre logement sera tr\u00e8s limit\u00e9.<\/p>\n<p style=\"font-weight: 400;\">Pour toute information compl\u00e9mentaire, on peut consulter <strong><a href=\"https:\/\/immobilier.lefigaro.fr\/article\/dpe-grace-a-un-changement-de-calcul-850-000-logements-ne-seront-plus-des-passoires-thermiques-en-2026-20250709\" target=\"_blank\" rel=\"noopener\">cet article<\/a><\/strong>.<\/p>\n<hr \/>\n<h2 style=\"text-align: center;\">Les Hameaux du Mont Blanc red\u00e9marrent<\/h2>\n<p><img decoding=\"async\" class=\"wp-image-7493 aligncenter\" src=\"https:\/\/www.trois-a.org\/wp-content\/uploads\/2025\/07\/une-image-contenant-plein-air-nuage-ciel-batime.jpeg\" alt=\"Une image contenant plein air, nuage, ciel, b\u00e2timent Le contenu g\u00e9n\u00e9r\u00e9 par l\u2019IA peut \u00eatre incorrect.\" width=\"627\" height=\"470\" srcset=\"https:\/\/www.trois-a.org\/wp-content\/uploads\/2025\/07\/une-image-contenant-plein-air-nuage-ciel-batime.jpeg 2000w, https:\/\/www.trois-a.org\/wp-content\/uploads\/2025\/07\/une-image-contenant-plein-air-nuage-ciel-batime-300x225.jpeg 300w, https:\/\/www.trois-a.org\/wp-content\/uploads\/2025\/07\/une-image-contenant-plein-air-nuage-ciel-batime-1024x768.jpeg 1024w, https:\/\/www.trois-a.org\/wp-content\/uploads\/2025\/07\/une-image-contenant-plein-air-nuage-ciel-batime-768x576.jpeg 768w, https:\/\/www.trois-a.org\/wp-content\/uploads\/2025\/07\/une-image-contenant-plein-air-nuage-ciel-batime-1536x1152.jpeg 1536w, https:\/\/www.trois-a.org\/wp-content\/uploads\/2025\/07\/une-image-contenant-plein-air-nuage-ciel-batime-1320x990.jpeg 1320w\" sizes=\"(max-width: 627px) 100vw, 627px\" \/><\/p>\n<p>La construction d\u2019un tr\u00e8s grand ensemble de logements luxueux par Sotarbat dans le cadre du projet \u00ab Hameau du Mont-Blanc \u00bb vient de reprendre au-dessus d\u2019Arc 1600, \u00e0 proximit\u00e9 du Ridge. Si le projet peut r\u00e9pondre \u00e0 une demande aux Arcs de grands logements, il suscite des regrets concernant sa l\u00e9galit\u00e9 initiale, le permis ayant \u00e9t\u00e9 d\u00e9livr\u00e9 entre les deux tours des derni\u00e8res \u00e9lections municipales en plein COVID, et l\u2019absence de concertation sur sa liaison avec Arc 1600, son int\u00e9gration architecturale et les cons\u00e9quences d\u2019une augmentation de 20% de la surface des habitations du centre de la station. On trouvera plus de d\u00e9tails dans <a href=\"https:\/\/www.trois-a.org\/index.php\/2025\/07\/12\/redemarrage-du-hameau-du-mont-blanc\/\">cet article du site de 3A<\/a>.<\/p>\n<hr \/>\n<h2 style=\"text-align: center;\">Adoption d\u00e9finitive du nouveau PLU<\/h2>\n<p><img decoding=\"async\" class=\"wp-image-7494 aligncenter\" src=\"https:\/\/www.trois-a.org\/wp-content\/uploads\/2025\/07\/word-image-7481-13.jpeg\" width=\"401\" height=\"567\" srcset=\"https:\/\/www.trois-a.org\/wp-content\/uploads\/2025\/07\/word-image-7481-13.jpeg 1653w, https:\/\/www.trois-a.org\/wp-content\/uploads\/2025\/07\/word-image-7481-13-212x300.jpeg 212w, https:\/\/www.trois-a.org\/wp-content\/uploads\/2025\/07\/word-image-7481-13-724x1024.jpeg 724w, https:\/\/www.trois-a.org\/wp-content\/uploads\/2025\/07\/word-image-7481-13-768x1086.jpeg 768w, https:\/\/www.trois-a.org\/wp-content\/uploads\/2025\/07\/word-image-7481-13-1086x1536.jpeg 1086w, https:\/\/www.trois-a.org\/wp-content\/uploads\/2025\/07\/word-image-7481-13-1448x2048.jpeg 1448w, https:\/\/www.trois-a.org\/wp-content\/uploads\/2025\/07\/word-image-7481-13-1320x1867.jpeg 1320w\" sizes=\"(max-width: 401px) 100vw, 401px\" \/><\/p>\n<p>Lors de sa r\u00e9union du 26 juin 2025, le conseil municipal a d\u00e9finitivement adopt\u00e9 le nouveau PLU (dont\u00a0nous pr\u00e9sentions la consistance dans <a href=\"https:\/\/www.trois-a.org\/index.php\/2024\/09\/29\/le-plu-un-enjeu-majeur-pour-lavenir-des-arcs\/\"><strong>cet article du site de 3A<\/strong><\/a> de cet automne)<\/p>\n<p style=\"font-weight: 400;\">Ses dispositions sont entr\u00e9es en vigueur le 9 juillet, il est d\u00e9sormais opposable.<\/p>\n<p><span style=\"font-weight: 400;\">Vous pouvez le consulter en ligne\u00a0<strong><a href=\"https:\/\/eye.newsletter.bourgsaintmaurice.fr\/c?p=wAbNCD3DxBDQi03Qwe_Q2yRK0NTQm9DP9lHQkgdDUMQQ0K7Q1yb9QThMAtCeTmc80MLQjdC0e9lJaHR0cHM6Ly93d3cuYm91cmdzYWludG1hdXJpY2UuZnIvcHJhdGlxdWUvdXJiYW5pc21lL3BsYW4tbG9jYWwtZHVyYmFuaXNtZbg1ZjM0Zjc4ZmI5NWNlZTZiNTA2NDBjMmW4NjBmNzA1NWM5NjliMGY0MzNlZGZiOWIzwLZsU0dxVjdPcVNSdTY0V1ktd0pJMDZn2SNleWUubmV3c2xldHRlci5ib3VyZ3NhaW50bWF1cmljZS5mcsQUE2nQkDD10N_QqzcyIBQN0IlB0Npm0KQE0ILj\">sur le site de la mairie<\/a><\/strong> ou aux services techniques, rue de Pinon.<\/span><\/p>\n<hr \/>\n<h2 style=\"text-align: center;\">Le parking des Villards ferm\u00e9 cet hiver\u00a0?<\/h2>\n<p><img decoding=\"async\" width=\"320\" height=\"240\" class=\"wp-image-7495 aligncenter\" src=\"https:\/\/www.trois-a.org\/wp-content\/uploads\/2025\/07\/une-image-contenant-plein-air-poubelle-propriete.jpeg\" alt=\"Une image contenant plein air, Poubelle, propri\u00e9t\u00e9, b\u00e2timent Le contenu g\u00e9n\u00e9r\u00e9 par l\u2019IA peut \u00eatre incorrect.\" srcset=\"https:\/\/www.trois-a.org\/wp-content\/uploads\/2025\/07\/une-image-contenant-plein-air-poubelle-propriete.jpeg 320w, https:\/\/www.trois-a.org\/wp-content\/uploads\/2025\/07\/une-image-contenant-plein-air-poubelle-propriete-300x225.jpeg 300w\" sizes=\"(max-width: 320px) 100vw, 320px\" \/><\/p>\n<p>Une commission de s\u00e9curit\u00e9 de la pr\u00e9fecture, apr\u00e8s sa visite du parking des Villards le 10 avril, a demand\u00e9 la fermeture administrative de ce dernier, jusqu\u2019\u00e0 r\u00e9ception de travaux de mise en s\u00e9curit\u00e9, assez lourds. Ceci jette un doute sur la disponibilit\u00e9 des plus de 600 places de ce parking cet hiver, avec les graves perturbations du fonctionnement de la station que cela implique, si un compromis avec la pr\u00e9fecture n\u2019est pas trouv\u00e9 rapidement.<\/p>\n<p>3A <b><a href=\"https:\/\/www.trois-a.org\/wp-content\/uploads\/2025\/07\/lettre-au-maire-parking-des-Villards.pdf\">a interpell\u00e9 <\/a><\/b>le maire \u00e0 ce sujet. On trouvera <b><a href=\"https:\/\/www.trois-a.org\/wp-content\/uploads\/2025\/07\/Reponse-du-maire.pdf\">ici<\/a><\/b>\u00a0sa r\u00e9ponse.<\/p>\n<p>Une information sur le sujet sera donn\u00e9e lors de la r\u00e9union publique du 31 juillet.<\/p>\n<p>La situation \u00e9voluant rapidement (et, semble-t-il, dans le bon sens), des informations suppl\u00e9mentaires seront donn\u00e9es aux adh\u00e9rents 3A via les prochains num\u00e9ros de \u00ab\u00a0En Bref Cette Semaine Aux Arcs\u00a0\u00bb.<\/p>\n<hr \/>\n<p>&nbsp;<\/p>\n<\/div><\/article><article id=\"post-7119\" class=\"hentry entry entry_full post_has_image \"><div class=\"entry_info\"><h2 class=\"entry_title entry-title\"><a href=\"https:\/\/www.trois-a.org\/index.php\/2025\/01\/19\/les-breves-de-3a-n-25\/\" rel=\"bookmark\" title=\"Lien permanent pour Les Br\u00e8ves de 3A n\u00b0 25\">Les Br\u00e8ves de 3A n\u00b0 25<\/a><\/h2><div class=\"entry_meta\"><time class=\"published updated\" datetime=\"2025-01-19\"><a href=\"https:\/\/www.trois-a.org\/index.php\/2025\/01\/\"><i class=\"theme-icon icon_calendar-meta meta-icon meta-icon-calendar\"><\/i>19 janvier 2025<\/a><\/time><span class=\"separator\">|<\/span><span class=\"tags\"><i class=\"theme-icon icon_tag-meta meta-icon\"><\/i><a href=\"https:\/\/www.trois-a.org\/index.php\/tag\/article-en-acces-libre\/\" rel=\"tag\">Article en acc\u00e8s libre<\/a><\/span><\/div><\/div><div class=\"entry_content entry-content\"><p>T\u00e9l\u00e9chargez <strong><a href=\"https:\/\/www.trois-a.org\/wp-content\/uploads\/2025\/01\/Breves-de-3A-n\u00b025-1.pdf\" target=\"_blank\" rel=\"noopener\">la version pdf<\/a><\/strong>.<\/p>\n<h1 style=\"text-align: center;\"><strong>Les Br\u00e8ves de 3A n\u00b025<\/strong><\/h1>\n<p style=\"text-align: center;\"><strong>Janvier 2025<\/strong><\/p>\n<hr \/>\n<p><em>Tous les anciens nume\u0301ros des Bre\u0300ves de 3A sont disponibles en libre acce\u0300s <\/em><a href=\"https:\/\/www.trois-a.org\/index.php\/accueil\/les-breves-de-3a\/\" target=\"_blank\" rel=\"noopener\"><em>ici<\/em><\/a><em>.<\/em><\/p>\n<hr \/>\n<p>&nbsp;<\/p>\n<p><img decoding=\"async\" class=\"wp-image-7121 aligncenter\" src=\"https:\/\/www.trois-a.org\/wp-content\/uploads\/2025\/01\/une-image-contenant-plein-air-nature-skier-ski.jpeg\" alt=\"Une image contenant plein air, nature, skier, ski Le contenu g\u00e9n\u00e9r\u00e9 par l\u2019IA peut \u00eatre incorrect.\" width=\"688\" height=\"917\" srcset=\"https:\/\/www.trois-a.org\/wp-content\/uploads\/2025\/01\/une-image-contenant-plein-air-nature-skier-ski.jpeg 1200w, https:\/\/www.trois-a.org\/wp-content\/uploads\/2025\/01\/une-image-contenant-plein-air-nature-skier-ski-225x300.jpeg 225w, https:\/\/www.trois-a.org\/wp-content\/uploads\/2025\/01\/une-image-contenant-plein-air-nature-skier-ski-768x1024.jpeg 768w, https:\/\/www.trois-a.org\/wp-content\/uploads\/2025\/01\/une-image-contenant-plein-air-nature-skier-ski-1152x1536.jpeg 1152w\" sizes=\"(max-width: 688px) 100vw, 688px\" \/><\/p>\n<p>&nbsp;<\/p>\n<h2>Dans ce num\u00e9ro<\/h2>\n<ol>\n<li><strong>L\u2019\u00e9dito du pr\u00e9sident<\/strong><\/li>\n<li><strong>3A participe \u00e0 l&rsquo;am\u00e9lioration de l&rsquo;accessibilit\u00e9 des Arcs pour le confort de tous<\/strong><\/li>\n<li><strong>En Bref Cette Semaine Aux Arcs<\/strong><\/li>\n<li><strong><a href=\"&quot;#RPAA241230\"> \u00c9chos de la rencontre \u00ab\u00a0Propri\u00e9taire aux Arcs\u00a0\u00bb <\/a><\/strong><\/li>\n<li><strong>Vu sur le Web<\/strong><\/li>\n<li><strong>L\u2019enqu\u00eate publique sur le PLU imminente<\/strong><\/li>\n<li><strong>Appel \u00e0 cotisation 2025<\/strong><\/li>\n<\/ol>\n<p>&nbsp;<\/p>\n<hr \/>\n<h2 style=\"text-align: center;\">1. L\u2019\u00e9dito du pr\u00e9sident<\/h2>\n<p><img decoding=\"async\" class=\"wp-image-7122 aligncenter\" src=\"https:\/\/www.trois-a.org\/wp-content\/uploads\/2025\/01\/une-image-contenant-plein-air-ciel-nature-hiver.jpeg\" alt=\"Une image contenant plein air, ciel, nature, hiver Le contenu g\u00e9n\u00e9r\u00e9 par l\u2019IA peut \u00eatre incorrect.\" width=\"872\" height=\"654\" srcset=\"https:\/\/www.trois-a.org\/wp-content\/uploads\/2025\/01\/une-image-contenant-plein-air-ciel-nature-hiver.jpeg 1600w, https:\/\/www.trois-a.org\/wp-content\/uploads\/2025\/01\/une-image-contenant-plein-air-ciel-nature-hiver-300x225.jpeg 300w, https:\/\/www.trois-a.org\/wp-content\/uploads\/2025\/01\/une-image-contenant-plein-air-ciel-nature-hiver-1024x768.jpeg 1024w, https:\/\/www.trois-a.org\/wp-content\/uploads\/2025\/01\/une-image-contenant-plein-air-ciel-nature-hiver-768x576.jpeg 768w, https:\/\/www.trois-a.org\/wp-content\/uploads\/2025\/01\/une-image-contenant-plein-air-ciel-nature-hiver-1536x1152.jpeg 1536w, https:\/\/www.trois-a.org\/wp-content\/uploads\/2025\/01\/une-image-contenant-plein-air-ciel-nature-hiver-1320x990.jpeg 1320w\" sizes=\"(max-width: 872px) 100vw, 872px\" \/><\/p>\n<p style=\"font-weight: 400;\">C\u2019est au nom de toute l\u2019\u00e9quipe d\u2019animation de 3A que je vous pr\u00e9sente mes meilleurs v\u0153ux de bonheur et de sant\u00e9 pour 2025. Une nouvelle ann\u00e9e qui a d\u00e9marr\u00e9 en fanfare avec un enneigement plus que satisfaisant pour le d\u00e9but de la saison 24-25, un festival de cin\u00e9ma toujours plus brillant \u00e0 chaque \u00e9dition et un Transarc dernier cri de toute beaut\u00e9 et de tout confort.<\/p>\n<p style=\"font-weight: 400;\">En 2025, 3A continuera sans rel\u00e2che \u00e0 porter votre voix aupr\u00e8s des instances de la station, en particulier en \u00e9tant tr\u00e8s attentive \u00e0 l\u2019utilisation du surcroit de recettes fiscales apport\u00e9 par la surtaxe d\u2019habitation sur les r\u00e9sidences secondaires.<\/p>\n<p style=\"font-weight: 400;\">De plus, 3A ouvre un nouveau volet \u00e0 son activit\u00e9 en participant \u00e0 la Commission Communale pour l\u2019Accessibilit\u00e9 (cf br\u00e8ve), qui organise l\u2019accueil sur la commune des personnes en situation de handicap (permanent, \u2026ou temporaire, souvenez-vous de la derni\u00e8re fois o\u00f9 vous vous \u00eates foul\u00e9 une cheville aux Arcs\u2026).<\/p>\n<p style=\"font-weight: 400;\">Notre vall\u00e9e de la Tarentaise p\u00e9n\u00e8tre une p\u00e9riode de d\u00e9finition (ou red\u00e9finition) des grandes orientations : \u00e9lections municipales \u00e0 l&rsquo;horizon, partenaires des domaines skiables, r\u00e9ponses \u00e0 la fonte des glaciers&#8230; Vrai signe de distinction, notre station des Arcs a pleinement embrass\u00e9 ces enjeux \u00e9cologiques gr\u00e2ce \u00e0 la synergie des efforts d&rsquo;ADS et de la municipalit\u00e9.<\/p>\n<p style=\"font-weight: 400;\">Un avenir que 3A compte dessiner conjointement, alors m\u00eame que notre domaine skiable extraordinaire suscitera de plus en plus de convoitises.<\/p>\n<p style=\"font-weight: 400;\">3A est sans doute un des meilleurs vecteurs pour que nous, propri\u00e9taires aux Arcs, participions collectivement \u00e0 cette aventure.<\/p>\n<p><span style=\"font-weight: 400;\">Merci de renouveler votre soutien \u00e0 3A !<\/span><\/p>\n<p><img decoding=\"async\" class=\"wp-image-7123 aligncenter\" src=\"https:\/\/www.trois-a.org\/wp-content\/uploads\/2025\/01\/une-image-contenant-visage-humain-personne-souri.jpeg\" alt=\"Une image contenant Visage humain, personne, sourire, Menton Le contenu g\u00e9n\u00e9r\u00e9 par l\u2019IA peut \u00eatre incorrect.\" width=\"150\" height=\"190\" srcset=\"https:\/\/www.trois-a.org\/wp-content\/uploads\/2025\/01\/une-image-contenant-visage-humain-personne-souri.jpeg 270w, https:\/\/www.trois-a.org\/wp-content\/uploads\/2025\/01\/une-image-contenant-visage-humain-personne-souri-237x300.jpeg 237w\" sizes=\"(max-width: 150px) 100vw, 150px\" \/><\/p>\n<p style=\"text-align: center;\">C\u00e9dric Lespiau, pr\u00e9sident de 3A<\/p>\n<hr \/>\n<h2 style=\"text-align: center;\"><strong>2. 3A participe \u00e0 l&rsquo;am\u00e9lioration de l&rsquo;accessibilit\u00e9 des Arcs pour le confort de tous<\/strong><\/h2>\n<p><img decoding=\"async\" width=\"300\" height=\"284\" class=\"wp-image-7124 aligncenter\" src=\"https:\/\/www.trois-a.org\/wp-content\/uploads\/2025\/01\/une-image-contenant-triangle-symetrie-cercle-li.jpeg\" alt=\"Une image contenant triangle, Sym\u00e9trie, cercle, ligne Le contenu g\u00e9n\u00e9r\u00e9 par l\u2019IA peut \u00eatre incorrect.\" \/><\/p>\n<p>Notre station a \u00e9t\u00e9 con\u00e7ue \u2013l\u00e9gitimement&#8211; pour des usagers capables de se d\u00e9placer sans assistance, en pleine possession de leurs cinq sens. La population des propri\u00e9taires a vieilli, les \u00e9quipements ont-ils suivi\u00a0? 3A se penche sur ce probl\u00e8me dans <a href=\"https:\/\/www.trois-a.org\/index.php\/2025\/01\/14\/les-arcs-vers-une-station-accessible-et-confortable-pour-tous\/\" target=\"_blank\" rel=\"noopener\"><strong>cet article \u00e0 consulter sur le site<\/strong><\/a> (en libre acc\u00e8s). Si vous avez \u00e9t\u00e9 confront\u00e9 \u00e0 un probl\u00e8me de mobilit\u00e9 ou d\u2019acc\u00e8s \u00e0 certaines infrastructures en raison d\u2019une absence passag\u00e8re ou permanente de toutes vos facult\u00e9s, 3A et la station sont \u00e0 votre \u00e9coute, faites-nous remonter l\u2019information <a href=\"https:\/\/www.trois-a.org\/index.php\/exprimez-vous\/\" target=\"_blank\" rel=\"noopener\"><strong>via le formulaire \u00ab\u00a0Exprimez-vous\u00a0\u00bb<\/strong><\/a> ou par courrier \u00e9lectronique \u00e0 <a href=\"mailto:contact@trois-a.org?subject=Signalement%20d'une%20infrastructure%20d\u00e9favorable%20aux%20personnes%20en%20situation%20de%20handicap\"><strong>contact@trois-a.org<\/strong><\/a><\/p>\n<hr \/>\n<h2 style=\"text-align: center;\">3. En Bref Cette Semaine Aux Arcs<\/h2>\n<p><img decoding=\"async\" class=\"wp-image-7125 aligncenter\" src=\"https:\/\/www.trois-a.org\/wp-content\/uploads\/2025\/01\/une-image-contenant-plein-air-neige-ski-piste-d.jpeg\" alt=\"Une image contenant plein air, neige, ski, piste de ski Le contenu g\u00e9n\u00e9r\u00e9 par l\u2019IA peut \u00eatre incorrect.\" width=\"695\" height=\"521\" srcset=\"https:\/\/www.trois-a.org\/wp-content\/uploads\/2025\/01\/une-image-contenant-plein-air-neige-ski-piste-d.jpeg 1024w, https:\/\/www.trois-a.org\/wp-content\/uploads\/2025\/01\/une-image-contenant-plein-air-neige-ski-piste-d-300x225.jpeg 300w, https:\/\/www.trois-a.org\/wp-content\/uploads\/2025\/01\/une-image-contenant-plein-air-neige-ski-piste-d-768x576.jpeg 768w\" sizes=\"(max-width: 695px) 100vw, 695px\" \/><\/p>\n<p>Comme vous le savez (voir par exemple <a href=\"https:\/\/www.trois-a.org\/wp-content\/uploads\/2024\/07\/Rapport-moral-2024.pdf\" target=\"_blank\" rel=\"noopener\"><strong>le dernier rapport moral de 3A<\/strong><\/a>), 3A participe, en la personne de Jean-Louis Narquin, aux r\u00e9unions de coordination stations du jeudi matin, qui r\u00e9unit toutes les instances partie prenantes du fonctionnement de la station, sur tous ses aspects. Nous envoyons \u00e0 tous nos adh\u00e9rents, sous le tire \u00ab\u00a0En bref cette semaine aux Arcs\u00a0\u00bb, un petit compte-rendu des informations non confidentielles qui y ont \u00e9t\u00e9 discut\u00e9es et qui peuvent \u00eatre int\u00e9ressantes pour les propri\u00e9taires aux Arcs. N\u2019h\u00e9sitez pas <a href=\"https:\/\/www.trois-a.org\/index.php\/exprimez-vous\/\" target=\"_blank\" rel=\"noopener\"><strong>\u00e0 nous dire<\/strong><\/a> si l\u2019initiative vous parait utile.<\/p>\n<hr \/>\n<h2 id=\"RPAA241230\" style=\"text-align: center;\">4. \u00c9chos de la rencontre \u00ab Propri\u00e9taire aux Arcs \u00bb<\/h2>\n<p><img decoding=\"async\" class=\"wp-image-7126 aligncenter\" src=\"https:\/\/www.trois-a.org\/wp-content\/uploads\/2025\/01\/une-image-contenant-texte-police-capture-decran.png\" alt=\"Une image contenant texte, Police, capture d\u2019\u00e9cran, logo Le contenu g\u00e9n\u00e9r\u00e9 par l\u2019IA peut \u00eatre incorrect.\" width=\"515\" height=\"307\" srcset=\"https:\/\/www.trois-a.org\/wp-content\/uploads\/2025\/01\/une-image-contenant-texte-police-capture-decran.png 1522w, https:\/\/www.trois-a.org\/wp-content\/uploads\/2025\/01\/une-image-contenant-texte-police-capture-decran-300x179.png 300w, https:\/\/www.trois-a.org\/wp-content\/uploads\/2025\/01\/une-image-contenant-texte-police-capture-decran-1024x611.png 1024w, https:\/\/www.trois-a.org\/wp-content\/uploads\/2025\/01\/une-image-contenant-texte-police-capture-decran-768x458.png 768w, https:\/\/www.trois-a.org\/wp-content\/uploads\/2025\/01\/une-image-contenant-texte-police-capture-decran-1320x787.png 1320w\" sizes=\"(max-width: 515px) 100vw, 515px\" \/><\/p>\n<p>Plus de 80 propri\u00e9taires ont assist\u00e9 \u00e0 la rencontre organis\u00e9e par 3A le 30 d\u00e9cembre dernier \u00e0 l\u2019H\u00f4tel Belambra de 1800. Parmi eux, de fid\u00e8les adh\u00e9rents bien s\u00fbr, mais aussi beaucoup de nouveaux visages. Apr\u00e8s <a href=\"https:\/\/www.trois-a.org\/wp-content\/uploads\/2025\/01\/3A-20241230-V1.0.pdf\" target=\"_blank\" rel=\"noopener\"><strong>une pr\u00e9sentation de l\u2019action de 3A<\/strong><\/a>, une s\u00e9ance de questions\/r\u00e9ponse a pr\u00e9c\u00e9d\u00e9 un petit buffet permettant de prolonger ces \u00e9changes conviviaux.<\/p>\n<p>Parmi les th\u00e8mes abord\u00e9s\u00a0: la fiscalit\u00e9 aux Arcs, notamment la (sur)taxe d\u2019habitation sur les r\u00e9sidences secondaires, le stationnement aux Arcs, la gestion des espaces publics en particulier \u00e0 Arc 1600, l\u2019inscription sur les listes \u00e9lectorales locales, la difficult\u00e9 d\u2019acc\u00e8s aux ascenseurs de la Croisette, la politique des nouvelles constructions aux Arcs, la saturation du domaine skiable, les chalets de l\u2019Aiguille Grive, la fermeture des commerces avant celle de la station, l\u2019\u00e9volution du prix des forfaits, les avantages \u00ab\u00a0propri\u00e9taire aux Arcs\u00a0\u00bb, la sortie de Tignes du giron de la CDA, le sort du festival New Wave, l\u2019avenir du t\u00e9l\u00e9ski du lac des Combes maintenant que le Club Med de 2000 est ferm\u00e9\u2026<\/p>\n<hr \/>\n<h2 style=\"text-align: center;\">5. Vu sur le Web<\/h2>\n<p><img decoding=\"async\" class=\" wp-image-7133 aligncenter\" src=\"https:\/\/www.trois-a.org\/wp-content\/uploads\/2025\/01\/masonery-reportages-300x169.jpg\" alt=\"\" width=\"538\" height=\"303\" srcset=\"https:\/\/www.trois-a.org\/wp-content\/uploads\/2025\/01\/masonery-reportages-300x169.jpg 300w, https:\/\/www.trois-a.org\/wp-content\/uploads\/2025\/01\/masonery-reportages.jpg 720w\" sizes=\"(max-width: 538px) 100vw, 538px\" \/><\/p>\n<p>Nous attirons votre attention sur trois reportages disponibles sur les plateformes de rediffusion\u00a0:<\/p>\n<ul>\n<li>Une r\u00e9flexion globale sur l\u2019avenir de la montagne en Savoie, dont 20 mn consacr\u00e9es aux Arcs\u00a0: <a href=\"https:\/\/www.france.tv\/france-5\/sale-temps-pour-la-planete\/saison-18\/6789514-pays-de-savoie-sur-la-mauvaise-pente.html\" target=\"_blank\" rel=\"noopener\"><strong>\u00ab Sale temps pour la plan\u00e8te\u00a0\u00bb sur France 5 \u00ab Pays de Savoie, sur la mauvaise pente ?\u00a0\u00bb<\/strong><\/a><\/li>\n<li>Un retour sur le parcours de Charlotte Perriand qui l\u2019a conduite \u00e0 marquer de son empreinte l\u2019architecture de notre station, avec l\u2019intervention de Claire Grang\u00e9, bien connue des propri\u00e9taires aux Arcs\u00a0: <strong><a href=\"https:\/\/www.arte.tv\/fr\/videos\/120086-003-A\/invitation-au-voyage\/\" target=\"_blank\" rel=\"noopener\">\u00ab Invitation au voyage\u00a0\u00bb sur Arte \u00ab Les Alpes de Charlotte Perriand\u00a0\u00bb<\/a><\/strong><a href=\"https:\/\/www.arte.tv\/fr\/videos\/120086-003-A\/invitation-au-voyage\/\"> \u00a0<\/a><\/li>\n<li>Un approfondissement de l\u2019influence sur la m\u00eame Charlotte Perriand de son voyage au Japon,: \u00ab <a href=\"https:\/\/www.arte.tv\/fr\/videos\/122595-000-A\/le-japon-revelation-de-charlotte-perriand\/\" target=\"_blank\" rel=\"noopener\"><strong>Invitation au voyage\u00a0\u00bb sur Arte \u00ab Le Japon, r\u00e9v\u00e9lation de Charlotte Perriand<\/strong>\u00a0<\/a>\u00bb<\/li>\n<\/ul>\n<hr \/>\n<h2 style=\"text-align: center;\">6. L\u2019enqu\u00eate publique sur le PLU imminente<\/h2>\n<p><img decoding=\"async\" class=\"wp-image-7127 aligncenter\" src=\"https:\/\/www.trois-a.org\/wp-content\/uploads\/2025\/01\/une-image-contenant-texte-capture-decran-graphi.png\" alt=\"Une image contenant texte, capture d\u2019\u00e9cran, Graphique, graphisme Le contenu g\u00e9n\u00e9r\u00e9 par l\u2019IA peut \u00eatre incorrect.\" width=\"782\" height=\"182\" srcset=\"https:\/\/www.trois-a.org\/wp-content\/uploads\/2025\/01\/une-image-contenant-texte-capture-decran-graphi.png 2048w, https:\/\/www.trois-a.org\/wp-content\/uploads\/2025\/01\/une-image-contenant-texte-capture-decran-graphi-300x70.png 300w, https:\/\/www.trois-a.org\/wp-content\/uploads\/2025\/01\/une-image-contenant-texte-capture-decran-graphi-1024x238.png 1024w, https:\/\/www.trois-a.org\/wp-content\/uploads\/2025\/01\/une-image-contenant-texte-capture-decran-graphi-768x179.png 768w, https:\/\/www.trois-a.org\/wp-content\/uploads\/2025\/01\/une-image-contenant-texte-capture-decran-graphi-1536x357.png 1536w, https:\/\/www.trois-a.org\/wp-content\/uploads\/2025\/01\/une-image-contenant-texte-capture-decran-graphi-1320x307.png 1320w\" sizes=\"(max-width: 782px) 100vw, 782px\" \/><\/p>\n<p>Si vous avez rat\u00e9 l\u2019annonce par la mairie de l\u2019ouverture de l\u2019enqu\u00eate publique sur la r\u00e9vision g\u00e9n\u00e9rale du Plan Local d\u2019Urbanisme du 3 f\u00e9vrier au 7 mars prochain, vous pouvez <a href=\"https:\/\/eye.newsletter.bourgsaintmaurice.fr\/m2?r=wAXNB4m4NWYzNGY3OGZiOTVjZWU2YjUwNjQwYzJlxBDQyNCu0IvQw1rQoUVj0LEX0MAD0NzQgdDMUrg2MGY3MDU1Yzk2OWIwZjQzM2VkZmI5YWG8YmVybmFyZC5zZWxpZ21hbm5Ad2FuYWRvby5mcqwrMzM2ODM0MzQ1MDGdqkNPTlRBQ1RfSUS2eW5LWlhhcDVSb0dIMmpZSkcwNl9fUbNFTUFJTF9DT1JSRUNUSU9OX0lEoLFPUklHSU5fQ0FQVElPTl9JRNkyOHpkaDN5ZHVRU085WGpQRktaLU4yZ18yMDI1LTAxLTE1XzA3LTQyLTU1LTc3NC5jc3auT1JJR0lOX0tJTkRfSUSkTElTVLNQSE9ORV9DT1JSRUNUSU9OX0lEoLZQbWFEVDN3V1EzYWd1czRlTUVUOHdnp0Jlcm5hcmSoU1RBVEVfSUSmTk9STUFMqWNyZWF0ZWRBdLQyMDIwLTExLTA2VDEyOjU0OjE0WqljcmVhdGVkQnm4NjRjN2E0YzRjYWM3Mzc3Y2JmN2IyYjE3qm1vZGlmaWVkQXS0MjAyMC0xMS0wNlQxODowNDo0MFqqbW9kaWZpZWRCebg2NGM3YTRjNGNhYzczNzdjYmY3YjJiMTe2czBFQ0lLYndSVENBbzJIWHdvLUd6d6lTRUxJR01BTk6mc291cmNlo0FQSbZsWERaVU11OVF3S2dXMkVwWU96eW13oA==\" target=\"_blank\" rel=\"noopener\"><strong>consulter cette annonce en ligne<\/strong><\/a>. N\u2019h\u00e9sitez pas \u00e0 donner votre avis sur <a href=\"https:\/\/www.bourgsaintmaurice.fr\/participative\/democratie-participative\/revision-generale-du-plu\" target=\"_blank\" rel=\"noopener\"><strong>ce plan strat\u00e9gique pour l\u2019avenir des Arcs<\/strong><\/a>.<\/p>\n<hr \/>\n<h2 style=\"text-align: center;\">7. Appel \u00e0 cotisation 2025<\/h2>\n<p><img decoding=\"async\" class=\"wp-image-7151 aligncenter\" src=\"https:\/\/www.trois-a.org\/wp-content\/uploads\/2025\/01\/Carte-adherent-Dahu-300x188.jpg\" alt=\"\" width=\"349\" height=\"219\" srcset=\"https:\/\/www.trois-a.org\/wp-content\/uploads\/2025\/01\/Carte-adherent-Dahu-300x188.jpg 300w, https:\/\/www.trois-a.org\/wp-content\/uploads\/2025\/01\/Carte-adherent-Dahu-1024x641.jpg 1024w, https:\/\/www.trois-a.org\/wp-content\/uploads\/2025\/01\/Carte-adherent-Dahu-768x481.jpg 768w, https:\/\/www.trois-a.org\/wp-content\/uploads\/2025\/01\/Carte-adherent-Dahu-1320x826.jpg 1320w, https:\/\/www.trois-a.org\/wp-content\/uploads\/2025\/01\/Carte-adherent-Dahu.jpg 1411w\" sizes=\"(max-width: 349px) 100vw, 349px\" \/><\/p>\n<p style=\"text-align: center;\"><em>Vous pouvez r\u00e9cup\u00e9rer votre carte d\u2019adh\u00e9rent valable en 2025<\/em><\/p>\n<p>Notre action d\u00e9pend de nos capacit\u00e9s financi\u00e8res, mais aussi du nombre d\u2019adh\u00e9rents que nous pouvons revendiquer dans notre dialogue avec les acteurs de la station. Renouvelez votre soutien pour l\u2019ann\u00e9e 2025, parlez de 3A \u00e0 vos connaissances propri\u00e9taires aux Arcs\u00a0!<\/p>\n<p><strong>Si vous \u00eates \u00e0 jour de votre cotisation 2025<\/strong>, vous verrez dans le bandeau \u00e0 haut \u00e0 droite de chaque page du site apr\u00e8s <a href=\"https:\/\/www.trois-a.org\/wp-login.php\" target=\"_blank\" rel=\"noopener\"><strong>vous \u00eatre connect\u00e9<\/strong>\u00a0<\/a>:<\/p>\n<p><img decoding=\"async\" class=\"wp-image-7129 aligncenter\" src=\"https:\/\/www.trois-a.org\/wp-content\/uploads\/2025\/01\/word-image-7119-10.png\" width=\"421\" height=\"39\" srcset=\"https:\/\/www.trois-a.org\/wp-content\/uploads\/2025\/01\/word-image-7119-10.png 648w, https:\/\/www.trois-a.org\/wp-content\/uploads\/2025\/01\/word-image-7119-10-300x28.png 300w\" sizes=\"(max-width: 421px) 100vw, 421px\" \/><\/p>\n<p>Sinon, vous verrez ce message\u00a0:<\/p>\n<p><img decoding=\"async\" class=\"wp-image-7130 aligncenter\" src=\"https:\/\/www.trois-a.org\/wp-content\/uploads\/2025\/01\/word-image-7119-11.png\" width=\"424\" height=\"33\" srcset=\"https:\/\/www.trois-a.org\/wp-content\/uploads\/2025\/01\/word-image-7119-11.png 720w, https:\/\/www.trois-a.org\/wp-content\/uploads\/2025\/01\/word-image-7119-11-300x23.png 300w\" sizes=\"(max-width: 424px) 100vw, 424px\" \/><\/p>\n<p>Pour verser votre cotisation, il suffit ensuite <a href=\"https:\/\/www.trois-a.org\/index.php\/adhesion\/\" target=\"_blank\" rel=\"noopener\"><strong>de vous rendre sur la page adh\u00e9sion<\/strong><\/a> (le formulaire sera pr\u00e9rempli).<\/p>\n<p>Merci de votre participation et de votre soutien !<\/p>\n<\/div><\/article><article id=\"post-6834\" class=\"hentry entry entry_full post_has_image \"><div class=\"entry_info\"><h2 class=\"entry_title entry-title\"><a href=\"https:\/\/www.trois-a.org\/index.php\/2024\/11\/13\/les-breves-de-3a-n24\/\" rel=\"bookmark\" title=\"Lien permanent pour Les Br\u00e8ves de 3A n\u00b024\">Les Br\u00e8ves de 3A n\u00b024<\/a><\/h2><div class=\"entry_meta\"><time class=\"published updated\" datetime=\"2024-11-13\"><a href=\"https:\/\/www.trois-a.org\/index.php\/2024\/11\/\"><i class=\"theme-icon icon_calendar-meta meta-icon meta-icon-calendar\"><\/i>13 novembre 2024<\/a><\/time><span class=\"separator\">|<\/span><span class=\"tags\"><i class=\"theme-icon icon_tag-meta meta-icon\"><\/i><a href=\"https:\/\/www.trois-a.org\/index.php\/tag\/article-en-acces-libre\/\" rel=\"tag\">Article en acc\u00e8s libre<\/a><\/span><\/div><\/div><div class=\"entry_content entry-content\"><p>T\u00e9l\u00e9chargez <a href=\"https:\/\/www.trois-a.org\/wp-content\/uploads\/2024\/11\/Breves-24.pdf\" target=\"_blank\" rel=\"noopener\">la version pdf<\/a> (725 Ko).<\/p>\n<h1 style=\"text-align: center;\"><strong>Les Br\u00e8ves de 3A n\u00b024<\/strong><\/h1>\n<p style=\"text-align: center;\"><strong>Novembre 2024<\/strong><\/p>\n<hr \/>\n<p><em>Tous les anciens nume\u0301ros des Bre\u0300ves de 3A sont disponibles en libre acce\u0300s <\/em><a href=\"https:\/\/www.trois-a.org\/index.php\/accueil\/les-breves-de-3a\/\"><em>ici<\/em><\/a><em>.<\/em><\/p>\n<hr \/>\n<p><img decoding=\"async\" class=\"wp-image-6836 aligncenter\" src=\"https:\/\/www.trois-a.org\/wp-content\/uploads\/2024\/11\/une-image-contenant-plein-air-ciel-montagne-fun.jpeg\" alt=\"Une image contenant plein air, ciel, montagne, funiculaire Description g\u00e9n\u00e9r\u00e9e automatiquement\" width=\"702\" height=\"526\" srcset=\"https:\/\/www.trois-a.org\/wp-content\/uploads\/2024\/11\/une-image-contenant-plein-air-ciel-montagne-fun.jpeg 1438w, https:\/\/www.trois-a.org\/wp-content\/uploads\/2024\/11\/une-image-contenant-plein-air-ciel-montagne-fun-300x225.jpeg 300w, https:\/\/www.trois-a.org\/wp-content\/uploads\/2024\/11\/une-image-contenant-plein-air-ciel-montagne-fun-1024x768.jpeg 1024w, https:\/\/www.trois-a.org\/wp-content\/uploads\/2024\/11\/une-image-contenant-plein-air-ciel-montagne-fun-768x576.jpeg 768w, https:\/\/www.trois-a.org\/wp-content\/uploads\/2024\/11\/une-image-contenant-plein-air-ciel-montagne-fun-1320x990.jpeg 1320w\" sizes=\"(max-width: 702px) 100vw, 702px\" \/><\/p>\n<p style=\"text-align: center;\"><em>Le nouveau Transarc d\u00e9but novembre, les cabines tournent\u2026<\/em><\/p>\n<p>Dans ce num\u00e9ro<\/p>\n<ol>\n<li>L\u2019\u00e9dito du pr\u00e9sident<\/li>\n<li>La page Facebook de 3A<\/li>\n<li>Les semaines heureuses<\/li>\n<li>Le brunch Paradiski<\/li>\n<li>Le festival de cin\u00e9ma, c\u2019est pour bient\u00f4t<\/li>\n<li>Les \u00e9v\u00e8nements 3A de l\u2019\u00e9t\u00e9<\/li>\n<li>Nouvelles animations pour les enfants aux Arcs<\/li>\n<li>Exon\u00e9ration de la taxe fonci\u00e8re pour travaux d\u2019\u00e9conomie d\u2019\u00e9nergie, vraiment\u00a0?<\/li>\n<li>Adieu les t\u00e9l\u00e9si\u00e8ges, bonjour la t\u00e9l\u00e9cabine 10 places \u00e0 Villaroger<\/li>\n<li>Le PLU dans la derni\u00e8re ligne droite<\/li>\n<li>Le prix de l\u2019eau aux Arcs, quelques mises \u00e0 jour<\/li>\n<li>Une nouvelle technologie pour une mobilit\u00e9 durable aux Arcs\u00a0?<\/li>\n<li>La bonne sant\u00e9 financi\u00e8re d\u2019ADS<\/li>\n<\/ol>\n<p><img decoding=\"async\" class=\"wp-image-6837 aligncenter\" src=\"https:\/\/www.trois-a.org\/wp-content\/uploads\/2024\/11\/une-image-contenant-plein-air-paysage-nuage-reg.jpeg\" alt=\"Une image contenant plein air, paysage, nuage, r\u00e9gion montagneuse Description g\u00e9n\u00e9r\u00e9e automatiquement\" width=\"670\" height=\"478\" srcset=\"https:\/\/www.trois-a.org\/wp-content\/uploads\/2024\/11\/une-image-contenant-plein-air-paysage-nuage-reg.jpeg 1600w, https:\/\/www.trois-a.org\/wp-content\/uploads\/2024\/11\/une-image-contenant-plein-air-paysage-nuage-reg-300x214.jpeg 300w, https:\/\/www.trois-a.org\/wp-content\/uploads\/2024\/11\/une-image-contenant-plein-air-paysage-nuage-reg-1024x730.jpeg 1024w, https:\/\/www.trois-a.org\/wp-content\/uploads\/2024\/11\/une-image-contenant-plein-air-paysage-nuage-reg-768x548.jpeg 768w, https:\/\/www.trois-a.org\/wp-content\/uploads\/2024\/11\/une-image-contenant-plein-air-paysage-nuage-reg-1536x1095.jpeg 1536w, https:\/\/www.trois-a.org\/wp-content\/uploads\/2024\/11\/une-image-contenant-plein-air-paysage-nuage-reg-1320x941.jpeg 1320w\" sizes=\"(max-width: 670px) 100vw, 670px\" \/><\/p>\n<h1 style=\"text-align: center;\"><a id=\"post-6834-_L\u2019\u00e9dito_du_pr\u00e9sident\"><\/a>L\u2019\u00e9dito du pr\u00e9sident<\/h1>\n<p>Plus que quelques semaines avant l&rsquo;ouverture de notre station aux sports d&rsquo;hiver, avec la h\u00e2te de gouter aux premi\u00e8res descentes suivies des premiers vins chauds. Comme chaque ann\u00e9e, Les Arcs Film Festival participera \u00e0 l&rsquo;ambiance lors de cette 16<sup>e<\/sup> \u00e9dition, qui se tiendra du 14 au 21 d\u00e9cembre, et partira \u00e0 l&rsquo;exploration de l&rsquo;Islande&#8230;<\/p>\n<p>\u00c0 noter la sant\u00e9 remarquable de notre exploitant des remont\u00e9es m\u00e9caniques, \u00e0 l&rsquo;image des excellents r\u00e9sultats de la CDA, et des projets de modernisation qui battent leur plein sur les Arcs, avec entre autres la mise en service du nouveau Transarc, et le lancement des travaux de la remont\u00e9e m\u00e9canique de Villaroger pr\u00e9vus en mars 2025.<\/p>\n<p>Nous pouvons appr\u00e9cier les conforts apport\u00e9s par ADS \u00e0 notre domaine, \u00e0 la mont\u00e9e comme \u00e0 la descente, tout en portant la plus grande attention au respect de notre espace naturel montagnard.<\/p>\n<p>Nous entrons dans une \u00e8re d&rsquo;affluence vers les stations d&rsquo;altitude, o\u00f9 les questions de r\u00e9gulation des flux et de s\u00e9curit\u00e9 des skieurs seront d&rsquo;autant plus essentielles. 3A accompagnera la r\u00e9flexion.<\/p>\n<p>L&rsquo;image des Arcs continue sa transformation et rayonne de plus en plus par sa singularit\u00e9 : celle d&rsquo;une station tr\u00e8s attentionn\u00e9e de son environnement, d&rsquo;un domaine skiable exceptionnel, et d&rsquo;une montagne en musique en saison d&rsquo;\u00e9t\u00e9.<\/p>\n<p>Alors que nous accueillons l&rsquo;arriv\u00e9e du froid dans les Alpes avec enthousiasme, 3A vous souhaite une excellente saison hivernale !<\/p>\n<p><img decoding=\"async\" class=\"wp-image-6838\" src=\"https:\/\/www.trois-a.org\/wp-content\/uploads\/2024\/11\/une-image-contenant-visage-humain-personne-souri.jpeg\" alt=\"Une image contenant Visage humain, personne, sourire, Menton Description g\u00e9n\u00e9r\u00e9e automatiquement\" width=\"136\" height=\"173\" \/><\/p>\n<p>Cedric Lespiau, pr\u00e9sident de 3A<\/p>\n<hr \/>\n<p><a href=\"https:\/\/www.facebook.com\/profile.php?id=100068567466306\" target=\"_blank\" rel=\"noopener\"><img decoding=\"async\" class=\"wp-image-6839 aligncenter\" src=\"https:\/\/www.trois-a.org\/wp-content\/uploads\/2024\/11\/une-image-contenant-arbre-capture-decran-logici.png\" alt=\"Une image contenant arbre, capture d\u2019\u00e9cran, Logiciel multim\u00e9dia, texte Description g\u00e9n\u00e9r\u00e9e automatiquement\" width=\"688\" height=\"348\" srcset=\"https:\/\/www.trois-a.org\/wp-content\/uploads\/2024\/11\/une-image-contenant-arbre-capture-decran-logici.png 1028w, https:\/\/www.trois-a.org\/wp-content\/uploads\/2024\/11\/une-image-contenant-arbre-capture-decran-logici-300x151.png 300w, https:\/\/www.trois-a.org\/wp-content\/uploads\/2024\/11\/une-image-contenant-arbre-capture-decran-logici-1024x517.png 1024w, https:\/\/www.trois-a.org\/wp-content\/uploads\/2024\/11\/une-image-contenant-arbre-capture-decran-logici-768x388.png 768w\" sizes=\"(max-width: 688px) 100vw, 688px\" \/><\/a><\/p>\n<h1 style=\"text-align: center;\"><a id=\"post-6834-_La_page_Facebook\"><\/a>La page Facebook de 3A<\/h1>\n<p><a href=\"https:\/\/www.facebook.com\/profile.php?id=100068567466306\" target=\"_blank\" rel=\"noopener\"><strong>La page FaceBook de 3A<\/strong><\/a> reprend vie. Si vous souhaitez avoir des informations sur la station et l\u2019action de 3A plus souvent actualis\u00e9es que le site et les Br\u00e8ves de 3A, n\u2019h\u00e9sitez pas \u00e0 vous abonner \u00e0 cette page.<\/p>\n<hr \/>\n<p><img decoding=\"async\" class=\"wp-image-6840 aligncenter\" src=\"https:\/\/www.trois-a.org\/wp-content\/uploads\/2024\/11\/une-image-contenant-texte-skier-neige-capture-d.png\" alt=\"Une image contenant texte, skier, neige, capture d\u2019\u00e9cran Description g\u00e9n\u00e9r\u00e9e automatiquement\" width=\"459\" height=\"491\" srcset=\"https:\/\/www.trois-a.org\/wp-content\/uploads\/2024\/11\/une-image-contenant-texte-skier-neige-capture-d.png 550w, https:\/\/www.trois-a.org\/wp-content\/uploads\/2024\/11\/une-image-contenant-texte-skier-neige-capture-d-280x300.png 280w\" sizes=\"(max-width: 459px) 100vw, 459px\" \/><\/p>\n<h1 style=\"text-align: center;\"><a id=\"post-6834-_Les_semaines_heureuses\"><\/a>Les semaines heureuses<\/h1>\n<p>Une bonne occasion d\u2019all\u00e9ger votre budget forfaits de ski. Jusqu\u2019\u00e0 la fin de la semaine (le 17 novembre), vous pouvez profiter de <strong><a href=\"https:\/\/www.lesarcs-peiseyvallandry.com\/fr\/happy-weeks-promo-forfait-ski?activityId=SKI&amp;validityId=6J\" target=\"_blank\" rel=\"noopener\">l\u2019offre \u00ab\u00a0Happy Weeks\u00a0\u00bb<\/a><\/strong> sur votre forfait 6 jours. Cette modulation du prix du forfait en fonction de la date de votre s\u00e9jour est une \u00e9volution importante de la politique tarifaire des forfaits, et peut aller jusqu\u2019\u00e0 une remise de 50% (pour la semaine de fermeture de la saison).<\/p>\n<hr \/>\n<p><img decoding=\"async\" class=\"wp-image-6841 aligncenter\" src=\"https:\/\/www.trois-a.org\/wp-content\/uploads\/2024\/11\/une-image-contenant-texte-capture-decran-interi.png\" alt=\"Une image contenant texte, capture d\u2019\u00e9cran, int\u00e9rieur, conception Description g\u00e9n\u00e9r\u00e9e automatiquement\" width=\"621\" height=\"514\" srcset=\"https:\/\/www.trois-a.org\/wp-content\/uploads\/2024\/11\/une-image-contenant-texte-capture-decran-interi.png 906w, https:\/\/www.trois-a.org\/wp-content\/uploads\/2024\/11\/une-image-contenant-texte-capture-decran-interi-300x248.png 300w, https:\/\/www.trois-a.org\/wp-content\/uploads\/2024\/11\/une-image-contenant-texte-capture-decran-interi-768x636.png 768w\" sizes=\"(max-width: 621px) 100vw, 621px\" \/><\/p>\n<h1 style=\"text-align: center;\"><a id=\"post-6834-_Le_brunch_Paradiski\"><\/a>Le brunch Paradiski<\/h1>\n<p>Les propri\u00e9taires lyonnais ont d\u00e9j\u00e0 eu leur animation de pr\u00e9-saison organis\u00e9e par AB Tourisme le 7 novembre dernier (65 participants). Parisiens, ne manquez pas la nouvelle formule \u00ab\u00a0brunch\u00a0\u00bb pour la d\u00e9clinaison Paradiski samedi prochain (<a href=\"https:\/\/my.weezevent.com\/brunch-les-arcs-16112024\" target=\"_blank\" rel=\"noopener\"><strong>inscription<\/strong><\/a> gratuite mais obligatoire <strong>avant le 14 novembre<\/strong>).<\/p>\n<hr \/>\n<p><img decoding=\"async\" class=\"wp-image-6842 aligncenter\" src=\"https:\/\/www.trois-a.org\/wp-content\/uploads\/2024\/11\/une-image-contenant-texte-capture-decran-logo.png\" alt=\"Une image contenant texte, capture d\u2019\u00e9cran, logo, graphisme Description g\u00e9n\u00e9r\u00e9e automatiquement\" width=\"618\" height=\"380\" srcset=\"https:\/\/www.trois-a.org\/wp-content\/uploads\/2024\/11\/une-image-contenant-texte-capture-decran-logo.png 881w, https:\/\/www.trois-a.org\/wp-content\/uploads\/2024\/11\/une-image-contenant-texte-capture-decran-logo-300x185.png 300w, https:\/\/www.trois-a.org\/wp-content\/uploads\/2024\/11\/une-image-contenant-texte-capture-decran-logo-768x472.png 768w\" sizes=\"(max-width: 618px) 100vw, 618px\" \/><\/p>\n<h1 style=\"text-align: center;\"><a id=\"post-6834-_Le_Festival_de\"><\/a>Le Festival de cin\u00e9ma, c\u2019est pour bient\u00f4t<\/h1>\n<p>\u00c0 c\u00f4t\u00e9 du plaisir de gouter les premi\u00e8res neiges de la station, <a href=\"https:\/\/lesarcs-filmfest.com\/fr\" target=\"_blank\" rel=\"noopener\"><strong>le Festival de cin\u00e9ma des Arcs<\/strong><\/a> est une raison suffisante pour y pr\u00e9voir un s\u00e9jour du 14 au 21 d\u00e9cembre. 120 films vous y attendent, <a href=\"https:\/\/lesarcs-filmfest.com\/fr\/infos-pratiques\/billetterie\" target=\"_blank\" rel=\"noopener\"><strong>achat d\u2019un pass<\/strong><\/a> hautement recommand\u00e9.<\/p>\n<hr \/>\n<p><strong><img decoding=\"async\" width=\"524\" height=\"290\" class=\"wp-image-6843 aligncenter\" src=\"https:\/\/www.trois-a.org\/wp-content\/uploads\/2024\/11\/une-image-contenant-texte-carte-de-visite-captur.jpeg\" alt=\"Une image contenant texte, carte de visite, capture d\u2019\u00e9cran, Brochure Description g\u00e9n\u00e9r\u00e9e automatiquement\" srcset=\"https:\/\/www.trois-a.org\/wp-content\/uploads\/2024\/11\/une-image-contenant-texte-carte-de-visite-captur.jpeg 524w, https:\/\/www.trois-a.org\/wp-content\/uploads\/2024\/11\/une-image-contenant-texte-carte-de-visite-captur-300x166.jpeg 300w\" sizes=\"(max-width: 524px) 100vw, 524px\" \/><\/strong><\/p>\n<p>&nbsp;<\/p>\n<h1 style=\"text-align: center;\"><a href=\"https:\/\/www.trois-a.org\/index.php\/2024\/07\/13\/les-evenements-3a-de-lete\/\" target=\"_blank\" rel=\"noopener\">Les \u00e9v\u00e8nements 3A de l\u2019\u00e9t\u00e9<\/a><\/h1>\n<p>La traditionnelle <a href=\"https:\/\/www.trois-a.org\/index.php\/2024\/08\/19\/le-palmares-de-la-competition-de-golf-3a-2024\/\" target=\"_blank\" rel=\"noopener\"><strong>comp\u00e9tition de golf de 3A<\/strong><\/a> (66 participants), la rencontre 3A-pr\u00e9sidents de copropri\u00e9t\u00e9 (plus de 25 pr\u00e9sidents), <a href=\"https:\/\/www.trois-a.org\/index.php\/2024\/09\/05\/echos-de-lag-3a-2024\/\" target=\"_blank\" rel=\"noopener\"><strong>l\u2019AG de 3A<\/strong><\/a> (suivie par <a href=\"https:\/\/www.lesarcs.com\/proprietaires\/reunion-publique\">l<strong>a r\u00e9union d\u2019information aux propri\u00e9taires<\/strong><\/a> de la mairie et d\u2019un cocktail organis\u00e9 par 3A), l\u2019activit\u00e9 bridge (avec la nouveaut\u00e9 2024 d\u2019initiation des jeunes \u00e0 l\u2019aide d\u2019une forme simplifi\u00e9e du jeu) ont toutes connu un franc succ\u00e8s. La rencontre 3A-Chantel a \u00e9t\u00e9 report\u00e9e \u00e0 plus tard dans la saison, en raison de l\u2019absence de nombreux propri\u00e9taires \u00e0 la date pr\u00e9vue cet \u00e9t\u00e9.<\/p>\n<p>&nbsp;<\/p>\n<hr \/>\n<p><img decoding=\"async\" class=\"wp-image-6844 aligncenter\" src=\"https:\/\/www.trois-a.org\/wp-content\/uploads\/2024\/11\/une-image-contenant-capture-decran-jeu-pc-ciel.jpeg\" alt=\"Une image contenant capture d\u2019\u00e9cran, Jeu PC, ciel, Logiciel de jeu vid\u00e9o Description g\u00e9n\u00e9r\u00e9e automatiquement\" width=\"709\" height=\"204\" srcset=\"https:\/\/www.trois-a.org\/wp-content\/uploads\/2024\/11\/une-image-contenant-capture-decran-jeu-pc-ciel.jpeg 1672w, https:\/\/www.trois-a.org\/wp-content\/uploads\/2024\/11\/une-image-contenant-capture-decran-jeu-pc-ciel-300x86.jpeg 300w, https:\/\/www.trois-a.org\/wp-content\/uploads\/2024\/11\/une-image-contenant-capture-decran-jeu-pc-ciel-1024x295.jpeg 1024w, https:\/\/www.trois-a.org\/wp-content\/uploads\/2024\/11\/une-image-contenant-capture-decran-jeu-pc-ciel-768x221.jpeg 768w, https:\/\/www.trois-a.org\/wp-content\/uploads\/2024\/11\/une-image-contenant-capture-decran-jeu-pc-ciel-1536x443.jpeg 1536w, https:\/\/www.trois-a.org\/wp-content\/uploads\/2024\/11\/une-image-contenant-capture-decran-jeu-pc-ciel-1320x381.jpeg 1320w\" sizes=\"(max-width: 709px) 100vw, 709px\" \/><\/p>\n<h1 style=\"text-align: center;\"><a id=\"post-6834-_Nouvelles_animations_pour\"><\/a>Nouvelles animations pour les enfants aux Arcs<\/h1>\n<p>La station d\u00e9ploie des nouveaut\u00e9s \u00e0 destination des jeunes\u00a0: l\u2019\u00e9t\u00e9, <a href=\"https:\/\/www.trois-a.org\/index.php\/2024\/08\/13\/le-sentier-des-arollins\/\" target=\"_blank\" rel=\"noopener\"><strong>le sentier des Arollins<\/strong><\/a>, qui m\u00e8ne du haut du t\u00e9l\u00e9si\u00e8ge du Mont Blanc jusqu\u2019aux G\u00e9ants de Malgovert, les met au contact de la nature, en les motivant avec des \u00e9nigmes dont les solutions sont parsem\u00e9es tout au long du parcours\u00a0; l\u2019hiver, <a href=\"https:\/\/www.lesarcs.com\/blog\/sur-la-piste-des-nouveautes\" target=\"_blank\" rel=\"noopener\"><strong>la piste r\u00e9cr\u00e9ative des minis<\/strong><\/a> (ex Cabanes) \u00e0 1800 a fait peau neuve pour leur faire rencontrer le monde des insectes qui peuplent nos montagnes.<\/p>\n<hr \/>\n<p><img decoding=\"async\" class=\"wp-image-6845 aligncenter\" src=\"https:\/\/www.trois-a.org\/wp-content\/uploads\/2024\/11\/une-image-contenant-texte-capture-decran-police.jpeg\" alt=\"Une image contenant texte, capture d\u2019\u00e9cran, Police Description g\u00e9n\u00e9r\u00e9e automatiquement\" width=\"624\" height=\"230\" srcset=\"https:\/\/www.trois-a.org\/wp-content\/uploads\/2024\/11\/une-image-contenant-texte-capture-decran-police.jpeg 986w, https:\/\/www.trois-a.org\/wp-content\/uploads\/2024\/11\/une-image-contenant-texte-capture-decran-police-300x110.jpeg 300w, https:\/\/www.trois-a.org\/wp-content\/uploads\/2024\/11\/une-image-contenant-texte-capture-decran-police-768x283.jpeg 768w\" sizes=\"(max-width: 624px) 100vw, 624px\" \/><\/p>\n<h1 style=\"text-align: center;\">Exon\u00e9ration de la taxe fonci\u00e8re pour travaux d\u2019\u00e9conomie d\u2019\u00e9nergie, vraiment\u00a0?<\/h1>\n<p>La mairie a de nouveau communiqu\u00e9 r\u00e9cemment sur la possibilit\u00e9 pour un propri\u00e9taire de b\u00e9n\u00e9ficier d\u2019une exon\u00e9ration partielle de la taxe fonci\u00e8re quand il a proc\u00e9d\u00e9 \u00e0 des travaux d\u2019\u00e9conomie d\u2019\u00e9nergie (voir <a href=\"https:\/\/www.trois-a.org\/index.php\/2024\/05\/21\/exoneration-partielle-de-la-taxe-fonciere-pour-qui-comment-quel-pourcentage\/\" target=\"_blank\" rel=\"noopener\"><strong>l\u2019article de 3A en mai dernier<\/strong><\/a>). L\u2019examen <a href=\"https:\/\/www.bourgsaintmaurice.fr\/durable\/transition-ecologique\/exoneration\" target=\"_blank\" rel=\"noopener\"><strong>des conditions tr\u00e8s contraignantes<\/strong><\/a> d\u2019obtention de cette exon\u00e9ration (dont la commune n\u2019a finalement fait que choisir le taux, 50%, 100% \u00e9tait aussi possible) montre que tr\u00e8s peu des propri\u00e9taires aux Arcs pourront y avoir acc\u00e8s (pour ne pas dire aucun).<\/p>\n<hr \/>\n<p><strong><img decoding=\"async\" class=\"wp-image-6846 aligncenter\" src=\"https:\/\/www.trois-a.org\/wp-content\/uploads\/2024\/11\/une-image-contenant-texte-capture-decran-neige.jpeg\" alt=\"Une image contenant texte, capture d\u2019\u00e9cran, neige Description g\u00e9n\u00e9r\u00e9e automatiquement\" width=\"669\" height=\"367\" srcset=\"https:\/\/www.trois-a.org\/wp-content\/uploads\/2024\/11\/une-image-contenant-texte-capture-decran-neige.jpeg 1103w, https:\/\/www.trois-a.org\/wp-content\/uploads\/2024\/11\/une-image-contenant-texte-capture-decran-neige-300x165.jpeg 300w, https:\/\/www.trois-a.org\/wp-content\/uploads\/2024\/11\/une-image-contenant-texte-capture-decran-neige-1024x562.jpeg 1024w, https:\/\/www.trois-a.org\/wp-content\/uploads\/2024\/11\/une-image-contenant-texte-capture-decran-neige-768x421.jpeg 768w\" sizes=\"(max-width: 669px) 100vw, 669px\" \/><\/strong><\/p>\n<h1 style=\"text-align: center;\"><a id=\"post-6834-_Adieu_les_t\u00e9l\u00e9si\u00e8ges,\"><\/a>Adieu les t\u00e9l\u00e9si\u00e8ges, bonjour la t\u00e9l\u00e9cabine 10 places \u00e0 Villaroger<\/h1>\n<p><strong><a href=\"https:\/\/www.trois-a.org\/index.php\/2024\/10\/27\/la-nouvelle-telecabine-de-villaroger\/\" target=\"_blank\" rel=\"noopener\">Le projet de t\u00e9l\u00e9cabine de Villaroger<\/a><\/strong> permettra de remonter du village \u00e0 Arc 2000 en un temps record et dans des conditions de confort et de s\u00e9curit\u00e9 optimales d\u00e8s la saison 2025-2026 (le d\u00e9frichage du site est d\u00e9j\u00e0 termin\u00e9\u2026). Au-del\u00e0 de son important r\u00f4le de nouvelle porte d\u2019acc\u00e8s au domaine skiable des Arcs, on se plait \u00e0 consid\u00e9rer que ce nouvel \u00ab\u00a0ascenseur\u00a0\u00bb, dont l\u2019empreinte \u00e9cologique a \u00e9t\u00e9 soign\u00e9e, commence \u00e0 dessiner le r\u00e9seau de mobilit\u00e9 du futur de la station qui permettra un acc\u00e8s \u00e0 la montagne en toutes saisons.<\/p>\n<p>Signalons par ailleurs que la r\u00e9novation du Transarc (les cabines de Villaroger sont les m\u00eames) semble toujours sur la bonne voie pour une mise en service le mois prochain, les cabines bougeaient d\u00e9j\u00e0 la semaine derni\u00e8re\u00a0!<\/p>\n<hr \/>\n<p><strong><img decoding=\"async\" class=\"wp-image-6847 aligncenter\" src=\"https:\/\/www.trois-a.org\/wp-content\/uploads\/2024\/11\/word-image-6834-13.jpeg\" width=\"647\" height=\"250\" srcset=\"https:\/\/www.trois-a.org\/wp-content\/uploads\/2024\/11\/word-image-6834-13.jpeg 1110w, https:\/\/www.trois-a.org\/wp-content\/uploads\/2024\/11\/word-image-6834-13-300x116.jpeg 300w, https:\/\/www.trois-a.org\/wp-content\/uploads\/2024\/11\/word-image-6834-13-1024x396.jpeg 1024w, https:\/\/www.trois-a.org\/wp-content\/uploads\/2024\/11\/word-image-6834-13-768x297.jpeg 768w\" sizes=\"(max-width: 647px) 100vw, 647px\" \/><\/strong><\/p>\n<h1 style=\"text-align: center;\"><a id=\"post-6834-_Le_PLU_dans\"><\/a>Le PLU dans la derni\u00e8re ligne droite<\/h1>\n<p>Le <a href=\"https:\/\/www.trois-a.org\/index.php\/2024\/09\/29\/le-plu-un-enjeu-majeur-pour-lavenir-des-arcs\/\" target=\"_blank\" rel=\"noopener\"><strong>Plan Local d\u2019Urbanisme<\/strong><\/a> fera l\u2019objet d\u2019une enqu\u00eate publique au cours du 1<sup>er<\/sup> semestre 2025. Il s\u2019inscrit dans la perspective du <a href=\"https:\/\/www.trois-a.org\/index.php\/2022\/06\/21\/une-contribution-de-3a-au-projet-de-territoire-de-bsm-les-arcs\/\" target=\"_blank\" rel=\"noopener\"><strong>projet de territoire<\/strong><\/a> de la commune de 2022 qui d\u00e9finissait l\u2019\u00e9volution de notre station jusqu\u2019en 2030, mais a malheureusement disparu du site de la mairie. Cette enqu\u00eate sera l\u2019occasion pour chaque propri\u00e9taire d\u2019exprimer sa vision de l\u2019avenir des Arcs.<\/p>\n<hr \/>\n<p><strong><img decoding=\"async\" class=\"wp-image-6848 aligncenter\" src=\"https:\/\/www.trois-a.org\/wp-content\/uploads\/2024\/11\/une-image-contenant-salle-de-bain-bouche-dincend.jpeg\" alt=\"Une image contenant salle de bain, bouche d\u2019incendie, robinet Description g\u00e9n\u00e9r\u00e9e automatiquement\" width=\"133\" height=\"174\" srcset=\"https:\/\/www.trois-a.org\/wp-content\/uploads\/2024\/11\/une-image-contenant-salle-de-bain-bouche-dincend.jpeg 271w, https:\/\/www.trois-a.org\/wp-content\/uploads\/2024\/11\/une-image-contenant-salle-de-bain-bouche-dincend-229x300.jpeg 229w\" sizes=\"(max-width: 133px) 100vw, 133px\" \/><\/strong><\/p>\n<h1 style=\"text-align: center;\"><a id=\"post-6834-_Le_prix_de\"><\/a>Le prix de l\u2019eau aux Arcs, quelques mises \u00e0 jour<\/h1>\n<ul>\n<li>La facture d\u2019eau re\u00e7ue par les copropri\u00e9t\u00e9s en mai dernier a permis de clarifier l\u2019application pratique <strong><a href=\"https:\/\/www.trois-a.org\/index.php\/2023\/03\/30\/nouvelle-evolution-du-prix-de-leau-aux-arcs\/\" target=\"_blank\" rel=\"noopener\">du tarif progressif d\u00e9cid\u00e9 par la mairie<\/a><\/strong>, qui comportait une ambigu\u00eft\u00e9 sur la d\u00e9finition des tranches de tarification (annuelle ou \u00e0 chaque facture\u00a0?). 3A a en cons\u00e9quence mis \u00e0 jour son mod\u00e8le (un document Excel t\u00e9l\u00e9chargeable <a href=\"https:\/\/www.trois-a.org\/wp-content\/uploads\/2024\/11\/ITP.xlsx\"><strong>ici<\/strong><\/a>) permettant de mettre en \u00e9vidence l\u2019impact de la tarification progressive sur les factures d\u2019eau aux Arcs (r\u00e9serv\u00e9 aux plus motiv\u00e9s d\u2019entre vous).<\/li>\n<li>Elle a aussi h\u00e9las confirm\u00e9 l\u2019alourdissement dans le montant de la facture de la part distributeur (Veolia-ECHM), abonnement ET consommation (la tarification progressive ne porte que sur la part communale de la consommation)\u00a0: ces postes ont augment\u00e9 de 20 \u00e0 25% en deux ans (voir l\u2019onglet \u00ab\u00a0\u00c9volution des coefficients\u00a0\u00bb dans le mod\u00e8le \u00e9voqu\u00e9 ci-dessus). Une \u00e9volution essentiellement li\u00e9e au co\u00fbt de l\u2019\u00e9nergie, nous dit-on, qui devrait s\u2019inverser \u00e0 la prochaine facture (d\u00e9cembre). 3A vous tiendra au courant.<\/li>\n<li>La proc\u00e9dure engag\u00e9e par de nombreuses copropri\u00e9t\u00e9s pour faire annuler la tarification progressive instaur\u00e9e d\u00e9but 2024 pour cause d\u2019in\u00e9galit\u00e9 de traitement des usagers selon la taille de leur copropri\u00e9t\u00e9 et l\u2019impossibilit\u00e9 pratique de souscrire des abonnements individuels devrait aboutir au cours du premier semestre 2025, selon le comit\u00e9 de pilotage qui suit assidument cette op\u00e9ration. 3A vous tiendra inform\u00e9s.<\/li>\n<li>Enfin, la r\u00e9cente d\u00e9cision du conseil municipal de transmettre la gestion de l\u2019eau \u00e0 la <a href=\"https:\/\/www.hautetarentaise.fr\/\" target=\"_blank\" rel=\"noopener\"><strong>Commune des communes de la Haute Tarentaise<\/strong><\/a>, dans le cadre d\u2019une contrainte nationale (sur laquelle le gouvernement vient de revenir\u2026), ajoute une incertitude sur le devenir de la tarification de l\u2019eau aux Arcs. Ce qui est certain, c\u2019est que les effets de cette d\u00e9cision ne seront tangibles qu\u2019\u00e0 moyen voire long terme.<\/li>\n<\/ul>\n<hr \/>\n<p><strong><a id=\"post-6834-_Une_nouvelle_technologie\"><\/a><img decoding=\"async\" class=\"wp-image-6849 aligncenter\" src=\"https:\/\/www.trois-a.org\/wp-content\/uploads\/2024\/11\/une-image-contenant-plein-air-ciel-batiment-arb.jpeg\" alt=\"Une image contenant plein air, ciel, b\u00e2timent, arbre Description g\u00e9n\u00e9r\u00e9e automatiquement\" width=\"642\" height=\"533\" srcset=\"https:\/\/www.trois-a.org\/wp-content\/uploads\/2024\/11\/une-image-contenant-plein-air-ciel-batiment-arb.jpeg 1007w, https:\/\/www.trois-a.org\/wp-content\/uploads\/2024\/11\/une-image-contenant-plein-air-ciel-batiment-arb-300x249.jpeg 300w, https:\/\/www.trois-a.org\/wp-content\/uploads\/2024\/11\/une-image-contenant-plein-air-ciel-batiment-arb-768x638.jpeg 768w\" sizes=\"(max-width: 642px) 100vw, 642px\" \/><\/strong><\/p>\n<h1 style=\"text-align: center;\">Une nouvelle technologie pour une mobilit\u00e9 durable aux Arcs\u00a0?<\/h1>\n<p>Saint-Gervais a inaugur\u00e9 cet \u00e9t\u00e9 <a href=\"https:\/\/www.saintgervais.com\/mairie\/actualites\/ascenseur-a-eaux-usees-ce-sera-lascenseur-des-thermes\/\" target=\"_blank\" rel=\"noopener\"><strong>un funiculaire d\u2019un nouveau genre<\/strong><\/a>. Une curiosit\u00e9 \u00e0 suivre de pr\u00e8s, qui sait s\u2019il n\u2019y aura pas un jour une application aux Arcs (les sites qui viennent \u00e0 l\u2019esprit sont le renforcement du Dahu, le replacement du cabriolet \u00e0 1950, une liaison ARC1600-les Deux T\u00eates-le club Med\u2026)\u00a0?<\/p>\n<hr \/>\n<p><strong><img decoding=\"async\" class=\"wp-image-6850 aligncenter\" src=\"https:\/\/www.trois-a.org\/wp-content\/uploads\/2024\/11\/une-image-contenant-texte-homme-visage-humain-c.jpeg\" alt=\"Une image contenant texte, homme, Visage humain, capture d\u2019\u00e9cran Description g\u00e9n\u00e9r\u00e9e automatiquement\" width=\"624\" height=\"195\" srcset=\"https:\/\/www.trois-a.org\/wp-content\/uploads\/2024\/11\/une-image-contenant-texte-homme-visage-humain-c.jpeg 980w, https:\/\/www.trois-a.org\/wp-content\/uploads\/2024\/11\/une-image-contenant-texte-homme-visage-humain-c-300x94.jpeg 300w, https:\/\/www.trois-a.org\/wp-content\/uploads\/2024\/11\/une-image-contenant-texte-homme-visage-humain-c-768x240.jpeg 768w\" sizes=\"(max-width: 624px) 100vw, 624px\" \/><\/strong><\/p>\n<h1 style=\"text-align: center;\"><a id=\"post-6834-_La_bonne_sant\u00e9\"><\/a>La bonne sant\u00e9 financi\u00e8re d\u2019ADS<\/h1>\n<p>L\u2019interview r\u00e9cente du PDG de la Compagnie des Alpes, maison m\u00e8re de notre op\u00e9rateur de remont\u00e9es m\u00e9caniques, confirme les b\u00e9n\u00e9fices record enregistr\u00e9s par celle-ci la saison pass\u00e9e. Elle semble annoncer \u00e9galement une excellente saison \u00e0 venir. 3A, tout en saluant la vision de la CDA, et en particulier sa d\u00e9clinaison par ADS aux Arcs, pour pr\u00e9parer un avenir durable des stations de ski face au changement climatique, insiste sur la n\u00e9cessit\u00e9 pour la station de privil\u00e9gier le d\u00e9veloppement de ses atouts diff\u00e9renciants comme les festivals de musique et de cin\u00e9ma (et les multiplier), et bien s\u00fbr son golf, certes sans n\u00e9gliger la diversification des activit\u00e9s sportives comme le padel, mais qui eux ne manqueront pas de se g\u00e9n\u00e9raliser dans les stations comparables.<\/p>\n<p>Noter le retrait programm\u00e9 de Tignes du giron de la CDA.<\/p>\n<p>Vous pouvez \u00e9couter l\u2019interview <a href=\"https:\/\/www.radiofrance.fr\/franceinter\/podcasts\/on-n-arrete-pas-l-eco\/on-n-arrete-pas-l-eco-du-samedi-26-octobre-2024-4201821\" target=\"_blank\" rel=\"noopener\"><strong>ici<\/strong><\/a> \u00e0 partir de ~32:40, ou lire <a href=\"https:\/\/www.trois-a.org\/wp-content\/uploads\/2024\/11\/Dominique-Thillaud-CDA-261024.pdf\" target=\"_blank\" rel=\"noopener\"><strong>sa transcription<\/strong><\/a>.<\/p>\n<\/div><\/article><article id=\"post-6161\" class=\"hentry entry entry_full post_has_image \"><div class=\"entry_info\"><h2 class=\"entry_title entry-title\"><a href=\"https:\/\/www.trois-a.org\/index.php\/2024\/05\/28\/les-breves-de-3a-n23\/\" rel=\"bookmark\" title=\"Lien permanent pour Les Br\u00e8ves de 3A n\u00b023\">Les Br\u00e8ves de 3A n\u00b023<\/a><\/h2><div class=\"entry_meta\"><time class=\"published updated\" datetime=\"2024-05-28\"><a href=\"https:\/\/www.trois-a.org\/index.php\/2024\/05\/\"><i class=\"theme-icon icon_calendar-meta meta-icon meta-icon-calendar\"><\/i>28 mai 2024<\/a><\/time><span class=\"separator\">|<\/span><span class=\"tags\"><i class=\"theme-icon icon_tag-meta meta-icon\"><\/i><a href=\"https:\/\/www.trois-a.org\/index.php\/tag\/article-en-acces-libre\/\" rel=\"tag\">Article en acc\u00e8s libre<\/a><\/span><\/div><\/div><div class=\"entry_content entry-content\"><p><img decoding=\"async\" class=\"wp-image-6162 aligncenter\" src=\"https:\/\/www.trois-a.org\/wp-content\/uploads\/2024\/05\/une-image-contenant-ligne-triangle-police-conce.jpeg\" alt=\"Une image contenant ligne, triangle, Police, conception Description g\u00e9n\u00e9r\u00e9e automatiquement\" width=\"251\" height=\"194\" srcset=\"https:\/\/www.trois-a.org\/wp-content\/uploads\/2024\/05\/une-image-contenant-ligne-triangle-police-conce.jpeg 453w, https:\/\/www.trois-a.org\/wp-content\/uploads\/2024\/05\/une-image-contenant-ligne-triangle-police-conce-300x232.jpeg 300w\" sizes=\"(max-width: 251px) 100vw, 251px\" \/><\/p>\n<h1 style=\"text-align: center;\"><strong>Les Br\u00e8ves de 3A n\u00b023<\/strong><\/h1>\n<h1 style=\"text-align: center;\"><strong>Mai 2024<\/strong><\/h1>\n<hr \/>\n<p><em>Les anciens nume\u0301ros des Bre\u0300ves de 3A sont disponibles en libre acce\u0300s <\/em><a href=\"https:\/\/www.trois-a.org\/index.php\/accueil\/les-breves-de-3a\/\" target=\"_blank\" rel=\"noopener\"><strong><em>ici<\/em><\/strong><\/a><em>.<\/em><\/p>\n<hr \/>\n<div id=\"attachment_6182\" style=\"width: 761px\" class=\"wp-caption aligncenter\"><img decoding=\"async\" aria-describedby=\"caption-attachment-6182\" class=\"wp-image-6182\" src=\"https:\/\/www.trois-a.org\/wp-content\/uploads\/2024\/05\/Les-sommets-des-Arcs-le-25-avril-2024-300x225.jpeg\" alt=\"\" width=\"761\" height=\"571\" srcset=\"https:\/\/www.trois-a.org\/wp-content\/uploads\/2024\/05\/Les-sommets-des-Arcs-le-25-avril-2024-300x225.jpeg 300w, https:\/\/www.trois-a.org\/wp-content\/uploads\/2024\/05\/Les-sommets-des-Arcs-le-25-avril-2024-1024x768.jpeg 1024w, https:\/\/www.trois-a.org\/wp-content\/uploads\/2024\/05\/Les-sommets-des-Arcs-le-25-avril-2024-768x576.jpeg 768w, https:\/\/www.trois-a.org\/wp-content\/uploads\/2024\/05\/Les-sommets-des-Arcs-le-25-avril-2024-1536x1152.jpeg 1536w, https:\/\/www.trois-a.org\/wp-content\/uploads\/2024\/05\/Les-sommets-des-Arcs-le-25-avril-2024-1320x990.jpeg 1320w, https:\/\/www.trois-a.org\/wp-content\/uploads\/2024\/05\/Les-sommets-des-Arcs-le-25-avril-2024.jpeg 2016w\" sizes=\"(max-width: 761px) 100vw, 761px\" \/><p id=\"caption-attachment-6182\" class=\"wp-caption-text\">Le 25 avril 2024, le domaine skiable des Arcs offrait une neige de r\u00eave<\/p><\/div>\n<p>Dans ce num\u00e9ro<\/p>\n<ol>\n<li><a href=\"#post-6161-\u00e9dito\">L\u2019\u00e9dito du pr\u00e9sident<\/a><\/li>\n<li><a href=\"#post-6161-_La_r\u00e9union_Propri\u00e9taires\">La r\u00e9union publique du 10 avril<\/a><\/li>\n<li><a href=\"#post-6161-_3A_et_les_animations_culturelles_de_la station\"><span style=\"font-weight: 400;\">3A et les animations culturelles de la station<\/span><\/a><\/li>\n<li><a href=\"#post-6161-_3A_rencontre_le\">Une interview du maire par le pr\u00e9sident de 3A<\/a><\/li>\n<li><a href=\"#post-6161-_Le_Transarc,_une\">Le Transarc, une page se tourne<\/a><\/li>\n<li><a href=\"#post-6161-_Une_saison_exceptionnelle,\">Une saison exceptionnelle, bravo Marielle\u00a0!<\/a><\/li>\n<li><a href=\"#post-6161-_Comment_aider_le\">Comment aider le festival de musique des Arcs<\/a><\/li>\n<li><a href=\"#post-6161-_L\u2019avenir_des_stations\">L\u2019avenir des stations de ski vu par la Cour des Comptes<\/a><\/li>\n<li><a href=\"#post-6161-_Retour_sur_le\">Retour sur le prix de l\u2019eau aux Arcs<\/a><\/li>\n<li><a href=\"#post-6161-_L\u2019\u00e9volution_des_imp\u00f4ts\">L\u2019\u00e9volution des imp\u00f4ts locaux sur deux ans<\/a><\/li>\n<li><a href=\"#post-6161-_\u00cates-vous_\u00e9ligible_\u00e0\">\u00cates-vous \u00e9ligible \u00e0 une exon\u00e9ration partielle de la taxe fonci\u00e8re ?<\/a><\/li>\n<li><a href=\"#post-6161-_Le_m\u00e9morable_ski-show\">Le m\u00e9morable ski-show des Arcs 2024<\/a><\/li>\n<li><a href=\"#post-6161-_Interagissez_directement_avec\">Interagissez directement avec la mairie<\/a><\/li>\n<\/ol>\n<hr \/>\n<h1 style=\"text-align: center;\"><a id=\"post-6161-_Ref150441391\"><\/a>L\u2019\u00e9dito du pr\u00e9sident<\/h1>\n<p>C\u2019est une ann\u00e9e 2024 qui s\u2019annonce dense en probl\u00e9matiques qui nous touchent de pr\u00e8s, nous propri\u00e9taires aux Arcs.<br \/>\nCette saison, l\u2019enneigement remarquable des Arcs a attir\u00e9 un nombre de visiteurs record, loin d\u2019\u00eatre seulement d\u00fb au report des skieurs des stations de moyenne altitude comme on l\u2019entend souvent (voir \u00e0 ce sujet <strong><a href=\"https:\/\/news.compagniedesalpes.com\/chiffreaffairess1-2023-2024\/?lang=fr\" target=\"_blank\" rel=\"noopener\">la pr\u00e9sentation sur son site<\/a><\/strong> de l\u2019augmentation spectaculaire du chiffre d\u2019affaires de la Compagnie des Alpes sur le premier semestre 23-24). Pour faire face \u00e0 cette situation nouvelle, mais tr\u00e8s probablement durable, notre station doit relever de multiples d\u00e9fis, et devra s\u2019adapter sur les sujets de la s\u00e9curit\u00e9 sur les pistes, du respect du site naturel, de la modernisation des infrastructures (Transarc, Villaroger\u2026), du logement de nos saisonniers &#8230;<br \/>\n3A prend pleinement sa place afin de ne pas vivre en simple spectateur ces prochaines ann\u00e9es en pleine mutation, en portant la voix des propri\u00e9taires pour aider \u00e0 d\u00e9finir les meilleures solutions. Quel avenir souhaitons-nous pour les Arcs, pour son golf, ses festivals culturels, son domaine, la diversification de ses activit\u00e9s ?<br \/>\nLes chantiers engag\u00e9s sont nombreux et nous vous convions tous pour l\u2019AG de 3A le 1er Aout prochain, afin d\u2019\u00e9changer sur notre avenir commun. Contributeurs \u00e9conomiques au c\u0153ur de la station, les propri\u00e9taires doivent se faire entendre et proposer toute id\u00e9e constructive sur les th\u00e8mes importants, qui vont du fl\u00e9chage des nouvelles recettes apport\u00e9es par la surtaxe d&rsquo;habitation sur les r\u00e9sidences secondaires au mod\u00e8le de facturation de l\u2019eau, en passant par l&rsquo;accompagnement du d\u00e9veloppement des axes culturels.<br \/>\nVenez nombreux !<\/p>\n<p style=\"text-align: center;\">Cedric Lespiau<\/p>\n<p style=\"text-align: center;\">Pr\u00e9sident de 3A<\/p>\n<p><img decoding=\"async\" class=\"wp-image-6163 aligncenter\" src=\"https:\/\/www.trois-a.org\/wp-content\/uploads\/2024\/05\/une-image-contenant-visage-humain-personne-souri.jpeg\" alt=\"Une image contenant Visage humain, personne, sourire, Front Description g\u00e9n\u00e9r\u00e9e automatiquement\" width=\"111\" height=\"139\" \/><\/p>\n<hr \/>\n<h1 style=\"text-align: center;\"><a id=\"post-6161-_La_r\u00e9union_Propri\u00e9taires\"><\/a>La r\u00e9union publique du 10 avril<\/h1>\n<p><img decoding=\"async\" class=\"wp-image-6164 aligncenter\" src=\"https:\/\/www.trois-a.org\/wp-content\/uploads\/2024\/05\/une-image-contenant-texte-personne-presentation-1.jpeg\" alt=\"Une image contenant texte, personne, pr\u00e9sentation, \u00c9cran de projection Description g\u00e9n\u00e9r\u00e9e automatiquement\" width=\"510\" height=\"383\" srcset=\"https:\/\/www.trois-a.org\/wp-content\/uploads\/2024\/05\/une-image-contenant-texte-personne-presentation-1.jpeg 1000w, https:\/\/www.trois-a.org\/wp-content\/uploads\/2024\/05\/une-image-contenant-texte-personne-presentation-1-300x225.jpeg 300w, https:\/\/www.trois-a.org\/wp-content\/uploads\/2024\/05\/une-image-contenant-texte-personne-presentation-1-768x576.jpeg 768w\" sizes=\"(max-width: 510px) 100vw, 510px\" \/><\/p>\n<p>Le 10 avril dernier s\u2019est tenue la traditionnelle r\u00e9union publique de fin de saison organis\u00e9e par la station pour pr\u00e9senter aux propri\u00e9taires des Arcs son bilan de la saison et ses perspectives.<br \/>\nOn trouvera un compte-rendu complet de cette r\u00e9union <strong><a href=\"https:\/\/www.trois-a.org\/index.php\/2024\/05\/13\/la-reunion-publique-du-10-avril-2024\/\" target=\"_blank\" rel=\"noopener\">sur le site de 3A<\/a><\/strong>, et les diapos <strong><a href=\"https:\/\/www.lesarcs.com\/proprietaires\/reunion-publique\" target=\"_blank\" rel=\"noopener\">sur le site Propri\u00e9taires<\/a><\/strong> de la station ou <strong><a href=\"https:\/\/drive.google.com\/file\/d\/10CVuc4iBEQmgnUDPtJYkDQv9qrj4xGkZ\/view?usp=sharing\" target=\"_blank\" rel=\"noopener\">ici<\/a><\/strong> sous format pdf (5,5 Mo).<\/p>\n<p>En r\u00e9sum\u00e9, peu de grandes nouveaut\u00e9s pour les propri\u00e9taires aux Arcs, sauf peut-\u00eatre la r\u00e9novation du cabinet m\u00e9dical d\u2019Arc1600 et un projet de refonte compl\u00e8te de la signal\u00e9tique de la station. Pas d\u2019informations sur l\u2019utilisation de la surtaxe d\u2019habitation sur les r\u00e9sidences secondaires ni sur la nouvelle tarification progressive de l\u2019eau aux Arcs (voir pour cela <strong><a href=\"https:\/\/www.trois-a.org\/index.php\/2024\/05\/15\/une-interview-du-maire-par-le-president-de-3a\/\" target=\"_blank\" rel=\"noopener\">l\u2019interview accord\u00e9e par le maire \u00e0 3A<\/a><\/strong>).<\/p>\n<hr \/>\n<h1 style=\"text-align: center;\"><a id=\"post-6161-_3A_et_les_animations_culturelles_de_la station\"><\/a>3A et les animations culturelles de la station<\/h1>\n<p><img decoding=\"async\" class=\"wp-image-6165 aligncenter\" src=\"https:\/\/www.trois-a.org\/wp-content\/uploads\/2024\/05\/une-image-contenant-texte-police-graphique-grap.png\" alt=\"Une image contenant texte, Police, Graphique, graphisme Description g\u00e9n\u00e9r\u00e9e automatiquement\" width=\"203\" height=\"157\" srcset=\"https:\/\/www.trois-a.org\/wp-content\/uploads\/2024\/05\/une-image-contenant-texte-police-graphique-grap.png 750w, https:\/\/www.trois-a.org\/wp-content\/uploads\/2024\/05\/une-image-contenant-texte-police-graphique-grap-300x233.png 300w\" sizes=\"(max-width: 203px) 100vw, 203px\" \/> <img decoding=\"async\" class=\"wp-image-6166 aligncenter\" src=\"https:\/\/www.trois-a.org\/wp-content\/uploads\/2024\/05\/une-image-contenant-texte-police-graphique-logo.png\" alt=\"Une image contenant texte, Police, Graphique, logo Description g\u00e9n\u00e9r\u00e9e automatiquement\" width=\"458\" height=\"124\" srcset=\"https:\/\/www.trois-a.org\/wp-content\/uploads\/2024\/05\/une-image-contenant-texte-police-graphique-logo.png 946w, https:\/\/www.trois-a.org\/wp-content\/uploads\/2024\/05\/une-image-contenant-texte-police-graphique-logo-300x81.png 300w, https:\/\/www.trois-a.org\/wp-content\/uploads\/2024\/05\/une-image-contenant-texte-police-graphique-logo-768x208.png 768w\" sizes=\"(max-width: 458px) 100vw, 458px\" \/><\/p>\n<div>Lors des diff\u00e9rents arbitrages sur les subventions accord\u00e9es aux animations de la station par AB Tourisme lors de la derni\u00e8re saison, 3A, par l\u2019interm\u00e9diaire de son repr\u00e9sentant au Comit\u00e9 Directeur d&rsquo;ABT, notre pr\u00e9sident C\u00e9dric Lespiau, s\u2019est fortement impliqu\u00e9e dans deux dossiers qui lui semblent constituer les principaux piliers culturels de la station, \u00e0 savoir les festivals de musique d\u2019une part et du film d\u2019autre part.<\/div>\n<div>Du c\u00f4t\u00e9 du festival de musique, 3A se f\u00e9licite d\u2019avoir pu contribuer \u00e0 la d\u00e9cision d\u2019augmenter sa subvention, port\u00e9e de 45 \u00e0 75 k\u20ac, pour au moins les trois ann\u00e9es \u00e0 venir.<\/div>\n<div>Du c\u00f4t\u00e9 du festival de cin\u00e9ma, sans nullement remettre en cause sa qualit\u00e9 ni son importance pour le rayonnement de la station, bien au contraire, 3A n&rsquo;a pas \u00e9t\u00e9 convaincue de la n\u00e9cessit\u00e9 de satisfaire sa demande d\u2019une augmentation de la subvention de la commune de 161,5 k\u20ac \u00e0 200 k\u20ac. En effet, une analyse rigoureuse de cette demande, motiv\u00e9e par la consolidation de l\u2019accueil des professionnels, a conduit \u00e0 la conclusion que ce poste devrait relever, aux yeux de 3A, d\u2019un financement venant plus du monde du cin\u00e9ma que d\u2019un budget public.<\/div>\n<p>On trouvera les argumentaires du positionnement de 3A dans <strong><a href=\"https:\/\/www.trois-a.org\/index.php\/2024\/05\/15\/3a-dans-la-commission-animations-dab-tourisme\/\" target=\"_blank\" rel=\"noopener\">cet article sur le site de 3A<\/a><\/strong>.<\/p>\n<hr \/>\n<h1 style=\"text-align: center;\"><a id=\"post-6161-_3A_rencontre_le\"><\/a>Une interview du maire par le pr\u00e9sident de 3A<\/h1>\n<p><img decoding=\"async\" class=\"wp-image-6167 aligncenter\" src=\"https:\/\/www.trois-a.org\/wp-content\/uploads\/2024\/05\/word-image-6161-7.jpeg\" width=\"340\" height=\"229\" srcset=\"https:\/\/www.trois-a.org\/wp-content\/uploads\/2024\/05\/word-image-6161-7.jpeg 600w, https:\/\/www.trois-a.org\/wp-content\/uploads\/2024\/05\/word-image-6161-7-300x202.jpeg 300w\" sizes=\"(max-width: 340px) 100vw, 340px\" \/><\/p>\n<p>Notre pr\u00e9sident C\u00e9dric Lespiau a rencontr\u00e9 le maire de Bourg Saint Maurice les Arcs, Guillaume Desrues, le 11 avril dernier. C\u00e9dric et Guillaume ont abord\u00e9 les sujets suivants\u00a0:<\/p>\n<ul>\n<li>Politique de la mobilit\u00e9 aux Arcs<\/li>\n<li>Les Arcs face \u00e0 la transition<\/li>\n<li>Politique de logement pour les saisonniers<\/li>\n<li>Affectation des revenus engendr\u00e9s par la (sur)taxe d\u2019habitation sur les r\u00e9sidences secondaires<\/li>\n<li>Avenir du golf des Arcs<\/li>\n<li>L\u2019application de la tarification progressive de l\u2019eau sur la commune<\/li>\n<\/ul>\n<p>On trouvera une transcription de <strong><a href=\"https:\/\/www.trois-a.org\/index.php\/2024\/05\/15\/une-interview-du-maire-par-le-president-de-3a\/\" target=\"_blank\" rel=\"noopener\">cette interview sur le site de 3A<\/a><\/strong>.<\/p>\n<hr \/>\n<h1 style=\"text-align: center;\"><a id=\"post-6161-_Le_Transarc,_une\"><\/a>Le Transarc, une page se tourne<\/h1>\n<div id=\"attachment_6181\" style=\"width: 422px\" class=\"wp-caption aligncenter\"><img decoding=\"async\" aria-describedby=\"caption-attachment-6181\" class=\"wp-image-6181\" src=\"https:\/\/www.trois-a.org\/wp-content\/uploads\/2024\/05\/La-gare-superieure-du-Transarc-225x300.jpeg\" alt=\"\" width=\"422\" height=\"562\" srcset=\"https:\/\/www.trois-a.org\/wp-content\/uploads\/2024\/05\/La-gare-superieure-du-Transarc-225x300.jpeg 225w, https:\/\/www.trois-a.org\/wp-content\/uploads\/2024\/05\/La-gare-superieure-du-Transarc-768x1024.jpeg 768w, https:\/\/www.trois-a.org\/wp-content\/uploads\/2024\/05\/La-gare-superieure-du-Transarc.jpeg 1134w\" sizes=\"(max-width: 422px) 100vw, 422px\" \/><p id=\"caption-attachment-6181\" class=\"wp-caption-text\">La gare sup\u00e9rieure, d\u00e9j\u00e0 en place depuis la saison derni\u00e8re, en vrai\u2026<\/p><\/div>\n<div id=\"attachment_6169\" style=\"width: 546px\" class=\"wp-caption aligncenter\"><img decoding=\"async\" aria-describedby=\"caption-attachment-6169\" class=\"wp-image-6169\" src=\"https:\/\/www.trois-a.org\/wp-content\/uploads\/2024\/05\/une-image-contenant-nature-neige-plein-air-pent.png\" alt=\"Une image contenant nature, neige, plein air, penteDescription g\u00e9n\u00e9r\u00e9e automatiquement\" width=\"546\" height=\"309\" srcset=\"https:\/\/www.trois-a.org\/wp-content\/uploads\/2024\/05\/une-image-contenant-nature-neige-plein-air-pent.png 1023w, https:\/\/www.trois-a.org\/wp-content\/uploads\/2024\/05\/une-image-contenant-nature-neige-plein-air-pent-300x170.png 300w, https:\/\/www.trois-a.org\/wp-content\/uploads\/2024\/05\/une-image-contenant-nature-neige-plein-air-pent-768x435.png 768w\" sizes=\"(max-width: 546px) 100vw, 546px\" \/><p id=\"caption-attachment-6169\" class=\"wp-caption-text\">\u2026et ce qui nous attend d\u00e8s l\u2019ouverture de la saison 24-25<\/p><\/div>\n<p>Personne n\u2019ignore plus que le Transarc fait peau neuve pour la saison prochaine. Le d\u00e9fi pour ADS de mettre en service la nouvelle version pour d\u00e9cembre 2024 est de taille, m\u00eame avec quelques pyl\u00f4nes et une nouvelle gare d\u2019arriv\u00e9e d\u00e9j\u00e0 install\u00e9s depuis l\u2019\u00e9t\u00e9 dernier.<\/p>\n<p>Les travaux de suppression de l\u2019ancienne version ont d\u00e9marr\u00e9 sur les chapeaux de roue d\u00e8s son arr\u00eat une semaine avant la fermeture de la station\u00a0:<\/p>\n<p>Ce qui restait de la gare aval le 23 avril\u2026<\/p>\n<p><strong><a href=\"https:\/\/www.trois-a.org\/wp-content\/uploads\/2024\/05\/Communication-ADS-chantier-Transarc.pdf\" target=\"_blank\" rel=\"noopener\">ADS a d\u00e9taill\u00e9 les mesures mises en place<\/a><\/strong> pour pallier l\u2019absence de cette remont\u00e9e majeure pour l\u2019\u00e9t\u00e9 2024 au d\u00e9part d\u2019Arc1800.<\/p>\n<p>Un dossier tr\u00e8s complet sur la mutation du Transarc est disponible sur <strong><a href=\"https:\/\/www.remontees-mecaniques.net\/forums\/index.php?s=bc60f1a6f39f89c1c0c1c12043a5ae30&amp;showtopic=38733&amp;st=40\">ce forum<\/a><\/strong>.<\/p>\n<div id=\"attachment_6171\" style=\"width: 489px\" class=\"wp-caption aligncenter\"><img decoding=\"async\" aria-describedby=\"caption-attachment-6171\" class=\"wp-image-6171\" src=\"https:\/\/www.trois-a.org\/wp-content\/uploads\/2024\/05\/une-image-contenant-plein-air-vehicule-terrestre.jpeg\" alt=\"Une image contenant plein air, V\u00e9hicule terrestre, roue, solDescription g\u00e9n\u00e9r\u00e9e automatiquement\" width=\"489\" height=\"322\" srcset=\"https:\/\/www.trois-a.org\/wp-content\/uploads\/2024\/05\/une-image-contenant-plein-air-vehicule-terrestre.jpeg 1134w, https:\/\/www.trois-a.org\/wp-content\/uploads\/2024\/05\/une-image-contenant-plein-air-vehicule-terrestre-300x198.jpeg 300w, https:\/\/www.trois-a.org\/wp-content\/uploads\/2024\/05\/une-image-contenant-plein-air-vehicule-terrestre-1024x675.jpeg 1024w, https:\/\/www.trois-a.org\/wp-content\/uploads\/2024\/05\/une-image-contenant-plein-air-vehicule-terrestre-768x507.jpeg 768w\" sizes=\"(max-width: 489px) 100vw, 489px\" \/><p id=\"caption-attachment-6171\" class=\"wp-caption-text\">Bye bye les cabines si inconfortables mais si famili\u00e8res<\/p><\/div>\n<hr \/>\n<h1 style=\"text-align: center;\"><a id=\"post-6161-_Une_saison_exceptionnelle,\"><\/a>Une saison exceptionnelle, bravo Marielle\u00a0!<\/h1>\n<div id=\"attachment_6172\" style=\"width: 703px\" class=\"wp-caption aligncenter\"><img decoding=\"async\" aria-describedby=\"caption-attachment-6172\" class=\"wp-image-6172\" src=\"https:\/\/www.trois-a.org\/wp-content\/uploads\/2024\/05\/une-image-contenant-plein-air-texte-plante-rout.jpeg\" alt=\"Une image contenant plein air, texte, plante, routeDescription g\u00e9n\u00e9r\u00e9e automatiquement\" width=\"703\" height=\"355\" srcset=\"https:\/\/www.trois-a.org\/wp-content\/uploads\/2024\/05\/une-image-contenant-plein-air-texte-plante-rout.jpeg 1200w, https:\/\/www.trois-a.org\/wp-content\/uploads\/2024\/05\/une-image-contenant-plein-air-texte-plante-rout-300x151.jpeg 300w, https:\/\/www.trois-a.org\/wp-content\/uploads\/2024\/05\/une-image-contenant-plein-air-texte-plante-rout-1024x516.jpeg 1024w, https:\/\/www.trois-a.org\/wp-content\/uploads\/2024\/05\/une-image-contenant-plein-air-texte-plante-rout-768x387.jpeg 768w\" sizes=\"(max-width: 703px) 100vw, 703px\" \/><p id=\"caption-attachment-6172\" class=\"wp-caption-text\">La municipalit\u00e9 n\u2019a pas manqu\u00e9 de f\u00e9liciter Marielle publiquement<\/p><\/div>\n<p>&nbsp;<\/p>\n<p>3A avait <strong><a href=\"https:\/\/www.trois-a.org\/index.php\/2023\/12\/09\/marielle-berger-toujours-au-top\/\" target=\"_blank\" rel=\"noopener\">c\u00e9l\u00e9br\u00e9 les d\u00e9buts en fanfare de Marielle Berger-Sabattel<\/a><\/strong> pour la saison 23-24 de skicross, apr\u00e8s <strong><a href=\"https:\/\/www.trois-a.org\/index.php\/2023\/05\/19\/connaissez-vous-marielle-berger\/\" target=\"_blank\" rel=\"noopener\">l\u2019avoir interview\u00e9e en mai 2023<\/a><\/strong>.<\/p>\n<p>Il y avait cette ann\u00e9e 16 \u00e9tapes pour la coupe du monde de skicross. Marielle a atteint 15 finales.<\/p>\n<p>Sur 15 finales, Marielle a fait 10 podiums.<\/p>\n<p>R\u00e9sultat\u00a0: 2<sup>e<\/sup> de la coupe du monde.<\/p>\n<p>Et pour couronner le tout, Chrono d\u2019or 2024.<\/p>\n<hr \/>\n<h1 style=\"text-align: center;\"><a id=\"post-6161-_Comment_aider_le\"><\/a>Comment aider le festival de musique des Arcs<\/h1>\n<p><a href=\"mailto:production@festivaldesarcs.com\"><img decoding=\"async\" class=\"wp-image-6173 aligncenter\" src=\"https:\/\/www.trois-a.org\/wp-content\/uploads\/2024\/05\/une-image-contenant-texte-capture-decran-police.jpeg\" alt=\"Une image contenant texte, capture d\u2019\u00e9cran, Police, document Description g\u00e9n\u00e9r\u00e9e automatiquement\" width=\"706\" height=\"390\" srcset=\"https:\/\/www.trois-a.org\/wp-content\/uploads\/2024\/05\/une-image-contenant-texte-capture-decran-police.jpeg 1078w, https:\/\/www.trois-a.org\/wp-content\/uploads\/2024\/05\/une-image-contenant-texte-capture-decran-police-300x166.jpeg 300w, https:\/\/www.trois-a.org\/wp-content\/uploads\/2024\/05\/une-image-contenant-texte-capture-decran-police-1024x566.jpeg 1024w, https:\/\/www.trois-a.org\/wp-content\/uploads\/2024\/05\/une-image-contenant-texte-capture-decran-police-768x425.jpeg 768w\" sizes=\"(max-width: 706px) 100vw, 706px\" \/><\/a><\/p>\n<p>Tout est dit dans l\u2019encadr\u00e9 ci-dessus. 3A vous encourage vivement \u00e0 r\u00e9pondre \u00e0 cet appel, n\u2019h\u00e9sitez pas \u00e0 en parler aux autres propri\u00e9taires autour de vous qui pourraient contribuer.<\/p>\n<hr \/>\n<h1 style=\"text-align: center;\"><a id=\"post-6161-_L\u2019avenir_des_stations\"><\/a>L\u2019avenir des stations de ski vu par la Cour des Comptes<\/h1>\n<p><a href=\"https:\/\/www.youtube.com\/watch?v=IbM9jp_24RM\" target=\"_blank\" rel=\"noopener\"><img decoding=\"async\" class=\"wp-image-6174 aligncenter\" src=\"https:\/\/www.trois-a.org\/wp-content\/uploads\/2024\/05\/une-image-contenant-texte-capture-decran-police.png\" alt=\"Une image contenant texte, capture d\u2019\u00e9cran, Police Description g\u00e9n\u00e9r\u00e9e automatiquement\" width=\"671\" height=\"379\" srcset=\"https:\/\/www.trois-a.org\/wp-content\/uploads\/2024\/05\/une-image-contenant-texte-capture-decran-police.png 1290w, https:\/\/www.trois-a.org\/wp-content\/uploads\/2024\/05\/une-image-contenant-texte-capture-decran-police-300x169.png 300w, https:\/\/www.trois-a.org\/wp-content\/uploads\/2024\/05\/une-image-contenant-texte-capture-decran-police-1024x578.png 1024w, https:\/\/www.trois-a.org\/wp-content\/uploads\/2024\/05\/une-image-contenant-texte-capture-decran-police-768x433.png 768w\" sizes=\"(max-width: 671px) 100vw, 671px\" \/><\/a><\/p>\n<p>L\u2019avenir des stations de ski face au d\u00e9fi climatique a fait l\u2019objet de plusieurs \u00e9tudes, rapports, articles cette derni\u00e8re saison. 3A en fera une synth\u00e8se adapt\u00e9e \u00e0 la situation particuli\u00e8re des Arcs, mais elle attire particuli\u00e8rement votre attention sur un des plus s\u00e9rieux rapports, <strong><a href=\"https:\/\/www.ccomptes.fr\/fr\/publications\/les-stations-de-montagne-face-au-changement-climatique\" target=\"_blank\" rel=\"noopener\">celui de la Cour des Comptes publi\u00e9 le 6 f\u00e9vrier 2024<\/a><\/strong>, qui ne manquera pas de vous int\u00e9resser si vous vous sentez concern\u00e9 par l\u2019avenir \u00e0 moyen et long terme de notre station, malgr\u00e9 le temps n\u00e9cessaire \u00e0 son \u00ab ingestion \u00bb. Vous pouvez donc consulter <strong><a href=\"https:\/\/www.ccomptes.fr\/fr\/documents\/68400\" target=\"_blank\" rel=\"noopener\">une synth\u00e8se<\/a><\/strong> ou <strong><a href=\"https:\/\/www.ccomptes.fr\/sites\/default\/files\/2024-02\/20240206-Stations-de-montagne-face-au-changement-climatique.pdf\" target=\"_blank\" rel=\"noopener\">le rapport complet<\/a><\/strong>, mais aussi regarder <strong><a href=\"https:\/\/www.youtube.com\/watch?v=IbM9jp_24RM\" target=\"_blank\" rel=\"noopener\">une vid\u00e9o de synth\u00e8se de 2 mn particuli\u00e8rement bien faite<\/a><\/strong>. En guise de \u00ab\u00a0teaser\u00a0\u00bb, r\u00e9v\u00e9lons le classement des Arcs en \u00ab\u00a0indice climatique\u00a0\u00bb (r\u00e9silience \u00e0 la disparition du gisement de base que repr\u00e9sente la neige)\u00a0: 14<sup>e<\/sup> place et en \u00ab\u00a0score de vuln\u00e9rabilit\u00e9\u00a0\u00bb (qui tient compte d\u2019autres param\u00e8tres comme l\u2019indice socio-\u00e9conomique et l\u2019indice \u00ab\u00a0finances publiques\u00a0\u00bb)\u00a0: 23<sup>e<\/sup> place.<\/p>\n<hr \/>\n<h1 style=\"text-align: center;\"><a id=\"post-6161-_Retour_sur_le\"><\/a>Retour sur le prix de l\u2019eau aux Arcs<\/h1>\n<p><img decoding=\"async\" class=\"wp-image-6175 aligncenter\" src=\"https:\/\/www.trois-a.org\/wp-content\/uploads\/2024\/05\/word-image-6161-15.png\" width=\"458\" height=\"253\" srcset=\"https:\/\/www.trois-a.org\/wp-content\/uploads\/2024\/05\/word-image-6161-15.png 1396w, https:\/\/www.trois-a.org\/wp-content\/uploads\/2024\/05\/word-image-6161-15-300x165.png 300w, https:\/\/www.trois-a.org\/wp-content\/uploads\/2024\/05\/word-image-6161-15-1024x565.png 1024w, https:\/\/www.trois-a.org\/wp-content\/uploads\/2024\/05\/word-image-6161-15-768x424.png 768w, https:\/\/www.trois-a.org\/wp-content\/uploads\/2024\/05\/word-image-6161-15-1320x728.png 1320w\" sizes=\"(max-width: 458px) 100vw, 458px\" \/><\/p>\n<p>Au cours de <strong><a href=\"https:\/\/www.trois-a.org\/index.php\/2024\/05\/15\/une-interview-du-maire-par-le-president-de-3a\/\" target=\"_blank\" rel=\"noopener\">la rencontre de 3A avec le maire<\/a><\/strong>, celui-ci a clairement expos\u00e9 sa d\u00e9cision d\u2019attendre d\u00e9sormais la d\u00e9cision du TGI de Grenoble sur le recours engag\u00e9 par plusieurs copropri\u00e9t\u00e9s pour faire annuler la nouvelle tarification de l\u2019eau d\u00e9cid\u00e9e par le conseil municipal du 9 mars 2023. 3A a fait \u00e9voluer son mod\u00e8le Excel (disponible via <strong><a href=\"https:\/\/www.trois-a.org\/wp-content\/uploads\/2024\/05\/ITP.xlsx\">ce lien<\/a><\/strong>) qui permet de mesurer l\u2019impact de cette nouvelle tarification pour une copropri\u00e9t\u00e9 donn\u00e9e, pour le rendre plus facile \u00e0 utiliser si vous disposez des factures d\u2019eau de la v\u00f4tre. Ce mod\u00e8le a permis de mettre en \u00e9vidence la diff\u00e9rence de traitement de chaque propri\u00e9taire aux Arcs en fonction de la taille et de la consommation annuelle moyenne de sa r\u00e9sidence\u00a0:<\/p>\n<p><img decoding=\"async\" class=\"wp-image-6243 aligncenter\" src=\"https:\/\/www.trois-a.org\/wp-content\/uploads\/2024\/05\/disparite-application-tarif-progressif-de-leau-1-300x271.jpg\" alt=\"\" width=\"435\" height=\"393\" srcset=\"https:\/\/www.trois-a.org\/wp-content\/uploads\/2024\/05\/disparite-application-tarif-progressif-de-leau-1-300x271.jpg 300w, https:\/\/www.trois-a.org\/wp-content\/uploads\/2024\/05\/disparite-application-tarif-progressif-de-leau-1-768x694.jpg 768w, https:\/\/www.trois-a.org\/wp-content\/uploads\/2024\/05\/disparite-application-tarif-progressif-de-leau-1.jpg 910w\" sizes=\"(max-width: 435px) 100vw, 435px\" \/><\/p>\n<p>Si l\u2019on consid\u00e8re que la consommation moyenne d\u2019un appartement aux Arcs est de l\u2019ordre de 25 \u00e0 30 m3 par an, ou encore une facture annuelle entre 200 et 300 \u20ac avant l\u2019application de la tarification progressive, on voit que l\u2019impact de cette derni\u00e8re va de 0 \u20ac pour les petites copropri\u00e9t\u00e9s \u00e0 plus de 50 \u20ac par propri\u00e9taire pour les \u00ab grosses \u00bb copropri\u00e9t\u00e9s, \u00e0 consommation \u00e9gale.<\/p>\n<hr \/>\n<h1 style=\"text-align: center;\"><a id=\"post-6161-_L\u2019\u00e9volution_des_imp\u00f4ts\"><\/a>L\u2019\u00e9volution des imp\u00f4ts locaux sur deux ans<\/h1>\n<div id=\"attachment_6176\" style=\"width: 734px\" class=\"wp-caption aligncenter\"><img decoding=\"async\" aria-describedby=\"caption-attachment-6176\" class=\"wp-image-6176\" src=\"https:\/\/www.trois-a.org\/wp-content\/uploads\/2024\/05\/une-image-contenant-texte-capture-decran-police-1.png\" alt=\"Une image contenant texte, capture d\u2019\u00e9cran, Police, ligneDescription g\u00e9n\u00e9r\u00e9e automatiquement\" width=\"734\" height=\"311\" srcset=\"https:\/\/www.trois-a.org\/wp-content\/uploads\/2024\/05\/une-image-contenant-texte-capture-decran-police-1.png 1858w, https:\/\/www.trois-a.org\/wp-content\/uploads\/2024\/05\/une-image-contenant-texte-capture-decran-police-1-300x127.png 300w, https:\/\/www.trois-a.org\/wp-content\/uploads\/2024\/05\/une-image-contenant-texte-capture-decran-police-1-1024x433.png 1024w, https:\/\/www.trois-a.org\/wp-content\/uploads\/2024\/05\/une-image-contenant-texte-capture-decran-police-1-768x325.png 768w, https:\/\/www.trois-a.org\/wp-content\/uploads\/2024\/05\/une-image-contenant-texte-capture-decran-police-1-1536x650.png 1536w, https:\/\/www.trois-a.org\/wp-content\/uploads\/2024\/05\/une-image-contenant-texte-capture-decran-police-1-1320x558.png 1320w\" sizes=\"(max-width: 734px) 100vw, 734px\" \/><p id=\"caption-attachment-6176\" class=\"wp-caption-text\">Extrait des v\u0153ux du maire en janvier 2024<\/p><\/div>\n<p>&nbsp;<\/p>\n<p>Malgr\u00e9 la stabilit\u00e9 des taux d&rsquo;imposition d\u00e9cid\u00e9e par le conseil municipal de Bourg Saint Maurice-les Arcs, nos imp\u00f4ts locaux connaitront une forte augmentation en 2024.<\/p>\n<p>Le Conseil municipal a d\u00e9cid\u00e9 de conserver en 2024 les m\u00eames taux d&rsquo;imposition qu&rsquo;en 2023.<\/p>\n<p>\u00c0 quoi s&rsquo;ajoutera pour la premi\u00e8re fois la majoration de 40% de la taxe d&rsquo;habitation sur les r\u00e9sidences secondaires (THRS).<\/p>\n<p>Compte tenu de l&rsquo;\u00e9volution nationale des valeurs locatives (qui est parall\u00e8le \u00e0 l&rsquo;inflation), l\u2019assiette sur laquelle ils sont calcul\u00e9s, nos imp\u00f4ts locaux connaitront l&rsquo;\u00e9volution suivante :<\/p>\n<ul>\n<li>la TFPB (taxe fonci\u00e8re (sur les propri\u00e9t\u00e9s b\u00e2ties)) augmentera de 4% par rapport \u00e0 2023 et de <strong>15%<\/strong> par rapport \u00e0 2022<\/li>\n<li>la THRS augmentera de 45,4% par rapport \u00e0 2023 et de <strong>61%<\/strong> par rapport \u00e0 2022<\/li>\n<\/ul>\n<p>Cette progression un peu sup\u00e9rieure \u00e0 60% sur deux ans est celle que 3A avait annonc\u00e9e l&rsquo;ann\u00e9e derni\u00e8re dans<strong> <a href=\"https:\/\/www.trois-a.org\/index.php\/2023\/09\/12\/la-majoration-de-la-taxe-dhabitation-ce-sera-40\/\" target=\"_blank\" rel=\"noopener\">son article sur le sujet<\/a><\/strong>.<\/p>\n<p>Ces taxes devront \u00eatre vers\u00e9es avant la fin de l&rsquo;ann\u00e9e.<\/p>\n<p>Produits attendus en 2024 :<\/p>\n<ul>\n<li>pour la TFPB : 9,7 millions d&rsquo;euros<\/li>\n<li>pour la THRS : 6,4 millions d&rsquo;euros, dont 1,5 million d&rsquo;euros en raison de la majoration de la THRS<\/li>\n<\/ul>\n<hr \/>\n<h1 style=\"text-align: center;\"><a id=\"post-6161-_\u00cates-vous_\u00e9ligible_\u00e0\"><\/a>\u00cates-vous \u00e9ligible \u00e0 une exon\u00e9ration partielle de la taxe fonci\u00e8re ?<\/h1>\n<div id=\"attachment_6177\" style=\"width: 687px\" class=\"wp-caption aligncenter\"><img decoding=\"async\" aria-describedby=\"caption-attachment-6177\" class=\"wp-image-6177\" src=\"https:\/\/www.trois-a.org\/wp-content\/uploads\/2024\/05\/word-image-6161-17.png\" alt=\"\" width=\"687\" height=\"290\" srcset=\"https:\/\/www.trois-a.org\/wp-content\/uploads\/2024\/05\/word-image-6161-17.png 1860w, https:\/\/www.trois-a.org\/wp-content\/uploads\/2024\/05\/word-image-6161-17-300x127.png 300w, https:\/\/www.trois-a.org\/wp-content\/uploads\/2024\/05\/word-image-6161-17-1024x433.png 1024w, https:\/\/www.trois-a.org\/wp-content\/uploads\/2024\/05\/word-image-6161-17-768x325.png 768w, https:\/\/www.trois-a.org\/wp-content\/uploads\/2024\/05\/word-image-6161-17-1536x649.png 1536w, https:\/\/www.trois-a.org\/wp-content\/uploads\/2024\/05\/word-image-6161-17-1320x558.png 1320w\" sizes=\"(max-width: 687px) 100vw, 687px\" \/><p id=\"caption-attachment-6177\" class=\"wp-caption-text\">Extrait des v\u0153ux du maire en janvier 2024<\/p><\/div>\n<p>&nbsp;<\/p>\n<p>Vous \u00eates propri\u00e9taires \u00e0 Bourg Saint Maurice et\/ou aux Arcs dans un immeuble achev\u00e9 avant 1989 et vous avez effectu\u00e9 des travaux de r\u00e9novation \u00e9nerg\u00e9tique (ou vous envisagez d\u2019en faire), vous pouvez peut-\u00eatre b\u00e9n\u00e9ficier d\u2019un d\u00e9gr\u00e8vement de votre taxe fonci\u00e8re, \u00e0 la suite d\u2019<a href=\"https:\/\/www.trois-a.org\/wp-content\/uploads\/2024\/05\/CR-du-CM-du-14-decembre-2023-extrait.pdf\"><strong>une d\u00e9cision du conseil municipal du 14 d\u00e9cembre dernier<\/strong><\/a>. Comme souvent pour les exon\u00e9rations, les conditions sont \u00e0 la fois assez restrictives et difficiles \u00e0 bien cerner. 3A a essay\u00e9 de pr\u00e9senter aussi simplement que possible ces conditions <a href=\"https:\/\/www.trois-a.org\/index.php\/2024\/05\/21\/exoneration-partielle-de-la-taxe-fonciere-pour-qui-comment-quel-pourcentage\/\" target=\"_blank\" rel=\"noopener\"><strong>dans cet article<\/strong><\/a>, en donnant les r\u00e9f\u00e9rences qui devraient vous permettre de d\u00e9terminer si vous \u00eates \u00e9ligible ou non.<\/p>\n<hr \/>\n<h1 style=\"text-align: center;\"><a id=\"post-6161-_Le_m\u00e9morable_ski-show\"><\/a>Le m\u00e9morable ski-show des Arcs 2024<\/h1>\n<p><img decoding=\"async\" class=\"wp-image-6178 aligncenter\" src=\"https:\/\/www.trois-a.org\/wp-content\/uploads\/2024\/05\/une-image-contenant-obscurite-plein-air-leger-n.png\" alt=\"Une image contenant obscurit\u00e9, plein air, l\u00e9ger, nuit Description g\u00e9n\u00e9r\u00e9e automatiquement\" width=\"750\" height=\"351\" srcset=\"https:\/\/www.trois-a.org\/wp-content\/uploads\/2024\/05\/une-image-contenant-obscurite-plein-air-leger-n.png 1880w, https:\/\/www.trois-a.org\/wp-content\/uploads\/2024\/05\/une-image-contenant-obscurite-plein-air-leger-n-300x140.png 300w, https:\/\/www.trois-a.org\/wp-content\/uploads\/2024\/05\/une-image-contenant-obscurite-plein-air-leger-n-1024x479.png 1024w, https:\/\/www.trois-a.org\/wp-content\/uploads\/2024\/05\/une-image-contenant-obscurite-plein-air-leger-n-768x359.png 768w, https:\/\/www.trois-a.org\/wp-content\/uploads\/2024\/05\/une-image-contenant-obscurite-plein-air-leger-n-1536x719.png 1536w, https:\/\/www.trois-a.org\/wp-content\/uploads\/2024\/05\/une-image-contenant-obscurite-plein-air-leger-n-1320x618.png 1320w\" sizes=\"(max-width: 750px) 100vw, 750px\" \/><\/p>\n<p>En plus du spectacle \u00ab\u00a0sur skis\u00a0\u00bb toujours top, le ski-show des Arcs 2024 a inaugur\u00e9 une attraction encore peu connue mais spectaculaire\u00a0: le spectacle de drones lumineux. Version courte <strong><a href=\"https:\/\/www.youtube.com\/watch?v=PFMzCnMohIg\">ici<\/a><\/strong> ou version longue <strong><a href=\"https:\/\/drive.google.com\/file\/d\/1057EyxyRJRniroHLEkueARu4PQ1T1XAf\/view?usp=share_link\">l\u00e0<\/a><\/strong> (le clou du spectacle \u00e0 10:20). Si vous voulez tout savoir sur l\u2019envers du d\u00e9cor, vous pouvez consulter <strong><a href=\"https:\/\/www.allumee.com\/\" target=\"_blank\" rel=\"noopener\">ce site<\/a><\/strong> (non sponsoris\u00e9 par 3A ), mais \u00e9vitez la page tarifs\u2026<\/p>\n<hr \/>\n<h1 style=\"text-align: center;\"><a id=\"post-6161-_Interagissez_directement_avec\"><\/a>Interagissez directement avec la mairie<\/h1>\n<div id=\"attachment_6179\" style=\"width: 255px\" class=\"wp-caption aligncenter\"><img decoding=\"async\" aria-describedby=\"caption-attachment-6179\" class=\"wp-image-6179\" src=\"https:\/\/www.trois-a.org\/wp-content\/uploads\/2024\/05\/word-image-6161-19.png\" alt=\"\" width=\"255\" height=\"259\" srcset=\"https:\/\/www.trois-a.org\/wp-content\/uploads\/2024\/05\/word-image-6161-19.png 398w, https:\/\/www.trois-a.org\/wp-content\/uploads\/2024\/05\/word-image-6161-19-296x300.png 296w\" sizes=\"(max-width: 255px) 100vw, 255px\" \/><p id=\"caption-attachment-6179\" class=\"wp-caption-text\">Scannez ce QR-code pour charger l\u2019application A2Mairie<\/p><\/div>\n<p>&nbsp;<\/p>\n<p>Vous pouvez faire un signalement en installant sur votre t\u00e9l\u00e9phone l\u2019application A2Mairie puis en s\u00e9lectionnant Bourg Saint Maurice. C\u2019est un autre moyen que la consultation du site de la mairie pour prendre connaissance des infos sur la commune, mais c\u2019est surtout la possibilit\u00e9 de signaler directement aux services municipaux des dysfonctionnements que vous pourriez constater qui fait son int\u00e9r\u00eat. Tous les renseignements sont <strong><a href=\"https:\/\/www.bourgsaintmaurice.fr\/une-commune\/abonnements\/faire-un-signalement\" target=\"_blank\" rel=\"noopener\">l\u00e0<\/a><\/strong>.<\/p>\n<p><img decoding=\"async\" class=\"wp-image-6180 aligncenter\" src=\"https:\/\/www.trois-a.org\/wp-content\/uploads\/2024\/05\/une-image-contenant-panorama-batiment-plein-air.png\" alt=\"Une image contenant panorama, b\u00e2timent, plein air, montagne Description g\u00e9n\u00e9r\u00e9e automatiquement\" width=\"794\" height=\"198\" srcset=\"https:\/\/www.trois-a.org\/wp-content\/uploads\/2024\/05\/une-image-contenant-panorama-batiment-plein-air.png 1782w, https:\/\/www.trois-a.org\/wp-content\/uploads\/2024\/05\/une-image-contenant-panorama-batiment-plein-air-300x75.png 300w, https:\/\/www.trois-a.org\/wp-content\/uploads\/2024\/05\/une-image-contenant-panorama-batiment-plein-air-1024x255.png 1024w, https:\/\/www.trois-a.org\/wp-content\/uploads\/2024\/05\/une-image-contenant-panorama-batiment-plein-air-768x191.png 768w, https:\/\/www.trois-a.org\/wp-content\/uploads\/2024\/05\/une-image-contenant-panorama-batiment-plein-air-1536x383.png 1536w, https:\/\/www.trois-a.org\/wp-content\/uploads\/2024\/05\/une-image-contenant-panorama-batiment-plein-air-1320x329.png 1320w\" sizes=\"(max-width: 794px) 100vw, 794px\" \/><\/p>\n<p>Par ailleurs, si vous souhaitez \u00eatre alert\u00e9 par SMS en cas d\u2019\u00e9v\u00e8nement majeur survenant sur les Arcs, vous pouvez vous inscrire sur la liste de diffusion de ces messages en suivant les instructions sur <strong><a href=\"https:\/\/www.bourgsaintmaurice.fr\/abonnement-alertes-1\" target=\"_blank\" rel=\"noopener\">cette page du site de la mairie<\/a><\/strong>.<\/p>\n<hr \/>\n<p>L\u2019existence de 3A et sa capacit\u00e9 \u00e0 faire entendre votre voix d\u00e9pendent de votre soutien. Rejoignez-nous ou renouvelez votre adh\u00e9sion en vous rendant <strong><a href=\"https:\/\/www.trois-a.org\/index.php\/adhesion\/\" target=\"_blank\" rel=\"noopener\">sur cette page<\/a><\/strong>. Vous pouvez v\u00e9rifier que vous \u00eates \u00e0 jour de votre cotisation <strong><a href=\"https:\/\/www.trois-a.org\/wp-login.php\" target=\"_blank\" rel=\"noopener\">en vous connectant au site<\/a><\/strong> ; si vous \u00eates \u00e0 jour, votre nom en haut \u00e0 droite sera pr\u00e9c\u00e9d\u00e9 de \u00ab\u00a0A24R\u00a0\u00bb (renouvellement) ou \u00ab\u00a0A23NA\u00a0\u00bb (nouvelle adh\u00e9sion).<\/p>\n<hr \/>\n<p>Vous pouvez interagir avec nous :<\/p>\n<ul>\n<li>en utilisant <strong><a href=\"https:\/\/www.trois-a.org\/index.php\/exprimez-vous\/\" target=\"_blank\" rel=\"noopener\">la rubrique \u00ab Exprimez-vous \u00bb<\/a><\/strong> (en haut a\u0300 droite de chaque page du site)<\/li>\n<li>en envoyant un mail a\u0300\u00a0<strong><a href=\"mailto:contact@trois-a.org\" target=\"_blank\" rel=\"noopener\">contact@trois-a.org<\/a><\/strong><\/li>\n<li>en postant un commentaire sur un article du site (ce qui permettra de dialoguer \u00e9galement avec les autres propri\u00e9taires)<\/li>\n<li>en participant aux r\u00e9unions \u00ab Propri\u00e9taire aux Arcs \u00bb que 3A organise r\u00e9guli\u00e8rement aux Arcs.<\/li>\n<\/ul>\n<p style=\"text-align: center;\">\u00a9 Avenir et Animation des Arcs 2024<\/p>\n<\/div><\/article><article id=\"post-5774\" class=\"hentry entry entry_full post_has_image \"><div class=\"entry_info\"><h2 class=\"entry_title entry-title\"><a href=\"https:\/\/www.trois-a.org\/index.php\/2023\/11\/11\/les-breves-de-3a-n22\/\" rel=\"bookmark\" title=\"Lien permanent pour Les Br\u00e8ves de 3A n\u00b022\">Les Br\u00e8ves de 3A n\u00b022<\/a><\/h2><div class=\"entry_meta\"><time class=\"published updated\" datetime=\"2023-11-11\"><a href=\"https:\/\/www.trois-a.org\/index.php\/2023\/11\/\"><i class=\"theme-icon icon_calendar-meta meta-icon meta-icon-calendar\"><\/i>11 novembre 2023<\/a><\/time><span class=\"separator\">|<\/span><span class=\"tags\"><i class=\"theme-icon icon_tag-meta meta-icon\"><\/i><a href=\"https:\/\/www.trois-a.org\/index.php\/tag\/article-en-acces-libre\/\" rel=\"tag\">Article en acc\u00e8s libre<\/a><\/span><\/div><\/div><div class=\"entry_content entry-content\"><p>Vous pouvez t\u00e9l\u00e9charger<a href=\"https:\/\/www.trois-a.org\/wp-content\/uploads\/2023\/11\/Breves-22.pdf\" target=\"_blank\" rel=\"noopener\"> la version pdf<\/a> (800 Ko).<\/p>\n<p><img decoding=\"async\" class=\"wp-image-5775 aligncenter\" src=\"https:\/\/www.trois-a.org\/wp-content\/uploads\/2023\/11\/une-image-contenant-ligne-triangle-police-conce.jpeg\" alt=\"Une image contenant ligne, triangle, Police, conception Description g\u00e9n\u00e9r\u00e9e automatiquement\" width=\"312\" height=\"241\" srcset=\"https:\/\/www.trois-a.org\/wp-content\/uploads\/2023\/11\/une-image-contenant-ligne-triangle-police-conce.jpeg 453w, https:\/\/www.trois-a.org\/wp-content\/uploads\/2023\/11\/une-image-contenant-ligne-triangle-police-conce-300x232.jpeg 300w\" sizes=\"(max-width: 312px) 100vw, 312px\" \/><\/p>\n<h1 style=\"text-align: center;\"><strong>Les Br\u00e8ves de 3A n\u00b022<\/strong><\/h1>\n<h1 style=\"text-align: center;\"><strong>Novembre 2023<\/strong><\/h1>\n<hr \/>\n<p style=\"text-align: center;\"><em>Tous les anciens nume\u0301ros des Bre\u0300ves de 3A sont disponibles en libre acce\u0300s <\/em><a href=\"https:\/\/www.trois-a.org\/index.php\/accueil\/les-breves-de-3a\/\"><strong><em>ici<\/em><\/strong><\/a><em>.<\/em><\/p>\n<hr \/>\n<div id=\"attachment_5807\" style=\"width: 944px\" class=\"wp-caption aligncenter\"><img decoding=\"async\" aria-describedby=\"caption-attachment-5807\" class=\"wp-image-5807\" src=\"https:\/\/www.trois-a.org\/wp-content\/uploads\/2023\/11\/Les-Arcs-le-11-novembre-300x169.jpg\" alt=\"\" width=\"944\" height=\"532\" srcset=\"https:\/\/www.trois-a.org\/wp-content\/uploads\/2023\/11\/Les-Arcs-le-11-novembre-300x169.jpg 300w, https:\/\/www.trois-a.org\/wp-content\/uploads\/2023\/11\/Les-Arcs-le-11-novembre-768x432.jpg 768w, https:\/\/www.trois-a.org\/wp-content\/uploads\/2023\/11\/Les-Arcs-le-11-novembre-2048x1151.jpg 2048w, https:\/\/www.trois-a.org\/wp-content\/uploads\/2023\/11\/Les-Arcs-le-11-novembre-1320x742.jpg 1320w\" sizes=\"(max-width: 944px) 100vw, 944px\" \/><p id=\"caption-attachment-5807\" class=\"wp-caption-text\">Le 11 novembre 2023, le domaine skiable des Arcs est \u00e0 vous<\/p><\/div>\n<p><em>Dans ce num\u00e9ro<\/em><\/p>\n<ol>\n<li><a href=\"#post-5774-\u00e9dito\">L\u2019\u00e9dito du pr\u00e9sident<\/a><\/li>\n<li><a href=\"#post-5774-g\u00e9ants\">Les g\u00e9ants de Malgovert<\/a><\/li>\n<li><a href=\"#post-5774-\u00e9v\u00e8nements3A\">Les \u00e9v\u00e8nements 3A de l\u2019\u00e9t\u00e9<\/a><\/li>\n<li><a href=\"#post-5774-PP3A\">Le programme Partenaire 3A<\/a><\/li>\n<li><a href=\"#post-5774-PL\u00e03226m\">Paris et Lyon \u00e0 3226 m<\/a><\/li>\n<li><a href=\"#post-5774-filmfest\">Le festival du cin\u00e9ma aux Arcs<\/a><\/li>\n<li><a href=\"#post-5774-\u00e9chosAG\">Echos de l\u2019AG 2023<\/a><\/li>\n<li><a href=\"#post-5774-B-Corp\">ADS certifi\u00e9e B-Corp\u00a0!<\/a><\/li>\n<li><a href=\"#post-5774-TPE\">Le point sur le tarif progressif de l\u2019eau<\/a><\/li>\n<li><a href=\"#post-5774-sthrs\">La (sur)taxe d\u2019habitation sur les r\u00e9sidences secondaires aux Arcs<\/a><\/li>\n<li><a href=\"#post-5774-AiguilleRouge\">L\u2019Aiguille Rouge : retour vers la nature ?<\/a><\/li>\n<li><a href=\"#post-5774-guide\">Guide des habitants<\/a><\/li>\n<li><a href=\"#post-5774-stationnement1600\">Vers un stationnement payant \u00e0 Arc 1600<\/a><\/li>\n<\/ol>\n<hr \/>\n<h1 id=\"post-5774-\u00e9dito\" style=\"text-align: center;\">L\u2019\u00e9dito du pr\u00e9sident<\/h1>\n<p style=\"font-weight: 400;\">Alors que M\u00e9t\u00e9o France nous annonce un record de neige en novembre depuis 20 ans, c&rsquo;est devant des Arcs tout blancs que j&rsquo;\u00e9cris ces quelques lignes (voir les photos ci-dessus de la couverture de ce num\u00e9ro des Br\u00e8ves de 3A). La perspective d&rsquo;une ouverture de saison enneig\u00e9e ne peut que nous r\u00e9jouir apr\u00e8s une ann\u00e9e 2023 un peu bouscul\u00e9e.<\/p>\n<p style=\"font-weight: 400;\">Apr\u00e8s le d\u00e9part tr\u00e8s regrett\u00e9 de notre ami Alain Rius, 3A\u00a0est heureuse d\u2019accueillir quatre\u00a0nouveaux entrants au sein de son conseil d&rsquo;administration. Bienvenue \u00e0 B\u00e9n\u00e9dicte, Claire, Caroline et Jean-Christophe ! Ceci nous permet de renforcer nos actions sur des th\u00e8mes importants comme la petite enfance, les animations de demain et les partenariats.<\/p>\n<p style=\"font-weight: 400;\">Avec le lancement du programme \u00ab\u00a0Partenaire 3A\u00a0\u00bb, cette nouvelle saison annonce le partenariat entre les acteurs sociaux-professionnels et 3A, t\u00e9moin de nos engagements mutuels \u00e0 long terme pour notre station. Une entraide qui prendra diff\u00e9rentes formes et qui se concr\u00e9tise notamment par certains avantages (toutes les informations disponibles sur le site 3A).<\/p>\n<p style=\"font-weight: 400;\">J&rsquo;invite aussi le plus grand nombre <strong><a href=\"https:\/\/www.trois-a.org\/index.php\/adhesion\/\" target=\"_blank\" rel=\"noopener\">\u00e0 nous rejoindre\u00a0ou \u00e0 renouveler leur soutien<\/a><\/strong> s\u2019ils ne l\u2019ont pas encore fait pour 2023\u00a0en support de nos actions de d\u00e9fense des int\u00e9r\u00eats des propri\u00e9taires aux Arcs et de nos actions contre toute mesure injuste ou discriminatoire. Un dialogue rapproch\u00e9 est notamment engag\u00e9 avec nos instances communales sur le suivi de mesures r\u00e9centes (ex <strong><a href=\"https:\/\/www.trois-a.org\/index.php\/2023\/03\/30\/nouvelle-evolution-du-prix-de-leau-aux-arcs\/\">la nouvelle tarification de l&rsquo;eau<\/a><\/strong>, <strong><a href=\"https:\/\/www.trois-a.org\/index.php\/2023\/09\/12\/la-majoration-de-la-taxe-dhabitation-ce-sera-40\/\">la majoration de la taxe d\u2019habitation pour les r\u00e9sidences secondaires<\/a><\/strong>) sur lesquelles 3A compte peser de son mieux.<\/p>\n<p style=\"font-weight: 400;\">Je ne peux que vous inciter \u00e0 venir nombreux pour cette ouverture de saison qui s&rsquo;annonce sportive et culturelle gr\u00e2ce au panel de projections impressionnant que nous a concoct\u00e9 <strong><a href=\"https:\/\/lesarcs-filmfest.com\/fr\">notre dynamique\u00a0festival du film<\/a><\/strong>.<\/p>\n<p>Je vous souhaite une excellente saison 2023-2024 aux Arcs !<\/p>\n<p style=\"text-align: center;\">Cedric Lespiau<\/p>\n<p style=\"text-align: center;\">Pr\u00e9sident de 3A<\/p>\n<p style=\"text-align: center;\"><img decoding=\"async\" width=\"238\" height=\"299\" class=\"wp-image-5777\" src=\"https:\/\/www.trois-a.org\/wp-content\/uploads\/2023\/11\/une-image-contenant-visage-humain-personne-souri.jpeg\" alt=\"Une image contenant Visage humain, personne, sourire, Front Description g\u00e9n\u00e9r\u00e9e automatiquement\" \/><\/p>\n<hr \/>\n<h1 id=\"post-5774-g\u00e9ants\" style=\"text-align: center;\">Les G\u00e9ants de Malgovert<\/h1>\n<p><img decoding=\"async\" class=\" wp-image-5803 aligncenter\" src=\"https:\/\/www.trois-a.org\/wp-content\/uploads\/2023\/11\/Geants-de-Malgovert-300x169.jpg\" alt=\"\" width=\"524\" height=\"295\" srcset=\"https:\/\/www.trois-a.org\/wp-content\/uploads\/2023\/11\/Geants-de-Malgovert-300x169.jpg 300w, https:\/\/www.trois-a.org\/wp-content\/uploads\/2023\/11\/Geants-de-Malgovert-1024x575.jpg 1024w, https:\/\/www.trois-a.org\/wp-content\/uploads\/2023\/11\/Geants-de-Malgovert-768x432.jpg 768w, https:\/\/www.trois-a.org\/wp-content\/uploads\/2023\/11\/Geants-de-Malgovert-1536x863.jpg 1536w, https:\/\/www.trois-a.org\/wp-content\/uploads\/2023\/11\/Geants-de-Malgovert-1320x742.jpg 1320w, https:\/\/www.trois-a.org\/wp-content\/uploads\/2023\/11\/Geants-de-Malgovert.jpg 2036w\" sizes=\"(max-width: 524px) 100vw, 524px\" \/><\/p>\n<p style=\"font-weight: 400;\">Fr\u00e9d\u00e9ric Charlot, le directeur d\u2019ADS, a d\u00e9voil\u00e9 lors <strong><a href=\"https:\/\/www.calameo.com\/read\/0056896169a0065c64ba0?page=1\">de la r\u00e9union d\u2019informations pour les propri\u00e9taires<\/a><\/strong> qui a suivi l\u2019AG de 3A le 3 ao\u00fbt cet \u00e9t\u00e9 un nouveau terrain d\u2019exercices ludiques pour les enfants, mais pas que, am\u00e9nag\u00e9 pr\u00e8s de l\u2019arriv\u00e9e de <strong><a href=\"https:\/\/www.remontees-mecaniques.net\/bdd\/reportage-tsf3-du-mont-blanc-poma-4069.html\">l\u2019ancien t\u00e9l\u00e9si\u00e8ge du Mont Blanc<\/a><\/strong> \u00e0 Arc 1600 et baptis\u00e9 <strong><a href=\"https:\/\/www.lesarcs.com\/blog\/cest-nouveau-cet-hiver\" target=\"_blank\" rel=\"noopener\">Les G\u00e9ants de Malgovert<\/a><\/strong>. 3A vous offre une petite visite en avant-premi\u00e8re.<\/p>\n<p style=\"font-weight: 400;\"><img decoding=\"async\" class=\"wp-image-5804 aligncenter\" src=\"https:\/\/www.trois-a.org\/wp-content\/uploads\/2023\/11\/Geants-de-Malgovert-visite-300x169.jpg\" alt=\"\" width=\"872\" height=\"491\" srcset=\"https:\/\/www.trois-a.org\/wp-content\/uploads\/2023\/11\/Geants-de-Malgovert-visite-300x169.jpg 300w, https:\/\/www.trois-a.org\/wp-content\/uploads\/2023\/11\/Geants-de-Malgovert-visite-1024x576.jpg 1024w, https:\/\/www.trois-a.org\/wp-content\/uploads\/2023\/11\/Geants-de-Malgovert-visite-768x432.jpg 768w, https:\/\/www.trois-a.org\/wp-content\/uploads\/2023\/11\/Geants-de-Malgovert-visite-1536x864.jpg 1536w, https:\/\/www.trois-a.org\/wp-content\/uploads\/2023\/11\/Geants-de-Malgovert-visite-2048x1152.jpg 2048w, https:\/\/www.trois-a.org\/wp-content\/uploads\/2023\/11\/Geants-de-Malgovert-visite-1320x743.jpg 1320w\" sizes=\"(max-width: 872px) 100vw, 872px\" \/><\/p>\n<hr \/>\n<h1 id=\"post-5774-\u00e9v\u00e8nements3A\" style=\"text-align: center;\">Les \u00e9v\u00e8nements 3A de l\u2019\u00e9t\u00e9<\/h1>\n<h2>2<sup>e<\/sup> Rencontre 3A-pr\u00e9sidents 2023<\/h2>\n<p>Compte tenu du succ\u00e8s de <strong><a href=\"https:\/\/www.trois-a.org\/index.php\/2023\/06\/13\/la-rencontre-3a-presidents-du-2-avril-2023\/\" target=\"_blank\" rel=\"noopener\">la rencontre 3A-pr\u00e9sidents du 4 avril 2023<\/a><\/strong>, mais aussi d\u2019une certaine frustration de ceux d\u2019entre eux qui n\u2019ont pas pu y participer, 3A a organis\u00e9 une \u00ab\u00a0\u00e9dition d\u2019\u00e9t\u00e9\u00a0\u00bb le dimanche 30 juillet. Cette rencontre a de nouveau permis un dialogue fructueux entre 3A et les pr\u00e9sidents (25 pr\u00e9sents), et aussi entre pr\u00e9sidents. Rappelons que ceux-ci disposent d\u00e9sormais d\u2019une liste de discussion, mise en \u0153uvre par 3A, qui regroupe plus de 65 copropri\u00e9t\u00e9s aux Arcs, et qui a d\u00e9j\u00e0 donn\u00e9 lieu \u00e0 de nombreux \u00e9changes sur les probl\u00e9matiques de gestion d\u2019une copropri\u00e9t\u00e9 aux Arcs.<\/p>\n<h2>La comp\u00e9tition de golf 3A<\/h2>\n<p>Vous saurez tout sur l\u2019\u00e9dition 2023 de ce traditionnel \u00e9v\u00e8nement en consultant <strong><a href=\"https:\/\/www.trois-a.org\/index.php\/2023\/08\/17\/la-competition-de-golf-3a-2023\/\">cet article du site de 3A<\/a><\/strong>.<\/p>\n<h2>Bridge<\/h2>\n<p>Une nouvelle fois, les s\u00e9ances de bridge anim\u00e9es par Monique Bertrand \u00e0 l\u2019Iceberg \u00e0 Arc 1800 ont permis aux habitu\u00e9s de pratiquer leur sport, mais aussi d\u2019accueillir de nouveaux participants qui ont pu b\u00e9n\u00e9ficier des conseils tr\u00e8s appr\u00e9ci\u00e9s de Monique.<\/p>\n<h2>Inauguration d&rsquo;un 2e terrain de beach-volley de 1600<\/h2>\n<p style=\"font-weight: 400;\">La disponibilit\u00e9 d\u2019un terrain de beach-volley \u00e0 Arc 1600 a provoqu\u00e9 au cours des derni\u00e8res ann\u00e9es un engouement particulier pour ce sport de la part des propri\u00e9taires, menant \u00e0 sa saturation r\u00e9guli\u00e8re, en particulier au mois d\u2019ao\u00fbt.<\/p>\n<p style=\"font-weight: 400;\">Fort de cette constatation, 3A a sugg\u00e9r\u00e9 l\u2019am\u00e9nagement d\u2019un deuxi\u00e8me terrain sur les hauteurs de 1600 dans la zone des Deux T\u00eates. Bien accueilli par le maire Guillaume Desrues, le projet a pu se concr\u00e9tiser gr\u00e2ce au r\u00f4le central jou\u00e9 par l&rsquo;ESF d\u2019Arc 1600 en la personne de son directeur Pascal Bohard, en coordonnant le projet technique, en contribuant au financement, et en mettant efficacement \u00e0 l&rsquo;\u0153uvre sa relation avec le promoteur Sotarbat (constructeur des nouveaux chalets de la zone).<\/p>\n<p><span style=\"font-weight: 400;\">L\u2019inauguration cet \u00e9t\u00e9 de ce nouveau terrain a \u00e9t\u00e9 l&rsquo;occasion d&rsquo;un match entre l\u2019\u00e9quipe \u00ab Station \u00bb et l\u2019\u00e9quipe \u00ab Propri\u00e9taires \u00bb (score censur\u00e9) et s\u2019est achev\u00e9e par un ap\u00e9ritif convivial, offert par l&rsquo;\u00e9quipe gagnante, \u00e0 la French Touch (Ridge).<\/span><\/p>\n<div id=\"attachment_5778\" style=\"width: 681px\" class=\"wp-caption aligncenter\"><img decoding=\"async\" aria-describedby=\"caption-attachment-5778\" class=\"wp-image-5778\" src=\"https:\/\/www.trois-a.org\/wp-content\/uploads\/2023\/11\/une-image-contenant-personne-plein-air-volley-ba.jpeg\" alt=\"Une image contenant personne, plein air, volley-ball, comp\u00e9tition sportiveDescription g\u00e9n\u00e9r\u00e9e automatiquement\" width=\"681\" height=\"511\" srcset=\"https:\/\/www.trois-a.org\/wp-content\/uploads\/2023\/11\/une-image-contenant-personne-plein-air-volley-ba.jpeg 1024w, https:\/\/www.trois-a.org\/wp-content\/uploads\/2023\/11\/une-image-contenant-personne-plein-air-volley-ba-300x225.jpeg 300w, https:\/\/www.trois-a.org\/wp-content\/uploads\/2023\/11\/une-image-contenant-personne-plein-air-volley-ba-768x576.jpeg 768w\" sizes=\"(max-width: 681px) 100vw, 681px\" \/><p id=\"caption-attachment-5778\" class=\"wp-caption-text\">Cedric (propri\u00e9taire), Pascal Bohard (directeur ESF 1600), Marc (propri\u00e9taire), Guillaume Desrues (Maire BSM-Les Arcs), Jean (propri\u00e9taire), Laurent Ducreux (\u00e9lu municipal d\u00e9l\u00e9gu\u00e9 les Arcs)<\/p><\/div>\n<hr \/>\n<h1 id=\"post-5774-PP3A\" style=\"text-align: center;\">Le programme Partenaire 3A<\/h1>\n<div id=\"attachment_5779\" style=\"width: 332px\" class=\"wp-caption aligncenter\"><img decoding=\"async\" aria-describedby=\"caption-attachment-5779\" class=\"wp-image-5779\" src=\"https:\/\/www.trois-a.org\/wp-content\/uploads\/2023\/11\/une-image-contenant-texte-visage-humain-neige-h.jpeg\" alt=\"Une image contenant texte, Visage humain, neige, hiverDescription g\u00e9n\u00e9r\u00e9e automatiquement\" width=\"332\" height=\"210\" srcset=\"https:\/\/www.trois-a.org\/wp-content\/uploads\/2023\/11\/une-image-contenant-texte-visage-humain-neige-h.jpeg 608w, https:\/\/www.trois-a.org\/wp-content\/uploads\/2023\/11\/une-image-contenant-texte-visage-humain-neige-h-300x189.jpeg 300w\" sizes=\"(max-width: 332px) 100vw, 332px\" \/><p id=\"caption-attachment-5779\" class=\"wp-caption-text\">La carte adh\u00e9rent 3A<\/p><\/div>\n<p>&nbsp;<\/p>\n<p style=\"font-weight: 400;\">En ao\u00fbt dernier, lors de notre Assembl\u00e9e G\u00e9n\u00e9rale, nous avons entam\u00e9 un tournant significatif avec le lancement du programme Partenaire 3A. Ce programme a pour objectif la reconnaissance de votre d\u00e9vouement en tant que propri\u00e9taires et acteurs engag\u00e9s de la station.<\/p>\n<p style=\"font-weight: 400;\">Votre engagement mat\u00e9rialis\u00e9 : la Carte Adh\u00e9rent 3A. Elle est votre passeport pour des avantages aupr\u00e8s des premiers prestataires qui se sont joints \u00e0 nous pour soutenir cette initiative. Disponible en format \u00e9lectronique ou papier, il vous suffira de la pr\u00e9senter \u00e0 un des partenaires 3A pour b\u00e9n\u00e9ficier de ces avantages.<\/p>\n<p style=\"font-weight: 400;\"><strong>Pour obtenir votre carte, suivez ces \u00e9tapes simples :<\/strong><\/p>\n<ul>\n<li>Visitez notre site et <strong><a href=\"https:\/\/www.trois-a.org\/wp-login.php\" target=\"_blank\" rel=\"noopener\">connectez-vous<\/a><\/strong><\/li>\n<li>Rendez-vous sur la page d\u2019adh\u00e9sion<\/li>\n<li>Si vous \u00eates \u00e0 jour de votre cotisation, vous y trouverez un lien pour t\u00e9l\u00e9charger votre Carte Adh\u00e9rent.<\/li>\n<\/ul>\n<p style=\"font-weight: 400;\">Envie de plonger dans les d\u00e9tails de ce programme ? Cliquez <strong><a href=\"https:\/\/www.trois-a.org\/wp-content\/uploads\/2023\/07\/Statut-Proprietaire-3A.pdf\">ici<\/a><\/strong>.<\/p>\n<p style=\"font-weight: 400;\">Et pour ceux qui incarnent ce partenariat, d\u00e9couvrez la liste de nos soutiens <strong><a href=\"https:\/\/www.trois-a.org\/index.php\/partenaires-3a\/\">ici<\/a><\/strong>.<\/p>\n<p><span style=\"font-weight: 400;\">Avec le programme Partenaire 3A, nous concr\u00e9tisons l&rsquo;engagement des propri\u00e9taires et renfor\u00e7ons les liens au sein de notre station. Merci de continuer \u00e0 faire partie de cette aventure collective.<\/span><\/p>\n<hr \/>\n<h1 id=\"post-5774-PL\u00e03226m\" style=\"text-align: center;\">Paris et Lyon \u00e0 3226 m<\/h1>\n<h1><img decoding=\"async\" class=\" wp-image-5799 aligncenter\" src=\"https:\/\/www.trois-a.org\/wp-content\/uploads\/2023\/11\/Paris-et-Lyon-300x241.jpg\" alt=\"\" width=\"553\" height=\"444\" srcset=\"https:\/\/www.trois-a.org\/wp-content\/uploads\/2023\/11\/Paris-et-Lyon-300x241.jpg 300w, https:\/\/www.trois-a.org\/wp-content\/uploads\/2023\/11\/Paris-et-Lyon-1024x822.jpg 1024w, https:\/\/www.trois-a.org\/wp-content\/uploads\/2023\/11\/Paris-et-Lyon-768x616.jpg 768w, https:\/\/www.trois-a.org\/wp-content\/uploads\/2023\/11\/Paris-et-Lyon-1536x1233.jpg 1536w, https:\/\/www.trois-a.org\/wp-content\/uploads\/2023\/11\/Paris-et-Lyon-1320x1059.jpg 1320w, https:\/\/www.trois-a.org\/wp-content\/uploads\/2023\/11\/Paris-et-Lyon.jpg 1869w\" sizes=\"(max-width: 553px) 100vw, 553px\" \/><\/h1>\n<p>Selon la tradition maintenant bien \u00e9tablie, <strong><a href=\"https:\/\/www.lesarcs.com\/proprietaires\" target=\"_blank\" rel=\"noopener\">la Maison des Propri\u00e9taires des Arcs<\/a><\/strong> a organis\u00e9 les 15 et 16 novembre deux rencontres entre les acteurs de la station et les propri\u00e9taires de Lyon (15 novembre) et de Paris (16 novembre, \u00e9tendues \u00e0 Paradiski, qui f\u00eate ses 20 ans cette ann\u00e9e). Vous avez \u00e9t\u00e9 prompts \u00e0 saisir cette occasion d\u2019\u00e9changes conviviale, le quota de places s\u2019est rapidement \u00e9puis\u00e9.<\/p>\n<hr \/>\n<h1 id=\"post-5774-filmfest\" style=\"text-align: center;\">Le festival du cin\u00e9ma aux Arcs<\/h1>\n<p style=\"font-weight: 400;\"><a href=\"https:\/\/lesarcs-filmfest.com\/fr\" target=\"_blank\" rel=\"noopener\"><img decoding=\"async\" class=\" wp-image-5813 aligncenter\" src=\"https:\/\/www.trois-a.org\/wp-content\/uploads\/2023\/11\/Les-Arcs-film-festival-300x180.jpg\" alt=\"\" width=\"608\" height=\"365\" srcset=\"https:\/\/www.trois-a.org\/wp-content\/uploads\/2023\/11\/Les-Arcs-film-festival-300x180.jpg 300w, https:\/\/www.trois-a.org\/wp-content\/uploads\/2023\/11\/Les-Arcs-film-festival-1024x614.jpg 1024w, https:\/\/www.trois-a.org\/wp-content\/uploads\/2023\/11\/Les-Arcs-film-festival-768x460.jpg 768w, https:\/\/www.trois-a.org\/wp-content\/uploads\/2023\/11\/Les-Arcs-film-festival-1536x920.jpg 1536w, https:\/\/www.trois-a.org\/wp-content\/uploads\/2023\/11\/Les-Arcs-film-festival-2048x1227.jpg 2048w, https:\/\/www.trois-a.org\/wp-content\/uploads\/2023\/11\/Les-Arcs-film-festival-1320x791.jpg 1320w\" sizes=\"(max-width: 608px) 100vw, 608px\" \/><\/a><\/p>\n<p style=\"font-weight: 400;\">L\u2019\u00e9dition 2023 du festival \u00ab\u00a0<strong><a href=\"https:\/\/lesarcs-filmfest.com\/fr\" target=\"_blank\" rel=\"noopener\">Les Arcs Film Festival\u00a0<\/a><\/strong>\u00bb va une fois de plus donner le coup d\u2019envoi de la saison d\u2019hiver. Parmi les 10 festivals de cin\u00e9ma les plus renomm\u00e9s de France, celui des Arcs contribue de fa\u00e7on majeure au prestige de la station, en bonne place aux c\u00f4t\u00e9s des \u00e9v\u00e8nements phares que celle-ci organise, aussi bien sportifs comme <strong><a href=\"https:\/\/www.ffc.fr\/championnats-france-vtt-descente-2023-arcs-5-8-juillet\/\">le Championnat de France de VTT de descente<\/a><\/strong> ou le <strong><a href=\"https:\/\/www.lesarcs.com\/star-trail\">Star Trail<\/a><\/strong> que culturels comme <strong><a href=\"https:\/\/festivaldesarcs.com\/\">le Festival de Musique<\/a><\/strong>, ou encore tourn\u00e9s vers la transition comme le <strong><a href=\"https:\/\/www.lesarcs.com\/que-faire-aux-arcs\/evenements-ete\/trex\">T-REX<\/a><\/strong>.<\/p>\n<p style=\"font-weight: 400;\">Ne manquez pas cette occasion d\u2019assister aux plus de 100 films projet\u00e9s (bon, vous aurez du mal \u00e0 tous les voir) et de c\u00f4toyer le monde professionnel du cin\u00e9ma : prenez d\u00e8s maintenant <strong><a href=\"https:\/\/lesarcs-filmfest.com\/fr\/infos-pratiques\/billetterie\">votre pass<\/a><\/strong>.<\/p>\n<hr \/>\n<h1 id=\"post-5774-\u00e9chosAG\" style=\"text-align: center;\">Echos de l\u2019AG 3A 2023<\/h1>\n<div id=\"attachment_5782\" style=\"width: 418px\" class=\"wp-caption aligncenter\"><img decoding=\"async\" aria-describedby=\"caption-attachment-5782\" class=\"wp-image-5782\" src=\"https:\/\/www.trois-a.org\/wp-content\/uploads\/2023\/11\/une-image-contenant-habits-visage-humain-personn.jpeg\" alt=\"Une image contenant habits, Visage humain, personne, hommeDescription g\u00e9n\u00e9r\u00e9e automatiquement\" width=\"418\" height=\"558\" srcset=\"https:\/\/www.trois-a.org\/wp-content\/uploads\/2023\/11\/une-image-contenant-habits-visage-humain-personn.jpeg 601w, https:\/\/www.trois-a.org\/wp-content\/uploads\/2023\/11\/une-image-contenant-habits-visage-humain-personn-225x300.jpeg 225w\" sizes=\"(max-width: 418px) 100vw, 418px\" \/><p id=\"caption-attachment-5782\" class=\"wp-caption-text\">Claudie Blanc-Eberhart, la fille de <a href=\"https:\/\/fr.wikipedia.org\/wiki\/Robert_Blanc_(les_Arcs)\" target=\"_blank\" rel=\"noopener\">Robert Blanc<\/a>, fait une intervention remarqu\u00e9e \u00e0 l\u2019AG 3A<\/p><\/div>\n<p>&nbsp;<\/p>\n<p>On trouvera <strong><a href=\"https:\/\/www.trois-a.org\/index.php\/2023\/09\/20\/lassemblee-generale-de-3a-2023\/\">un compte-rendu d\u00e9taill\u00e9 de l\u2019AG 2023<\/a><\/strong>, qui s\u2019est d\u00e9roul\u00e9e dans une atmosph\u00e8re conviviale et a donn\u00e9 lieu \u00e0 des \u00e9changes constructifs, sur le site de 3A. Nous renouvelons nos encouragements \u00e0 prendre connaissance <strong><a href=\"https:\/\/www.trois-a.org\/wp-content\/uploads\/2023\/07\/Rapport-moral-2023.pdf\">du rapport moral de notre association<\/a><\/strong> riche en informations sur le fonctionnement de la station, et du <strong><a href=\"https:\/\/www.trois-a.org\/wp-content\/uploads\/2023\/09\/PV-AG-2023-08-03.pdf\" target=\"_blank\" rel=\"noopener\">proc\u00e8s-verbal de cette AG<\/a><\/strong>. Vous pourrez faire connaissance avec les quatre nouveaux membres du conseil d\u2019administration qui nous ont rejoints cet \u00e9t\u00e9.<\/p>\n<div id=\"attachment_5783\" style=\"width: 635px\" class=\"wp-caption aligncenter\"><img decoding=\"async\" aria-describedby=\"caption-attachment-5783\" class=\"wp-image-5783\" src=\"https:\/\/www.trois-a.org\/wp-content\/uploads\/2023\/11\/une-image-contenant-habits-ciel-personne-plein.jpeg\" alt=\"Une image contenant habits, ciel, personne, plein airDescription g\u00e9n\u00e9r\u00e9e automatiquement\" width=\"635\" height=\"476\" srcset=\"https:\/\/www.trois-a.org\/wp-content\/uploads\/2023\/11\/une-image-contenant-habits-ciel-personne-plein.jpeg 1024w, https:\/\/www.trois-a.org\/wp-content\/uploads\/2023\/11\/une-image-contenant-habits-ciel-personne-plein-300x225.jpeg 300w, https:\/\/www.trois-a.org\/wp-content\/uploads\/2023\/11\/une-image-contenant-habits-ciel-personne-plein-768x576.jpeg 768w\" sizes=\"(max-width: 635px) 100vw, 635px\" \/><p id=\"caption-attachment-5783\" class=\"wp-caption-text\">L\u2019\u00e9quipe 3A au complet, saurez-vous reconnaitre o\u00f9 ?<\/p><\/div>\n<p>&nbsp;<\/p>\n<hr \/>\n<h1 id=\"post-5774-B-Corp\" style=\"text-align: center;\">ADS certifi\u00e9e B-Corp\u00a0!<\/h1>\n<p><img decoding=\"async\" class=\"wp-image-5784 aligncenter\" src=\"https:\/\/www.trois-a.org\/wp-content\/uploads\/2023\/11\/une-image-contenant-texte-cercle-capture-decran.jpeg\" alt=\"Une image contenant texte, cercle, capture d\u2019\u00e9cran, Police Description g\u00e9n\u00e9r\u00e9e automatiquement\" width=\"314\" height=\"306\" srcset=\"https:\/\/www.trois-a.org\/wp-content\/uploads\/2023\/11\/une-image-contenant-texte-cercle-capture-decran.jpeg 618w, https:\/\/www.trois-a.org\/wp-content\/uploads\/2023\/11\/une-image-contenant-texte-cercle-capture-decran-300x293.jpeg 300w\" sizes=\"(max-width: 314px) 100vw, 314px\" \/><\/p>\n<p>3A salue <strong><a href=\"https:\/\/www.lesarcs-peiseyvallandry.com\/fr\/ads-certifie-b-corp\">la r\u00e9cente certification B-Corp d\u2019ADS<\/a><\/strong>, obtenue apr\u00e8s un long effort men\u00e9 en commun avec la mairie et AB Tourisme.<\/p>\n<p>ADS a obtenu <strong><a href=\"https:\/\/www.bcorporation.net\/en-us\/find-a-b-corp\/company\/ads\/\" target=\"_blank\" rel=\"noopener\">un score de 90<\/a><\/strong> (certification \u00e0 partir de 80).<\/p>\n<p>Cette certification est un t\u00e9moin fiable de l\u2019engagement de notre op\u00e9rateur des remont\u00e9es m\u00e9caniques et des pistes des Arcs dans une transition responsable qui doit nous rassurer quant \u00e0 l\u2019avenir p\u00e9renne de notre station face aux d\u00e9fis du climat.<\/p>\n<p>3A veillera \u00e0 accompagner ADS et ses partenaires sur cette trajectoire.<\/p>\n<hr \/>\n<h1 id=\"post-5774-TPE\" style=\"text-align: center;\">Le point sur le tarif progressif de l\u2019eau<\/h1>\n<p><img decoding=\"async\" width=\"180\" height=\"237\" class=\"wp-image-5785 aligncenter\" src=\"https:\/\/www.trois-a.org\/wp-content\/uploads\/2023\/11\/une-image-contenant-salle-de-bain-bouche-dincend.jpeg\" alt=\"Une image contenant salle de bain, bouche d\u2019incendie, robinet Description g\u00e9n\u00e9r\u00e9e automatiquement\" \/><\/p>\n<p>3A a publi\u00e9 sur son site <strong><a href=\"https:\/\/www.trois-a.org\/index.php\/2023\/03\/30\/nouvelle-evolution-du-prix-de-leau-aux-arcs\/\">une analyse<\/a><\/strong> des cons\u00e9quences de la d\u00e9cision du conseil municipal du 9 mars 2023 d\u2019appliquer simultan\u00e9ment une augmentation du prix du m3 d\u2019eau et de mettre en place une tarification progressive (plus on consomme, plus le m3 est cher). Rappelons que l\u2019augmentation est destin\u00e9e \u00e0 financer des travaux d\u2019adduction et d\u2019assainissement, la tarification progressive \u00e0 inciter \u00e0 la sobri\u00e9t\u00e9 sur la consommation d\u2019eau.<\/p>\n<p>Tout en ne s\u2019opposant absolument pas \u00e0 ces deux objectifs, 3A a mis en lumi\u00e8re les effets ind\u00e9sirables d\u2019une politique d\u2019application essentiellement in\u00e9galitaire pour les habitants, surtout les intermittents, de copropri\u00e9t\u00e9s \u00e0 Bourg Saint Maurice les Arcs en fonction de la taille de leur r\u00e9sidence. En effet, les tranches de tarification progressive sont d\u00e9finies \u00e0 l\u2019\u00e9chelle de l\u2019immeuble et non du propri\u00e9taire individuel, et aboutissent \u00e0 un m3 consomm\u00e9 beaucoup plus cher pour par exemple un propri\u00e9taire aux Belles Challes (plus de 300 lots) qu\u2019au Jardin Alpin (8 lots).<\/p>\n<p>Devant cet \u00e9tat de fait, un grand nombre de copropri\u00e9t\u00e9s aux Arcs et \u00e0 Bourg Saint Maurice se sont regroup\u00e9es pour d\u00e9poser un recours devant le tribunal administratif de Grenoble pour faire abroger cette d\u00e9cision.<\/p>\n<p>Le maire a alors organis\u00e9 le 10 juillet une r\u00e9union de concertation avec les pr\u00e9sidents de copropri\u00e9t\u00e9 et les syndics, au cours de laquelle chacun a pu pr\u00e9senter sa position en d\u00e9tail et de fa\u00e7on constructive. Il s\u2019y est engag\u00e9 \u00e0 r\u00e9examiner les conditions d\u2019application des tranches pour fin 2023 d\u00e9but 2024, engagement r\u00e9it\u00e9r\u00e9 par \u00e9crit dans un mail envoy\u00e9 aux participants \u00e0 la r\u00e9union, et en fournissant <strong><a href=\"https:\/\/www.trois-a.org\/wp-content\/uploads\/2023\/11\/Comprendre-sa-facture-deau-2023.pdf\">un petit manuel de lecture d\u2019une facture d\u2019eau<\/a><\/strong>, que chacun pourra utilement consulter pour comprendre les diff\u00e9rentes composantes d\u2019une telle facture.<\/p>\n<hr \/>\n<h1 id=\"post-5774-sthrs\" style=\"text-align: center;\">La (sur)taxe d\u2019habitation sur les r\u00e9sidences secondaires aux Arcs<\/h1>\n<p><img decoding=\"async\" width=\"194\" height=\"201\" class=\"wp-image-5786 aligncenter\" src=\"https:\/\/www.trois-a.org\/wp-content\/uploads\/2023\/11\/une-image-contenant-dessin-clipart-croquis-mamm.jpeg\" alt=\"Une image contenant dessin, clipart, croquis, mammif\u00e8re Description g\u00e9n\u00e9r\u00e9e automatiquement\" \/><\/p>\n<p>Guillaume Desrues, maire de Bourg Saint Maurice les Arcs,<strong> <a href=\"https:\/\/www.trois-a.org\/wp-content\/uploads\/2023\/11\/Reponse-du-maire.pdf\">a r\u00e9pondu<\/a><\/strong> \u00e0 <strong><a href=\"https:\/\/www.trois-a.org\/wp-content\/uploads\/2023\/11\/lettre-au-maire-septembre.pdf\">la lettre que 3A lui avait envoy\u00e9e le 11 septembre<\/a><\/strong> dernier exprimant son fort d\u00e9saccord avec la d\u00e9cision du conseil municipal de fixer \u00e0 40% le taux de majoration de la taxe d\u2019habitation.<\/p>\n<p>3A fait une lecture constructive de cette r\u00e9ponse, en notant<\/p>\n<ul>\n<li>l\u2019abandon de la justification de cette augmentation d\u2019imp\u00f4t, que les propri\u00e9taires aux Arcs vont subir de plein fouet, par une incitation \u00e0 transformer sa r\u00e9sidence secondaire en location \u00e0 l\u2019ann\u00e9e<\/li>\n<li>l\u2019amorce d\u2019un fl\u00e9chage explicite de l\u2019utilisation de cette nouvelle ressource (facilitation du logement des saisonniers, reprise par la mairie de services qui devraient incomber aux propri\u00e9taires d\u2019espaces priv\u00e9s utilis\u00e9s par tous comme le d\u00e9neigement des parkings de 1600).<\/li>\n<\/ul>\n<p>Dans <strong><a href=\"https:\/\/www.trois-a.org\/wp-content\/uploads\/2023\/11\/reponse-3A-a-la-reponse-du-maire.pdf\">son accus\u00e9 de r\u00e9ception<\/a><\/strong>\u00a0\u00e0 cette r\u00e9ponse du maire, 3A demande un affichage le plus transparent possible de ces fl\u00e9chages.<\/p>\n<hr \/>\n<h1 id=\"post-5774-AiguilleRouge\" style=\"text-align: center;\">L\u2019Aiguille Rouge : retour vers la nature ?<\/h1>\n<div id=\"attachment_5787\" style=\"width: 769px\" class=\"wp-caption aligncenter\"><img decoding=\"async\" aria-describedby=\"caption-attachment-5787\" class=\"wp-image-5787\" src=\"https:\/\/www.trois-a.org\/wp-content\/uploads\/2023\/11\/une-image-contenant-plein-air-chaine-de-montagnes.jpeg\" alt=\"Une image contenant plein air, Cha\u00eene de montagnes, ciel, SommetDescription g\u00e9n\u00e9r\u00e9e automatiquement\" width=\"769\" height=\"366\" srcset=\"https:\/\/www.trois-a.org\/wp-content\/uploads\/2023\/11\/une-image-contenant-plein-air-chaine-de-montagnes.jpeg 1032w, https:\/\/www.trois-a.org\/wp-content\/uploads\/2023\/11\/une-image-contenant-plein-air-chaine-de-montagnes-300x143.jpeg 300w, https:\/\/www.trois-a.org\/wp-content\/uploads\/2023\/11\/une-image-contenant-plein-air-chaine-de-montagnes-1024x487.jpeg 1024w, https:\/\/www.trois-a.org\/wp-content\/uploads\/2023\/11\/une-image-contenant-plein-air-chaine-de-montagnes-768x365.jpeg 768w\" sizes=\"(max-width: 769px) 100vw, 769px\" \/><p id=\"caption-attachment-5787\" class=\"wp-caption-text\">Le glacier de l\u2019Aiguille Rouge devant celui du Mont Pourri, l\u2019\u00e9t\u00e9<\/p><\/div>\n<p>&nbsp;<\/p>\n<p style=\"font-weight: 400;\">Apr\u00e8s plusieurs mois de rumeurs, ce n\u2019est plus un secret\u00a0: le dernier Bulletin d\u2019Actualit\u00e9s Municipales (lire<strong> <a href=\"https:\/\/www.trois-a.org\/wp-content\/uploads\/2023\/11\/extrait-BM-Aiguille-Rouge.jpg\">cet extrait<\/a><\/strong>) fait \u00e9tat de la possibilit\u00e9 d\u2019abandonner \u00e0 terme le damage du d\u00e9part de la piste de l\u2019Aiguille Rouge, la rendant ainsi r\u00e9serv\u00e9e aux skieurs aguerris capables d\u2019affronter ses premi\u00e8res pentes dans une neige vierge. Ce n\u2019est qu\u2019un des sc\u00e9narios actuellement \u00e0 l\u2019\u00e9tude, l\u2019enjeu \u00e9tant plus dans l\u2019\u00e9valuation de la rentabilit\u00e9 des investissements dans les am\u00e9nagements indispensables de ce sommet chaque ann\u00e9e pour assurer la s\u00e9curit\u00e9 des skieurs \u00ab\u00a0ordinaires\u00a0\u00bb qu\u2019un manque de neige \u00e0 cette altitude. Vous trouverez d\u2019autres informations <strong><a href=\"https:\/\/www.mon-sejour-en-montagne.com\/actualites\/les-arcs-le-secteur-de-l-aiguille-rouge-pourrait-changer-de-visage-des-2027\/\">dans cet article<\/a><\/strong>. Cette premi\u00e8re probl\u00e9matique \u00ab publique \u00bb d\u2019\u00e9volution importante de notre domaine skiable s\u2019inscrit dans le \u00ab programme de protection et de valorisation des espaces glaciaires borains \u00bb que le maire de Bourg Saint Maurice les Arcs, Guillaume Desrues, a pr\u00e9sent\u00e9 au \u00ab <strong><a href=\"https:\/\/oneplanetsummit.fr\/les-evenements-16\/one-planet-polar-summit-284\" target=\"_blank\" rel=\"noopener\">One Planet &#8211; Polar Summit<\/a><\/strong>\u00a0\u00bb qui a eu lieu \u00e0 Paris du 8 au 10 novembre (voir aussi <strong><a href=\"https:\/\/eye.newsletter.bourgsaintmaurice.fr\/m2?r=wAXNBde4NWYzNGY3OGZiOTVjZWU2YjUwNjQwYzJlxBBM0NJrP9DI0JFE7dCgKNDSbNCjV_7Qt7g2MGY3MDU1Yzk2OWIwZjQzM2VkZmI5YjOzYy5oZWxmdEBsYXBvc3RlLm5ldKCdqkNPTlRBQ1RfSUS2UXI2TEFmemFSQ1N6dDhIcmJyem13Z7NFTUFJTF9DT1JSRUNUSU9OX0lEoLFPUklHSU5fQ0FQVElPTl9JRNkyOHpkaDN5ZHVRU085WGpQRktaLU4yZ18yMDIzLTExLTEwXzE1LTE2LTUzLTg5OS5jc3auT1JJR0lOX0tJTkRfSUSkTElTVLNQSE9ORV9DT1JSRUNUSU9OX0lEoLZQbWFEVDN3V1EzYWd1czRlTUVUOHdnqUNocmlzdGlhbqhTVEFURV9JRKZOT1JNQUypY3JlYXRlZEF0tDIwMjAtMTEtMDZUMTg6MTY6MjRaqWNyZWF0ZWRCebg2NGM3YTRjNGNhYzczNzdjYmY3YjJiMTeqbW9kaWZpZWRBdLQyMDIwLTExLTA2VDE4OjE2OjI0Wqptb2RpZmllZEJ5uDY0YzdhNGM0Y2FjNzM3N2NiZjdiMmIxN7ZzMEVDSUtid1JUQ0FvMkhYd28tR3p3pUhlbGZ0pnNvdXJjZaNBUEm2WkNPNDhpUWZUaFNZTmRidmNqbzhrd6A=\">la derni\u00e8re newsletter de la mairie<\/a><\/strong>).<\/p>\n<p><img decoding=\"async\" class=\"wp-image-5788 aligncenter\" src=\"https:\/\/www.trois-a.org\/wp-content\/uploads\/2023\/11\/une-image-contenant-habits-interieur-homme-pers.jpeg\" alt=\"Une image contenant habits, int\u00e9rieur, homme, personne Description g\u00e9n\u00e9r\u00e9e automatiquement\" width=\"346\" height=\"356\" srcset=\"https:\/\/www.trois-a.org\/wp-content\/uploads\/2023\/11\/une-image-contenant-habits-interieur-homme-pers.jpeg 544w, https:\/\/www.trois-a.org\/wp-content\/uploads\/2023\/11\/une-image-contenant-habits-interieur-homme-pers-292x300.jpeg 292w\" sizes=\"(max-width: 346px) 100vw, 346px\" \/><\/p>\n<hr \/>\n<h1 id=\"post-5774-guide\" style=\"text-align: center;\">Guide des habitants<\/h1>\n<p><img decoding=\"async\" class=\"wp-image-5789 aligncenter\" src=\"https:\/\/www.trois-a.org\/wp-content\/uploads\/2023\/11\/une-image-contenant-texte-affiche-graphisme-liv.jpeg\" alt=\"Une image contenant texte, affiche, graphisme, livre Description g\u00e9n\u00e9r\u00e9e automatiquement\" width=\"332\" height=\"472\" srcset=\"https:\/\/www.trois-a.org\/wp-content\/uploads\/2023\/11\/une-image-contenant-texte-affiche-graphisme-liv.jpeg 364w, https:\/\/www.trois-a.org\/wp-content\/uploads\/2023\/11\/une-image-contenant-texte-affiche-graphisme-liv-211x300.jpeg 211w\" sizes=\"(max-width: 332px) 100vw, 332px\" \/><\/p>\n<p>Signalons la disponibilit\u00e9 r\u00e9cente d\u2019un <strong><a href=\"https:\/\/www.calameo.com\/read\/005689616aa6318fbe908?page=1\">Guide des habitant<\/a>s<\/strong> \u00e0 Bourg Saint Maurice les Arcs, que 3A trouve tr\u00e8s bien fait. 3A va r\u00e9aliser un compl\u00e9ment \u00ab\u00a0habitant intermittent\u00a0\u00bb plus orient\u00e9 vers les informations sp\u00e9cifiquement utiles aux propri\u00e9taires aux Arcs. Restez \u00e0 l\u2019\u00e9coute\u2026<\/p>\n<hr \/>\n<h1 id=\"post-5774-stationnement1600\" style=\"text-align: center;\">Vers un stationnement payant \u00e0 Arc 1600<\/h1>\n<p><img decoding=\"async\" class=\"wp-image-5790 aligncenter\" src=\"https:\/\/www.trois-a.org\/wp-content\/uploads\/2023\/11\/une-image-contenant-carte-nuage-plein-air-ciel.jpeg\" alt=\"Une image contenant carte, nuage, plein air, ciel Description g\u00e9n\u00e9r\u00e9e automatiquement\" width=\"408\" height=\"415\" srcset=\"https:\/\/www.trois-a.org\/wp-content\/uploads\/2023\/11\/une-image-contenant-carte-nuage-plein-air-ciel.jpeg 617w, https:\/\/www.trois-a.org\/wp-content\/uploads\/2023\/11\/une-image-contenant-carte-nuage-plein-air-ciel-295x300.jpeg 295w\" sizes=\"(max-width: 408px) 100vw, 408px\" \/><\/p>\n<p>Le stationnement \u00e0 Arc1600 est appel\u00e9 \u00e0 \u00eatre soumis \u00e0 p\u00e9age, sur le mod\u00e8le d\u2019Arc 1800. La mairie a organis\u00e9 sur ce sujet une r\u00e9union d\u2019information le 3 ao\u00fbt dernier, dont <strong><a href=\"https:\/\/www.trois-a.org\/index.php\/2023\/11\/10\/le-stationnement-a-arc-1600\/\">cet article du site<\/a><\/strong> d\u00e9taille la teneur.<\/p>\n<hr \/>\n<p>L\u2019existence de 3A et sa capacit\u00e9 \u00e0 faire entendre votre voix d\u00e9pendent de votre soutien. Rejoignez-nous ou renouvelez votre adh\u00e9sion en vous rendant\u00a0<a href=\"https:\/\/www.trois-a.org\/index.php\/adhesion\/\" target=\"_blank\" rel=\"noopener\"><strong>sur cette page<\/strong><\/a>. Vous pouvez v\u00e9rifier que vous \u00eates \u00e0 jour de votre cotisation <strong><a href=\"https:\/\/www.trois-a.org\/wp-login.php\">en vous connectant au site<\/a><\/strong> ; si vous \u00eates \u00e0 jour, votre nom en haut \u00e0 droite sera pr\u00e9c\u00e9d\u00e9 de \u00ab\u00a0A23R\u00a0\u00bb (renouvellement) ou \u00ab\u00a0A22NA\u00a0\u00bb (nouvelle adh\u00e9sion).<\/p>\n<hr \/>\n<p>Vous pouvez interagir avec nous :<\/p>\n<ul>\n<li>en utilisant\u00a0<a href=\"https:\/\/www.trois-a.org\/index.php\/exprimez-vous\/\" target=\"_blank\" rel=\"noopener\"><strong>la rubrique \u00ab Exprimez-vous \u00bb<\/strong><\/a>\u00a0(en haut a\u0300 droite de chaque page du site)<\/li>\n<li>en envoyant un mail a\u0300\u00a0<a href=\"mailto:contact@trois-a.org\">contact@trois-a.org<\/a><\/li>\n<li>en postant un commentaire sur un article du site (ce qui permettra de dialoguer \u00e9galement avec les autres propri\u00e9taires)<\/li>\n<li>en participant aux r\u00e9unions \u00ab Propri\u00e9taire aux Arcs \u00bb que 3A organise r\u00e9guli\u00e8rement aux Arcs.<\/li>\n<\/ul>\n<hr \/>\n<p style=\"text-align: center;\">\u00a9 Avenir et Animation des Arcs 2023<\/p>\n<p>&nbsp;<\/p>\n<\/div><\/article><article id=\"post-5317\" class=\"hentry entry entry_full post_has_image \"><div class=\"entry_info\"><h2 class=\"entry_title entry-title\"><a href=\"https:\/\/www.trois-a.org\/index.php\/2023\/07\/04\/les-breves-de-3a-n21\/\" rel=\"bookmark\" title=\"Lien permanent pour Les Br\u00e8ves de 3A n\u00b021\">Les Br\u00e8ves de 3A n\u00b021<\/a><\/h2><div class=\"entry_meta\"><time class=\"published updated\" datetime=\"2023-07-04\"><a href=\"https:\/\/www.trois-a.org\/index.php\/2023\/07\/\"><i class=\"theme-icon icon_calendar-meta meta-icon meta-icon-calendar\"><\/i>4 juillet 2023<\/a><\/time><span class=\"separator\">|<\/span><span class=\"tags\"><i class=\"theme-icon icon_tag-meta meta-icon\"><\/i><a href=\"https:\/\/www.trois-a.org\/index.php\/tag\/article-en-acces-libre\/\" rel=\"tag\">Article en acc\u00e8s libre<\/a><\/span><\/div><\/div><div class=\"entry_content entry-content\"><p><span style=\"color: #339966;\">Article en acc\u00e8s libre<\/span><\/p>\n<p><a href=\"https:\/\/www.trois-a.org\/wp-content\/uploads\/2023\/11\/Breves-21.pdf\">T\u00e9l\u00e9charger la version pdf (717 Ko)<\/a><\/p>\n<p><img decoding=\"async\" class=\"wp-image-5318 aligncenter\" src=\"https:\/\/www.trois-a.org\/wp-content\/uploads\/2023\/07\/une-image-contenant-ligne-triangle-police-conce.jpeg\" alt=\"Une image contenant ligne, triangle, Police, conception Description g\u00e9n\u00e9r\u00e9e automatiquement\" width=\"263\" height=\"203\" srcset=\"https:\/\/www.trois-a.org\/wp-content\/uploads\/2023\/07\/une-image-contenant-ligne-triangle-police-conce.jpeg 453w, https:\/\/www.trois-a.org\/wp-content\/uploads\/2023\/07\/une-image-contenant-ligne-triangle-police-conce-300x232.jpeg 300w\" sizes=\"(max-width: 263px) 100vw, 263px\" \/><\/p>\n<h1 style=\"text-align: center;\"><strong>Les Br\u00e8ves de 3A n\u00b021<\/strong><\/h1>\n<h1 style=\"text-align: center;\"><strong>Juillet 2023<\/strong><\/h1>\n<hr \/>\n<p style=\"text-align: center;\">Tous les anciens nume\u0301ros des Bre\u0300ves de 3A sont disponibles en libre acce\u0300s <a href=\"https:\/\/www.trois-a.org\/index.php\/accueil\/les-breves-de-3a\/\" target=\"_blank\" rel=\"noopener\"><strong>ici<\/strong><\/a>.<\/p>\n<hr \/>\n<p>&nbsp;<\/p>\n<p><img decoding=\"async\" class=\"alignnone wp-image-5362\" src=\"https:\/\/www.trois-a.org\/wp-content\/uploads\/2023\/07\/couverture-JC-1-300x225.gif\" alt=\"\" width=\"1023\" height=\"767\" srcset=\"https:\/\/www.trois-a.org\/wp-content\/uploads\/2023\/07\/couverture-JC-1-300x225.gif 300w, https:\/\/www.trois-a.org\/wp-content\/uploads\/2023\/07\/couverture-JC-1-1024x768.gif 1024w, https:\/\/www.trois-a.org\/wp-content\/uploads\/2023\/07\/couverture-JC-1-768x576.gif 768w, https:\/\/www.trois-a.org\/wp-content\/uploads\/2023\/07\/couverture-JC-1-1536x1152.gif 1536w, https:\/\/www.trois-a.org\/wp-content\/uploads\/2023\/07\/couverture-JC-1-1320x990.gif 1320w\" sizes=\"(max-width: 1023px) 100vw, 1023px\" \/><\/p>\n<p>Dans ce num\u00e9ro<\/p>\n<ol>\n<li><a href=\"#post-5317-Edito\">L\u2019\u00e9dito du pr\u00e9sident<\/a><\/li>\n<li><a href=\"#post-5317-Tarification\">La nouvelle tarification de l\u2019eau aux Arcs<\/a><\/li>\n<li><a href=\"#post-5317-Forum\">Le forum des pr\u00e9sidents de conseil syndical aux Arcs<\/a><\/li>\n<li><a href=\"#post-5317-Ev\u00e8nements3A\">Les \u00e9v\u00e8nements 3A de l\u2019\u00e9t\u00e9<\/a><\/li>\n<li><a href=\"#post-5317-MontagneExp\u00e9rience\">Montagne exp\u00e9rience by ESF<\/a><\/li>\n<li><a href=\"#post-5317-SkiAcademy\">Les ESF des Arcs et de Peisey Vallandry lancent la \u00ab\u00a0Ski Academy\u00a0\u00bb<\/a><\/li>\n<li><a href=\"#post-5317-P\u00e9age\">Vers un stationnement payant \u00e0 Arc 1600<\/a><\/li>\n<li><a href=\"#post-5317-RencontrePr\u00e9sidents\">3A rencontre les pr\u00e9sidents de copropri\u00e9t\u00e9<\/a><\/li>\n<li><a href=\"#post-5317-festival\">Le festival de musique f\u00eate ses 50 ans\u00a0: r\u00e9servez vos places\u00a0!<\/a><\/li>\n<li><a href=\"#post-5317-TREX\">T-Rex \u00e9dition 2023<\/a><\/li>\n<li><a href=\"#post-5317-CDA\">La \u00ab\u00a0Raison d\u2019\u00eatre\u00a0\u00bb de la CDA\u00a0: une assurance pour la p\u00e9rennit\u00e9 de notre patrimoine\u00a0?<\/a><\/li>\n<li><a href=\"#post-5317-Site3A\">Sur le site de 3A<\/a><\/li>\n<\/ol>\n<hr \/>\n<p><img decoding=\"async\" class=\"wp-image-5320 aligncenter\" src=\"https:\/\/www.trois-a.org\/wp-content\/uploads\/2023\/07\/une-image-contenant-texte-visage-humain-neige-h.jpeg\" alt=\"Une image contenant texte, Visage humain, neige, hiver Description g\u00e9n\u00e9r\u00e9e automatiquement\" width=\"317\" height=\"200\" srcset=\"https:\/\/www.trois-a.org\/wp-content\/uploads\/2023\/07\/une-image-contenant-texte-visage-humain-neige-h.jpeg 608w, https:\/\/www.trois-a.org\/wp-content\/uploads\/2023\/07\/une-image-contenant-texte-visage-humain-neige-h-300x189.jpeg 300w\" sizes=\"(max-width: 317px) 100vw, 317px\" \/><\/p>\n<h1 style=\"text-align: center;\"><a id=\"post-5317-Edito\"><\/a>L\u2019\u00e9dito du pr\u00e9sident<\/h1>\n<p style=\"text-align: center;\"><strong>L\u2019AG 3A du 3 Aout 2023 : un tournant<\/strong><\/p>\n<p>Chers adh\u00e9rents, chers propri\u00e9taires aux Arcs,<\/p>\n<p>Notre AG du 3 ao\u00fbt prochain sera une \u00e9tape importante pour 3A. Celle d\u2019une red\u00e9finition du statut des propri\u00e9taires des Arcs.<\/p>\n<p>Longtemps simplement cantonn\u00e9 \u00e0 un r\u00f4le d\u2019acteur \u00e9conomique (investisseur, loueur, consommateur), le propri\u00e9taire est aussi un acteur instrumental dans le bon fonctionnement de la station, son renom et ses \u00e9volutions.<\/p>\n<p>Un nouveau mod\u00e8le de propri\u00e9taires \u00e9merge et voit grossir\u00a0une communaut\u00e9 d\u2019amoureux des sites, pr\u00eats \u00e0 (s\u2019)investir dans l\u2019avenir de leurs enfants, et embrassant toutes les initiatives propices \u00e0 la station de demain.<\/p>\n<p>3A se veut le porte-parole et le f\u00e9d\u00e9rateur de ce propri\u00e9taire cl\u00e9 pour les rouages du microcosme des Arcs. Ce \u00ab propri\u00e9taire 3A \u00bb, d\u00e9j\u00e0 aujourd\u2019hui partenaire actif, mais encore trop souvent individuellement, des instances de la station (Office du Tourisme, commer\u00e7ants, \u00e9coles de ski, domaine skiable\u2026), sera demain le levier pr\u00e9cieux pour ne pas dire indispensable des initiatives nouvelles autour de la transition vers un mod\u00e8le p\u00e9renne de la station, de la r\u00e9novation du parc immobilier, de l\u2019extension des saisons. Autant de th\u00e8mes essentiels pour l\u2019avenir des Arcs.<\/p>\n<p>Chaque adh\u00e9sion \u00e0 3A t\u00e9moigne de l\u2019esprit et du partage de nos objectifs communs pour la station de demain. Afin d\u2019apporter de la substance \u00e0 nos engagements mutuels, 3A cr\u00e9e et lance le programme \u00ab Partenaire 3A \u00bb. Ce programme repose sur la cr\u00e9ation d\u2019un \u00ab Pass 3A \u00bb permettant une identification simple et fiable de la qualit\u00e9 d\u2019adh\u00e9rent 3A, avec pour but de renforcer le liant entre nous tous, acteurs \u00e0 long terme des Arcs, d\u2019aligner nos objectifs, et de faciliter nos initiatives communes.<\/p>\n<p>Notre AG du 3 Aout sera l\u2019occasion d\u2019exposer ce partenariat et ses motivations. Adh\u00e9rents 3A ou propri\u00e9taires non adh\u00e9rents, venez nombreux !<\/p>\n<p>Cedric Lespiau<\/p>\n<p>Pr\u00e9sident de 3A<\/p>\n<p><img decoding=\"async\" class=\"wp-image-5321\" src=\"https:\/\/www.trois-a.org\/wp-content\/uploads\/2023\/07\/une-image-contenant-visage-humain-personne-souri.jpeg\" alt=\"Une image contenant Visage humain, personne, sourire, Front Description g\u00e9n\u00e9r\u00e9e automatiquement\" width=\"138\" height=\"173\" \/><\/p>\n<hr \/>\n<p><a id=\"post-5317-Tarification\"><\/a><br \/>\n<img decoding=\"async\" width=\"180\" height=\"237\" class=\"wp-image-5322 aligncenter\" src=\"https:\/\/www.trois-a.org\/wp-content\/uploads\/2023\/07\/une-image-contenant-salle-de-bain-bouche-dincend.jpeg\" alt=\"Une image contenant salle de bain, bouche d\u2019incendie, robinet Description g\u00e9n\u00e9r\u00e9e automatiquement\" \/><\/p>\n<h1 style=\"text-align: center;\">La nouvelle tarification de l\u2019eau aux Arcs<\/h1>\n<p>La municipalit\u00e9 a d\u00e9cid\u00e9 le 9 mars dernier d\u2019appliquer simultan\u00e9ment une hausse des taxes communales sur le prix du m3 d\u2019eau potable consomm\u00e9, pour financer des travaux, et une tarification progressive par tranches, dont le but affich\u00e9 est l\u2019incitation \u00e0 la sobri\u00e9t\u00e9.<\/p>\n<p>3A a publi\u00e9 sur son site <strong><a href=\"https:\/\/www.trois-a.org\/index.php\/2023\/03\/30\/nouvelle-evolution-du-prix-de-leau-aux-arcs\/\" target=\"_blank\" rel=\"noopener\">une \u00e9tude<\/a><\/strong> sur les cons\u00e9quences de cette d\u00e9cision.<\/p>\n<p>Il s\u2019av\u00e8re que le mode retenu d\u2019application du tarif progressif aboutit en pratique \u00e0 un effet contraire \u00e0 celui escompt\u00e9, les tranches s\u2019appliquant indistinctement \u00e0 une habitation individuelle ou \u00e0 un immeuble collectif regroupant plusieurs dizaines voire plusieurs centaines de propri\u00e9taires. D\u00e8s lors, un propri\u00e9taire d\u2019une grosse r\u00e9sidence ne peut que tomber dans la tranche dite \u00ab de confort \u00bb tax\u00e9e la plus lourdement, quels que soient ses efforts individuels. Rat\u00e9 pour l\u2019incitation \u00e0 la sobri\u00e9t\u00e9.<\/p>\n<p>Le 25 avril dernier, 3A a <strong><a href=\"https:\/\/www.trois-a.org\/wp-content\/uploads\/2023\/03\/Nouvelle-tarification-de-leau.pdf\" target=\"_blank\" rel=\"noopener\">interpell\u00e9 le maire<\/a><\/strong> sur, entre autres, l\u2019impact in\u00e9galitaire entre citoyens de ce mode d\u2019application d\u2019une tarification progressive, qu\u2019elle saluerait sans ce d\u00e9faut r\u00e9dhibitoire. \u00c0 ce jour, le maire n\u2019a pas souhait\u00e9 y r\u00e9pondre.<\/p>\n<p>De nombreuses copropri\u00e9t\u00e9s des Arcs (et m\u00eame de Bourg Saint Maurice) ont d\u00e9pos\u00e9 un recours gracieux, auxquels la municipalit\u00e9 vient d\u2019envoyer une r\u00e9ponse officielle le rejetant. Elle pr\u00e9conise aux copropri\u00e9t\u00e9s de faire souscrire un abonnement individuel \u00e0 chaque copropri\u00e9taire.<\/p>\n<p>En pratique, on peut sans doute compter sur les doigts de la main le nombre de copropri\u00e9t\u00e9s pour lesquelles une telle solution est envisageable : plusieurs d\u2019entre elles, repr\u00e9sentatives, ont d\u00e9j\u00e0 fait \u00e9valuer par Veolia sa faisabilit\u00e9, qui se r\u00e9v\u00e8le soit impossible soit impliquant des co\u00fbts tr\u00e8s \u00e9lev\u00e9s de r\u00e9organisation des canalisations. Notons que si cette solution \u00e9tait adopt\u00e9e par l\u2019ensemble des copropri\u00e9t\u00e9s, la commune ne disposerait plus d\u2019aucune ressource pour financer les travaux annonc\u00e9s dans la d\u00e9cision du 9 mars, le quota de la tranche destin\u00e9e \u00e0 inciter \u00e0 la sobri\u00e9t\u00e9 (800 m3) ne concernant qu\u2019une infime partie des abonn\u00e9s individuels.<\/p>\n<p>Une derni\u00e8re remarque\u00a0: cette augmentation injustement r\u00e9partie s\u2019ajoute \u00e0 l\u2019augmentation de 11,5%, cette fois-ci sur l\u2019abonnement, donc uniform\u00e9ment r\u00e9partie, constat\u00e9e sur la derni\u00e8re facture d\u2019eau re\u00e7ue en mai.<\/p>\n<hr \/>\n<p><a id=\"post-5317-Forum\"><\/a><br \/>\n<img decoding=\"async\" class=\"wp-image-5323 aligncenter\" src=\"https:\/\/www.trois-a.org\/wp-content\/uploads\/2023\/07\/une-image-contenant-cercle-dessin-humoristique-d.jpeg\" alt=\"Une image contenant cercle, dessin humoristique, Dessin d\u2019enfant, clipart Description g\u00e9n\u00e9r\u00e9e automatiquement\" width=\"515\" height=\"216\" srcset=\"https:\/\/www.trois-a.org\/wp-content\/uploads\/2023\/07\/une-image-contenant-cercle-dessin-humoristique-d.jpeg 880w, https:\/\/www.trois-a.org\/wp-content\/uploads\/2023\/07\/une-image-contenant-cercle-dessin-humoristique-d-300x126.jpeg 300w, https:\/\/www.trois-a.org\/wp-content\/uploads\/2023\/07\/une-image-contenant-cercle-dessin-humoristique-d-768x322.jpeg 768w\" sizes=\"(max-width: 515px) 100vw, 515px\" \/><\/p>\n<h1 style=\"text-align: center;\">Le forum des pr\u00e9sidents de conseil syndical aux Arcs<\/h1>\n<p>Comme annonc\u00e9 dans <strong><a href=\"https:\/\/www.trois-a.org\/index.php\/2022\/10\/10\/les-breves-de-3a-n19\/\" target=\"_blank\" rel=\"noopener\">les Br\u00e8ves de 3A n\u00b019<\/a><\/strong> (\u00ab 3A, courroie de transmission entre les pr\u00e9sidents de copropri\u00e9t\u00e9 ? \u00bb), 3A a mis en place d\u00e9but 2023 une liste d\u2019\u00e9changes \u00e9lectroniques pour faciliter sa communication avec les pr\u00e9sidents de copropri\u00e9t\u00e9 aux Arcs. Cette liste a \u00e9galement pour fonction explicite de permettre aux pr\u00e9sidents d\u2019\u00e9changer entre eux, ce qu\u2019ils ne manquent pas de faire, notamment afin de partager leurs exp\u00e9riences de gestion de copropri\u00e9t\u00e9, la r\u00e9novation des b\u00e2timents en \u00e9tant un des exemples les plus significatifs.<\/p>\n<p>La liste compte actuellement 55 copropri\u00e9t\u00e9s.<\/p>\n<hr \/>\n<p><a id=\"post-5317-Ev\u00e8nements3A\"><\/a><br \/>\n<strong><img decoding=\"async\" class=\"wp-image-5324 aligncenter\" src=\"https:\/\/www.trois-a.org\/wp-content\/uploads\/2023\/07\/une-image-contenant-interieur-habits-personne-c.jpeg\" alt=\"Une image contenant int\u00e9rieur, habits, personne, chaise Description g\u00e9n\u00e9r\u00e9e automatiquement\" width=\"598\" height=\"201\" srcset=\"https:\/\/www.trois-a.org\/wp-content\/uploads\/2023\/07\/une-image-contenant-interieur-habits-personne-c.jpeg 1108w, https:\/\/www.trois-a.org\/wp-content\/uploads\/2023\/07\/une-image-contenant-interieur-habits-personne-c-300x101.jpeg 300w, https:\/\/www.trois-a.org\/wp-content\/uploads\/2023\/07\/une-image-contenant-interieur-habits-personne-c-1024x345.jpeg 1024w, https:\/\/www.trois-a.org\/wp-content\/uploads\/2023\/07\/une-image-contenant-interieur-habits-personne-c-768x259.jpeg 768w\" sizes=\"(max-width: 598px) 100vw, 598px\" \/><\/strong><\/p>\n<h1 style=\"text-align: center;\">Les \u00e9v\u00e8nements 3A de l\u2019\u00e9t\u00e9<\/h1>\n<ul>\n<li>L\u2019AG 2023 de 3A se tiendra le jeudi 3 ao\u00fbt, dans le cadre traditionnel de \u00ab pr\u00e9lude\u00a0\u00bb \u00e0 la r\u00e9union d\u2019information des propri\u00e9taires organis\u00e9e par la mairie au centre Taillefer et suivie d\u2019un pot offert par 3A qui permet les \u00e9changes avec les acteurs de la station dans un cadre convivial.<\/li>\n<\/ul>\n<p>Rappelons que la mairie organise aussi une r\u00e9union d\u2019information pour les propri\u00e9taires en fin de saison d\u2019hiver, qui a eu lieu cette ann\u00e9e le 23 avril. On peut consulter <strong><a href=\"https:\/\/www.calameo.com\/read\/0056896169a0065c64ba0?page=1\" target=\"_blank\" rel=\"noopener\">les supports de pr\u00e9sentation de cette session<\/a><\/strong> sur le site \u00ab\u00a0Propri\u00e9taires\u00a0\u00bb de la station.<\/p>\n<ul>\n<li>La comp\u00e9tition de golf 3A aura lieu cette ann\u00e9e le 8 ao\u00fbt.<\/li>\n<li>Les <strong><a href=\"https:\/\/www.trois-a.org\/index.php\/2019\/07\/18\/reprise-de-lactivite-bridge\/\" target=\"_blank\" rel=\"noopener\">s\u00e9ances de bridge anim\u00e9es par Monique<\/a><\/strong> seront de nouveau au rendez-vous cet \u00e9t\u00e9 (derni\u00e8re semaine de juillet, premi\u00e8re quinzaine d\u2019ao\u00fbt).<\/li>\n<li>Nouvelle rencontre de 3A avec les pr\u00e9sidents le dimanche 30 juillet \u00e0 17h \u00e0 l\u2019h\u00f4tel La Cachette<\/li>\n<\/ul>\n<hr \/>\n<p><a id=\"post-5317-MontagneExp\u00e9rience\"><\/a><br \/>\n<img decoding=\"async\" class=\"wp-image-5325 aligncenter\" src=\"https:\/\/www.trois-a.org\/wp-content\/uploads\/2023\/07\/une-image-contenant-texte-police-logo-graphique.jpeg\" alt=\"Une image contenant texte, Police, logo, Graphique Description g\u00e9n\u00e9r\u00e9e automatiquement\" width=\"370\" height=\"175\" srcset=\"https:\/\/www.trois-a.org\/wp-content\/uploads\/2023\/07\/une-image-contenant-texte-police-logo-graphique.jpeg 666w, https:\/\/www.trois-a.org\/wp-content\/uploads\/2023\/07\/une-image-contenant-texte-police-logo-graphique-300x142.jpeg 300w\" sizes=\"(max-width: 370px) 100vw, 370px\" \/><\/p>\n<h1 style=\"text-align: center;\">Montagne exp\u00e9rience by ESF<\/h1>\n<p>L\u2019ESF d\u2019Arc 1600 propose un nouveau bouquet d\u2019activit\u00e9s appel\u00e9 <a href=\"https:\/\/mexarc160023.vercel.app\/\" target=\"_blank\" rel=\"noopener\"><strong>\u00ab\u00a0Montagne Exp\u00e9rience\u00a0\u00bb<\/strong>.<\/a><\/p>\n<p>Au programme\u00a0: parapente, eaux vives (rafting, hydrospeed et canyoning), accrobranche (\u00e0 S\u00e9ez), lasergame, golf et randonn\u00e9e en Quad.<\/p>\n<hr \/>\n<p><a id=\"post-5317-SkiAcademy\"><\/a><br \/>\n<a href=\"https:\/\/esf-academy-les-arcs-peisey.com\/\" target=\"_blank\" rel=\"noopener\"><img decoding=\"async\" class=\"wp-image-5326 aligncenter\" src=\"https:\/\/www.trois-a.org\/wp-content\/uploads\/2023\/07\/une-image-contenant-graphique-logo-clipart-poli.png\" alt=\"Une image contenant Graphique, logo, clipart, Police Description g\u00e9n\u00e9r\u00e9e automatiquement\" width=\"242\" height=\"242\" srcset=\"https:\/\/www.trois-a.org\/wp-content\/uploads\/2023\/07\/une-image-contenant-graphique-logo-clipart-poli.png 1000w, https:\/\/www.trois-a.org\/wp-content\/uploads\/2023\/07\/une-image-contenant-graphique-logo-clipart-poli-300x300.png 300w, https:\/\/www.trois-a.org\/wp-content\/uploads\/2023\/07\/une-image-contenant-graphique-logo-clipart-poli-150x150.png 150w, https:\/\/www.trois-a.org\/wp-content\/uploads\/2023\/07\/une-image-contenant-graphique-logo-clipart-poli-768x768.png 768w\" sizes=\"(max-width: 242px) 100vw, 242px\" \/><\/a><\/p>\n<p>&nbsp;<\/p>\n<h1 style=\"text-align: center;\">Les ESF des Arcs et de Peisey Vallandry lancent la \u00ab\u00a0Ski Academy\u00a0\u00bb<\/h1>\n<p>Comme chacun sait, les Arcs font partie des stations pour lesquelles l\u2019enneigement permettra encore la pratique du ski pour de nombreuses d\u00e9cennies\u00a0: le m\u00e9tier de moniteur a encore un avenir dans notre station. Les ESF des Arcs et de Peisey Vallandry ont mis en place un programme d\u2019accompagnement des vocations des jeunes skieurs \u00ab\u00a0qui ont la p\u00eache\u00a0\u00bb pour ce m\u00e9tier\u00a0: <strong><a href=\"https:\/\/esf-academy-les-arcs-peisey.com\/\" target=\"_blank\" rel=\"noopener\">la \u00ab\u00a0Ski Academy\u00a0\u00bb<\/a><\/strong>. Le partenariat de ce programme avec <strong><a href=\"https:\/\/www.hautetarentaise.fr\/12582-le-campus-alpin.htm\" target=\"_blank\" rel=\"noopener\">le Campus Alpin<\/a><\/strong> est un bel exemple de la pertinence de la mise en place par la commune de cette institution qui permet de poursuivre des \u00e9tudes sup\u00e9rieures \u00e0 Bourg Saint Maurice, promesse de la possibilit\u00e9 d\u2019attirer ou de garder sur place \u00e0 l\u2019avenir de brillants cerveaux.<\/p>\n<p><img decoding=\"async\" width=\"370\" height=\"523\" class=\"wp-image-5327 aligncenter\" src=\"https:\/\/www.trois-a.org\/wp-content\/uploads\/2023\/07\/une-image-contenant-texte-visage-humain-femme-h.jpeg\" alt=\"Une image contenant texte, Visage humain, femme, habits Description g\u00e9n\u00e9r\u00e9e automatiquement\" srcset=\"https:\/\/www.trois-a.org\/wp-content\/uploads\/2023\/07\/une-image-contenant-texte-visage-humain-femme-h.jpeg 370w, https:\/\/www.trois-a.org\/wp-content\/uploads\/2023\/07\/une-image-contenant-texte-visage-humain-femme-h-212x300.jpeg 212w\" sizes=\"(max-width: 370px) 100vw, 370px\" \/><\/p>\n<hr \/>\n<p>&nbsp;<\/p>\n<h1 style=\"text-align: center;\"><img decoding=\"async\" class=\" wp-image-5333 aligncenter\" src=\"https:\/\/www.trois-a.org\/wp-content\/uploads\/2023\/07\/Reunion-publique-Arc-1600-modifiee-212x300.jpg\" alt=\"\" width=\"308\" height=\"435\" srcset=\"https:\/\/www.trois-a.org\/wp-content\/uploads\/2023\/07\/Reunion-publique-Arc-1600-modifiee-212x300.jpg 212w, https:\/\/www.trois-a.org\/wp-content\/uploads\/2023\/07\/Reunion-publique-Arc-1600-modifiee-724x1024.jpg 724w, https:\/\/www.trois-a.org\/wp-content\/uploads\/2023\/07\/Reunion-publique-Arc-1600-modifiee-768x1086.jpg 768w, https:\/\/www.trois-a.org\/wp-content\/uploads\/2023\/07\/Reunion-publique-Arc-1600-modifiee-1086x1536.jpg 1086w, https:\/\/www.trois-a.org\/wp-content\/uploads\/2023\/07\/Reunion-publique-Arc-1600-modifiee-1448x2048.jpg 1448w, https:\/\/www.trois-a.org\/wp-content\/uploads\/2023\/07\/Reunion-publique-Arc-1600-modifiee-1320x1867.jpg 1320w, https:\/\/www.trois-a.org\/wp-content\/uploads\/2023\/07\/Reunion-publique-Arc-1600-modifiee.jpg 1653w\" sizes=\"(max-width: 308px) 100vw, 308px\" \/><\/h1>\n<h1 style=\"text-align: center;\">R\u00e9union de concertation sur le stationnement payant \u00e0 Arc 1600<\/h1>\n<p>La mairie organise une r\u00e9union d\u2019information sur le projet de stationnement payant \u00e0 1600 pour les propri\u00e9taires d\u2019Arc 1600 le jeudi 3 ao\u00fbt \u00e0 10h30 \u00e0 la Coupole. Des propositions d\u2019am\u00e9nagement de ces futures installations, pr\u00e9sent\u00e9es pour discussion, ont \u00e9t\u00e9 \u00e9labor\u00e9es en concertation avec les pr\u00e9sidents des copropri\u00e9t\u00e9s propri\u00e9taires des principales emprises de parking seront pr\u00e9sent\u00e9es pour discussion. Plus d\u2019information <strong><a href=\"https:\/\/www.trois-a.org\/wp-content\/uploads\/2023\/07\/Presentation-stationnement-payant-Arc-1600.pdf\" target=\"_blank\" rel=\"noopener\">en cliquant ici<\/a><\/strong> (ou en scannant le QR-code de l\u2019affiche ci-dessus).<\/p>\n<hr \/>\n<p><a id=\"post-5317-RencontrePr\u00e9sidents\"><\/a><br \/>\n<img decoding=\"async\" width=\"300\" height=\"220\" class=\"wp-image-5328 aligncenter\" src=\"https:\/\/www.trois-a.org\/wp-content\/uploads\/2023\/07\/une-image-contenant-personne-visage-humain-habit.jpeg\" alt=\"Une image contenant personne, Visage humain, habits, homme Description g\u00e9n\u00e9r\u00e9e automatiquement\" \/><\/p>\n<h1 style=\"text-align: center;\">3A rencontre les pr\u00e9sidents de copropri\u00e9t\u00e9<\/h1>\n<p>3A a <strong><a href=\"https:\/\/www.trois-a.org\/index.php\/2023\/06\/13\/la-rencontre-3a-presidents-du-2-avril-2023\/\" target=\"_blank\" rel=\"noopener\">rencontr\u00e9 les pr\u00e9sidents de copropri\u00e9t\u00e9 aux Arcs<\/a><\/strong> dans une ambiance conviviale le 2 avril dernier. Malgr\u00e9 quelques imperfections techniques, l\u2019essentiel de la r\u00e9union a \u00e9t\u00e9<strong> <a href=\"https:\/\/www.youtube.com\/watch?v=Wx-4iBIf91E\" target=\"_blank\" rel=\"noopener\">diffus\u00e9 en direct<\/a><\/strong>, avec une nombreuse assistance \u00e0 distance (jusqu\u2019\u00e0 27 personnes connect\u00e9es). Il est possible de consulter le programme, les supports de pr\u00e9sentation et l\u2019enregistrement de cet \u00e9v\u00e8nement dans <strong><a href=\"https:\/\/www.trois-a.org\/index.php\/2023\/06\/13\/la-rencontre-3a-presidents-du-2-avril-2023\/\" target=\"_blank\" rel=\"noopener\">cet article du site de 3A<\/a><\/strong>.<\/p>\n<p>Devant le succ\u00e8s de cette rencontre, mais aussi la demande de pr\u00e9sidents n\u2019ayant pas pu y assister, 3A la r\u00e9\u00e9ditera cet \u00e9t\u00e9 le dimanche 30 juillet \u00e0 17h. M\u00eame lieu (h\u00f4tel La Cachette), m\u00eame heure (17h).<\/p>\n<hr \/>\n<p><a id=\"post-5317-festival\"><\/a><br \/>\n<img decoding=\"async\" class=\"wp-image-5329 aligncenter\" src=\"https:\/\/www.trois-a.org\/wp-content\/uploads\/2023\/07\/une-image-contenant-personne-sport-mur-coude-d.jpeg\" alt=\"Une image contenant personne, sport, mur, Coude Description g\u00e9n\u00e9r\u00e9e automatiquement\" width=\"557\" height=\"325\" srcset=\"https:\/\/www.trois-a.org\/wp-content\/uploads\/2023\/07\/une-image-contenant-personne-sport-mur-coude-d.jpeg 600w, https:\/\/www.trois-a.org\/wp-content\/uploads\/2023\/07\/une-image-contenant-personne-sport-mur-coude-d-300x175.jpeg 300w\" sizes=\"(max-width: 557px) 100vw, 557px\" \/><\/p>\n<h1 style=\"text-align: center;\">Le festival de musique f\u00eate ses 50 ans\u00a0: r\u00e9servez vos places\u00a0!<\/h1>\n<p>Qui aurait pu esp\u00e9rer, m\u00eame en r\u00eave, pouvoir faire partie des premi\u00e8res loges et admirer nos artistes mondialement reconnus comme les fr\u00e8res Capu\u00e7on, Benjamin Millepied et tant d\u2019autres, et ceci de surcroit gratuitement ? Une opportunit\u00e9 sans doute unique, dont m\u00eame nos propri\u00e9taires et touristes ne peuvent profiter aussi facilement depuis leur capitale. Quelle chance pour notre communaut\u00e9 des Arcs, habitants locaux, enfants, amis, toute la vall\u00e9e, de pouvoir b\u00e9n\u00e9ficier d\u2019un tel cadeau !<\/p>\n<p>Le <strong><a href=\"https:\/\/festivaldesarcs.com\/\" target=\"_blank\" rel=\"noopener\">festival de musique des Arcs<\/a><\/strong> figure parmi les fleurons de l\u2019image de marque des Arcs. Fid\u00e8le \u00e0 sa tradition de gratuit\u00e9 des concerts, il offrira, lors de l\u2019\u00e9dition 2023, un rassemblement de personnalit\u00e9s du monde musical et de la danse l\u2019ayant fr\u00e9quent\u00e9 par le pass\u00e9 dans une r\u00e9trospective flamboyante. Malheureusement, on ne peut pas repousser les murs du Centre Taillefer ou de la Coupole, les \u00e9picentres de l\u2019\u00e9v\u00e8nement, qui rayonne maintenant bien au-del\u00e0 des Arcs : certains concerts aux intervenants prestigieux, risquant de se jouer \u00e0 guichet ferm\u00e9, font l\u2019objet d\u2019une r\u00e9servation pr\u00e9alable, valable jusqu\u2019\u00e0 10 mn avant le d\u00e9but des concerts. Il est conseill\u00e9 de r\u00e9server en cliquant <strong><a href=\"https:\/\/www.helloasso.com\/associations\/musique-et-danse-aux-arcs\/evenements\/reservations-concerts-festival-des-arcs\" target=\"_blank\" rel=\"noopener\">sur ce lien<\/a><\/strong>.<\/p>\n<hr \/>\n<p><a id=\"post-5317-TREX\"><\/a><br \/>\n<strong><img decoding=\"async\" class=\"wp-image-5330 aligncenter\" src=\"https:\/\/www.trois-a.org\/wp-content\/uploads\/2023\/07\/une-image-contenant-texte-capture-decran-police.jpeg\" alt=\"Une image contenant texte, capture d\u2019\u00e9cran, Police Description g\u00e9n\u00e9r\u00e9e automatiquement\" width=\"658\" height=\"249\" srcset=\"https:\/\/www.trois-a.org\/wp-content\/uploads\/2023\/07\/une-image-contenant-texte-capture-decran-police.jpeg 1260w, https:\/\/www.trois-a.org\/wp-content\/uploads\/2023\/07\/une-image-contenant-texte-capture-decran-police-300x113.jpeg 300w, https:\/\/www.trois-a.org\/wp-content\/uploads\/2023\/07\/une-image-contenant-texte-capture-decran-police-1024x387.jpeg 1024w, https:\/\/www.trois-a.org\/wp-content\/uploads\/2023\/07\/une-image-contenant-texte-capture-decran-police-768x290.jpeg 768w\" sizes=\"(max-width: 658px) 100vw, 658px\" \/><\/strong><\/p>\n<h1 style=\"text-align: center;\">T-REX \u00e9dition 2023<\/h1>\n<p>3A n\u2019a h\u00e9las pas pu participer comme elle l\u2019a fait l\u2019ann\u00e9e derni\u00e8re (voir l\u2019article \u00ab\u00a0<a href=\"https:\/\/www.trois-a.org\/index.php\/2022\/06\/22\/les-arcs-destination-de-plus-en-plus-responsable\/\" target=\"_blank\" rel=\"noopener\"><strong>Les Arcs, destination de plus en plus responsable\u00a0?<\/strong>\u00a0<\/a>\u00bb) \u00e0 l\u2019\u00e9dition 2023 (la deuxi\u00e8me) de cet \u00e9v\u00e8nement qui semble bien parti pour devenir <strong>le<\/strong> rendez-vous annuel des \u00ab\u00a0acteurs de la transition\u00a0\u00bb de la r\u00e9gion.<\/p>\n<p>Les pr\u00e9sentations sont <strong><a href=\"https:\/\/www.lesarcs.com\/que-faire-aux-arcs\/evenements-ete\/trex\/intervenant\" target=\"_blank\" rel=\"noopener\">l\u00e0<\/a><\/strong>, les photos sont <strong><a href=\"https:\/\/adminphoto.lesarcs.com\/p?t=b6UjGB9I1#\/share\" target=\"_blank\" rel=\"noopener\">ici<\/a>.<\/strong><\/p>\n<p><img decoding=\"async\" class=\" wp-image-5355 aligncenter\" src=\"https:\/\/www.trois-a.org\/wp-content\/uploads\/2023\/07\/T.REX-2023-300x200.jpeg\" alt=\"\" width=\"507\" height=\"338\" srcset=\"https:\/\/www.trois-a.org\/wp-content\/uploads\/2023\/07\/T.REX-2023-300x200.jpeg 300w, https:\/\/www.trois-a.org\/wp-content\/uploads\/2023\/07\/T.REX-2023-1024x683.jpeg 1024w, https:\/\/www.trois-a.org\/wp-content\/uploads\/2023\/07\/T.REX-2023-768x512.jpeg 768w, https:\/\/www.trois-a.org\/wp-content\/uploads\/2023\/07\/T.REX-2023.jpeg 1200w\" sizes=\"(max-width: 507px) 100vw, 507px\" \/><\/p>\n<hr \/>\n<p><a id=\"post-5317-CDA\"><\/a><br \/>\n<img decoding=\"async\" class=\"wp-image-5331 aligncenter\" src=\"https:\/\/www.trois-a.org\/wp-content\/uploads\/2023\/07\/une-image-contenant-graphique-logo-police-graph.png\" alt=\"Une image contenant Graphique, logo, Police, graphisme Description g\u00e9n\u00e9r\u00e9e automatiquement\" width=\"442\" height=\"188\" srcset=\"https:\/\/www.trois-a.org\/wp-content\/uploads\/2023\/07\/une-image-contenant-graphique-logo-police-graph.png 1000w, https:\/\/www.trois-a.org\/wp-content\/uploads\/2023\/07\/une-image-contenant-graphique-logo-police-graph-300x128.png 300w, https:\/\/www.trois-a.org\/wp-content\/uploads\/2023\/07\/une-image-contenant-graphique-logo-police-graph-768x327.png 768w\" sizes=\"(max-width: 442px) 100vw, 442px\" \/><\/p>\n<h1 style=\"text-align: center;\">La \u00ab\u00a0Raison d\u2019\u00eatre\u00a0\u00bb de la CDA\u00a0: une assurance pour la p\u00e9rennit\u00e9 de notre patrimoine\u00a0?<\/h1>\n<p>La Compagnie des Alpes, dont ADS (l\u2019op\u00e9rateur des remont\u00e9es m\u00e9caniques de notre station) est une filiale, a d\u00e9voil\u00e9 lors de l\u2019assembl\u00e9e g\u00e9n\u00e9rale du 9 mars dernier sa <strong><a href=\"https:\/\/news.compagniedesalpes.com\/engagements-renoncements\/\" target=\"_blank\" rel=\"noopener\">\u00ab\u00a0Raison d\u2019\u00eatre\u00a0\u00bb<\/a><\/strong> concr\u00e9tis\u00e9e par un spectaculaire plan d\u2019action pour faire face au d\u00e9fi que repr\u00e9sente le r\u00e9chauffement climatique pour l\u2019avenir des stations de sport d\u2019hiver, et donc des Arcs.<\/p>\n<p>Nous vous encourageons \u00e0 prendre connaissance de son \u00ab <strong><a href=\"https:\/\/engagements.compagniedesalpes.com\" target=\"_blank\" rel=\"noopener\">vademecum<\/a><\/strong> \u00bb, qui d\u00e9taille 9 engagements, eux-m\u00eames balis\u00e9s de jalons, suivis de 5 renoncements majeurs. Tout un programme !<\/p>\n<p>3A ne peut que se f\u00e9liciter de cette initiative. En voulant privil\u00e9gier le fond sur le jargon technocratique de la forme, elle reste consciente de l\u2019aspect forc\u00e9ment marketing de la d\u00e9marche. De plus, elle constate que notre station se place probablement dans le peloton des \u00ab bons \u00e9l\u00e8ves \u00bb de la CDA, ayant par exemple remport\u00e9 l\u2019ann\u00e9e derni\u00e8re <strong><a href=\"https:\/\/mesinfos.fr\/auvergne-rhone-alpes\/mountain-planet-les-arcs-remportent-le-trophee-de-l-ecodamage-107710.html\" target=\"_blank\" rel=\"noopener\">le troph\u00e9e de l\u2019\u00e9codamage<\/a><\/strong>, et ADS finan\u00e7ant depuis plusieurs ann\u00e9es <strong><a href=\"https:\/\/www.youtube.com\/watch?v=IqE7SBKpecs\" target=\"_blank\" rel=\"noopener\">le collectif \u00ab\u00a0La Ruche\u00a0\u00bb<\/a><\/strong>. Rappelons ici la br\u00e8ve \u00ab\u00a0Les Arcs, une destination (de plus en plus) responsable ?\u00a0\u00bb extraite des <strong><a href=\"https:\/\/www.trois-a.org\/wp-content\/uploads\/2022\/07\/Breves-18.pdf\" target=\"_blank\" rel=\"noopener\">Br\u00e8ves de 3A n\u00b018<\/a><\/strong>.<\/p>\n<p>L\u2019existence d\u2019une telle perspective renforce le r\u00f4le de vigilance que 3A a toujours rempli vis-\u00e0-vis du respect des engagements que tel ou tel acteur de la station peut afficher. Elle est aussi l\u2019occasion de faire entendre la voix des propri\u00e9taires, un peu oubli\u00e9e dans ce document qui lui-m\u00eame s&rsquo;inscrit dans ce processus de transition \u00e9nerg\u00e9tique, \u00e9conomique et soci\u00e9tale qui assurera la p\u00e9rennit\u00e9 de notre patrimoine.<\/p>\n<hr \/>\n<p><a id=\"post-5317-Site3A\"><\/a><br \/>\n<img decoding=\"async\" class=\"wp-image-5332 aligncenter\" src=\"https:\/\/www.trois-a.org\/wp-content\/uploads\/2023\/07\/une-image-contenant-texte-police-ligne-capture.jpeg\" alt=\"Une image contenant texte, Police, ligne, capture d\u2019\u00e9cran Description g\u00e9n\u00e9r\u00e9e automatiquement\" width=\"628\" height=\"200\" srcset=\"https:\/\/www.trois-a.org\/wp-content\/uploads\/2023\/07\/une-image-contenant-texte-police-ligne-capture.jpeg 1942w, https:\/\/www.trois-a.org\/wp-content\/uploads\/2023\/07\/une-image-contenant-texte-police-ligne-capture-300x95.jpeg 300w, https:\/\/www.trois-a.org\/wp-content\/uploads\/2023\/07\/une-image-contenant-texte-police-ligne-capture-1024x326.jpeg 1024w, https:\/\/www.trois-a.org\/wp-content\/uploads\/2023\/07\/une-image-contenant-texte-police-ligne-capture-768x244.jpeg 768w, https:\/\/www.trois-a.org\/wp-content\/uploads\/2023\/07\/une-image-contenant-texte-police-ligne-capture-1536x489.jpeg 1536w, https:\/\/www.trois-a.org\/wp-content\/uploads\/2023\/07\/une-image-contenant-texte-police-ligne-capture-1320x420.jpeg 1320w\" sizes=\"(max-width: 628px) 100vw, 628px\" \/><\/p>\n<h1 style=\"text-align: center;\">Sur le site de 3A<\/h1>\n<p>Ne manquez pas de consulter ces articles publi\u00e9s r\u00e9cemment sur le site de 3A\u00a0:<\/p>\n<p><a href=\"https:\/\/www.trois-a.org\/index.php\/2023\/06\/14\/le-festival-de-musique-a-besoin-de-vous\/\" target=\"_blank\" rel=\"noopener\"><strong>Le festival de musique a besoin de vous<\/strong><\/a><\/p>\n<p>Il est toujours temps de donner un coup de main\u2026<\/p>\n<p><a href=\"https:\/\/www.trois-a.org\/index.php\/2023\/05\/19\/connaissez-vous-marielle-berger\/\" target=\"_blank\" rel=\"noopener\"><strong>Connaissez-vous Marielle Berger\u00a0?<\/strong><\/a><\/p>\n<p>Portrait d\u2019une championne des Arcs<\/p>\n<p><a href=\"https:\/\/www.trois-a.org\/index.php\/2023\/06\/06\/lisez-le-bulletin-de-lassociation-de-proprietaires-de-peisey-vallandry\/\" target=\"_blank\" rel=\"noopener\"><strong>Lisez le bulletin de l\u2019association des propri\u00e9taires de Peisey Vallandry<\/strong><\/a><\/p>\n<p>Toujours aussi riche en informations<\/p>\n<p><a href=\"https:\/\/www.trois-a.org\/index.php\/2023\/06\/09\/vers-un-festival-de-bridge-aux-arcs\/\" target=\"_blank\" rel=\"noopener\"><strong>Vers un festival de bridge aux Arcs<\/strong><\/a><\/p>\n<p>Une initiative de 3A pour \u00e9tendre les activit\u00e9s de la station. Intervenants prestigieux.<\/p>\n<p><a href=\"https:\/\/www.trois-a.org\/index.php\/2023\/06\/26\/associer-heritage-architectural-et-enjeux-energetiques\/\" target=\"_blank\" rel=\"noopener\"><strong>\u00c9tude\u00a0Patrimoine architectural d\u2019Arc 1600 et Arc 1800 et transition \u00e9nerg\u00e9tique<\/strong><\/a><\/p>\n<p>Une \u00e9tude qui s\u2019inscrit dans le Projet de territoire de la commune qui va tracer la route des Arcs et Bourg Saint Maurice dans les ann\u00e9es voire les d\u00e9cennies \u00e0 venir<\/p>\n<hr \/>\n<p>L\u2019existence et le pouvoir d\u2019influence de 3A de\u0301pendent de votre soutien. Rejoignez-nous ou renouvelez votre adhe\u0301sion en vous rendant\u00a0<a href=\"https:\/\/www.trois-a.org\/index.php\/adhesion\/\" target=\"_blank\" rel=\"noopener\"><strong>sur cette page<\/strong><\/a>.<\/p>\n<hr \/>\n<p>Vous pouvez interagir avec nous :<\/p>\n<ul>\n<li>en utilisant\u00a0<a href=\"https:\/\/www.trois-a.org\/index.php\/exprimez-vous\/\" target=\"_blank\" rel=\"noopener\"><strong>la rubrique \u00ab Exprimez-vous \u00bb<\/strong><\/a>\u00a0(en haut a\u0300 droite de chaque page du site)<\/li>\n<li>en envoyant un mail a\u0300\u00a0<a href=\"mailto:contact@trois-a.org\">contact@trois-a.org<\/a><\/li>\n<li>en postant un commentaire sur un article du site (ce qui permettra de dialoguer \u00e9galement avec les autres propri\u00e9taires)<\/li>\n<li>en participant aux r\u00e9unions \u00ab Propri\u00e9taire aux Arcs \u00bb que 3A organise r\u00e9guli\u00e8rement aux Arcs.<\/li>\n<\/ul>\n<p style=\"text-align: center;\">\u00a9 Avenir et Animation des Arcs 2023<\/p>\n<\/div><\/article><article id=\"post-4823\" class=\"hentry entry entry_full post_has_image \"><div class=\"entry_info\"><h2 class=\"entry_title entry-title\"><a href=\"https:\/\/www.trois-a.org\/index.php\/2023\/01\/15\/les-breves-de-3a-n20\/\" rel=\"bookmark\" title=\"Lien permanent pour Les Br\u00e8ves de 3A n\u00b020\">Les Br\u00e8ves de 3A n\u00b020<\/a><\/h2><div class=\"entry_meta\"><time class=\"published updated\" datetime=\"2023-01-15\"><a href=\"https:\/\/www.trois-a.org\/index.php\/2023\/01\/\"><i class=\"theme-icon icon_calendar-meta meta-icon meta-icon-calendar\"><\/i>15 janvier 2023<\/a><\/time><span class=\"separator\">|<\/span><span class=\"tags\"><i class=\"theme-icon icon_tag-meta meta-icon\"><\/i><a href=\"https:\/\/www.trois-a.org\/index.php\/tag\/article-en-acces-libre\/\" rel=\"tag\">Article en acc\u00e8s libre<\/a><\/span><\/div><\/div><div class=\"entry_content entry-content\"><p style=\"text-align: center;\">T\u00e9l\u00e9charger <a href=\"https:\/\/www.trois-a.org\/wp-content\/uploads\/2023\/01\/Breves-n\u00b0-20-1.pdf\" target=\"_blank\" rel=\"noopener\">une version pdf (705 Ko)<\/a>.<\/p>\n<p><strong><img decoding=\"async\" class=\"wp-image-4824 aligncenter\" src=\"https:\/\/www.trois-a.org\/wp-content\/uploads\/2023\/01\/logo-3a.jpeg\" alt=\"Logo 3A\" width=\"160\" height=\"132\" \/><\/strong><\/p>\n<p><strong>\u00a0<\/strong><\/p>\n<h1 style=\"text-align: center;\"><strong>Les Br\u00e8ves de 3A\u00a0n\u00b020<\/strong><\/h1>\n<h1 style=\"text-align: center;\"><strong>Janvier 2023<\/strong><\/h1>\n<p>&nbsp;<\/p>\n<hr \/>\n<p>Tous les anciens nume\u0301ros des Bre\u0300ves de 3A sont disponibles en libre acce\u0300s\u00a0<a href=\"https:\/\/www.trois-a.org\/index.php\/accueil\/les-breves-de-3a\/\" target=\"_blank\" rel=\"noopener\"><strong>ici<\/strong><\/a>.<\/p>\n<hr \/>\n<p><strong><img decoding=\"async\" class=\" wp-image-4865 aligncenter\" src=\"https:\/\/www.trois-a.org\/wp-content\/uploads\/2023\/01\/voeux-23-225x300.jpg\" alt=\"\" width=\"520\" height=\"693\" srcset=\"https:\/\/www.trois-a.org\/wp-content\/uploads\/2023\/01\/voeux-23-225x300.jpg 225w, https:\/\/www.trois-a.org\/wp-content\/uploads\/2023\/01\/voeux-23.jpg 480w\" sizes=\"(max-width: 520px) 100vw, 520px\" \/><\/strong><\/p>\n<p>&nbsp;<\/p>\n<hr \/>\n<p><img decoding=\"async\" class=\" wp-image-4866 aligncenter\" src=\"https:\/\/www.trois-a.org\/wp-content\/uploads\/2023\/01\/23-01-grand-col-300x200.jpg\" alt=\"\" width=\"684\" height=\"456\" srcset=\"https:\/\/www.trois-a.org\/wp-content\/uploads\/2023\/01\/23-01-grand-col-300x200.jpg 300w, https:\/\/www.trois-a.org\/wp-content\/uploads\/2023\/01\/23-01-grand-col-768x512.jpg 768w, https:\/\/www.trois-a.org\/wp-content\/uploads\/2023\/01\/23-01-grand-col.jpg 886w\" sizes=\"(max-width: 684px) 100vw, 684px\" \/><\/p>\n<p style=\"text-align: center;\"><em>Aux Arcs, quand il n&rsquo;y a plus de neige, il y en a encore&#8230;<\/em><\/p>\n<h2 style=\"text-align: center;\"><strong>L\u2019\u00e9dito du pr\u00e9sident<\/strong><\/h2>\n<p>Chers adh\u00e9rents 3A, chers propri\u00e9taires aux Arcs,<\/p>\n<p>Toute l\u2019\u00e9quipe de 3A se joint \u00e0 moi pour vous souhaiter nos meilleurs v\u0153ux 2023\u00a0!<\/p>\n<p>J\u2019esp\u00e8re que cette ann\u00e9e d\u00e9bute en douceur pour vous tous, malgr\u00e9 les nombreuses mutations auxquelles nous assistons en ce moment.<\/p>\n<p>En effet, 2023 sera, j\u2019en suis convaincu, une ann\u00e9e pivot, et restera dans les m\u00e9moires comme un tournant significatif sur beaucoup d\u2019aspects.<\/p>\n<p>Tout d\u2019abord, l\u2019h\u00e9ritage Covid, en r\u00e9volutionnant le t\u00e9l\u00e9travail, permet \u00e0 la vision de la station \u00ab\u00a04 saisons\u00a0\u00bb de prendre toute sa signification, esquissant un nouvel \u00e9quilibre loisirs-travail prometteur d\u2019activit\u00e9s tout au long de l\u2019ann\u00e9e.<\/p>\n<p>La crise \u00e9nerg\u00e9tique de 2022, quant \u00e0 elle, catalyse l\u2019\u00e9volution de nos consommations \u00e9nerg\u00e9tiques vers plus d\u2019efficience. Alli\u00e9e \u00e0 la r\u00e9novation du b\u00e2ti le plus ancien, cette \u00e9volution trace la route vers un habitat durable dans la station.<\/p>\n<p>Enfin, la pression climatique, mettant \u00e0 risque la pratique des sports d\u2019hiver dans beaucoup de stations, nous fait aussi r\u00e9aliser la chance d\u2019appartenir \u00e0 une station o\u00f9 la neige semble encore garantie mieux qu\u2019ailleurs. C\u2019est ainsi que les Arcs ont b\u00e9n\u00e9fici\u00e9 du meilleur taux d\u2019ouverture de pistes (devant Tignes et les 3 Vall\u00e9es) durant ce d\u00e9but d\u2019ann\u00e9e, ainsi qu\u2019en avril 2022, gr\u00e2ce \u00e0 la configuration exceptionnelle de son domaine et \u00e0 la qualit\u00e9 de ses \u00e9quipes d\u2019entretien. Oui, aux Arcs, il y a encore de la neige\u00a0quand il n\u2019y en pas ou plus dans la plupart des autres stations !<\/p>\n<p>Pour rester optimiste, j\u2019esp\u00e8re que 2023 sera une ann\u00e9e de normalisation de sortie de crise et permettra aux Arcs, tirant parti de ces changements au lieu de les subir, d\u2019\u00e9voluer dans la direction qu\u2019elle s\u2019est donn\u00e9e\u00a0: celle d\u2019une station dynamique, agr\u00e9able \u00e0 vivre, responsable et consciente de ses atouts.<\/p>\n<p>C\u2019est ensemble que nous, propri\u00e9taires, prendrons toute notre place dans cette \u00e9volution.<\/p>\n<p>Bonne ann\u00e9e\u00a0!<\/p>\n<p><img decoding=\"async\" class=\"wp-image-4826 aligncenter\" src=\"https:\/\/www.trois-a.org\/wp-content\/uploads\/2023\/01\/une-image-contenant-mur-personne-interieur-homm.jpeg\" alt=\"Une image contenant mur, personne, int\u00e9rieur, homme Description g\u00e9n\u00e9r\u00e9e automatiquement\" width=\"114\" height=\"143\" \/><\/p>\n<p style=\"text-align: center;\">C\u00e9dric<\/p>\n<hr \/>\n<p>Dans ce num\u00e9ro<\/p>\n<ol>\n<li><strong><a href=\"#post-4823-TH\">Vers une hausse de la taxe d\u2019habitation sur les r\u00e9sidences secondaires aux Arcs\u00a0?<\/a><\/strong><\/li>\n<li><a href=\"#post-4823-Flamme\"><strong>La flamme olympique d\u2019Arc 2000 \u00e0 sa juste place<\/strong><\/a><\/li>\n<li><a href=\"#post-4823-B\u00e2timentADS\"><strong>Le nouveau b\u00e2timent ADS \u00e0 c\u00f4t\u00e9 du d\u00e9part du Transarc<\/strong><\/a><\/li>\n<li><a href=\"#post-4823-Festival\"><strong>L\u2019exceptionnelle 50e \u00e9dition du Festival de musique des Arcs : un petit coin du voile soulev\u00e9 pour 3A !<\/strong><\/a><\/li>\n<li><a href=\"#post-4823-R\u00e9seauxSociaux\"><strong>Mise \u00e0 jour de la liste des r\u00e9seaux sociaux consacr\u00e9s aux Arcs<\/strong><\/a><\/li>\n<li><a href=\"#post-4823-Nuisances\"><strong>La pr\u00e9vention des nuisances caus\u00e9es par certains groupes<\/strong><\/a><\/li>\n<li><a href=\"#post-4823-RlesArcs\"><strong>3A sur R\u2019les Arcs<\/strong><\/a><\/li>\n<li><a href=\"#post-4823-Patrimoine\"><strong>Vers une meilleure reconnaissance de la valeur patrimoniale des constructions d\u2019Arc 1600 et d\u2019Arc 1800<\/strong><\/a><\/li>\n<li><a href=\"#post-4823-NVP90\"><strong>Le n\u00b090 des Nouvelles de la Vall\u00e9e du Ponthurin (Peisey-Vallandry) est disponible<\/strong><\/a><\/li>\n<\/ol>\n<hr \/>\n<p><strong><img decoding=\"async\" class=\"wp-image-4827 aligncenter\" src=\"https:\/\/www.trois-a.org\/wp-content\/uploads\/2023\/01\/une-image-contenant-texte-description-generee-aut.jpeg\" alt=\"Une image contenant texte Description g\u00e9n\u00e9r\u00e9e automatiquement\" width=\"174\" height=\"180\" srcset=\"https:\/\/www.trois-a.org\/wp-content\/uploads\/2023\/01\/une-image-contenant-texte-description-generee-aut.jpeg 399w, https:\/\/www.trois-a.org\/wp-content\/uploads\/2023\/01\/une-image-contenant-texte-description-generee-aut-290x300.jpeg 290w\" sizes=\"(max-width: 174px) 100vw, 174px\" \/><\/strong><\/p>\n<h2 style=\"text-align: center;\"><a id=\"post-4823-TH\"><\/a><strong>Vers une hausse de la taxe d\u2019habitation sur les r\u00e9sidences secondaires aux Arcs\u00a0?<\/strong><\/h2>\n<p>Comme suite \u00e0\u00a0<a href=\"https:\/\/www.assemblee-nationale.fr\/dyn\/16\/amendements\/0273A\/AN\/925\" target=\"_blank\" rel=\"noopener\">un amendement pr\u00e9sent\u00e9 par M. Roseren<\/a>, d\u00e9put\u00e9 de Haute Savoie,\u00a0la loi de finances pour 2023, finalement publi\u00e9e au d\u00e9but de janvier, \u00e9tend la possibilit\u00e9 de majorer la taxe d\u2019habitation sur les r\u00e9sidences secondaires \u00e0 toutes les communes (dont celles class\u00e9es station de tourisme) o\u00f9 le march\u00e9 immobilier est reconnu comme \u00ab\u00a0tendu\u00a0\u00bb, ce qui peut \u00e9ventuellement concerner celle de Bourg Saint Maurice\/Les Arcs. Alert\u00e9e par une d\u00e9claration du maire \u00ab\u00a0de ne pas s\u2019interdire\u00a0\u00bb cette source d\u2019augmentation du budget municipal, dans <a href=\"https:\/\/www.trois-a.org\/index.php\/2023\/01\/12\/vers-une-augmentation-de-la-taxe-dhabitation-aux-arcs\/\">une lettre que l\u2019on retrouvera sur le site de 3A<\/a>, notre pr\u00e9sident l\u2019a fermement mis en garde contre les multiples effets pervers de cette tentation. Cette lettre a \u00e9t\u00e9 r\u00e9dig\u00e9e en concertation avec la FARSM (f\u00e9d\u00e9ration d\u2019associations de propri\u00e9taires dans les stations de Savoie et Haute Savoie), qui, apr\u00e8s un sondage aupr\u00e8s de ses adh\u00e9rents, a d\u00e9termin\u00e9 que les maires se r\u00e9partissaient en trois cat\u00e9gories \u00e9gales\u00a0: ceux qui vont appliquer la surtaxe, ceux qui ne l\u2019appliqueront pas et ceux qui n\u2019ont pas encore pris de d\u00e9cision\u2026<\/p>\n<hr \/>\n<p><strong><img decoding=\"async\" class=\"alignnone wp-image-4867\" src=\"https:\/\/www.trois-a.org\/wp-content\/uploads\/2023\/01\/Flamme-et-FCGD-et-LD-Grande-225x300.jpeg\" alt=\"\" width=\"384\" height=\"512\" srcset=\"https:\/\/www.trois-a.org\/wp-content\/uploads\/2023\/01\/Flamme-et-FCGD-et-LD-Grande-225x300.jpeg 225w, https:\/\/www.trois-a.org\/wp-content\/uploads\/2023\/01\/Flamme-et-FCGD-et-LD-Grande-768x1024.jpeg 768w, https:\/\/www.trois-a.org\/wp-content\/uploads\/2023\/01\/Flamme-et-FCGD-et-LD-Grande.jpeg 960w\" sizes=\"(max-width: 384px) 100vw, 384px\" \/>\u00a0 \u00a0 \u00a0 \u00a0 \u00a0 \u00a0 \u00a0 \u00a0 \u00a0 \u00a0 \u00a0 \u00a0 \u00a0 \u00a0 \u00a0<img decoding=\"async\" class=\"wp-image-4829 alignright\" src=\"https:\/\/www.trois-a.org\/wp-content\/uploads\/2023\/01\/word-image-4823-6.jpeg\" width=\"377\" height=\"503\" srcset=\"https:\/\/www.trois-a.org\/wp-content\/uploads\/2023\/01\/word-image-4823-6.jpeg 598w, https:\/\/www.trois-a.org\/wp-content\/uploads\/2023\/01\/word-image-4823-6-225x300.jpeg 225w\" sizes=\"(max-width: 377px) 100vw, 377px\" \/><\/strong><\/p>\n<h2 style=\"text-align: center;\"><a id=\"post-4823-Flamme\"><\/a><strong>La flamme olympique d\u2019Arc 2000 \u00e0 sa juste place<\/strong><\/h2>\n<p>\u00c0 l\u2019initiative de Jean-Jacques Laplace, co-pr\u00e9sident de l\u2019ASL 2000, et avec le soutien de Fr\u00e9d\u00e9ric Charlot, directeur d\u2019ADS, de Guillaume Desrues, maire de Bourg Saint Maurice les Arcs et de Laurent DUCREUX, conseiller municipal d\u00e9l\u00e9gu\u00e9 aux Arcs, la flamme olympique a \u00e9t\u00e9 d\u00e9mont\u00e9e et d\u00e9plac\u00e9e cet automne. Cette \u0153uvre d\u2019art tr\u00f4ne aujourd\u2019hui sur la place olympique d\u2019Arc 2000.<br \/>\nAinsi, les v\u0153ux de l\u2019ASL 2000 et des propri\u00e9taires de la station sont exauc\u00e9s. Merci \u00e0 tous !<\/p>\n<hr \/>\n<p><strong><img decoding=\"async\" class=\"wp-image-4830 aligncenter\" src=\"https:\/\/www.trois-a.org\/wp-content\/uploads\/2023\/01\/word-image-4823-7.jpeg\" width=\"574\" height=\"383\" srcset=\"https:\/\/www.trois-a.org\/wp-content\/uploads\/2023\/01\/word-image-4823-7.jpeg 640w, https:\/\/www.trois-a.org\/wp-content\/uploads\/2023\/01\/word-image-4823-7-300x200.jpeg 300w\" sizes=\"(max-width: 574px) 100vw, 574px\" \/><\/strong><\/p>\n<p><strong> <img decoding=\"async\" class=\"wp-image-4831 aligncenter\" src=\"https:\/\/www.trois-a.org\/wp-content\/uploads\/2023\/01\/word-image-4823-8.jpeg\" width=\"570\" height=\"380\" srcset=\"https:\/\/www.trois-a.org\/wp-content\/uploads\/2023\/01\/word-image-4823-8.jpeg 640w, https:\/\/www.trois-a.org\/wp-content\/uploads\/2023\/01\/word-image-4823-8-300x200.jpeg 300w\" sizes=\"(max-width: 570px) 100vw, 570px\" \/><\/strong><\/p>\n<p><strong><img decoding=\"async\" class=\"wp-image-4832 alignleft\" src=\"https:\/\/www.trois-a.org\/wp-content\/uploads\/2023\/01\/une-image-contenant-interieur-etape-description.jpeg\" alt=\"Une image contenant int\u00e9rieur, \u00e9tape Description g\u00e9n\u00e9r\u00e9e automatiquement\" width=\"175\" height=\"264\" srcset=\"https:\/\/www.trois-a.org\/wp-content\/uploads\/2023\/01\/une-image-contenant-interieur-etape-description.jpeg 218w, https:\/\/www.trois-a.org\/wp-content\/uploads\/2023\/01\/une-image-contenant-interieur-etape-description-199x300.jpeg 199w\" sizes=\"(max-width: 175px) 100vw, 175px\" \/><\/strong><\/p>\n<p><img decoding=\"async\" class=\"wp-image-4834 alignright\" src=\"https:\/\/www.trois-a.org\/wp-content\/uploads\/2023\/01\/une-image-contenant-plancher-interieur-table-me.jpeg\" alt=\"Une image contenant plancher, int\u00e9rieur, table, meubles Description g\u00e9n\u00e9r\u00e9e automatiquement\" width=\"446\" height=\"296\" srcset=\"https:\/\/www.trois-a.org\/wp-content\/uploads\/2023\/01\/une-image-contenant-plancher-interieur-table-me.jpeg 489w, https:\/\/www.trois-a.org\/wp-content\/uploads\/2023\/01\/une-image-contenant-plancher-interieur-table-me-300x199.jpeg 300w\" sizes=\"(max-width: 446px) 100vw, 446px\" \/><\/p>\n<p><strong><img decoding=\"async\" width=\"459\" height=\"305\" class=\"wp-image-4835 aligncenter\" src=\"https:\/\/www.trois-a.org\/wp-content\/uploads\/2023\/01\/word-image-4823-12.jpeg\" srcset=\"https:\/\/www.trois-a.org\/wp-content\/uploads\/2023\/01\/word-image-4823-12.jpeg 459w, https:\/\/www.trois-a.org\/wp-content\/uploads\/2023\/01\/word-image-4823-12-300x199.jpeg 300w\" sizes=\"(max-width: 459px) 100vw, 459px\" \/><\/strong><\/p>\n<p><strong> <img decoding=\"async\" class=\"wp-image-4836\" src=\"https:\/\/www.trois-a.org\/wp-content\/uploads\/2023\/01\/word-image-4823-13.jpeg\" width=\"387\" height=\"257\" srcset=\"https:\/\/www.trois-a.org\/wp-content\/uploads\/2023\/01\/word-image-4823-13.jpeg 460w, https:\/\/www.trois-a.org\/wp-content\/uploads\/2023\/01\/word-image-4823-13-300x200.jpeg 300w\" sizes=\"(max-width: 387px) 100vw, 387px\" \/>\u00a0 \u00a0 \u00a0 \u00a0 \u00a0 \u00a0 \u00a0\u00a0<img decoding=\"async\" class=\"wp-image-4837 alignright\" src=\"https:\/\/www.trois-a.org\/wp-content\/uploads\/2023\/01\/une-image-contenant-texte-neige-exterieur-natur-1.jpeg\" alt=\"Une image contenant texte, neige, ext\u00e9rieur, nature Description g\u00e9n\u00e9r\u00e9e automatiquement\" width=\"386\" height=\"256\" srcset=\"https:\/\/www.trois-a.org\/wp-content\/uploads\/2023\/01\/une-image-contenant-texte-neige-exterieur-natur-1.jpeg 450w, https:\/\/www.trois-a.org\/wp-content\/uploads\/2023\/01\/une-image-contenant-texte-neige-exterieur-natur-1-300x199.jpeg 300w\" sizes=\"(max-width: 386px) 100vw, 386px\" \/><\/strong><\/p>\n<h2 style=\"text-align: center;\"><a id=\"post-4823-B\u00e2timentADS\"><\/a><strong>Le nouveau b\u00e2timent ADS \u00e0 c\u00f4t\u00e9 du d\u00e9part du Transarc<\/strong><\/h2>\n<p>Si vous \u00eates pass\u00e9 cet hiver devant le d\u00e9part du Transarc, vous n\u2019avez pas manqu\u00e9 de jeter un coup d\u2019\u0153il au nouveau b\u00e2timent qui abrite l\u2019office du tourisme et les guichets d\u2019ADS. Sinon, vous en avez un aper\u00e7u avec le petit reportage photo ci-dessus.<\/p>\n<hr \/>\n<p><img decoding=\"async\" width=\"365\" height=\"114\" class=\"wp-image-4838 aligncenter\" src=\"https:\/\/www.trois-a.org\/wp-content\/uploads\/2023\/01\/word-image-4823-15.png\" srcset=\"https:\/\/www.trois-a.org\/wp-content\/uploads\/2023\/01\/word-image-4823-15.png 365w, https:\/\/www.trois-a.org\/wp-content\/uploads\/2023\/01\/word-image-4823-15-300x94.png 300w\" sizes=\"(max-width: 365px) 100vw, 365px\" \/><\/p>\n<h2 style=\"text-align: center;\"><a id=\"post-4823-Festival\"><\/a><strong>L\u2019exceptionnelle 50e \u00e9dition du Festival de musique des Arcs, un petit coin du voile soulev\u00e9 pour 3A !<\/strong><\/h2>\n<p>L\u2019Acad\u00e9mie-Festival des Arcs organise du 16 au 28 juillet prochain sa 50e \u00e9dition.<\/p>\n<p>Cette c\u00e9l\u00e9bration commencera par un concert \u00e0 Paris le 6 avril \u00e0 20H00 salle Cortot \u00e0 Paris en hommage \u00e0 Roger Godino. Retenez cette date !<\/p>\n<p>Et pour cet \u00e9t\u00e9, une programmation hors norme et des invit\u00e9s prestigieux \u2014\u00a0<strong>Renaud et Gautier Capu\u00e7on, Benjamin Millepied, le Sirba Octet, l\u2019orchestre des pays de Savoie\u00a0<\/strong>entre autres \u2014, plus de quarante concerts \u00e0 Arc 1600, 1800 et 1950 mais aussi dans une dizaine de villages de la Tarentaise, interpr\u00e9t\u00e9s par une soixantaine d&rsquo;artistes mondialement connus, des conf\u00e9rences, des master classes publiques, des rencontres et d\u00e9bats, et bien s\u00fbr l\u2019acad\u00e9mie qui accueillera pr\u00e8s de 200 jeunes instrumentistes venus du monde entier\u2026<\/p>\n<p>Le tout GRATUIT comme depuis 5 d\u00e9cennies.<\/p>\n<p>Alors n\u2019h\u00e9sitez pas.<\/p>\n<p>Venez c\u00e9l\u00e9brer cet anniversaire et f\u00eater en musique ce demi-si\u00e8cle de culture aux sommets.<\/p>\n<p>Et d&rsquo;ici l\u00e0 votre adh\u00e9sion et votre soutien \u00e0 l\u2019Association \u00ab\u00a0Acad\u00e9mie-Festival des Arcs\u00a0\u00bb, sans laquelle le festival n\u2019existerait pas, sont pr\u00e9cieux !<\/p>\n<p><a href=\"https:\/\/emea01.safelinks.protection.outlook.com\/?url=https%3A%2F%2Fwww.helloasso.com%2Fassociations%2Fmusique-et-danse-aux-arcs%2Fadhesions%2Fbulletin-d-adhesion&amp;data=05%7C01%7C%7C853e3c30d04540be052608daf25c61e6%7C84df9e7fe9f640afb435aaaaaaaaaaaa%7C1%7C0%7C638088775830178384%7CUnknown%7CTWFpbGZsb3d8eyJWIjoiMC4wLjAwMDAiLCJQIjoiV2luMzIiLCJBTiI6Ik1haWwiLCJXVCI6Mn0%3D%7C3000%7C%7C%7C&amp;sdata=WGjKKzA%2B3UERZ4p6nIFKWNZMqP94NTkFsyEKi51rTLs%3D&amp;reserved=0\">Bulletin d&rsquo;adh\u00e9sion 2022\/2023 (helloasso.com)<\/a><\/p>\n<p><img decoding=\"async\" class=\"wp-image-4839 aligncenter\" src=\"https:\/\/www.trois-a.org\/wp-content\/uploads\/2023\/01\/une-image-contenant-interieur-fanfare-foule-des.jpeg\" alt=\"Une image contenant int\u00e9rieur, fanfare, foule Description g\u00e9n\u00e9r\u00e9e automatiquement\" width=\"797\" height=\"531\" srcset=\"https:\/\/www.trois-a.org\/wp-content\/uploads\/2023\/01\/une-image-contenant-interieur-fanfare-foule-des.jpeg 1085w, https:\/\/www.trois-a.org\/wp-content\/uploads\/2023\/01\/une-image-contenant-interieur-fanfare-foule-des-300x200.jpeg 300w, https:\/\/www.trois-a.org\/wp-content\/uploads\/2023\/01\/une-image-contenant-interieur-fanfare-foule-des-1024x682.jpeg 1024w, https:\/\/www.trois-a.org\/wp-content\/uploads\/2023\/01\/une-image-contenant-interieur-fanfare-foule-des-768x512.jpeg 768w\" sizes=\"(max-width: 797px) 100vw, 797px\" \/><\/p>\n<p style=\"text-align: center;\"><em>Le concert de cl\u00f4ture du 49<sup>e<\/sup> festival, l\u2019\u00e9t\u00e9 dernier<\/em><\/p>\n<p>&nbsp;<\/p>\n<hr \/>\n<p><strong><img decoding=\"async\" class=\"wp-image-4840 aligncenter\" src=\"https:\/\/www.trois-a.org\/wp-content\/uploads\/2023\/01\/word-image-4823-17.jpeg\" width=\"155\" height=\"146\" \/><\/strong><\/p>\n<h2 style=\"text-align: center;\"><a id=\"post-4823-R\u00e9seauxSociaux\"><\/a><strong>Mise \u00e0 jour de la liste des r\u00e9seaux sociaux consacr\u00e9s aux Arcs<\/strong><\/h2>\n<p>Depuis la publication du dernier num\u00e9ro des Br\u00e8ves de 3A, on nous a signal\u00e9 encore ces sites. N\u2019h\u00e9sitez pas \u00e0 compl\u00e9ter.<\/p>\n<div id=\"framed_box_e0761fe9f4e7796069d543b05ad258e5\" class=\"framed_box\" style=\"border-width:1px;\">\n\t<div class=\"framed_box_content\">\n\t\t\n<p><a href=\"https:\/\/www.facebook.com\/lesarcs\/\" target=\"_blank\" rel=\"noopener\"><img decoding=\"async\" class=\"size-medium wp-image-4841 aligncenter\" src=\"https:\/\/www.trois-a.org\/wp-content\/uploads\/2023\/01\/word-image-4823-18-300x145.jpeg\" alt=\"\" width=\"300\" height=\"145\" srcset=\"https:\/\/www.trois-a.org\/wp-content\/uploads\/2023\/01\/word-image-4823-18-300x145.jpeg 300w, https:\/\/www.trois-a.org\/wp-content\/uploads\/2023\/01\/word-image-4823-18.jpeg 392w\" sizes=\"(max-width: 300px) 100vw, 300px\" \/><\/a>Bien s\u00fbr, <a href=\"https:\/\/www.facebook.com\/lesarcs\/\" target=\"_blank\" rel=\"noopener\">la page Facebook officielle des Arcs<\/a>. 182 229 abonn\u00e9s\u00a0! La \u00ab\u00a0sculpture\u00a0\u00bb <img decoding=\"async\" class=\"wp-image-4842\" src=\"https:\/\/www.trois-a.org\/wp-content\/uploads\/2023\/01\/une-image-contenant-batiment-fenetre-dome-descr.jpeg\" alt=\"Une image contenant b\u00e2timent, fen\u00eatre, d\u00f4me Description g\u00e9n\u00e9r\u00e9e automatiquement\" width=\"21\" height=\"20\" \/> <strong>LES ARCS<\/strong> au col des Frettes semble d\u00e9cid\u00e9ment inspirer beaucoup de community managers. \n\t\t<div class=\"framed_box_space\"><\/div>\n\t<\/div>\n<\/div>\n\n<div id=\"framed_box_b8eeb8c3c3d3b49921f0de6ace1a1025\" class=\"framed_box\" style=\"border-width:1px;\">\n\t<div class=\"framed_box_content\">\n\t\t<a href=\"https:\/\/www.facebook.com\/LaMatinaleLesArcs\/\" target=\"_blank\" rel=\"noopener\"><img decoding=\"async\" width=\"316\" height=\"167\" class=\"wp-image-4843 aligncenter\" src=\"https:\/\/www.trois-a.org\/wp-content\/uploads\/2023\/01\/word-image-4823-20.jpeg\" srcset=\"https:\/\/www.trois-a.org\/wp-content\/uploads\/2023\/01\/word-image-4823-20.jpeg 316w, https:\/\/www.trois-a.org\/wp-content\/uploads\/2023\/01\/word-image-4823-20-300x159.jpeg 300w\" sizes=\"(max-width: 316px) 100vw, 316px\" \/><\/a><\/p>\n<p>La <a href=\"https:\/\/www.facebook.com\/LaMatinaleLesArcs\/\" target=\"_blank\" rel=\"noopener\">page Facebook R\u2019les Arcs<\/a> d\u2019\u00c9ric Siri\u00a0: actualit\u00e9s, interviews pour tout savoir sur les Arcs<\/p>\n\n\t\t<div class=\"framed_box_space\"><\/div>\n\t<\/div>\n<\/div>\n\n<div id=\"framed_box_71f0c05e9a16f8107e4d302910141736\" class=\"framed_box\" style=\"border-width:1px;\">\n\t<div class=\"framed_box_content\">\n\t\t\n<p><a href=\"https:\/\/www.facebook.com\/snowart8848\" target=\"_blank\" rel=\"noopener\"><img decoding=\"async\" class=\"wp-image-4844 aligncenter\" src=\"https:\/\/www.trois-a.org\/wp-content\/uploads\/2023\/01\/une-image-contenant-texte-nature-description-gen.jpeg\" alt=\"Une image contenant texte, nature Description g\u00e9n\u00e9r\u00e9e automatiquement\" width=\"301\" height=\"174\" srcset=\"https:\/\/www.trois-a.org\/wp-content\/uploads\/2023\/01\/une-image-contenant-texte-nature-description-gen.jpeg 386w, https:\/\/www.trois-a.org\/wp-content\/uploads\/2023\/01\/une-image-contenant-texte-nature-description-gen-300x173.jpeg 300w\" sizes=\"(max-width: 301px) 100vw, 301px\" \/><\/a> <a href=\"https:\/\/www.instagram.com\/simonbeck_snowart\/\" target=\"_blank\" rel=\"noopener\"><img decoding=\"async\" class=\"wp-image-4845 aligncenter\" src=\"https:\/\/www.trois-a.org\/wp-content\/uploads\/2023\/01\/une-image-contenant-texte-description-generee-aut-1.jpeg\" alt=\"Une image contenant texte Description g\u00e9n\u00e9r\u00e9e automatiquement\" width=\"540\" height=\"168\" srcset=\"https:\/\/www.trois-a.org\/wp-content\/uploads\/2023\/01\/une-image-contenant-texte-description-generee-aut-1.jpeg 640w, https:\/\/www.trois-a.org\/wp-content\/uploads\/2023\/01\/une-image-contenant-texte-description-generee-aut-1-300x93.jpeg 300w\" sizes=\"(max-width: 540px) 100vw, 540px\" \/><\/a><\/p>\n<p>Le sublime \u00ab\u00a0Art des Neiges\u00a0\u00bb de Simon Beck (encore mieux en vrai, vous avez certainement d\u00e9j\u00e0 vu ces \u0153uvres \u00e9ph\u00e9m\u00e8res en skiant, mais vous ne connaissez peut-\u00eatre pas de la vari\u00e9t\u00e9 et la qualit\u00e9 du reste de son \u0153uvre\u2026). <a href=\"https:\/\/www.instagram.com\/simonbeck_snowart\/\" target=\"_blank\" rel=\"noopener\">Le site Instagram\u00a0<\/a>; <a href=\"https:\/\/www.facebook.com\/snowart8848\" target=\"_blank\" rel=\"noopener\">la page Facebook<\/a>.<\/p>\n\n\t\t<div class=\"framed_box_space\"><\/div>\n\t<\/div>\n<\/div>\n\n<div id=\"framed_box_e711b9dbb48a5166c6a1226f460cc116\" class=\"framed_box\" style=\"border-width:1px;\">\n\t<div class=\"framed_box_content\">\n\t\t\n<p><a href=\"https:\/\/www.facebook.com\/groups\/730261394791356\" target=\"_blank\" rel=\"noopener\"><br \/>\n<img decoding=\"async\" width=\"390\" height=\"179\" class=\"wp-image-4846 aligncenter\" src=\"https:\/\/www.trois-a.org\/wp-content\/uploads\/2023\/01\/une-image-contenant-texte-ciel-exterieur-sableu.jpeg\" alt=\"Une image contenant texte, ciel, ext\u00e9rieur, sableux Description g\u00e9n\u00e9r\u00e9e automatiquement\" srcset=\"https:\/\/www.trois-a.org\/wp-content\/uploads\/2023\/01\/une-image-contenant-texte-ciel-exterieur-sableu.jpeg 390w, https:\/\/www.trois-a.org\/wp-content\/uploads\/2023\/01\/une-image-contenant-texte-ciel-exterieur-sableu-300x138.jpeg 300w\" sizes=\"(max-width: 390px) 100vw, 390px\" \/><\/a><\/p>\n<p>Une page consacr\u00e9e \u00e0 la <a href=\"https:\/\/www.facebook.com\/groups\/730261394791356\" target=\"_blank\" rel=\"noopener\">location de vacances sur les Arcs<\/a> 1600 1800 1950 2000<\/p>\n\n\t\t<div class=\"framed_box_space\"><\/div>\n\t<\/div>\n<\/div>\n\n<div id=\"framed_box_3a927769447542fd33e2a45377d8a55b\" class=\"framed_box\" style=\"border-width:1px;\">\n\t<div class=\"framed_box_content\">\n\t\t\n<p><a href=\"https:\/\/www.facebook.com\/groups\/1206441710309349\" target=\"_blank\" rel=\"noopener\"><img decoding=\"async\" width=\"386\" height=\"170\" class=\"wp-image-4847 aligncenter\" src=\"https:\/\/www.trois-a.org\/wp-content\/uploads\/2023\/01\/une-image-contenant-texte-neige-exterieur-descr.jpeg\" alt=\"Une image contenant texte, neige, ext\u00e9rieur Description g\u00e9n\u00e9r\u00e9e automatiquement\" srcset=\"https:\/\/www.trois-a.org\/wp-content\/uploads\/2023\/01\/une-image-contenant-texte-neige-exterieur-descr.jpeg 386w, https:\/\/www.trois-a.org\/wp-content\/uploads\/2023\/01\/une-image-contenant-texte-neige-exterieur-descr-300x132.jpeg 300w\" sizes=\"(max-width: 386px) 100vw, 386px\" \/><\/a><\/p>\n<p>Une nouvelle <a href=\"https:\/\/www.facebook.com\/groups\/1206441710309349\" target=\"_blank\" rel=\"noopener\">page FB pour les propri\u00e9taires aux Arcs<\/a><\/p>\n\n\t\t<div class=\"framed_box_space\"><\/div>\n\t<\/div>\n<\/div>\n\n<div id=\"framed_box_7ffc3c3514565dca63502f57c12eda4a\" class=\"framed_box\" style=\"border-width:1px;\">\n\t<div class=\"framed_box_content\">\n\t\t\n<p><a href=\"https:\/\/www.remontees-mecaniques.net\/\" target=\"_blank\" rel=\"noopener\"><img decoding=\"async\" class=\"wp-image-4848 aligncenter\" src=\"https:\/\/www.trois-a.org\/wp-content\/uploads\/2023\/01\/word-image-4823-25.jpeg\" width=\"534\" height=\"118\" srcset=\"https:\/\/www.trois-a.org\/wp-content\/uploads\/2023\/01\/word-image-4823-25.jpeg 466w, https:\/\/www.trois-a.org\/wp-content\/uploads\/2023\/01\/word-image-4823-25-300x66.jpeg 300w\" sizes=\"(max-width: 534px) 100vw, 534px\" \/><\/a><\/p>\n<p><a href=\"https:\/\/www.remontees-mecaniques.net\/bdd\/reportage-tkd-des-deux-tetes-transcable-4057.html\" target=\"_blank\" rel=\"noopener\"> <img decoding=\"async\" class=\"wp-image-4849 aligncenter\" src=\"https:\/\/www.trois-a.org\/wp-content\/uploads\/2023\/01\/une-image-contenant-texte-exterieur-arbre-signe.jpeg\" alt=\"Une image contenant texte, ext\u00e9rieur, arbre, signe Description g\u00e9n\u00e9r\u00e9e automatiquement\" width=\"227\" height=\"172\" srcset=\"https:\/\/www.trois-a.org\/wp-content\/uploads\/2023\/01\/une-image-contenant-texte-exterieur-arbre-signe.jpeg 324w, https:\/\/www.trois-a.org\/wp-content\/uploads\/2023\/01\/une-image-contenant-texte-exterieur-arbre-signe-300x227.jpeg 300w\" sizes=\"(max-width: 227px) 100vw, 227px\" \/><\/a><\/p>\n<p>Enfin, un forum pour les fanatiques (ou les curieux) qui veulent tout connaitre des <a href=\"https:\/\/www.remontees-mecaniques.net\/\" target=\"_blank\" rel=\"noopener\">remont\u00e9es m\u00e9caniques\u00a0<\/a> (du monde entier\u00a0!) ; vous y trouverez des documents \u00e9tonnants sur <a href=\"https:\/\/www.remontees-mecaniques.net\/bdd\/station-les-arcs-13.html\" target=\"_blank\" rel=\"noopener\">les remont\u00e9es des Arcs<\/a>, y compris celles qui ne sont plus que dans nos souvenirs (Ah, le redout\u00e9 (par les skieurs moyens\u2026) <a href=\"https:\/\/www.remontees-mecaniques.net\/bdd\/reportage-tkd-des-deux-tetes-transcable-4057.html\" target=\"_blank\" rel=\"noopener\">t\u00e9l\u00e9ski des Deux T\u00eates<\/a>)\u2026<\/p>\n\n\t\t<div class=\"framed_box_space\"><\/div>\n\t<\/div>\n<\/div>\n\n<hr \/>\n<p><img decoding=\"async\" class=\"wp-image-4850 aligncenter\" src=\"https:\/\/www.trois-a.org\/wp-content\/uploads\/2023\/01\/une-image-contenant-texte-description-generee-aut-2.jpeg\" alt=\"Une image contenant texte Description g\u00e9n\u00e9r\u00e9e automatiquement\" width=\"423\" height=\"314\" srcset=\"https:\/\/www.trois-a.org\/wp-content\/uploads\/2023\/01\/une-image-contenant-texte-description-generee-aut-2.jpeg 950w, https:\/\/www.trois-a.org\/wp-content\/uploads\/2023\/01\/une-image-contenant-texte-description-generee-aut-2-300x223.jpeg 300w, https:\/\/www.trois-a.org\/wp-content\/uploads\/2023\/01\/une-image-contenant-texte-description-generee-aut-2-768x570.jpeg 768w\" sizes=\"(max-width: 423px) 100vw, 423px\" \/><\/p>\n<h2 style=\"text-align: center;\"><a id=\"post-4823-Nuisances\"><\/a><strong>La pr\u00e9vention des nuisances caus\u00e9es par certains groupes, sujet r\u00e9current<\/strong><\/h2>\n<p>En basse saison, la pr\u00e9sence de groupes contribue \u00e0 maintenir l\u2019animation de la station, quand tout se passe bien (citons les militaires anglais, la RAF, la Royal Navy, exemplaires). Malheureusement, il faut regretter parfois des d\u00e9bordements et incivilit\u00e9s de la part de certains groupes \u00ab\u00a0turbulents\u00a0\u00bb.<\/p>\n<p>En d\u00e9but de saison, plusieurs \u00e9changes entre la commune, AB Tourisme, des pr\u00e9sidents de Conseils Syndicaux (CS) et 3A ont abouti \u00e0 formaliser des dispositions pour r\u00e9soudre <a href=\"https:\/\/www.trois-a.org\/index.php\/2019\/12\/29\/les-nuisances-par-les-groupes-encore-et-toujours\/\" target=\"_blank\" rel=\"noopener\">ce sujet r\u00e9current<\/a>.<\/p>\n<ul>\n<li>Dispositions en amont vers les tour-op\u00e9rateurs pour sensibiliser et encadrer les membres des groupes.<\/li>\n<li>Pr\u00e9sence nocturne de la Police Municipale.<\/li>\n<li>Informations par AB Tourisme aux syndics et Pr\u00e9sidents de CS concern\u00e9s des arriv\u00e9es de groupe\u00a0: date, nombre, logements concern\u00e9s.<\/li>\n<li>Retour quotidien des syndics et\/ou pr\u00e9sidents de CS vers AB Tourisme des d\u00e9bordements \u00e9ventuels pour actions vers les Tour-Op\u00e9rateurs de ces groupes.<\/li>\n<li>En parall\u00e8le, sensibilisation des copropri\u00e9t\u00e9s pour informer en amont la gendarmerie et la police municipale des sp\u00e9cificit\u00e9s de chaque copropri\u00e9t\u00e9\u00a0: implantation, protection d\u2019acc\u00e8s, \u2026<\/li>\n<\/ul>\n<p>En compl\u00e9ment, signalons que certaines copropri\u00e9t\u00e9s ont mis en place\u00a0:<\/p>\n<ul>\n<li>des syst\u00e8mes de surveillance (vid\u00e9o, vigiles)<\/li>\n<li>des dispositions sp\u00e9cifiques dans leur r\u00e8glement de copropri\u00e9t\u00e9.<\/li>\n<\/ul>\n<p>Enfin, rappelons une nouvelle fois qu\u2019il est indispensable de formaliser une plainte aupr\u00e8s de la police en cas de troubles r\u00e9p\u00e9t\u00e9s ou d\u00e9gradations.<\/p>\n<p>Un bilan sera fait en fin de saison pour \u00e9valuer l\u2019impact de ces dispositions, bilan dont 3A se fera l\u2019\u00e9cho aupr\u00e8s de vous.<\/p>\n<hr \/>\n<p><img decoding=\"async\" class=\"wp-image-4851 aligncenter\" src=\"https:\/\/www.trois-a.org\/wp-content\/uploads\/2023\/01\/word-image-4823-28.jpeg\" width=\"340\" height=\"102\" srcset=\"https:\/\/www.trois-a.org\/wp-content\/uploads\/2023\/01\/word-image-4823-28.jpeg 822w, https:\/\/www.trois-a.org\/wp-content\/uploads\/2023\/01\/word-image-4823-28-300x90.jpeg 300w, https:\/\/www.trois-a.org\/wp-content\/uploads\/2023\/01\/word-image-4823-28-768x230.jpeg 768w\" sizes=\"(max-width: 340px) 100vw, 340px\" \/><\/p>\n<h2 style=\"text-align: center;\"><a id=\"post-4823-RlesArcs\"><\/a><strong>3A sur R\u2019les Arcs<\/strong><\/h2>\n<p>Vous avez peut-\u00eatre entendu le \u00ab\u00a0spot\u00a0\u00bb sur 3A que R\u2019les Arcs a diffus\u00e9 cet \u00e9t\u00e9. Sinon, <a href=\"https:\/\/www.trois-a.org\/wp-content\/uploads\/2023\/01\/3A-spot-ete-22.mp3\" target=\"_blank\" rel=\"noopener\">\u00e9coutez-le<\/a>. Et <a href=\"https:\/\/www.trois-a.org\/wp-content\/uploads\/2023\/01\/Spot-decembre-2022.mp3\">celui de cet hiver\u00a0<\/a>?<\/p>\n<p>Pendant que nous sommes sur R\u2019les Arcs, (r\u00e9)\u00e9coutez <a href=\"https:\/\/www.trois-a.org\/wp-content\/uploads\/2022\/08\/ITW-CAROLE-RAMPAZZO-2021.mp3\" target=\"_blank\" rel=\"noopener\">l\u2019interview de notre pr\u00e9sidente Carole Rampazzo en 2021<\/a>, <a href=\"https:\/\/laradiostation.fr\/2022\/09\/01\/itw-arnaud-mollanger\/\" target=\"_blank\" rel=\"noopener\">celle d\u2019Arnaud Mollanger<\/a> directeur des pistes le 1<sup>er<\/sup> septembre dernier (les travaux du domaine skiable, des villards Arc 1800, les projets, le positionnement sur l\u2019\u00e9cologie), et <a href=\"https:\/\/laradiostation.fr\/2023\/01\/04\/28267\/\" target=\"_blank\" rel=\"noopener\">celle d\u2019\u00c9ric Chevalier<\/a> directeur d\u2019AB Tourisme le 4 janvier.<\/p>\n<hr \/>\n<p><strong><img decoding=\"async\" width=\"957\" height=\"771\" class=\"wp-image-4852 aligncenter\" src=\"https:\/\/www.trois-a.org\/wp-content\/uploads\/2023\/01\/word-image-4823-29.jpeg\" srcset=\"https:\/\/www.trois-a.org\/wp-content\/uploads\/2023\/01\/word-image-4823-29.jpeg 957w, https:\/\/www.trois-a.org\/wp-content\/uploads\/2023\/01\/word-image-4823-29-300x242.jpeg 300w, https:\/\/www.trois-a.org\/wp-content\/uploads\/2023\/01\/word-image-4823-29-768x619.jpeg 768w\" sizes=\"(max-width: 957px) 100vw, 957px\" \/><\/strong><\/p>\n<h2 style=\"text-align: center;\"><a id=\"post-4823-Patrimoine\"><\/a><strong>Vers une meilleure reconnaissance de la valeur patrimoniale des constructions d\u2019Arc 1600 et d\u2019Arc 1800<\/strong><\/h2>\n<p>Dans le cadre de l\u2019\u00e9tablissement du Projet de Territoire de Bourg-Saint-Maurice\/les Arcs, la municipalit\u00e9 a souhait\u00e9 disposer d\u2019une \u00e9tude sur le \u00ab\u00a0patrimoine architectural d\u2019Arc 1600 et 1800 et la transition \u00e9nerg\u00e9tique\u00a0\u00bb. Cette \u00e9tude, confi\u00e9e au <a href=\"http:\/\/www.archipat.fr\/\" target=\"_blank\" rel=\"noopener\">cabinet d&rsquo;architectes Archipat<\/a> accompagn\u00e9 du <a href=\"https:\/\/www.eodd.fr\/\" target=\"_blank\" rel=\"noopener\">bureau d&rsquo;\u00e9tudes \u00e9nergie EODD<\/a>, a pour objectif de pr\u00e9ciser les dispositions \u00e0 prendre pour la pr\u00e9servation et la mise en valeur des ensembles qui ont \u00e9t\u00e9 labellis\u00e9s \u00ab\u00a0architecture contemporaine remarquable\u00a0\u00bb. L\u2019\u00e9tude doit aussi d\u00e9boucher sur des propositions pour mieux adapter ces ensembles immobiliers aux pr\u00e9occupations de transition \u00e9nerg\u00e9tique (recherche syst\u00e9matique d\u2019\u00e9conomie d\u2019\u00e9nergie et de modes de chauffage alternatifs au chauffage fuel qui \u00e9quipe nombre de copropri\u00e9t\u00e9s).<\/p>\n<p>Une premi\u00e8re partie, essentiellement descriptive, a \u00e9t\u00e9 pr\u00e9sent\u00e9e le 14 d\u00e9cembre sous forme de documents de travail provisoires. Ceux-ci ont \u00e9t\u00e9 discut\u00e9s avec un \u00e9chantillon assez complet de repr\u00e9sentants des copropri\u00e9t\u00e9s de 1600 et 1800. A ce stade, l\u2019int\u00e9r\u00eat principal de l\u2019\u00e9tude r\u00e9side dans la reconnaissance par la commune de la qualit\u00e9 architecturale, \u00e0 respecter et \u00e0 mettre en valeur, des ensembles b\u00e9n\u00e9ficiant du label \u00ab\u00a0architecture contemporaine remarquable\u00a0\u00bb.<\/p>\n<p>Les observations tr\u00e8s convergentes des participants seront prises en compte pour d\u00e9boucher sur une nouvelle version qui devrait \u00eatre diffus\u00e9e fin janvier. Un point important d\u2019ores et d\u00e9j\u00e0 act\u00e9 le 14 d\u00e9cembre a \u00e9t\u00e9 la n\u00e9cessit\u00e9 de bien distinguer dans les futures pr\u00e9conisations la part des suggestions, celle des recommandations et celle des prescriptions. Il a \u00e9t\u00e9 reconnu qu\u2019il \u00e9tait indispensable que chacune des copropri\u00e9t\u00e9s conserve au maximum la ma\u00eetrise de l\u2019\u00e9volution de ses b\u00e2timents.<\/p>\n<hr \/>\n<p><img decoding=\"async\" width=\"895\" height=\"199\" class=\"wp-image-4853 aligncenter\" src=\"https:\/\/www.trois-a.org\/wp-content\/uploads\/2023\/01\/word-image-4823-30.jpeg\" srcset=\"https:\/\/www.trois-a.org\/wp-content\/uploads\/2023\/01\/word-image-4823-30.jpeg 895w, https:\/\/www.trois-a.org\/wp-content\/uploads\/2023\/01\/word-image-4823-30-300x67.jpeg 300w, https:\/\/www.trois-a.org\/wp-content\/uploads\/2023\/01\/word-image-4823-30-768x171.jpeg 768w\" sizes=\"(max-width: 895px) 100vw, 895px\" \/><\/p>\n<p style=\"text-align: center;\"><em>Le projet de remplacement du Te\u0301le\u0301village Lonzagne<\/em><\/p>\n<h2 style=\"text-align: center;\"><a id=\"post-4823-NVP90\"><\/a><strong>Le n\u00b090 des Nouvelles de la Vall\u00e9e du Ponthurin (Peisey-Vallandry) est disponible<\/strong><\/h2>\n<p>Au sommaire\u00a0notamment : les nouveaut\u00e9s forfaits de cette ann\u00e9e, le projet de remplacement du Te\u0301le\u0301village Lonzagne, la surtaxe d\u2019habitation\u2026<\/p>\n<p>Vous pouvez le consulter <a href=\"https:\/\/www.trois-a.org\/wp-content\/uploads\/2023\/01\/NVP-n\u00b090.pdf\" target=\"_blank\" rel=\"noopener\">ici<\/a> (annexe <a href=\"https:\/\/www.trois-a.org\/wp-content\/uploads\/2023\/01\/NVP-n\u00b090-Tarifs-ADS-Pass-Hiver-2022-2023.pdf\" target=\"_blank\" rel=\"noopener\">ici<\/a>).<\/p>\n<p>Les anciens num\u00e9ros sont sur <a href=\"https:\/\/www.trois-a.org\/index.php\/association-de-la-vallee-du-ponthurin\/\" target=\"_blank\" rel=\"noopener\">cette page du site 3A<\/a>.<\/p>\n<hr \/>\n<p>L\u2019existence et le pouvoir d\u2019influence de 3A de\u0301pendent de votre soutien. Rejoignez-nous ou renouvelez votre adhe\u0301sion en vous rendant\u00a0<a href=\"https:\/\/www.trois-a.org\/index.php\/adhesion\/\" target=\"_blank\" rel=\"noopener\"><strong>sur cette page<\/strong><\/a>.<\/p>\n<hr \/>\n<p>Vous pouvez interagir avec nous :<\/p>\n<ul>\n<li>en utilisant\u00a0<a href=\"https:\/\/www.trois-a.org\/index.php\/exprimez-vous\/\" target=\"_blank\" rel=\"noopener\"><strong>la rubrique \u00ab Exprimez-vous \u00bb<\/strong><\/a>\u00a0(en haut a\u0300 droite de chaque page du site)<\/li>\n<li>en envoyant un mail a\u0300\u00a0<a href=\"mailto:contact@trois-a.org\">contact@trois-a.org<\/a><\/li>\n<li>en postant un commentaire sur un article du site (ce qui permettra de dialoguer \u00e9galement avec les autres propri\u00e9taires)<\/li>\n<li>en participant aux r\u00e9unions \u00ab Propri\u00e9taire aux Arcs \u00bb que 3A organise r\u00e9guli\u00e8rement aux Arcs.<\/li>\n<\/ul>\n<hr \/>\n<p style=\"text-align: center;\">\u00a9 Avenir et Animation des Arcs 2023<\/p>\n<\/div><\/article><article id=\"post-4664\" class=\"hentry entry entry_full post_has_image \"><div class=\"entry_info\"><h2 class=\"entry_title entry-title\"><a href=\"https:\/\/www.trois-a.org\/index.php\/2022\/10\/10\/les-breves-de-3a-n19\/\" rel=\"bookmark\" title=\"Lien permanent pour Les Br\u00e8ves de 3A n\u00b019\">Les Br\u00e8ves de 3A n\u00b019<\/a><\/h2><div class=\"entry_meta\"><time class=\"published updated\" datetime=\"2022-10-10\"><a href=\"https:\/\/www.trois-a.org\/index.php\/2022\/10\/\"><i class=\"theme-icon icon_calendar-meta meta-icon meta-icon-calendar\"><\/i>10 octobre 2022<\/a><\/time><span class=\"separator\">|<\/span><span class=\"tags\"><i class=\"theme-icon icon_tags-meta meta-icon\"><\/i><a href=\"https:\/\/www.trois-a.org\/index.php\/tag\/article-en-acces-libre\/\" rel=\"tag\">Article en acc\u00e8s libre<\/a>, <a href=\"https:\/\/www.trois-a.org\/index.php\/tag\/d\/\" rel=\"tag\">d<\/a><\/span><\/div><\/div><div class=\"entry_content entry-content\"><h2 style=\"text-align: right;\"><a href=\"http:\/\/trois-a.org\" target=\"_blank\" rel=\"noopener\"><strong><img decoding=\"async\" class=\"wp-image-2477 aligncenter\" src=\"https:\/\/www.trois-a.org\/wp-content\/uploads\/2019\/12\/logo-3a-2.jpeg\" alt=\"Logo 3A\" width=\"188\" height=\"155\" \/><\/strong><\/a><\/h2>\n<h2><\/h2>\n<h1 style=\"text-align: center;\"><span style=\"color: #000000;\"><strong>Les Br\u00e8ves de 3A\u00a0<\/strong><strong>n\u00b0 19<\/strong><\/span><\/h1>\n<h1 style=\"text-align: center;\"><span style=\"color: #000000;\"><strong>Octobre 2022<\/strong><\/span><\/h1>\n<div class=\"page\" title=\"Page 1\">\n<div class=\"section\">\n<div class=\"layoutArea\">\n<div class=\"column\">\n<hr \/>\n<p>Tous les anciens nume\u0301ros des Bre\u0300ves de 3A sont disponibles en libre acce\u0300s <strong><a href=\"https:\/\/www.trois-a.org\/index.php\/accueil\/les-breves-de-3a\/\" target=\"_blank\" rel=\"noopener\">ici<\/a><\/strong>.<\/p>\n<hr \/>\n<\/div>\n<\/div>\n<\/div>\n<\/div>\n<h2 style=\"text-align: left;\"><img decoding=\"async\" width=\"1416\" height=\"910\" class=\"wp-image-4665\" src=\"https:\/\/www.trois-a.org\/wp-content\/uploads\/2022\/10\/une-image-contenant-ciel-exterieur-neige-nature.jpeg\" alt=\"Une image contenant ciel, ext\u00e9rieur, neige, nature Description g\u00e9n\u00e9r\u00e9e automatiquement\" srcset=\"https:\/\/www.trois-a.org\/wp-content\/uploads\/2022\/10\/une-image-contenant-ciel-exterieur-neige-nature.jpeg 1416w, https:\/\/www.trois-a.org\/wp-content\/uploads\/2022\/10\/une-image-contenant-ciel-exterieur-neige-nature-300x193.jpeg 300w, https:\/\/www.trois-a.org\/wp-content\/uploads\/2022\/10\/une-image-contenant-ciel-exterieur-neige-nature-1024x658.jpeg 1024w, https:\/\/www.trois-a.org\/wp-content\/uploads\/2022\/10\/une-image-contenant-ciel-exterieur-neige-nature-768x494.jpeg 768w, https:\/\/www.trois-a.org\/wp-content\/uploads\/2022\/10\/une-image-contenant-ciel-exterieur-neige-nature-1320x848.jpeg 1320w\" sizes=\"(max-width: 1416px) 100vw, 1416px\" \/><\/h2>\n<hr \/>\n<h1 style=\"text-align: center;\"><strong>L\u2019\u00e9dito du pr\u00e9sident<\/strong><\/h1>\n<p><img decoding=\"async\" class=\"wp-image-4666 aligncenter\" src=\"https:\/\/www.trois-a.org\/wp-content\/uploads\/2022\/10\/une-image-contenant-mur-personne-homme-interieu.jpeg\" alt=\"Une image contenant mur, personne, homme, int\u00e9rieur Description g\u00e9n\u00e9r\u00e9e automatiquement\" width=\"204\" height=\"258\" srcset=\"https:\/\/www.trois-a.org\/wp-content\/uploads\/2022\/10\/une-image-contenant-mur-personne-homme-interieu.jpeg 240w, https:\/\/www.trois-a.org\/wp-content\/uploads\/2022\/10\/une-image-contenant-mur-personne-homme-interieu-237x300.jpeg 237w\" sizes=\"(max-width: 204px) 100vw, 204px\" \/><\/p>\n<p>Chers fid\u00e8les (ou futurs) adh\u00e9rents,<\/p>\n<p>C\u2019est avec enthousiasme que j\u2019ai rejoint notre \u00e9quipe de propri\u00e9taires d\u00e9vou\u00e9s pour porter les couleurs de 3A. Ces quelques mois m\u2019ont permis de rencontrer et tisser des liens avec nos instances instrumentales aux Arcs (Mairie, Office du Tourisme, Domaine skiable, \u00c9coles de ski, Groupes de Commer\u00e7ants, ASL,\u2026). Cela m\u2019a d\u2019ores et d\u00e9j\u00e0 permis de mieux comprendre comment 3A pourra encore renforcer son r\u00f4le de porte-parole des propri\u00e9taires.<br \/>\nDans un contexte o\u00f9 les stations de ski sont en pleine transition d\u2019un point de vue des structures de logements et de la responsabilit\u00e9 durable, le Propri\u00e9taire aux Arcs (vous !) peut (et doit) jouer un r\u00f4le cl\u00e9. 3A sera pr\u00e9sente, motiv\u00e9e et contribuera \u00e0 dessiner la station \u00e0 laquelle nous aspirons tous et \u00e0 assurer son avenir sur le long terme.<br \/>\nLa p\u00e9riode qui s\u2019annonce semble \u00e0 la fois incertaine mais aussi passionnante avec certaines avanc\u00e9es et projets encourageants que nous ne manquerons pas de partager avec vous.<br \/>\nDe bons moments en perspective dans notre belle station !<\/p>\n<p>Cedric Lespiau (Arc 1600, Ridge).<\/p>\n<hr \/>\n<div id=\"framed_box_2ba3087410d3b556b5842e8c724a9360\" class=\"framed_box\" style=\"border-width:1px;\">\n\t<div class=\"framed_box_content\">\n\t\t\n<p>Si vous n&rsquo;avez pas encore renouvel\u00e9 votre adh\u00e9sion* ou que vous souhaitez nous rejoindre d\u00e8s cette ann\u00e9e, il est encore temps ! Rendez-vous sur <strong><a href=\"https:\/\/www.trois-a.org\/index.php\/adhesion\/\" target=\"_blank\" rel=\"noopener\">la page d&rsquo;adh\u00e9sion \u00e0 3A<\/a><\/strong>.<\/p>\n<p>* vous pouvez v\u00e9rifier <strong><a href=\"https:\/\/www.trois-a.org\/wp-login.php\" target=\"_blank\" rel=\"noopener\">en vous connectant au site de 3A<\/a>.<\/strong> Si vous voyez A22R ou A22NA devant votre nom en haut \u00e0 droite, vous \u00eates \u00e0 jour.<\/p>\n\n\t\t<div class=\"framed_box_space\"><\/div>\n\t<\/div>\n<\/div>\n\n<hr \/>\n<div id=\"content_box_5c379f05560ec24828eba16cbdf78666\" class=\"content_box aligncenter\">\n\t<div class=\"content_box_title\">Dans ce num\u00e9ro<\/div>\n\t<div class=\"content_box_content\">\n\t\t\n<ol>\n<li>Des forfaits gratuits pour les enfants\u00a0?<\/li>\n<li>Paris devient Paradiski le 18 octobre, et Lyon aussi (le 19)<\/li>\n<li>3A, courroie de transmission entre les pr\u00e9sidents de copropri\u00e9t\u00e9\u00a0?<\/li>\n<li>Un coup de pouce au Festival de musique<\/li>\n<li>Retour sur les \u00e9v\u00e8nements 3A de l\u2019\u00e9t\u00e9<\/li>\n<li>Les Arcs et les r\u00e9seaux sociaux<\/li>\n<li>La fibre aux Arcs, vous avez dit 2023\u00a0?<\/li>\n<li>Vous sentez-vous habitant intermittent aux Arcs\u00a0?<\/li>\n<li>La petite enfance aux Arcs &#8230;et \u00e0 3A<\/li>\n<li>Recharger son v\u00e9hicule \u00e9lectrique aux Arcs<\/li>\n<li>Connaissez-vous votre nouvelle adresse aux Arcs ?<\/li>\n<li>Les chantiers en cours<\/li>\n<li>Un coup d&rsquo;arr\u00eat pour les ch\u00e2lets h\u00f4tel de la Ma\u00eftaz ?<\/li>\n<\/ol>\n\n\t\t<div class=\"content_box_space\"><\/div>\n\t<\/div>\n<\/div>\n\n<hr \/>\n<h1 id=\"forfaits_enfants\" style=\"text-align: center;\"><strong>1 &#8211; Des forfaits gratuits pour les enfants\u00a0?<\/strong><\/h1>\n<p><img decoding=\"async\" class=\" wp-image-4765 aligncenter\" src=\"https:\/\/www.trois-a.org\/wp-content\/uploads\/2022\/10\/extraits-des-sites-1-300x204.jpg\" alt=\"\" width=\"719\" height=\"489\" srcset=\"https:\/\/www.trois-a.org\/wp-content\/uploads\/2022\/10\/extraits-des-sites-1-300x204.jpg 300w, https:\/\/www.trois-a.org\/wp-content\/uploads\/2022\/10\/extraits-des-sites-1-1024x697.jpg 1024w, https:\/\/www.trois-a.org\/wp-content\/uploads\/2022\/10\/extraits-des-sites-1-768x523.jpg 768w, https:\/\/www.trois-a.org\/wp-content\/uploads\/2022\/10\/extraits-des-sites-1.jpg 1060w\" sizes=\"(max-width: 719px) 100vw, 719px\" \/>Le Grand Massif, Val d\u2019Is\u00e8re et Tignes annoncent une nouvelle politique tarifaire pour les enfants\u00a0: la gratuit\u00e9 en-dessous de 8 ans, et la tranche \u00ab\u00a0enfants\u00a0\u00bb s\u2019\u00e9tend \u00e0 18 ans.<\/p>\n<p>Une source d\u2019inspiration pour les Arcs\u00a0?<\/p>\n<hr \/>\n<h1 style=\"text-align: center;\"><strong>2 &#8211; Paris devient Paradiski le 18 octobre, et Lyon aussi (le 19)<\/strong><\/h1>\n<p><a href=\"https:\/\/80km4.r.ag.d.sendibm3.com\/mk\/mr\/Y0OwTt8IntpiRyjpbiIozjYLO2CW3BgR6YC-ddPntg0Sgq8CbV7ZkHqigsoQ9Xzil5dElKqEqjFJyZqPP-nq_aHjOEWTuHwUu3F1niVo2IKaRJ0wyUR0eCPD7LMIx3bqt0pTplAq\" target=\"_blank\" rel=\"noopener\"><img decoding=\"async\" class=\" wp-image-4741 aligncenter\" src=\"https:\/\/www.trois-a.org\/wp-content\/uploads\/2022\/10\/les-2-paradiski-devient-300x262.jpg\" alt=\"\" width=\"464\" height=\"405\" srcset=\"https:\/\/www.trois-a.org\/wp-content\/uploads\/2022\/10\/les-2-paradiski-devient-300x262.jpg 300w, https:\/\/www.trois-a.org\/wp-content\/uploads\/2022\/10\/les-2-paradiski-devient-1024x895.jpg 1024w, https:\/\/www.trois-a.org\/wp-content\/uploads\/2022\/10\/les-2-paradiski-devient-768x671.jpg 768w, https:\/\/www.trois-a.org\/wp-content\/uploads\/2022\/10\/les-2-paradiski-devient-1536x1343.jpg 1536w, https:\/\/www.trois-a.org\/wp-content\/uploads\/2022\/10\/les-2-paradiski-devient-1320x1154.jpg 1320w, https:\/\/www.trois-a.org\/wp-content\/uploads\/2022\/10\/les-2-paradiski-devient.jpg 1716w\" sizes=\"(max-width: 464px) 100vw, 464px\" \/><\/a><\/p>\n<p><strong><a href=\"https:\/\/80km4.r.ag.d.sendibm3.com\/mk\/mr\/Y0OwTt8IntpiRyjpbiIozjYLO2CW3BgR6YC-ddPntg0Sgq8CbV7ZkHqigsoQ9Xzil5dElKqEqjFJyZqPP-nq_aHjOEWTuHwUu3F1niVo2IKaRJ0wyUR0eCPD7LMIx3bqt0pTplAq\" target=\"_blank\" rel=\"noopener\">Ne ratez pas<\/a><\/strong> cette opportunit\u00e9 d\u2019un dialogue direct entre les propri\u00e9taires et les acteurs de la station. C\u2019est aussi l\u2019occasion de rencontrer plusieurs membres du conseil d\u2019administration de 3A (si vous ne connaissez pas leur t\u00eate, consultez <strong><a href=\"https:\/\/www.trois-a.org\/index.php\/accueil\/le-conseil-dadministration-de-3a\/\" target=\"_blank\" rel=\"noopener\">le trombinoscope de 3A<\/a><\/strong>).<\/p>\n<p>L\u2019\u00e9dition parisienne se d\u00e9roule d\u00e9sormais dans <strong><a href=\"https:\/\/paris-society-events.com\/salles\/coeur-sacre\/\" target=\"_blank\" rel=\"noopener\">un espace<\/a><\/strong> beaucoup plus spacieux que par le pass\u00e9 \u00e0 Saint-Germain, et est l\u2019occasion d\u2019emprunter le cousin \u00e9loign\u00e9 du funiculaire des Arcs, <strong><a href=\"https:\/\/www.parisinfo.com\/transports\/103125\/Funiculaire-de-Montmartre\" target=\"_blank\" rel=\"noopener\">celui de Montmartre<\/a><\/strong>\u00a0!<\/p>\n<p><img decoding=\"async\" class=\" wp-image-4740 aligncenter\" src=\"https:\/\/www.trois-a.org\/wp-content\/uploads\/2022\/10\/les-2-funiculaires-300x154.jpg\" alt=\"\" width=\"364\" height=\"187\" srcset=\"https:\/\/www.trois-a.org\/wp-content\/uploads\/2022\/10\/les-2-funiculaires-300x154.jpg 300w, https:\/\/www.trois-a.org\/wp-content\/uploads\/2022\/10\/les-2-funiculaires-1024x524.jpg 1024w, https:\/\/www.trois-a.org\/wp-content\/uploads\/2022\/10\/les-2-funiculaires-768x393.jpg 768w, https:\/\/www.trois-a.org\/wp-content\/uploads\/2022\/10\/les-2-funiculaires-1536x786.jpg 1536w, https:\/\/www.trois-a.org\/wp-content\/uploads\/2022\/10\/les-2-funiculaires-2048x1048.jpg 2048w, https:\/\/www.trois-a.org\/wp-content\/uploads\/2022\/10\/les-2-funiculaires-1320x675.jpg 1320w\" sizes=\"(max-width: 364px) 100vw, 364px\" \/><\/p>\n<p style=\"text-align: center;\"><em>Saurez-vous reconnaitre lequel est lequel ?<\/em><\/p>\n<hr \/>\n<h1 style=\"text-align: center;\"><strong>3 &#8211; 3A, courroie de transmission entre les pr\u00e9sidents de copropri\u00e9t\u00e9\u00a0?<\/strong><\/h1>\n<p><strong><img decoding=\"async\" class=\"wp-image-4676 aligncenter\" src=\"https:\/\/www.trois-a.org\/wp-content\/uploads\/2022\/10\/word-image-4664-12.jpeg\" width=\"509\" height=\"214\" srcset=\"https:\/\/www.trois-a.org\/wp-content\/uploads\/2022\/10\/word-image-4664-12.jpeg 842w, https:\/\/www.trois-a.org\/wp-content\/uploads\/2022\/10\/word-image-4664-12-300x126.jpeg 300w, https:\/\/www.trois-a.org\/wp-content\/uploads\/2022\/10\/word-image-4664-12-768x323.jpeg 768w\" sizes=\"(max-width: 509px) 100vw, 509px\" \/><\/strong><\/p>\n<p>3A souhaite renforcer son dialogue avec les pr\u00e9sidents de copropri\u00e9t\u00e9 aux Arcs. Au-del\u00e0 des rencontres r\u00e9guli\u00e8res avec ceux-ci (voir un compte-rendu de celle de 2022 dans <strong><a href=\"https:\/\/www.trois-a.org\/index.php\/2022\/06\/27\/les-breves-de-3a-n18-sont-parues\/\" target=\"_blank\" rel=\"noopener\">les Br\u00e8ves de 3A n\u00b018<\/a><\/strong>), elle peut jouer un r\u00f4le de circulation d\u2019information horizontale sur les probl\u00e9matiques communes de la gestion des r\u00e9sidences de la station. On peut citer le d\u00e9ploiement de la fibre optique \u00e0 l\u2019int\u00e9rieur des b\u00e2timents, l\u2019\u00e9quipement des parkings priv\u00e9s en bornes de recharge de v\u00e9hicules \u00e9lectriques, la r\u00e9novation \u00e9nerg\u00e9tique des b\u00e2timents, et bien d\u2019autres encore. Aucune pr\u00e9tention de r\u00e9soudre les probl\u00e8mes internes d\u2019une copropri\u00e9t\u00e9, il s\u2019agit seulement de favoriser la communication des pr\u00e9sidents entre eux, uniquement pour ceux qui le souhaitent. 3A va mettre \u00e0 leur disposition un petit forum dans un proche avenir.<\/p>\n<hr \/>\n<h1 style=\"text-align: center;\"><strong>4 &#8211; Un coup de pouce au Festival de musique<\/strong><\/h1>\n<p><img decoding=\"async\" class=\"wp-image-4677 aligncenter\" src=\"https:\/\/www.trois-a.org\/wp-content\/uploads\/2022\/10\/une-image-contenant-exterieur-ciel-montagne-per.jpeg\" alt=\"Une image contenant ext\u00e9rieur, ciel, montagne, personne Description g\u00e9n\u00e9r\u00e9e automatiquement\" width=\"422\" height=\"316\" srcset=\"https:\/\/www.trois-a.org\/wp-content\/uploads\/2022\/10\/une-image-contenant-exterieur-ciel-montagne-per.jpeg 800w, https:\/\/www.trois-a.org\/wp-content\/uploads\/2022\/10\/une-image-contenant-exterieur-ciel-montagne-per-300x225.jpeg 300w, https:\/\/www.trois-a.org\/wp-content\/uploads\/2022\/10\/une-image-contenant-exterieur-ciel-montagne-per-768x576.jpeg 768w\" sizes=\"(max-width: 422px) 100vw, 422px\" \/><\/p>\n<p>Un fait marquant de la 49<sup>e<\/sup> \u00e9dition du festival de musique des Arcs qui s\u2019est d\u00e9roul\u00e9e avec succ\u00e8s cet \u00e9t\u00e9 est h\u00e9las la d\u00e9fection d\u2019un sponsor, qui met en danger l\u2019\u00e9quilibre financier de l\u2019association qui le g\u00e8re. Plusieurs d\u2019entre vous qui sont adh\u00e9rents ont d\u00e9j\u00e0 vers\u00e9 un compl\u00e9ment \u00e0 leur cotisation pour aider le festival \u00e0 surmonter cet obstacle. Adh\u00e9rent ou non, il est encore temps de manifester votre soutien \u00e0 ce pilier de l\u2019animation estivale de la station, en faisant un don ponctuel, m\u00eame modeste (et ouvrant la voie \u00e0 une r\u00e9duction fiscale). Lisez l\u2019appel des organisateurs du festival reproduit dans <strong><a href=\"https:\/\/www.trois-a.org\/index.php\/2022\/10\/03\/coup-de-pouce-au-festival-de-musique\/\" target=\"_blank\" rel=\"noopener\">cet article<\/a><\/strong>, ou allez directement \u00e0 <strong><a href=\"https:\/\/www.helloasso.com\/associations\/musique-et-danse-aux-arcs\/adhesions\/bulletin-d-adhesion-particuliers-2021-2022\" target=\"_blank\" rel=\"noopener\">la page de versement de don<\/a><\/strong> \u00e0 l\u2019association (tout \u00e0 la fin, l\u2019adh\u00e9sion \u00e0 l\u2019association est recommand\u00e9e, mais pas obligatoire\u2026).<\/p>\n<hr \/>\n<h1 style=\"text-align: center;\"><strong>5 &#8211; Retour sur les \u00e9v\u00e8nements 3A de l\u2019\u00e9t\u00e9<\/strong><\/h1>\n<p><img decoding=\"async\" class=\" wp-image-4751 aligncenter\" src=\"https:\/\/www.trois-a.org\/wp-content\/uploads\/2022\/10\/affiche-AG-2022-208x300.jpg\" alt=\"\" width=\"229\" height=\"330\" srcset=\"https:\/\/www.trois-a.org\/wp-content\/uploads\/2022\/10\/affiche-AG-2022-208x300.jpg 208w, https:\/\/www.trois-a.org\/wp-content\/uploads\/2022\/10\/affiche-AG-2022-709x1024.jpg 709w, https:\/\/www.trois-a.org\/wp-content\/uploads\/2022\/10\/affiche-AG-2022-768x1109.jpg 768w, https:\/\/www.trois-a.org\/wp-content\/uploads\/2022\/10\/affiche-AG-2022-1064x1536.jpg 1064w, https:\/\/www.trois-a.org\/wp-content\/uploads\/2022\/10\/affiche-AG-2022-1418x2048.jpg 1418w, https:\/\/www.trois-a.org\/wp-content\/uploads\/2022\/10\/affiche-AG-2022-1320x1906.jpg 1320w, https:\/\/www.trois-a.org\/wp-content\/uploads\/2022\/10\/affiche-AG-2022.jpg 1500w\" sizes=\"(max-width: 229px) 100vw, 229px\" \/><\/p>\n<p>Vous trouverez dans <strong><a href=\"https:\/\/www.trois-a.org\/index.php\/2022\/10\/09\/les-evenements-3a-de-lete-2022\/\" target=\"_blank\" rel=\"noopener\">cet article<\/a><\/strong>\u00a0un compte-rendu<\/p>\n<ul>\n<li>de l\u2019AG du 7 ao\u00fbt 2022, ainsi que des \u00e9chos de<strong><a href=\"https:\/\/www.lesarcs.com\/proprietaires\/reunion-publique.html\" target=\"_blank\" rel=\"noopener\"> la r\u00e9union publique<\/a><\/strong> d\u2019information de la mairie qui l\u2019a suivie (voir <strong><a href=\"https:\/\/www.trois-a.org\/wp-content\/uploads\/2022\/10\/RP070822.pdf\" target=\"_blank\" rel=\"noopener\">les diapos qui y ont \u00e9t\u00e9 pr\u00e9sent\u00e9es en format pdf<\/a>\u00a0<\/strong>et le rappel de <strong><a href=\"https:\/\/www.trois-a.org\/index.php\/2022\/06\/17\/la-reunion-dinformation-proprietaires-du-17-mai-22\/\" target=\"_blank\" rel=\"noopener\">celle, compl\u00e9mentaire, du 17 mai dernier<\/a><\/strong>)<\/li>\n<li>de la traditionnelle coupe de Golf de 3A du 9 ao\u00fbt<\/li>\n<li>de l&rsquo;activit\u00e9 Bridge organis\u00e9e par 3A<\/li>\n<\/ul>\n<p>Malheureusement, cette ann\u00e9e, la s\u00e9ance HEROGAME sp\u00e9ciale 3A pr\u00e9vue le 18 ao\u00fbt a d\u00fb \u00eatre annul\u00e9e pour cause de mauvais temps (voir <strong><a href=\"https:\/\/www.trois-a.org\/index.php\/2021\/10\/22\/retour-sur-les-evenements-3a-de-lete\/\" target=\"_blank\" rel=\"noopener\">le compte-rendu de celle de l\u2019ann\u00e9e derni\u00e8re<\/a><\/strong>).<\/p>\n<hr \/>\n<h1 style=\"text-align: center;\"><strong>6 &#8211; Les Arcs et les r\u00e9seaux sociaux<\/strong><\/h1>\n<p><img decoding=\"async\" class=\"alignnone wp-image-4672 aligncenter\" src=\"https:\/\/www.trois-a.org\/wp-content\/uploads\/2022\/10\/word-image-4664-8-300x284.jpeg\" alt=\"\" width=\"176\" height=\"167\" srcset=\"https:\/\/www.trois-a.org\/wp-content\/uploads\/2022\/10\/word-image-4664-8-300x284.jpeg 300w, https:\/\/www.trois-a.org\/wp-content\/uploads\/2022\/10\/word-image-4664-8.jpeg 750w\" sizes=\"(max-width: 176px) 100vw, 176px\" \/><\/p>\n<p>Les r\u00e9seaux sociaux sont d\u00e9sormais bien pr\u00e9sents aux Arcs. Si vous souhaitez ne jamais manquer les premi\u00e8res chutes de neige dans notre station, contempler de belles images de ses sommets, partager de bonnes adresses ou pourquoi pas vendre ou acheter des meubles, visiter les coulisses de grands \u00e9v\u00e8nements, voici quelques liens. Dites-nous si vous connaissez d\u2019autres r\u00e9seaux int\u00e9ressants, nous en ferons profiter tout le monde.<\/p>\n<p><a href=\"https:\/\/www.instagram.com\/lesarcs\/?hl=fr\" target=\"_blank\" rel=\"noopener\"><img decoding=\"async\" class=\"wp-image-4703 aligncenter\" src=\"https:\/\/www.trois-a.org\/wp-content\/uploads\/2022\/10\/Site-instagram-les-arcs-300x272.jpg\" alt=\"\" width=\"124\" height=\"113\" srcset=\"https:\/\/www.trois-a.org\/wp-content\/uploads\/2022\/10\/Site-instagram-les-arcs-300x272.jpg 300w, https:\/\/www.trois-a.org\/wp-content\/uploads\/2022\/10\/Site-instagram-les-arcs.jpg 346w\" sizes=\"(max-width: 124px) 100vw, 124px\" \/><\/a><\/p>\n<p style=\"text-align: center;\"><strong><a href=\"https:\/\/www.instagram.com\/lesarcs\/?hl=fr\" target=\"_blank\" rel=\"noopener\">Le site Instagram officiel des Arcs<\/a><\/strong><\/p>\n<p><a href=\"https:\/\/www.facebook.com\/Dahufute\" target=\"_blank\" rel=\"noopener\"><img decoding=\"async\" class=\"wp-image-4704 aligncenter\" src=\"https:\/\/www.trois-a.org\/wp-content\/uploads\/2022\/10\/Site-Le-Dahu-Fute-300x138.jpg\" alt=\"\" width=\"260\" height=\"119\" srcset=\"https:\/\/www.trois-a.org\/wp-content\/uploads\/2022\/10\/Site-Le-Dahu-Fute-300x138.jpg 300w, https:\/\/www.trois-a.org\/wp-content\/uploads\/2022\/10\/Site-Le-Dahu-Fute.jpg 512w\" sizes=\"(max-width: 260px) 100vw, 260px\" \/><\/a><\/p>\n<p style=\"text-align: center;\">Le <a href=\"https:\/\/www.facebook.com\/Dahufute\" target=\"_blank\" rel=\"noopener\"><strong>Dahu Fut\u00e9<\/strong><\/a> par la Mairie de Bourg Saint Maurice Les Arcs \u2013 Service sentiers et routes<\/p>\n<p><a href=\"https:\/\/www.facebook.com\/groups\/294690435911056\/\" target=\"_blank\" rel=\"noopener\"><img decoding=\"async\" class=\"wp-image-4706 aligncenter\" src=\"https:\/\/www.trois-a.org\/wp-content\/uploads\/2022\/10\/Site-Proprietaires-aux-Arcs-300x235.jpg\" alt=\"\" width=\"255\" height=\"200\" srcset=\"https:\/\/www.trois-a.org\/wp-content\/uploads\/2022\/10\/Site-Proprietaires-aux-Arcs-300x235.jpg 300w, https:\/\/www.trois-a.org\/wp-content\/uploads\/2022\/10\/Site-Proprietaires-aux-Arcs.jpg 720w\" sizes=\"(max-width: 255px) 100vw, 255px\" \/><\/a><\/p>\n<p style=\"text-align: center;\"><a href=\"https:\/\/www.facebook.com\/groups\/294690435911056\/\" target=\"_blank\" rel=\"noopener\">Le groupe Facebook <strong>Propri\u00e9taires aux Arcs 1600 1800 1950 2000<\/strong><\/a>, mis en place en parall\u00e8le \u00e0 la Maison des Propri\u00e9taires, et dont l\u2019audience d\u00e9passe largement les propri\u00e9taires aux Arcs<\/p>\n<p><a href=\"https:\/\/www.facebook.com\/groups\/mieuxvivreauxarcs\" target=\"_blank\" rel=\"noopener\"><img decoding=\"async\" class=\"wp-image-4705 aligncenter\" src=\"https:\/\/www.trois-a.org\/wp-content\/uploads\/2022\/10\/site-Mieux-vivre-aux-Arcs-300x216.jpg\" alt=\"\" width=\"244\" height=\"176\" srcset=\"https:\/\/www.trois-a.org\/wp-content\/uploads\/2022\/10\/site-Mieux-vivre-aux-Arcs-300x216.jpg 300w, https:\/\/www.trois-a.org\/wp-content\/uploads\/2022\/10\/site-Mieux-vivre-aux-Arcs.jpg 718w\" sizes=\"(max-width: 244px) 100vw, 244px\" \/><\/a><\/p>\n<p style=\"text-align: center;\">Le groupe Facebook <a href=\"https:\/\/www.facebook.com\/groups\/mieuxvivreauxarcs\" target=\"_blank\" rel=\"noopener\"><strong>Mieux vivre aux Arcs<\/strong><\/a>, cr\u00e9\u00e9 en septembre 2010, orient\u00e9 bien-\u00eatre et manifestations populaires locales<\/p>\n<p style=\"text-align: center;\"><strong><a href=\"https:\/\/www.facebook.com\/arc1950levillage\/\" target=\"_blank\" rel=\"noopener\"><img decoding=\"async\" class=\"wp-image-4700 aligncenter\" src=\"https:\/\/www.trois-a.org\/wp-content\/uploads\/2022\/10\/site-Arc-1950-300x161.jpg\" alt=\"\" width=\"279\" height=\"150\" srcset=\"https:\/\/www.trois-a.org\/wp-content\/uploads\/2022\/10\/site-Arc-1950-300x161.jpg 300w, https:\/\/www.trois-a.org\/wp-content\/uploads\/2022\/10\/site-Arc-1950-1024x550.jpg 1024w, https:\/\/www.trois-a.org\/wp-content\/uploads\/2022\/10\/site-Arc-1950-768x412.jpg 768w, https:\/\/www.trois-a.org\/wp-content\/uploads\/2022\/10\/site-Arc-1950-1320x709.jpg 1320w, https:\/\/www.trois-a.org\/wp-content\/uploads\/2022\/10\/site-Arc-1950.jpg 1382w\" sizes=\"(max-width: 279px) 100vw, 279px\" \/><\/a>\u00a0\u00a0<\/strong><a href=\"https:\/\/www.facebook.com\/arc1950levillage\/\" target=\"_blank\" rel=\"noopener\"><strong>Arc 1950<\/strong><\/a><\/p>\n<p><a href=\"https:\/\/www.facebook.com\/lesarcsfilmfest\" target=\"_blank\" rel=\"noopener\"><strong><img decoding=\"async\" class=\"wp-image-4701 aligncenter\" src=\"https:\/\/www.trois-a.org\/wp-content\/uploads\/2022\/10\/site-festival-cinema-300x140.jpg\" alt=\"\" width=\"285\" height=\"133\" srcset=\"https:\/\/www.trois-a.org\/wp-content\/uploads\/2022\/10\/site-festival-cinema-300x140.jpg 300w, https:\/\/www.trois-a.org\/wp-content\/uploads\/2022\/10\/site-festival-cinema-1024x478.jpg 1024w, https:\/\/www.trois-a.org\/wp-content\/uploads\/2022\/10\/site-festival-cinema-768x359.jpg 768w, https:\/\/www.trois-a.org\/wp-content\/uploads\/2022\/10\/site-festival-cinema-1536x718.jpg 1536w, https:\/\/www.trois-a.org\/wp-content\/uploads\/2022\/10\/site-festival-cinema-2048x957.jpg 2048w, https:\/\/www.trois-a.org\/wp-content\/uploads\/2022\/10\/site-festival-cinema-1320x617.jpg 1320w\" sizes=\"(max-width: 285px) 100vw, 285px\" \/><\/strong><\/a><\/p>\n<p style=\"text-align: center;\"><strong><a href=\"https:\/\/www.facebook.com\/lesarcsfilmfest\" target=\"_blank\" rel=\"noopener\">Le festival de cin\u00e9ma<\/a><\/strong><\/p>\n<p><strong><a href=\"https:\/\/www.facebook.com\/profile.php?id=100057229639234\" target=\"_blank\" rel=\"noopener\"><img decoding=\"async\" class=\"wp-image-4702 aligncenter\" src=\"https:\/\/www.trois-a.org\/wp-content\/uploads\/2022\/10\/site-festival-musique-300x164.jpg\" alt=\"\" width=\"280\" height=\"153\" srcset=\"https:\/\/www.trois-a.org\/wp-content\/uploads\/2022\/10\/site-festival-musique-300x164.jpg 300w, https:\/\/www.trois-a.org\/wp-content\/uploads\/2022\/10\/site-festival-musique-1024x560.jpg 1024w, https:\/\/www.trois-a.org\/wp-content\/uploads\/2022\/10\/site-festival-musique-768x420.jpg 768w, https:\/\/www.trois-a.org\/wp-content\/uploads\/2022\/10\/site-festival-musique-1536x839.jpg 1536w, https:\/\/www.trois-a.org\/wp-content\/uploads\/2022\/10\/site-festival-musique-1320x721.jpg 1320w, https:\/\/www.trois-a.org\/wp-content\/uploads\/2022\/10\/site-festival-musique.jpg 1848w\" sizes=\"(max-width: 280px) 100vw, 280px\" \/><\/a><\/strong><\/p>\n<p style=\"text-align: center;\"><a href=\"https:\/\/www.facebook.com\/profile.php?id=100057229639234\" target=\"_blank\" rel=\"noopener\"><strong>Le festival de musique<\/strong><\/a><\/p>\n<p>&nbsp;<\/p>\n<p>&nbsp;<\/p>\n<hr \/>\n<h1 style=\"text-align: center;\"><strong>7 &#8211; La fibre aux Arcs, vous avez dit 2023\u00a0?<\/strong><\/h1>\n<p><img decoding=\"async\" class=\"wp-image-4673 aligncenter\" src=\"https:\/\/www.trois-a.org\/wp-content\/uploads\/2022\/10\/une-image-contenant-arbre-exterieur-route-tiran.jpeg\" alt=\"Une image contenant arbre, ext\u00e9rieur, route, tirant Description g\u00e9n\u00e9r\u00e9e automatiquement\" width=\"509\" height=\"382\" srcset=\"https:\/\/www.trois-a.org\/wp-content\/uploads\/2022\/10\/une-image-contenant-arbre-exterieur-route-tiran.jpeg 768w, https:\/\/www.trois-a.org\/wp-content\/uploads\/2022\/10\/une-image-contenant-arbre-exterieur-route-tiran-300x225.jpeg 300w\" sizes=\"(max-width: 509px) 100vw, 509px\" \/><\/p>\n<p>Cet \u00e9t\u00e9, tout le monde a pu constater que la fibre devenait, enfin, une r\u00e9alit\u00e9 tangible aux Arcs. Les r\u00e9sidences qui ont sign\u00e9 un contrat avec Savoie connect\u00e9e, qui g\u00e8re le d\u00e9ploiement de cette technologie en Savoie, ont \u00e9t\u00e9 visit\u00e9es pour d\u00e9finir un plan de c\u00e2blage des r\u00e9partiteurs d\u2019\u00e9tage. Une fois ce c\u00e2blage r\u00e9alis\u00e9 et apr\u00e8s une p\u00e9riode de 3 mois pour permettre aux op\u00e9rateurs alternatifs de s\u2019installer, la p\u00e9riode de commercialisation pourra commencer. Si vous souhaitez prendre un abonnement, <strong>ne manquez pas de consulter votre syndic ou \u00e0 d\u00e9faut votre conseil syndical<\/strong> pour connaitre les conditions de raccordement de votre appartement respectant l\u2019harmonie de votre r\u00e9sidence avant de faire intervenir l\u2019op\u00e9rateur de votre choix.<\/p>\n<hr \/>\n<h1 style=\"text-align: center;\"><strong>8 &#8211; Vous sentez-vous habitant intermittent aux Arcs\u00a0?<\/strong><\/h1>\n<p><img decoding=\"async\" class=\"wp-image-4674 aligncenter\" src=\"https:\/\/www.trois-a.org\/wp-content\/uploads\/2022\/10\/une-image-contenant-personne-description-generee.jpeg\" alt=\"Une image contenant personne Description g\u00e9n\u00e9r\u00e9e automatiquement\" width=\"157\" height=\"157\" srcset=\"https:\/\/www.trois-a.org\/wp-content\/uploads\/2022\/10\/une-image-contenant-personne-description-generee.jpeg 300w, https:\/\/www.trois-a.org\/wp-content\/uploads\/2022\/10\/une-image-contenant-personne-description-generee-150x150.jpeg 150w\" sizes=\"(max-width: 157px) 100vw, 157px\" \/><\/p>\n<p>\u00c0 la suite des retours sur <strong><a href=\"https:\/\/www.trois-a.org\/index.php\/2022\/06\/11\/3a-donne-la-parole-a-charlotte\/\" target=\"_blank\" rel=\"noopener\">son article sur le site de 3A<\/a><\/strong>, Charlotte a publi\u00e9 un petit questionnaire pour mieux d\u00e9finir ce qu\u2019on peut entendre par \u00ab\u00a0habitant intermittent \u00e0 BSM les Arcs\u00a0\u00bb. Consultez <strong><a href=\"https:\/\/www.trois-a.org\/index.php\/2022\/06\/11\/3a-donne-la-parole-a-charlotte\/\" target=\"_blank\" rel=\"noopener\">la mise \u00e0 jour de son article<\/a><\/strong>\u00a0ou rendez-vous directement sur <strong><a href=\"https:\/\/forms.gle\/tEbXkjtMvnpwJ2C27\" target=\"_blank\" rel=\"noopener\">le formulaire<\/a><\/strong>.<\/p>\n<hr \/>\n<h1 style=\"text-align: center;\"><strong>9 &#8211; La petite enfance aux Arcs &#8230;et \u00e0 3A<\/strong><\/h1>\n<p><img decoding=\"async\" class=\" wp-image-2769 aligncenter\" src=\"https:\/\/www.trois-a.org\/wp-content\/uploads\/2020\/03\/word-image-7.png\" alt=\"\" width=\"168\" height=\"164\" \/><\/p>\n<p>Au moment o\u00f9 la station est en passe de r\u00e9cup\u00e9rer son label Famille Plus (voir la br\u00e8ve 6 des <strong><a href=\"https:\/\/www.trois-a.org\/index.php\/2020\/03\/04\/les-breves-de-3a-n10\/\" target=\"_blank\" rel=\"noopener\">Br\u00e8ves de 3A n\u00b0 10<\/a> <\/strong>de mars 2020), 3A souhaite mener avec vous une r\u00e9flexion sur l\u2019accueil de la petite enfance aux Arcs. Un petit groupe travail de propri\u00e9taires concern\u00e9s par cette question a \u00e9t\u00e9 mis en place. Si vous souhaitez suivre ses travaux et\/ou apporter votre contribution, n\u2019h\u00e9sitez pas \u00e0 nous en faire part.<\/p>\n<hr \/>\n<h1 style=\"text-align: center;\"><strong>10 &#8211; Recharger son v\u00e9hicule \u00e9lectrique aux Arcs<\/strong><\/h1>\n<p><img decoding=\"async\" class=\"wp-image-4675 aligncenter\" src=\"https:\/\/www.trois-a.org\/wp-content\/uploads\/2022\/10\/une-image-contenant-transport-projecteur-voiture.jpeg\" alt=\"Une image contenant transport, projecteur, voiture Description g\u00e9n\u00e9r\u00e9e automatiquement\" width=\"513\" height=\"144\" srcset=\"https:\/\/www.trois-a.org\/wp-content\/uploads\/2022\/10\/une-image-contenant-transport-projecteur-voiture.jpeg 816w, https:\/\/www.trois-a.org\/wp-content\/uploads\/2022\/10\/une-image-contenant-transport-projecteur-voiture-300x84.jpeg 300w, https:\/\/www.trois-a.org\/wp-content\/uploads\/2022\/10\/une-image-contenant-transport-projecteur-voiture-768x216.jpeg 768w\" sizes=\"(max-width: 513px) 100vw, 513px\" \/><\/p>\n<p>Les Arcs ont commenc\u00e9 \u00e0 s\u2019\u00e9quiper en bornes de recharge de v\u00e9hicules \u00e9lectriques. \u00c0 1800 par exemple, <strong><a href=\"https:\/\/www.sags.fr\/parking-arc-1800\/arc-1800-charvet.html\" target=\"_blank\" rel=\"noopener\">le parking du Charvet<\/a><\/strong> en propose d\u00e9j\u00e0 depuis plusieurs ann\u00e9es, et le terre-plein d\u2019Edenarc vient d\u2019\u00eatre \u00e9quip\u00e9 de 6 emplacements semi-priv\u00e9s. Mais qu\u2019en est-il des places priv\u00e9es de parking\u00a0? 3A va vous solliciter via les pr\u00e9sidents de conseil syndical pour un petit sondage pour recenser les besoins actuels et partager les solutions que certaines copropri\u00e9t\u00e9s envisagent de mettre en \u0153uvre. N\u2019h\u00e9sitez pas d\u2019ores et d\u00e9j\u00e0 \u00e0 faire part de vos r\u00e9flexions sur le sujet en r\u00e9pondant \u00e0 ce mail ou par les moyens indiqu\u00e9s en fin de Br\u00e8ves.<\/p>\n<hr \/>\n<h1 style=\"text-align: center;\"><strong>11 &#8211; Connaissez-vous votre nouvelle adresse aux Arcs ?<\/strong><\/h1>\n<h1 style=\"text-align: center;\"><strong><img decoding=\"async\" class=\" wp-image-4722 aligncenter\" src=\"https:\/\/www.trois-a.org\/wp-content\/uploads\/2022\/10\/Adressage-Chantel-300x182.jpg\" alt=\"\" width=\"546\" height=\"331\" srcset=\"https:\/\/www.trois-a.org\/wp-content\/uploads\/2022\/10\/Adressage-Chantel-300x182.jpg 300w, https:\/\/www.trois-a.org\/wp-content\/uploads\/2022\/10\/Adressage-Chantel-1024x623.jpg 1024w, https:\/\/www.trois-a.org\/wp-content\/uploads\/2022\/10\/Adressage-Chantel-768x467.jpg 768w, https:\/\/www.trois-a.org\/wp-content\/uploads\/2022\/10\/Adressage-Chantel-1536x934.jpg 1536w, https:\/\/www.trois-a.org\/wp-content\/uploads\/2022\/10\/Adressage-Chantel-2048x1245.jpg 2048w, https:\/\/www.trois-a.org\/wp-content\/uploads\/2022\/10\/Adressage-Chantel-1320x803.jpg 1320w\" sizes=\"(max-width: 546px) 100vw, 546px\" \/><\/strong><\/h1>\n<p style=\"text-align: center;\"><em>Les nouvelles adresses du Chantel<\/em><\/p>\n<p>L&rsquo;<strong><a href=\"https:\/\/www.bourgsaintmaurice.fr\/demarches-administratives\/adressage.html\" target=\"_blank\" rel=\"noopener\">adressage officiel<\/a><\/strong> de tous les b\u00e2timents des Arcs, un chantier d\u00e9marr\u00e9 sous la pr\u00e9c\u00e9dente municipalit\u00e9 en commen\u00e7ant par Bourg Saint Maurice, est en cours d&rsquo;ach\u00e8vement. Cet adressage d&rsquo;un territoire peu dense ne peut \u00eatre que \u00ab\u00a0m\u00e9trique\u00a0\u00bb, c&rsquo;est-\u00e0-dire avec des num\u00e9ros qui correspondent \u00e0 la distance, en m\u00e8tres, qui s\u00e9pare un b\u00e2timent du d\u00e9but de la voie sur laquelle il est construit. D&rsquo;aucuns regretteront la \u00ab\u00a0d\u00e9shumanisation\u00a0\u00bb ou l'\u00a0\u00bbam\u00e9ricanisation\u00a0\u00bb de leur nouvelle adresse, du style <em>3527 route des Espagnols Arc 1800 73700 Bourg Saint Maurice<\/em> pour l&rsquo;Iseran par exemple. Si vous ne la connaissez pas encore, <strong><a href=\"https:\/\/q-cartov4.sig.eu.com\/index.php\/view\/map\/?repository=bsm73p&amp;project=168_ADRESSAGE_BG_ST_MAURICE\" target=\"_blank\" rel=\"noopener\">retrouvez l&rsquo;adresse<\/a><\/strong>* qui vous a \u00e9t\u00e9 attribu\u00e9e, et r\u00e9agissez rapidement par l&rsquo;interm\u00e9diaire de votre syndic si vous la trouvez inad\u00e9quate**, le 1er janvier 2023 il sera trop tard&#8230;<\/p>\n<p>*<em>\u00a0grand \u00e9cran et motivation indispensables<\/em><\/p>\n<p>** non sans avoir consult\u00e9 <strong><a href=\"https:\/\/www.trois-a.org\/wp-content\/uploads\/2022\/10\/Adresses-guide-bonnes-pratiques-v1.0.pdf\" target=\"_blank\" rel=\"noopener\">les bonnes pratiques de l&rsquo;adresse<\/a><\/strong><\/p>\n<hr \/>\n<h1 style=\"text-align: center;\">12 &#8211; Les chantiers en cours<\/h1>\n<p><strong>Requalification des Villards<\/strong><\/p>\n<p>Ce grand projet, en gestation depuis plusieurs ann\u00e9es et fruit de la coop\u00e9ration entre la mairie et les propri\u00e9taires des Villards, est d\u00e9crit dans<strong> <a href=\"https:\/\/www.lesarcs.com\/proprietaires\/reunion-publique.html\" target=\"_blank\" rel=\"noopener\">les pr\u00e9sentations de la r\u00e9union publique du 17 ao\u00fbt dernier<\/a><\/strong>\u00a0(<strong><a href=\"https:\/\/www.trois-a.org\/wp-content\/uploads\/2022\/10\/RP070822.pdf\" target=\"_blank\" rel=\"noopener\">version pdf<\/a><\/strong>) et dans <strong><a href=\"https:\/\/www.trois-a.org\/wp-content\/uploads\/2022\/10\/Requalification-des-Villards-Courrier-commercant-20220812-Presentation-des-travaux-et-acces-au-chantier.pdf\" target=\"_blank\" rel=\"noopener\">ce document<\/a><\/strong>.<\/p>\n<p>Le chantier est bel et bien commenc\u00e9 : (photos du 20 septembre 2022)<\/p>\n<p><img decoding=\"async\" class=\"alignnone wp-image-4764\" src=\"https:\/\/www.trois-a.org\/wp-content\/uploads\/2022\/10\/Requalification-des-Villards-1-300x54.jpg\" alt=\"\" width=\"805\" height=\"145\" srcset=\"https:\/\/www.trois-a.org\/wp-content\/uploads\/2022\/10\/Requalification-des-Villards-1-300x54.jpg 300w, https:\/\/www.trois-a.org\/wp-content\/uploads\/2022\/10\/Requalification-des-Villards-1-1024x186.jpg 1024w, https:\/\/www.trois-a.org\/wp-content\/uploads\/2022\/10\/Requalification-des-Villards-1-768x139.jpg 768w, https:\/\/www.trois-a.org\/wp-content\/uploads\/2022\/10\/Requalification-des-Villards-1-1536x279.jpg 1536w, https:\/\/www.trois-a.org\/wp-content\/uploads\/2022\/10\/Requalification-des-Villards-1-2048x372.jpg 2048w, https:\/\/www.trois-a.org\/wp-content\/uploads\/2022\/10\/Requalification-des-Villards-1-1320x240.jpg 1320w\" sizes=\"(max-width: 805px) 100vw, 805px\" \/><\/p>\n<p>Rappel du planning :<\/p>\n<p>Travaux place Haute : du 1<sup>er<\/sup> septembre au 16 d\u00e9cembre 2022 \/\u00a0Montant : 1,4 M\u20ac (financement 50% commune, 50% copropri\u00e9t\u00e9s)<\/p>\n<p>A venir : Galerie commerciale : 2023 \/\u00a0Jardin des Novas : 2023 \/\u00a0Place Basse : 2024<\/p>\n<p><strong>Transarc<\/strong><\/p>\n<p><img decoding=\"async\" class=\" wp-image-4737 aligncenter\" src=\"https:\/\/www.trois-a.org\/wp-content\/uploads\/2022\/10\/Acces-au-front-de-neige-300x169.jpg\" alt=\"\" width=\"467\" height=\"263\" srcset=\"https:\/\/www.trois-a.org\/wp-content\/uploads\/2022\/10\/Acces-au-front-de-neige-300x169.jpg 300w, https:\/\/www.trois-a.org\/wp-content\/uploads\/2022\/10\/Acces-au-front-de-neige-1024x577.jpg 1024w, https:\/\/www.trois-a.org\/wp-content\/uploads\/2022\/10\/Acces-au-front-de-neige-768x433.jpg 768w, https:\/\/www.trois-a.org\/wp-content\/uploads\/2022\/10\/Acces-au-front-de-neige-1536x866.jpg 1536w, https:\/\/www.trois-a.org\/wp-content\/uploads\/2022\/10\/Acces-au-front-de-neige-2048x1155.jpg 2048w, https:\/\/www.trois-a.org\/wp-content\/uploads\/2022\/10\/Acces-au-front-de-neige-1320x744.jpg 1320w\" sizes=\"(max-width: 467px) 100vw, 467px\" \/><\/p>\n<p>La r\u00e9novation du Transarc, qui va s&rsquo;\u00e9taler sur plusieurs ann\u00e9es, commence par <strong><a href=\"https:\/\/www.trois-a.org\/index.php\/2022\/01\/27\/le-point-sur-lamenagement-du-futur-nouveau-depart-du-transarc\/?utm_source=mailpoet&amp;utm_medium=email&amp;utm_campaign=les-breves-de-3a-n-17-janvier-2021\" target=\"_blank\" rel=\"noopener\">l&rsquo;am\u00e9nagement de la \u00ab\u00a0piste sud\u00a0\u00bb<\/a>\u00a0<\/strong>et l&rsquo;acc\u00e8s au front de neige devant la gare aval. Chantier impressionnant.<\/p>\n<p><img decoding=\"async\" class=\"alignnone wp-image-4762\" src=\"https:\/\/www.trois-a.org\/wp-content\/uploads\/2022\/10\/Transarc-chantier-1-300x126.jpg\" alt=\"\" width=\"843\" height=\"354\" srcset=\"https:\/\/www.trois-a.org\/wp-content\/uploads\/2022\/10\/Transarc-chantier-1-300x126.jpg 300w, https:\/\/www.trois-a.org\/wp-content\/uploads\/2022\/10\/Transarc-chantier-1-1024x430.jpg 1024w, https:\/\/www.trois-a.org\/wp-content\/uploads\/2022\/10\/Transarc-chantier-1-768x322.jpg 768w, https:\/\/www.trois-a.org\/wp-content\/uploads\/2022\/10\/Transarc-chantier-1-1536x645.jpg 1536w, https:\/\/www.trois-a.org\/wp-content\/uploads\/2022\/10\/Transarc-chantier-1-2048x860.jpg 2048w, https:\/\/www.trois-a.org\/wp-content\/uploads\/2022\/10\/Transarc-chantier-1-1320x554.jpg 1320w\" sizes=\"(max-width: 843px) 100vw, 843px\" \/><\/p>\n<p><img decoding=\"async\" class=\"alignnone wp-image-4763\" src=\"https:\/\/www.trois-a.org\/wp-content\/uploads\/2022\/10\/deboisement-le-14-septembre-300x127.jpg\" alt=\"\" width=\"843\" height=\"357\" srcset=\"https:\/\/www.trois-a.org\/wp-content\/uploads\/2022\/10\/deboisement-le-14-septembre-300x127.jpg 300w, https:\/\/www.trois-a.org\/wp-content\/uploads\/2022\/10\/deboisement-le-14-septembre-1024x433.jpg 1024w, https:\/\/www.trois-a.org\/wp-content\/uploads\/2022\/10\/deboisement-le-14-septembre-768x324.jpg 768w, https:\/\/www.trois-a.org\/wp-content\/uploads\/2022\/10\/deboisement-le-14-septembre.jpg 1200w\" sizes=\"(max-width: 843px) 100vw, 843px\" \/><\/p>\n<p style=\"text-align: center;\"><em>Le d\u00e9boisement au 14 septembre<\/em><\/p>\n<hr \/>\n<h1 style=\"text-align: center;\"><strong>13 &#8211; Un coup d&rsquo;arr\u00eat pour les ch\u00e2lets h\u00f4tel de la Ma\u00eftaz ?<\/strong><\/h1>\n<h1 style=\"text-align: center;\"><strong><img decoding=\"async\" class=\" wp-image-2770 aligncenter\" src=\"https:\/\/www.trois-a.org\/wp-content\/uploads\/2020\/03\/word-image-6-300x152.jpeg\" alt=\"\" width=\"582\" height=\"295\" srcset=\"https:\/\/www.trois-a.org\/wp-content\/uploads\/2020\/03\/word-image-6-300x152.jpeg 300w, https:\/\/www.trois-a.org\/wp-content\/uploads\/2020\/03\/word-image-6.jpeg 582w\" sizes=\"(max-width: 582px) 100vw, 582px\" \/><\/strong><\/h1>\n<p>Le projet de construction d\u2019un ensemble immobilier au lieu-dit la Ma\u00eftaz, en bordure d\u2019Arc 1800 (voir <strong><a href=\"https:\/\/www.trois-a.org\/index.php\/2019\/10\/14\/participez-a-lenquete-publique-sur-le-plu-de-landry\/\" target=\"_blank\" rel=\"noopener\">notre article d&rsquo;octobre 2019<\/a><\/strong> et ses mises \u00e0 jour, et vos nombreuses r\u00e9actions), \u00e9tait revenu d\u2019actualit\u00e9 en 2021 avec le d\u00e9p\u00f4t d\u2019un permis de construire un ensemble de chalets h\u00f4tel de 5 000 m2 par la soci\u00e9t\u00e9 Sotarbat. Ce permis de construire a \u00e9t\u00e9 refus\u00e9 par d\u00e9cision du maire de Landry en date du 28 juillet 2022, au motif principal qu\u2019il n\u00e9cessitait une nouvelle r\u00e9vision du PLU, mais aussi faute de justifier d\u2019une capacit\u00e9 d\u2019alimentation en eau potable et de traitement des eaux us\u00e9es. Cela laisse un certain temps avant que l\u2019on en reparle&#8230;<\/p>\n<hr \/>\n<div class=\"page\" title=\"Page 1\">\n<div class=\"section\">\n<div class=\"layoutArea\">\n<div class=\"column\">\n<hr \/>\n<h1 style=\"text-align: center;\">Soutenez- nous !<\/h1>\n<p>L&rsquo;existence et le pouvoir d&rsquo;influence de 3A de\u0301pendent de votre soutien. Rejoignez-nous ou renouvelez votre adhe\u0301sion en vous rendant <strong><a href=\"https:\/\/www.trois-a.org\/index.php\/adhesion\/\" target=\"_blank\" rel=\"noopener\">sur cette page<\/a><\/strong>.<\/p>\n<div class=\"page\" title=\"Page 1\">\n<div class=\"section\">\n<div class=\"layoutArea\">\n<div class=\"column\">\n<hr \/>\n<h1 style=\"text-align: center;\">Dialoguez avec nous<\/h1>\n<p>Vous pouvez interagir avec nous :<\/p>\n<ul>\n<li>en utilisant <strong><a href=\"https:\/\/www.trois-a.org\/index.php\/exprimez-vous\/\" target=\"_blank\" rel=\"noopener\">la rubrique \u00ab Exprimez-vous \u00bb<\/a><\/strong> (en haut a\u0300 droite de chaque page du site)<\/li>\n<li>en envoyant un mail a\u0300 <a href=\"mailto:contact@trois-a.org\">contact@trois-a.org<\/a><\/li>\n<li>en postant un commentaire sur un article du site (ce qui permettra de dialoguer e\u0301galement avec les autres adhe\u0301rents)<\/li>\n<li>en participant aux re\u0301unions \u00ab Proprie\u0301taire aux Arcs \u00bb que 3A organise re\u0301gulie\u0300rement aux Arcs.<\/li>\n<\/ul>\n<hr \/>\n<p style=\"text-align: center;\">\u00a9 Avenir et Animation des Arcs 2022<\/p>\n<\/div>\n<\/div>\n<\/div>\n<\/div>\n<\/div>\n<\/div>\n<\/div>\n<\/div>\n<\/div><\/article><article id=\"post-4537\" class=\"hentry entry entry_full post_has_image \"><div class=\"entry_info\"><h2 class=\"entry_title entry-title\"><a href=\"https:\/\/www.trois-a.org\/index.php\/2022\/06\/27\/les-breves-de-3a-n18-sont-parues\/\" rel=\"bookmark\" title=\"Lien permanent pour Les Br\u00e8ves de 3A n\u00b018 sont parues\">Les Br\u00e8ves de 3A n\u00b018 sont parues<\/a><\/h2><div class=\"entry_meta\"><time class=\"published updated\" datetime=\"2022-06-27\"><a href=\"https:\/\/www.trois-a.org\/index.php\/2022\/06\/\"><i class=\"theme-icon icon_calendar-meta meta-icon meta-icon-calendar\"><\/i>27 juin 2022<\/a><\/time><span class=\"separator\">|<\/span><span class=\"tags\"><i class=\"theme-icon icon_tag-meta meta-icon\"><\/i><a href=\"https:\/\/www.trois-a.org\/index.php\/tag\/article-en-acces-libre\/\" rel=\"tag\">Article en acc\u00e8s libre<\/a><\/span><\/div><\/div><div class=\"entry_content entry-content\"><p><span style=\"color: #339966;\">Article en acc\u00e8s libre.<\/span><\/p>\n<p>Le texte ci-dessous est un aper\u00e7u. Vous pouvez t\u00e9l\u00e9charger <strong><a href=\"https:\/\/www.trois-a.org\/wp-content\/uploads\/2022\/07\/Breves-18.pdf\" target=\"_blank\" rel=\"noopener\">une version pdf des Br\u00e8ves de 3A n\u00b0 18\u00a0<em>avec les liens actifs<\/em><\/a><\/strong>.<\/p>\n<p><span style=\"color: #339966;\"><img decoding=\"async\" class=\"alignnone size-full wp-image-4530\" src=\"https:\/\/www.trois-a.org\/wp-content\/uploads\/2022\/07\/Breves-18.jpg\" alt=\"\" width=\"4578\" height=\"39731\" \/><\/span><\/p>\n<\/div><\/article><article id=\"post-4161\" class=\"hentry entry entry_full post_has_image \"><div class=\"entry_info\"><h2 class=\"entry_title entry-title\"><a href=\"https:\/\/www.trois-a.org\/index.php\/2022\/02\/03\/les-breves-de-3a-n-17-sont-parues\/\" rel=\"bookmark\" title=\"Lien permanent pour Les Br\u00e8ves de 3A n\u00b0 17 sont parues\">Les Br\u00e8ves de 3A n\u00b0 17 sont parues<\/a><\/h2><div class=\"entry_meta\"><time class=\"published updated\" datetime=\"2022-02-03\"><a href=\"https:\/\/www.trois-a.org\/index.php\/2022\/02\/\"><i class=\"theme-icon icon_calendar-meta meta-icon meta-icon-calendar\"><\/i>3 f\u00e9vrier 2022<\/a><\/time><span class=\"separator\">|<\/span><span class=\"tags\"><i class=\"theme-icon icon_tag-meta meta-icon\"><\/i><a href=\"https:\/\/www.trois-a.org\/index.php\/tag\/article-en-acces-libre\/\" rel=\"tag\">Article en acc\u00e8s libre<\/a><\/span><\/div><\/div><div class=\"entry_content entry-content\"><p><span style=\"color: #339966;\">Article en acc\u00e8s libre.<\/span><\/p>\n<p>Vous pouvez consulter et t\u00e9l\u00e9charger une version pdf des Br\u00e8ves de 3A n\u00b0 17 avec les liens actifs en cliquant sur <strong><a href=\"https:\/\/www.trois-a.org\/wp-content\/uploads\/2022\/02\/Les-Breves-de-3A-n-17-Janvier-2022.pdf\" target=\"_blank\" rel=\"noopener\">ce lien<\/a><\/strong>.<\/p>\n<p><img decoding=\"async\" class=\" wp-image-4162 aligncenter\" src=\"https:\/\/www.trois-a.org\/wp-content\/uploads\/2022\/02\/Breves-3A-17-Page-0001-202x300.jpg\" alt=\"\" width=\"620\" height=\"920\" srcset=\"https:\/\/www.trois-a.org\/wp-content\/uploads\/2022\/02\/Breves-3A-17-Page-0001-202x300.jpg 202w, https:\/\/www.trois-a.org\/wp-content\/uploads\/2022\/02\/Breves-3A-17-Page-0001-691x1024.jpg 691w, https:\/\/www.trois-a.org\/wp-content\/uploads\/2022\/02\/Breves-3A-17-Page-0001-768x1138.jpg 768w, https:\/\/www.trois-a.org\/wp-content\/uploads\/2022\/02\/Breves-3A-17-Page-0001-1382x2048.jpg 1382w, https:\/\/www.trois-a.org\/wp-content\/uploads\/2022\/02\/Breves-3A-17-Page-0001-1320x1956.jpg 1320w, https:\/\/www.trois-a.org\/wp-content\/uploads\/2022\/02\/Breves-3A-17-Page-0001.jpg 1728w\" sizes=\"(max-width: 620px) 100vw, 620px\" \/><img decoding=\"async\" class=\"wp-image-4163 aligncenter\" src=\"https:\/\/www.trois-a.org\/wp-content\/uploads\/2022\/02\/Breves-3A-17-Page-0002-182x300.jpg\" alt=\"\" width=\"620\" height=\"1022\" srcset=\"https:\/\/www.trois-a.org\/wp-content\/uploads\/2022\/02\/Breves-3A-17-Page-0002-182x300.jpg 182w, https:\/\/www.trois-a.org\/wp-content\/uploads\/2022\/02\/Breves-3A-17-Page-0002-621x1024.jpg 621w, https:\/\/www.trois-a.org\/wp-content\/uploads\/2022\/02\/Breves-3A-17-Page-0002-768x1267.jpg 768w, https:\/\/www.trois-a.org\/wp-content\/uploads\/2022\/02\/Breves-3A-17-Page-0002-931x1536.jpg 931w, https:\/\/www.trois-a.org\/wp-content\/uploads\/2022\/02\/Breves-3A-17-Page-0002-1241x2048.jpg 1241w, https:\/\/www.trois-a.org\/wp-content\/uploads\/2022\/02\/Breves-3A-17-Page-0002-1320x2178.jpg 1320w, https:\/\/www.trois-a.org\/wp-content\/uploads\/2022\/02\/Breves-3A-17-Page-0002.jpg 1552w\" sizes=\"(max-width: 620px) 100vw, 620px\" \/> <img decoding=\"async\" class=\" wp-image-4164 aligncenter\" src=\"https:\/\/www.trois-a.org\/wp-content\/uploads\/2022\/02\/Breves-3A-17-Page-0003-188x300.jpg\" alt=\"\" width=\"620\" height=\"989\" srcset=\"https:\/\/www.trois-a.org\/wp-content\/uploads\/2022\/02\/Breves-3A-17-Page-0003-188x300.jpg 188w, https:\/\/www.trois-a.org\/wp-content\/uploads\/2022\/02\/Breves-3A-17-Page-0003-768x1224.jpg 768w, https:\/\/www.trois-a.org\/wp-content\/uploads\/2022\/02\/Breves-3A-17-Page-0003-964x1536.jpg 964w, https:\/\/www.trois-a.org\/wp-content\/uploads\/2022\/02\/Breves-3A-17-Page-0003-1285x2048.jpg 1285w, https:\/\/www.trois-a.org\/wp-content\/uploads\/2022\/02\/Breves-3A-17-Page-0003-1320x2103.jpg 1320w, https:\/\/www.trois-a.org\/wp-content\/uploads\/2022\/02\/Breves-3A-17-Page-0003.jpg 1607w\" sizes=\"(max-width: 620px) 100vw, 620px\" \/> <img decoding=\"async\" class=\" wp-image-4165 aligncenter\" src=\"https:\/\/www.trois-a.org\/wp-content\/uploads\/2022\/02\/Breves-3A-17-Page-0004-186x300.jpg\" alt=\"\" width=\"620\" height=\"1000\" srcset=\"https:\/\/www.trois-a.org\/wp-content\/uploads\/2022\/02\/Breves-3A-17-Page-0004-186x300.jpg 186w, https:\/\/www.trois-a.org\/wp-content\/uploads\/2022\/02\/Breves-3A-17-Page-0004-635x1024.jpg 635w, https:\/\/www.trois-a.org\/wp-content\/uploads\/2022\/02\/Breves-3A-17-Page-0004-768x1239.jpg 768w, https:\/\/www.trois-a.org\/wp-content\/uploads\/2022\/02\/Breves-3A-17-Page-0004-952x1536.jpg 952w, https:\/\/www.trois-a.org\/wp-content\/uploads\/2022\/02\/Breves-3A-17-Page-0004-1270x2048.jpg 1270w, https:\/\/www.trois-a.org\/wp-content\/uploads\/2022\/02\/Breves-3A-17-Page-0004-1320x2129.jpg 1320w, https:\/\/www.trois-a.org\/wp-content\/uploads\/2022\/02\/Breves-3A-17-Page-0004.jpg 1587w\" sizes=\"(max-width: 620px) 100vw, 620px\" \/><img decoding=\"async\" class=\" wp-image-4166 aligncenter\" src=\"https:\/\/www.trois-a.org\/wp-content\/uploads\/2022\/02\/Breves-3A-17-Page-0005-300x278.jpg\" alt=\"\" width=\"620\" height=\"574\" srcset=\"https:\/\/www.trois-a.org\/wp-content\/uploads\/2022\/02\/Breves-3A-17-Page-0005-300x278.jpg 300w, https:\/\/www.trois-a.org\/wp-content\/uploads\/2022\/02\/Breves-3A-17-Page-0005-1024x949.jpg 1024w, https:\/\/www.trois-a.org\/wp-content\/uploads\/2022\/02\/Breves-3A-17-Page-0005-768x711.jpg 768w, https:\/\/www.trois-a.org\/wp-content\/uploads\/2022\/02\/Breves-3A-17-Page-0005-1536x1423.jpg 1536w, https:\/\/www.trois-a.org\/wp-content\/uploads\/2022\/02\/Breves-3A-17-Page-0005-1320x1223.jpg 1320w, https:\/\/www.trois-a.org\/wp-content\/uploads\/2022\/02\/Breves-3A-17-Page-0005.jpg 1901w\" sizes=\"(max-width: 620px) 100vw, 620px\" \/><\/p>\n<p>&nbsp;<\/p>\n<hr \/>\n<p>&nbsp;<\/p>\n<p>&nbsp;<\/p>\n<\/div><\/article><article id=\"post-4015\" class=\"hentry entry entry_full post_has_image \"><div class=\"entry_info\"><h2 class=\"entry_title entry-title\"><a href=\"https:\/\/www.trois-a.org\/index.php\/2021\/11\/06\/les-breves-de-3a-n16-sont-parues\/\" rel=\"bookmark\" title=\"Lien permanent pour Les Br\u00e8ves de 3A n\u00b016 sont parues\">Les Br\u00e8ves de 3A n\u00b016 sont parues<\/a><\/h2><div class=\"entry_meta\"><time class=\"published updated\" datetime=\"2021-11-06\"><a href=\"https:\/\/www.trois-a.org\/index.php\/2021\/11\/\"><i class=\"theme-icon icon_calendar-meta meta-icon meta-icon-calendar\"><\/i>6 novembre 2021<\/a><\/time><span class=\"separator\">|<\/span><span class=\"tags\"><i class=\"theme-icon icon_tag-meta meta-icon\"><\/i><a href=\"https:\/\/www.trois-a.org\/index.php\/tag\/article-en-acces-libre\/\" rel=\"tag\">Article en acc\u00e8s libre<\/a><\/span><\/div><\/div><div class=\"entry_content entry-content\"><p><em>Vous pouvez t\u00e9l\u00e9charger <a href=\"https:\/\/www.trois-a.org\/wp-content\/uploads\/2021\/11\/Les-Breves-de-3A-n\u00b016.pdf\" target=\"_blank\" rel=\"noopener\">la version pdf des Br\u00e8ves de 3A n\u00b016<\/a>.<\/em><\/p>\n<p><img decoding=\"async\" width=\"153\" height=\"119\" class=\"wp-image-4018 aligncenter\" src=\"https:\/\/www.trois-a.org\/wp-content\/uploads\/2021\/11\/word-image.jpeg\" alt=\"word-image\" \/><\/p>\n<p style=\"text-align: center;\"><strong>Les Br\u00e8ves de 3A n\u00b016<\/strong><\/p>\n<p style=\"text-align: center;\"><strong>Octobre 2021<\/strong><\/p>\n<hr \/>\n<p style=\"text-align: center;\">Tous les anciens num\u00e9ros des Br\u00e8ves de 3A sont disponibles en libre acc\u00e8s\u00a0<a href=\"https:\/\/www.trois-a.org\/index.php\/accueil\/les-breves-de-3a\" target=\"_blank\" rel=\"noopener\">ici<\/a>.<\/p>\n<hr \/>\n<p><img decoding=\"async\" class=\"wp-image-4019 aligncenter\" src=\"https:\/\/www.trois-a.org\/wp-content\/uploads\/2021\/11\/automne-aux-arcs.jpeg\" alt=\"Automne aux Arcs\" width=\"681\" height=\"511\" srcset=\"https:\/\/www.trois-a.org\/wp-content\/uploads\/2021\/11\/automne-aux-arcs.jpeg 1320w, https:\/\/www.trois-a.org\/wp-content\/uploads\/2021\/11\/automne-aux-arcs-300x225.jpeg 300w, https:\/\/www.trois-a.org\/wp-content\/uploads\/2021\/11\/automne-aux-arcs-1024x768.jpeg 1024w, https:\/\/www.trois-a.org\/wp-content\/uploads\/2021\/11\/automne-aux-arcs-768x576.jpeg 768w\" sizes=\"(max-width: 681px) 100vw, 681px\" \/><\/p>\n<p>Le mot de la pr\u00e9sidente<\/p>\n<p>\u00c0 la veille d\u2019une saison de ski qui nous a tant manqu\u00e9 l\u2019an dernier, c\u2019est avec plaisir que nous partageons avec vous nos observations sur les points d\u2019actualit\u00e9 de notre ch\u00e8re station. Et pour les quelques retardataires, n\u2019oubliez pas de souscrire\u00a0<a href=\"https:\/\/www.trois-a.org\/index.php\/adhesion\" target=\"_blank\" rel=\"noopener\">votre adh\u00e9sion 2021<\/a>\u00a0\u00e0 notre association. Si nos routes ne se croisent pas d&rsquo;ici l\u00e0, rendez-vous le 29 d\u00e9cembre \u00e0 17h \u00e0 l&rsquo;h\u00f4tel Belambra d&rsquo;Arc 1800 (voir ci-dessous).<\/p>\n<p>\u00c0 bient\u00f4t !<\/p>\n<p>Carole.<\/p>\n<hr \/>\n<p>Dans ce num\u00e9ro<\/p>\n<ol>\n<li>Inqui\u00e9tudes sur la qualit\u00e9 de l\u2019environnement de la zone des Mirantins<\/li>\n<li>Forfaits de ski : Alerte<\/li>\n<li>Les nouveaut\u00e9s du domaine skiable<\/li>\n<li>Retour sur les \u00e9v\u00e8nements 3A de cet \u00e9t\u00e9<\/li>\n<li>\u00c7a vaut le Mille 8 ?<\/li>\n<li>O\u00f9 en est la Maison des Propri\u00e9taires ?<\/li>\n<li>Vivre \u00e0 fond sa passion et sa formation aux Arcs<\/li>\n<li>Des Arcs jusqu&rsquo;\u00e0 l&rsquo;Antarctique<\/li>\n<li>Le funiculaire gratuit pour les voyageurs en train<\/li>\n<li>Fermeture du parking du Charvet \u00e0 Arc 1800 jusqu&rsquo;au 10 d\u00e9cembre<\/li>\n<li>\u00c0 noter dans votre agenda, r\u00e9union \u00ab\u00a0Propri\u00e9taire aux Arcs\u00a0\u00bb le 29\/12 \u00e0 17h \u00e0 l\u2019h\u00f4tel Belambre d\u2019Arc 1800<\/li>\n<\/ol>\n<hr \/>\n<p>1 &#8211; Inqui\u00e9tudes sur la qualit\u00e9 de l\u2019environnement de la zone des Mirantins<\/p>\n<p><img decoding=\"async\" class=\"wp-image-4020 aligncenter\" src=\"https:\/\/www.trois-a.org\/wp-content\/uploads\/2021\/11\/nouvelle-piste-acces-transarc.jpeg\" alt=\"Nouvelle piste acc\u00e8s Transarc\" width=\"710\" height=\"522\" srcset=\"https:\/\/www.trois-a.org\/wp-content\/uploads\/2021\/11\/nouvelle-piste-acces-transarc.jpeg 1320w, https:\/\/www.trois-a.org\/wp-content\/uploads\/2021\/11\/nouvelle-piste-acces-transarc-300x221.jpeg 300w, https:\/\/www.trois-a.org\/wp-content\/uploads\/2021\/11\/nouvelle-piste-acces-transarc-1024x753.jpeg 1024w, https:\/\/www.trois-a.org\/wp-content\/uploads\/2021\/11\/nouvelle-piste-acces-transarc-768x565.jpeg 768w\" sizes=\"(max-width: 710px) 100vw, 710px\" \/><\/p>\n<p>La\u00a0<a href=\"https:\/\/www.trois-a.org\/wp-content\/uploads\/2021\/10\/2021-08-09_Presentation-projets-Transarc-et-Amenagements-associes.pdf\" target=\"_blank\" rel=\"noopener\">r\u00e9novation de la t\u00e9l\u00e9cabine du Transarc<\/a>\u00a0est un \u00e9v\u00e8nement majeur attendu par tous aux Arcs. Sa r\u00e9alisation est pr\u00e9vue pour 2022-2023. Elle a fait l&rsquo;objet d&rsquo;une\u00a0<a href=\"https:\/\/www.bourgsaintmaurice.fr\/enquetes-publiques.html\" target=\"_blank\" rel=\"noopener\">enqu\u00eate publique<\/a>\u00a0ces derniers mois. Cette enqu\u00eate a r\u00e9v\u00e9l\u00e9 que le projet actuel implique une modification tr\u00e8s importante du paysage bois\u00e9 entourant les Mirantins, \u00e9crin con\u00e7u par la principale architecte de notre station, Charlotte Perriand. En effet, le d\u00e9placement de quelques m\u00e8tres de la gare de d\u00e9part vers le sud et la cr\u00e9ation d&rsquo;une nouvelle piste d&rsquo;acc\u00e8s \u00e0 cette gare depuis la piste des Grands M\u00e9l\u00e8zes, rasant le Mirantin 1 sur toute sa longueur comme on peut le voir sur l&rsquo;illustration ci-dessus, impliquent un d\u00e9boisement tr\u00e8s important de cette zone. Les riverains et 3A se sont fortement mobilis\u00e9s pour proposer des alternatives qui \u00e9vitent cet \u00e9cueil. Tous les d\u00e9tails dans\u00a0<a href=\"https:\/\/www.trois-a.org\/index.php\/2021\/10\/20\/preservons-lenvironnement-au-depart-du-transarc\/?utm_source=mailpoet&amp;utm_medium=email&amp;utm_campaign=les-breves-de-3a-n-16-octobre-2021\" target=\"_blank\" rel=\"noopener\">cet article sur le site de 3A<\/a>, ouvert \u00e0 tous.<\/p>\n<hr \/>\n<p>2. Forfaits de ski : alerte<\/p>\n<p><img decoding=\"async\" class=\"wp-image-4021 aligncenter\" src=\"https:\/\/www.trois-a.org\/wp-content\/uploads\/2021\/11\/happy-weeks.jpeg\" alt=\"Happy weeks\" width=\"310\" height=\"350\" srcset=\"https:\/\/www.trois-a.org\/wp-content\/uploads\/2021\/11\/happy-weeks.jpeg 658w, https:\/\/www.trois-a.org\/wp-content\/uploads\/2021\/11\/happy-weeks-266x300.jpeg 266w\" sizes=\"(max-width: 310px) 100vw, 310px\" \/><\/p>\n<p>La formule \u00abearly booking \u00bb des saisons pr\u00e9c\u00e9dentes est remplac\u00e9e \u00e0 compter de cet hiver par une nouvelle formule, les \u00ab\u00a0<a href=\"https:\/\/www.lesarcs-peiseyvallandry.ski\/fr\/happy-weeks-annee\" target=\"_blank\" rel=\"noopener\">Happy Weeks<\/a>\u00ab\u00a0, dont ADS a d\u00fb vous informer ; nous ne disposons d\u00e9sormais que d\u2019un mois entre le 15 octobre et le 15 novembre pour acheter \u00e0 un tarif remis\u00e9 les forfaits saison hiver (remise de 20%) ou forfait hiver plus \u00e9t\u00e9 (remise de 25%).<\/p>\n<p>Une r\u00e9flexion sur l&rsquo;\u00e9volution du prix des forfaits,\u00a0<a href=\"https:\/\/www.trois-a.org\/index.php\/2021\/10\/25\/le-prix-des-forfaits-de-ski-aux-arcs-une-evolution-a-long-terme-bien-inquietante\" target=\"_blank\" rel=\"noopener\">\u00a0\u00bb Le prix des forfaits de ski aux Arcs, une \u00e9volution \u00e0 long terme bien inqui\u00e9tante \u00ab\u00a0<\/a>, est disponible sur le site de 3A.<\/p>\n<p>Rappelons que vous pouvez \u00e9galement souscrire <a href=\"https:\/\/www.skialacarte.fr\/FrontOffice\/\">la formule ski \u00e0 la carte<\/a> qui offre la possibilit\u00e9, moyennant une cotisation adulte de 29 \u20ac et 15 \u20ac pour les seniors, de b\u00e9n\u00e9ficier de conditions avantageuses et de ne payer que les journ\u00e9es de ski consomm\u00e9es sur plusieurs sites, dont les Arcs et la Plagne.<\/p>\n<hr \/>\n<p>3. Les nouveaut\u00e9s du domaine skiable<\/p>\n<p><img decoding=\"async\" class=\"wp-image-4022 aligncenter\" src=\"https:\/\/www.trois-a.org\/wp-content\/uploads\/2021\/11\/depart-tyrolienne.jpeg\" alt=\"d\u00e9part tyrolienne\" width=\"529\" height=\"397\" srcset=\"https:\/\/www.trois-a.org\/wp-content\/uploads\/2021\/11\/depart-tyrolienne.jpeg 1200w, https:\/\/www.trois-a.org\/wp-content\/uploads\/2021\/11\/depart-tyrolienne-300x225.jpeg 300w, https:\/\/www.trois-a.org\/wp-content\/uploads\/2021\/11\/depart-tyrolienne-1024x768.jpeg 1024w, https:\/\/www.trois-a.org\/wp-content\/uploads\/2021\/11\/depart-tyrolienne-768x576.jpeg 768w\" sizes=\"(max-width: 529px) 100vw, 529px\" \/><\/p>\n<p><a href=\"https:\/\/www.lesarcs.com\/blog\/nouveautes-hiver-2022.html#tyro\" target=\"_blank\" rel=\"noopener\">Une page du site d&rsquo;ADS<\/a>\u00a0donne des d\u00e9tails sur les nouveaut\u00e9s annonc\u00e9es dans nos pr\u00e9c\u00e9dentes Br\u00e8ves de 3A : la nouvelle t\u00e9l\u00e9cabine de Vallandry et son mus\u00e9um, la tyrolienne et le restaurant panoramique \u00e0 l&rsquo;arriv\u00e9e de la t\u00e9l\u00e9cabine du Varet, le \u00ab\u00a0spot\u00a0\u00bb \u00e0 l&rsquo;arriv\u00e9e du t\u00e9l\u00e9si\u00e8ge Carreley. Une initiative bienvenue : la cr\u00e9ation d&rsquo;un pass pi\u00e9tons pour que les non skieurs puissent rejoindre leurs proches et amis sur les pistes.<\/p>\n<hr \/>\n<p>4.\u00a0Retour sur les \u00e9v\u00e8nements 3A de cet \u00e9t\u00e9<\/p>\n<p><img decoding=\"async\" class=\"wp-image-4023 alignleft\" src=\"https:\/\/www.trois-a.org\/wp-content\/uploads\/2021\/11\/whatsapp-image-2021-08-06-at-09-12-02-2.jpeg\" alt=\"WhatsApp Image 2021-08-06 at 09.12.02 (2)\" width=\"361\" height=\"270\" srcset=\"https:\/\/www.trois-a.org\/wp-content\/uploads\/2021\/11\/whatsapp-image-2021-08-06-at-09-12-02-2.jpeg 674w, https:\/\/www.trois-a.org\/wp-content\/uploads\/2021\/11\/whatsapp-image-2021-08-06-at-09-12-02-2-300x224.jpeg 300w\" sizes=\"(max-width: 361px) 100vw, 361px\" \/><img decoding=\"async\" class=\"wp-image-4024 alignright\" src=\"https:\/\/www.trois-a.org\/wp-content\/uploads\/2021\/11\/16-swing.jpeg\" alt=\"16 swing\" width=\"362\" height=\"271\" srcset=\"https:\/\/www.trois-a.org\/wp-content\/uploads\/2021\/11\/16-swing.jpeg 662w, https:\/\/www.trois-a.org\/wp-content\/uploads\/2021\/11\/16-swing-300x224.jpeg 300w\" sizes=\"(max-width: 362px) 100vw, 362px\" \/><\/p>\n<p>&nbsp;<\/p>\n<p><img decoding=\"async\" class=\"wp-image-4025 aligncenter\" src=\"https:\/\/www.trois-a.org\/wp-content\/uploads\/2021\/11\/reunion-publique-12-aout-21.jpeg\" alt=\"R\u00e9union publique 12 ao\u00fbt 21\" width=\"569\" height=\"313\" srcset=\"https:\/\/www.trois-a.org\/wp-content\/uploads\/2021\/11\/reunion-publique-12-aout-21.jpeg 1320w, https:\/\/www.trois-a.org\/wp-content\/uploads\/2021\/11\/reunion-publique-12-aout-21-300x165.jpeg 300w, https:\/\/www.trois-a.org\/wp-content\/uploads\/2021\/11\/reunion-publique-12-aout-21-1024x563.jpeg 1024w, https:\/\/www.trois-a.org\/wp-content\/uploads\/2021\/11\/reunion-publique-12-aout-21-768x422.jpeg 768w\" sizes=\"(max-width: 569px) 100vw, 569px\" \/><\/p>\n<p>Vous saurez tout sur le HERO Game sp\u00e9cial propri\u00e9taires, la comp\u00e9tition de golf de 3A, l&rsquo;assembl\u00e9e g\u00e9n\u00e9rale de 3A et la r\u00e9union publique organis\u00e9e par la municipalit\u00e9, ABTourisme et ADS, tr\u00e8s riche en informations, en lisant\u00a0<a href=\"https:\/\/www.trois-a.org\/index.php\/2021\/10\/22\/retour-sur-les-evenements-3a-de-lete\/\" target=\"_blank\" rel=\"noopener\">cet article sur le site de 3A<\/a>.<\/p>\n<hr \/>\n<p>5. \u00c7a vaut le Mille 8 ?<\/p>\n<p><img decoding=\"async\" class=\"wp-image-4026 aligncenter\" src=\"https:\/\/www.trois-a.org\/wp-content\/uploads\/2021\/11\/line-rider.jpeg\" alt=\"Line rider\" width=\"273\" height=\"186\" srcset=\"https:\/\/www.trois-a.org\/wp-content\/uploads\/2021\/11\/line-rider.jpeg 682w, https:\/\/www.trois-a.org\/wp-content\/uploads\/2021\/11\/line-rider-300x204.jpeg 300w\" sizes=\"(max-width: 273px) 100vw, 273px\" \/><\/p>\n<p>Vous n&rsquo;\u00e9couterez plus de la m\u00eame fa\u00e7on l&rsquo;orage de l&rsquo;\u00e9t\u00e9 des Quatre Saisons, ni ne descendrez la piste des Mille 8 sans l&rsquo;avoir dans les orei<\/p>\n<p>lles apr\u00e8s avoir regard\u00e9\u00a0<a href=\"https:\/\/m.youtube.com\/watch?v=lcQ1ZtWs6Ys\" target=\"_blank\" rel=\"noopener\">cette version<\/a>.<\/p>\n<hr \/>\n<p>6. O\u00f9 en est la Maison des propri\u00e9taires ?<\/p>\n<p><img decoding=\"async\" class=\"wp-image-4027 aligncenter\" src=\"https:\/\/www.trois-a.org\/wp-content\/uploads\/2021\/11\/logo-mdp-souriant.jpeg\" alt=\"logo MdP souriant\" width=\"132\" height=\"205\" srcset=\"https:\/\/www.trois-a.org\/wp-content\/uploads\/2021\/11\/logo-mdp-souriant.jpeg 272w, https:\/\/www.trois-a.org\/wp-content\/uploads\/2021\/11\/logo-mdp-souriant-193x300.jpeg 193w\" sizes=\"(max-width: 132px) 100vw, 132px\" \/><\/p>\n<p>&nbsp;<\/p>\n<p>Laurent Ducreux, conseiller municipal qui pr\u00e9side la commission relation propri\u00e9taires, nous informe que les groupes de t<\/p>\n<p>&nbsp;<\/p>\n<p>ravail sur la relation propri\u00e9taire ont repris et vont se poursuivre avec les groupes de propri\u00e9taires concern\u00e9s.<br \/>\nL\u2019objectif est de pouvoir montrer nos premi\u00e8res analyses, r\u00e9flexions et pistes de travail aux propri\u00e9taires lors des vacances de fin d\u2019ann\u00e9e.<\/p>\n<p>Rappel : vous pouvez consulter et commenter l&rsquo;<a href=\"https:\/\/www.trois-a.org\/index.php\/2020\/12\/24\/une-maison-des-proprietaires-aux-arcs\">article du site de 3A sur la maison des propri\u00e9taires<\/a><\/p>\n<hr \/>\n<p>7 &#8211; Vivre \u00e0 fond sa passion et sa formation aux Arcs<\/p>\n<p><img decoding=\"async\" class=\"wp-image-4028 aligncenter\" src=\"https:\/\/www.trois-a.org\/wp-content\/uploads\/2021\/11\/stade-cachette-1.jpeg\" alt=\"stade-cachette-1\" width=\"681\" height=\"275\" srcset=\"https:\/\/www.trois-a.org\/wp-content\/uploads\/2021\/11\/stade-cachette-1.jpeg 1136w, https:\/\/www.trois-a.org\/wp-content\/uploads\/2021\/11\/stade-cachette-1-300x121.jpeg 300w, https:\/\/www.trois-a.org\/wp-content\/uploads\/2021\/11\/stade-cachette-1-1024x413.jpeg 1024w, https:\/\/www.trois-a.org\/wp-content\/uploads\/2021\/11\/stade-cachette-1-768x310.jpeg 768w\" sizes=\"(max-width: 681px) 100vw, 681px\" \/><\/p>\n<p>Pascal Bohard, directeur de l\u2019<a href=\"https:\/\/www.esfarc1600.com\" target=\"_blank\" rel=\"noopener\">ESF d\u2019Arc 1600<\/a>, a \u00e9t\u00e9 un des artisans de\u00a0<a href=\"https:\/\/skistudy.fr&quot; \\t &quot;_blank\">SkiStudy<\/a>. Cette initiative propose des cursus d\u2019\u00e9tudes am\u00e9nag\u00e9es couplant<\/p>\n<p>dipl\u00f4me acad\u00e9mique avec ski comp\u00e9tition. Le campus, c\u2019est le\u00a0<a href=\"https:\/\/www.hotel-basecamplodge.com\/fr\/\" target=\"_blank\" rel=\"noopener\">Base Camp Lodge<\/a>\u00a0\u00e0 l\u2019entr\u00e9e de Bourg Saint Maurice, le terrain, c\u2019est le stade slalom de la Cachette. Une belle carte de visite pour notre station.<\/p>\n<hr \/>\n<p>8 &#8211; Des Arcs jusqu&rsquo;\u00e0 l&rsquo;Antarctique<\/p>\n<p><img decoding=\"async\" class=\"wp-image-4029 aligncenter\" src=\"https:\/\/www.trois-a.org\/wp-content\/uploads\/2021\/11\/lequipe-juste-2c-sous-la-neige.jpeg\" alt=\"l'\u00e9quipe Juste 2\u00b0C sous la neige\" width=\"536\" height=\"284\" srcset=\"https:\/\/www.trois-a.org\/wp-content\/uploads\/2021\/11\/lequipe-juste-2c-sous-la-neige.jpeg 1102w, https:\/\/www.trois-a.org\/wp-content\/uploads\/2021\/11\/lequipe-juste-2c-sous-la-neige-300x159.jpeg 300w, https:\/\/www.trois-a.org\/wp-content\/uploads\/2021\/11\/lequipe-juste-2c-sous-la-neige-1024x543.jpeg 1024w, https:\/\/www.trois-a.org\/wp-content\/uploads\/2021\/11\/lequipe-juste-2c-sous-la-neige-768x407.jpeg 768w\" sizes=\"(max-width: 536px) 100vw, 536px\" \/><\/p>\n<p>Fils de notre ami Pierre, guide de haute montagne et fid\u00e8le adh\u00e9rent de 3A, Niels Dutrievoz, 23 ans, qui a grandi aux Arcs, a entrepris, avec 5 autres \u00e9l\u00e8ves des \u00e9coles normales sup\u00e9rieures d\u2019Ulm, Paris Saclay et Lyon, de partir \u00e0 l\u2019assaut du continent austral avec l\u2019exp\u00e9dition scientifique Antarctique 2.0\u00b0C.\u00a0<a href=\"https:\/\/www.trois-a.org\/index.php\/2021\/10\/18\/des-arcs-jusqua-lantarctique\/\" target=\"_blank\" rel=\"noopener\">Lisez la suite ici<\/a>.<\/p>\n<hr \/>\n<p>9. Le funiculaire gratuit pour les voyageurs en train<\/p>\n<p><img decoding=\"async\" class=\"wp-image-4030 alignleft\" src=\"https:\/\/www.trois-a.org\/wp-content\/uploads\/2021\/11\/funiculaire-gratuit-pour-les-voyageurs-en-train.jpeg\" alt=\"Funiculaire gratuit pour les voyageurs en train\" width=\"211\" height=\"468\" srcset=\"https:\/\/www.trois-a.org\/wp-content\/uploads\/2021\/11\/funiculaire-gratuit-pour-les-voyageurs-en-train.jpeg 384w, https:\/\/www.trois-a.org\/wp-content\/uploads\/2021\/11\/funiculaire-gratuit-pour-les-voyageurs-en-train-135x300.jpeg 135w\" sizes=\"(max-width: 211px) 100vw, 211px\" \/><\/p>\n<p>Dans le cadre de son action pour verdir les Arcs, ADS a annonc\u00e9 lors de\u00a0<a href=\"https:\/\/fr.calameo.com\/read\/0056896167ad7215df9f1\" target=\"_blank\" rel=\"noopener\">la r\u00e9union d&rsquo;information du 12 ao\u00fbt 2021<\/a>\u00a0la gratuit\u00e9 du funiculaire pour les voyageurs qui ont opt\u00e9 pour le train pour venir aux Arcs. Un petit geste certes, mais qui va dans le bon sens !<\/p>\n<p>\u00c0 propos de train, ne manquez pas de consulter\u00a0<a href=\"https:\/\/www.trois-a.org\/index.php\/2021\/10\/18\/travelski-express-un-train-vers-lavenir\" target=\"_blank\" rel=\"noopener\">l&rsquo;article sur le site de 3A<\/a>\u00a0consacr\u00e9 \u00e0 la r\u00e9surrection du TGV Londres-Bourg Saint-Maurice.<\/p>\n<p>&nbsp;<\/p>\n<p>&nbsp;<\/p>\n<p>&nbsp;<\/p>\n<p>&nbsp;<\/p>\n<p>&nbsp;<\/p>\n<p>&nbsp;<\/p>\n<p>&nbsp;<\/p>\n<p>&nbsp;<\/p>\n<p>&nbsp;<\/p>\n<hr \/>\n<p>10 &#8211; Fermeture du parking du Charvet \u00e0 Arc 1800 jusqu&rsquo;au 10 d\u00e9cembre<\/p>\n<p><img decoding=\"async\" class=\"wp-image-4031 alignright\" src=\"https:\/\/www.trois-a.org\/wp-content\/uploads\/2021\/11\/fermeture-parking-charvet.jpeg\" alt=\"fermeture parking Charvet\" width=\"283\" height=\"306\" srcset=\"https:\/\/www.trois-a.org\/wp-content\/uploads\/2021\/11\/fermeture-parking-charvet.jpeg 592w, https:\/\/www.trois-a.org\/wp-content\/uploads\/2021\/11\/fermeture-parking-charvet-278x300.jpeg 278w\" sizes=\"(max-width: 283px) 100vw, 283px\" \/><\/p>\n<p>&nbsp;<\/p>\n<p>Tout est dit dans l&rsquo;illustration ci-contre.<\/p>\n<p>&nbsp;<\/p>\n<p>&nbsp;<\/p>\n<p>&nbsp;<\/p>\n<p>&nbsp;<\/p>\n<p>&nbsp;<\/p>\n<p>&nbsp;<\/p>\n<p>&nbsp;<\/p>\n<p>&nbsp;<\/p>\n<hr \/>\n<p>11 &#8211; A noter dans votre agenda<\/p>\n<p>La prochaine r\u00e9union de 3A \u00ab\u00a0Propri\u00e9taire aux Arcs\u00a0\u00bb se d\u00e9roulera\u00a0<strong>le mercredi 29 d\u00e9cembre \u00e0 17h \u00e0 l\u2019h\u00f4tel Belambra \u00e0 Arc 1800<\/strong>.<\/p>\n<p>Soutenez- nous !<\/p>\n<p>L&rsquo;existence de 3A d\u00e9pend de vos cotisations. Rejoignez-nous ou renouvelez votre adh\u00e9sion en vous rendant sur\u00a0<a href=\"https:\/\/www.trois-a.org\/index.php\/adhesion\" target=\"_blank\" rel=\"noopener\">cette page<\/a>.<\/p>\n<p><img decoding=\"async\" width=\"1320\" height=\"387\" class=\"wp-image-4032\" src=\"https:\/\/www.trois-a.org\/wp-content\/uploads\/2021\/11\/bandeau-3a.jpeg\" alt=\"bandeau 3A\" srcset=\"https:\/\/www.trois-a.org\/wp-content\/uploads\/2021\/11\/bandeau-3a.jpeg 1320w, https:\/\/www.trois-a.org\/wp-content\/uploads\/2021\/11\/bandeau-3a-300x88.jpeg 300w, https:\/\/www.trois-a.org\/wp-content\/uploads\/2021\/11\/bandeau-3a-1024x300.jpeg 1024w, https:\/\/www.trois-a.org\/wp-content\/uploads\/2021\/11\/bandeau-3a-768x225.jpeg 768w\" sizes=\"(max-width: 1320px) 100vw, 1320px\" \/><\/p>\n<p><strong>Dialoguez avec nous<\/strong><\/p>\n<p>Vous pouvez interagir avec nous :<br \/>\n* en utilisant\u00a0<a href=\"https:\/\/www.trois-a.org\/index.php\/exprimez-vous\">la rubrique \u00ab Exprimez-vous \u00bb<\/a>\u00a0(en haut \u00e0 droite de chaque page du site)<br \/>\n* en envoyant un mail \u00e0\u00a0<a href=\"mailto:contact@trois-a.org\">contact@trois-a.org<\/a><br \/>\n* en postant un commentaire sur un article du site (ce qui permettra de dialoguer \u00e9galement avec les autres adh\u00e9rents)<br \/>\n* en participant aux r\u00e9unions \u00ab Propri\u00e9taire aux Arcs \u00bb que 3A organise r\u00e9guli\u00e8rement aux Arcs.<\/p>\n<\/div><\/article><article id=\"post-3702\" class=\"hentry entry entry_full post_has_image \"><div class=\"entry_info\"><h2 class=\"entry_title entry-title\"><a href=\"https:\/\/www.trois-a.org\/index.php\/2021\/07\/18\/les-breves-de-3a-n15-sont-parues\/\" rel=\"bookmark\" title=\"Lien permanent pour Les Br\u00e8ves de 3A n\u00b015 sont parues\">Les Br\u00e8ves de 3A n\u00b015 sont parues<\/a><\/h2><div class=\"entry_meta\"><time class=\"published updated\" datetime=\"2021-07-18\"><a href=\"https:\/\/www.trois-a.org\/index.php\/2021\/07\/\"><i class=\"theme-icon icon_calendar-meta meta-icon meta-icon-calendar\"><\/i>18 juillet 2021<\/a><\/time><span class=\"separator\">|<\/span><span class=\"tags\"><i class=\"theme-icon icon_tag-meta meta-icon\"><\/i><a href=\"https:\/\/www.trois-a.org\/index.php\/tag\/article-en-acces-libre\/\" rel=\"tag\">Article en acc\u00e8s libre<\/a><\/span><\/div><\/div><div class=\"entry_content entry-content\"><p><em>T\u00e9l\u00e9chargez <a href=\"https:\/\/www.trois-a.org\/wp-content\/uploads\/2021\/07\/Les-Breves-de-3A-15.pdf\">la version pdf des Br\u00e8ves de 3A n\u00b0 15<\/a><\/em><\/p>\n<p>&nbsp;<\/p>\n<p>&nbsp;<\/p>\n<p><img decoding=\"async\" width=\"153\" height=\"119\" class=\"wp-image-3706 aligncenter\" src=\"https:\/\/www.trois-a.org\/wp-content\/uploads\/2021\/07\/word-image.jpeg\" alt=\"word-image\" \/><\/p>\n<h1 style=\"text-align: center;\"><strong>Les Br\u00e8ves de 3A n\u00b015<\/strong><\/h1>\n<h1 style=\"text-align: center;\"><strong>Juillet 2021<\/strong><\/h1>\n<p>&nbsp;<\/p>\n<div class=\"divider_line\"><\/div>\n<p style=\"text-align: center;\">Tous les anciens num\u00e9ros des Br\u00e8ves de 3A sont disponibles en libre acc\u00e8s\u00a0<a href=\"https:\/\/www.trois-a.org?mailpoet_router&amp;endpoint=track&amp;action=click&amp;data=WzEzMCwiZjRhM2U5IiwiMTkiLCIxODI1YjdiNDNjMDkiLGZhbHNlXQ\" target=\"_blank\" rel=\"noopener\">ici<\/a>.<\/p>\n<div class=\"divider_line\"><\/div>\n<p><img decoding=\"async\" class=\"wp-image-3707 aligncenter\" src=\"https:\/\/www.trois-a.org\/wp-content\/uploads\/2021\/07\/20210622_galerie-commerciale-darc-1600.jpeg\" alt=\"20210622_galerie commerciale d'Arc 1600\" width=\"427\" height=\"477\" srcset=\"https:\/\/www.trois-a.org\/wp-content\/uploads\/2021\/07\/20210622_galerie-commerciale-darc-1600.jpeg 1320w, https:\/\/www.trois-a.org\/wp-content\/uploads\/2021\/07\/20210622_galerie-commerciale-darc-1600-269x300.jpeg 269w, https:\/\/www.trois-a.org\/wp-content\/uploads\/2021\/07\/20210622_galerie-commerciale-darc-1600-917x1024.jpeg 917w, https:\/\/www.trois-a.org\/wp-content\/uploads\/2021\/07\/20210622_galerie-commerciale-darc-1600-768x858.jpeg 768w\" sizes=\"(max-width: 427px) 100vw, 427px\" \/><\/p>\n<p>Apr\u00e8s avoir hibern\u00e9 comme nos ch\u00e8res marmottes, c\u2019est avec le plus grand plaisir que nous voyons l\u2019horizon se d\u00e9gager sur notre belle station des Arcs. Constatons que celle-ci s&rsquo;engage dans la voie, promise, de la \u00ab\u00a0station quatre-saisons\u00a0\u00bb : cette ann\u00e9e, elle a d\u00e9j\u00e0 \u00e9tendu la saison d\u2019\u00e9t\u00e9 avec des activit\u00e9s d\u00e8s les week-ends de juin (navettes et t\u00e9l\u00e9si\u00e8ge de la Cachette ouvert), une pr\u00e9ouverture la derni\u00e8re semaine de juin (une remont\u00e9e ouverte sur chaque village), et une (pour l&rsquo;instant timide) prolongation la premi\u00e8re semaine de septembre. \u00c0 nous d&rsquo;accompagner cette \u00e9volution, qui contribuera de plus en plus \u00e0 la pr\u00e9servation de notre patrimoine aux Arcs \u00e0 moyen terme*, en occupant ou en faisant occuper nos appartements pendant ces p\u00e9riodes.<\/p>\n<p>Au programme de l\u2019\u00e9t\u00e9, nous pr\u00e9voyons de vous retrouver \u00e0 plusieurs occasions :<\/p>\n<p>&#8211; le festival de musique (18 au 30 juillet, voir\u00a0<a href=\"https:\/\/www.trois-a.org?mailpoet_router&amp;endpoint=track&amp;action=click&amp;data=WzEzMCwiZjRhM2U5IiwiMTkiLCJjNWFjZTIxODA3ZTAiLGZhbHNlXQ\">le programme<\/a>),<\/p>\n<p>&#8211; la comp\u00e9tition 3A de golf 2021, le\u00a0<strong>10 ao\u00fbt<\/strong>,<\/p>\n<p>&#8211; deux animations Hero Game sp\u00e9ciales 3A\u00a0<strong>le 22 juillet et le 5 ao\u00fbt<\/strong>\u00a0(voir l\u2019article ci-dessous),<\/p>\n<p>&#8211; notre assembl\u00e9e g\u00e9n\u00e9rale, le\u00a0<strong>12 ao\u00fbt \u00e0 15h<\/strong>\u00a0\u00e0 la salle Taillefer \u00e0 Arc 1800, traditionnellement suivie par une pr\u00e9sentation \u00ab bilan et perspectives \u00bb organis\u00e9e par le maire, ADS et ABTourisme, et \u00e0 laquelle sont convi\u00e9s tous les propri\u00e9taires. Le tout cl\u00f4tur\u00e9 par un pot offert par 3A.<\/p>\n<p>Vous pouvez nous rejoindre ou, pour ceux qui ne l&rsquo;ont pas encore fait, renouveler votre soutien pour 2021 en vous rendant\u00a0<a href=\"https:\/\/www.trois-a.org?mailpoet_router&amp;endpoint=track&amp;action=click&amp;data=WzEzMCwiZjRhM2U5IiwiMTkiLCJiZDllMTMyZGRhZTMiLGZhbHNlXQ\">sur cette page<\/a>. Rappelons que la possibilit\u00e9 d\u2019utiliser une carte bancaire de fa\u00e7on s\u00e9curis\u00e9e facilite le versement des cotisations.<\/p>\n<p>* si l&rsquo;avenir de votre bien aux Arcs vous pr\u00e9occupe, vous pouvez consulter l&rsquo;\u00e9tude tr\u00e8s bien faite de la Caisse des D\u00e9p\u00f4ts (actionnaire majoritaire de la Compagnie des Alpes, elle-m\u00eame tutelle d&rsquo;ADS) \u00ab\u00a0<a href=\"https:\/\/www.trois-a.org?mailpoet_router&amp;endpoint=track&amp;action=click&amp;data=WzEzMCwiZjRhM2U5IiwiMTkiLCJlMjg4ZWE3ZjY5ZWYiLGZhbHNlXQ\" target=\"_blank\" rel=\"noopener\">Le blues du blanc ?<\/a>\u00a0\u00bb<\/p>\n<div class=\"divider_line\"><\/div>\n<p>Dans ce num\u00e9ro<\/p>\n<ol>\n<li>Pas de funiculaire cet \u00e9t\u00e9<\/li>\n<li>3A vous invite \u00e0 un HERO Game<\/li>\n<li>Le bridge de nouveau au rendez-vous<\/li>\n<li>La \u00ab\u00a0Folie Douce\u00a0\u00bb ouverte cet \u00e9t\u00e9<\/li>\n<li>O\u00f9 en est la Maison des Propri\u00e9taires ?<\/li>\n<li>Les Cristaux sortent de terre<\/li>\n<li>L&rsquo;\u00e9volution des tarifs des remont\u00e9es m\u00e9caniques<\/li>\n<li>Les remont\u00e9es\u00a0m\u00e9caniques : quoi de neuf ?<\/li>\n<li>Les VTT en station : quelle r\u00e9gulation ?<\/li>\n<li>La journ\u00e9e ramassage des d\u00e9chets<\/li>\n<\/ol>\n<div class=\"divider_line\"><\/div>\n<h2>1. Pas de funiculaire cet \u00e9t\u00e9<\/h2>\n<p><img decoding=\"async\" class=\"wp-image-3708 aligncenter\" src=\"https:\/\/www.trois-a.org\/wp-content\/uploads\/2021\/07\/funiculaire.jpeg\" alt=\"Funiculaire\" width=\"592\" height=\"160\" srcset=\"https:\/\/www.trois-a.org\/wp-content\/uploads\/2021\/07\/funiculaire.jpeg 1320w, https:\/\/www.trois-a.org\/wp-content\/uploads\/2021\/07\/funiculaire-300x81.jpeg 300w, https:\/\/www.trois-a.org\/wp-content\/uploads\/2021\/07\/funiculaire-1024x277.jpeg 1024w, https:\/\/www.trois-a.org\/wp-content\/uploads\/2021\/07\/funiculaire-768x208.jpeg 768w\" sizes=\"(max-width: 592px) 100vw, 592px\" \/> \u00c0 la suite de la d\u00e9couverte, juste avant sa remise en service, de l&rsquo;aggravation d&rsquo;un probl\u00e8me de dilatation des rails, la municipalit\u00e9 a pris la d\u00e9cision de ne pas faire fonctionner\u00a0<a href=\"https:\/\/www.trois-a.org?mailpoet_router&amp;endpoint=track&amp;action=click&amp;data=WzEzMCwiZjRhM2U5IiwiMTkiLCJmY2VlNTU5OWZjNGUiLGZhbHNlXQ\" target=\"_blank\" rel=\"noopener\">le funiculaire<\/a>\u00a0cet \u00e9t\u00e9, privil\u00e9giant la s\u00e9curit\u00e9 \u00e0 une r\u00e9paration de fortune. Un service de navettes remplace le funiculaire, au tarif pr\u00e9vu pour ce dernier, tarif en baisse spectaculaire. On peut trouver les horaires de ces navettes\u00a0<a href=\"https:\/\/www.trois-a.org?mailpoet_router&amp;endpoint=track&amp;action=click&amp;data=WzEzMCwiZjRhM2U5IiwiMTkiLCI5YTZmNGFlNWE4MDgiLGZhbHNlXQ\" target=\"_blank\" rel=\"noopener\">ici<\/a>.<\/p>\n<div class=\"divider_line\"><\/div>\n<h2>2. 3A vous invite \u00e0 un HERO Game<\/h2>\n<p><img decoding=\"async\" class=\"wp-image-3709 aligncenter\" src=\"https:\/\/www.trois-a.org\/wp-content\/uploads\/2021\/07\/hero_game_affiche_20_leg_01.jpeg\" alt=\"Hero_game_affiche_20_leg_01\" width=\"293\" height=\"414\" srcset=\"https:\/\/www.trois-a.org\/wp-content\/uploads\/2021\/07\/hero_game_affiche_20_leg_01.jpeg 1181w, https:\/\/www.trois-a.org\/wp-content\/uploads\/2021\/07\/hero_game_affiche_20_leg_01-212x300.jpeg 212w, https:\/\/www.trois-a.org\/wp-content\/uploads\/2021\/07\/hero_game_affiche_20_leg_01-724x1024.jpeg 724w, https:\/\/www.trois-a.org\/wp-content\/uploads\/2021\/07\/hero_game_affiche_20_leg_01-768x1086.jpeg 768w, https:\/\/www.trois-a.org\/wp-content\/uploads\/2021\/07\/hero_game_affiche_20_leg_01-1086x1536.jpeg 1086w\" sizes=\"(max-width: 293px) 100vw, 293px\" \/><\/p>\n<p>&nbsp;<\/p>\n<p><a href=\"https:\/\/www.trois-a.org?mailpoet_router&amp;endpoint=track&amp;action=click&amp;data=WzEzMCwiZjRhM2U5IiwiMTkiLCIxYTkzYjBhNWU2ZDQiLGZhbHNlXQ\" target=\"_blank\" rel=\"noopener\">HERO Game<\/a>\u00a0est un parcours familial organis\u00e9 par\u00a0<a href=\"https:\/\/www.trois-a.org?mailpoet_router&amp;endpoint=track&amp;action=click&amp;data=WzEzMCwiZjRhM2U5IiwiMTkiLCJhMzdhOGY1YTAyMDQiLGZhbHNlXQ\" target=\"_blank\" rel=\"noopener\">HERO les Arcs<\/a>, \u00e0 effectuer en bin\u00f4me ou en tribu jusqu\u2019\u00e0 4 personnes, qui dure entre 10 et 20 minutes, et qui a connu un beau succ\u00e8s l&rsquo;ann\u00e9e derni\u00e8re.<\/p>\n<p>Cet \u00e9t\u00e9, deux s\u00e9ances \u00ab\u00a0sp\u00e9ciales propri\u00e9taires\u00a0\u00bb seront organis\u00e9es, le 22 juillet et le 5 ao\u00fbt. Elles seront gratuites pour les adh\u00e9rents 3A.<\/p>\n<p>Rendez-vous \u00e0 18 h devant le mur d&rsquo;escalade du front de neige d&rsquo;Arc 1800.<\/p>\n<div class=\"divider_line\"><\/div>\n<h2>3. Le bridge de nouveau au rendez-vous<\/h2>\n<p><img decoding=\"async\" class=\"wp-image-3710 aligncenter\" src=\"https:\/\/www.trois-a.org\/wp-content\/uploads\/2021\/07\/bridge.jpeg\" alt=\"bridge\" width=\"463\" height=\"260\" srcset=\"https:\/\/www.trois-a.org\/wp-content\/uploads\/2021\/07\/bridge.jpeg 850w, https:\/\/www.trois-a.org\/wp-content\/uploads\/2021\/07\/bridge-300x168.jpeg 300w, https:\/\/www.trois-a.org\/wp-content\/uploads\/2021\/07\/bridge-768x431.jpeg 768w\" sizes=\"(max-width: 463px) 100vw, 463px\" \/><\/p>\n<p>Parties libres et parties comment\u00e9es sous la houlette de Monique Bertrand (06 25 35 48 27) \u00e0 l&rsquo;Iceberg, place haute du Charvet \u00e0 Arc 1800, pendant tout le mois d&rsquo;ao\u00fbt. Bienveillance et convivialit\u00e9 assur\u00e9es.<\/p>\n<div class=\"divider_line\"><\/div>\n<h2>4. La \u00ab\u00a0Folie Douce\u00a0\u00bb ouverte cet \u00e9t\u00e9<\/h2>\n<p><img decoding=\"async\" class=\"wp-image-3711 aligncenter\" src=\"https:\/\/www.trois-a.org\/wp-content\/uploads\/2021\/07\/folie-douce.jpeg\" alt=\"Folie Douce\" width=\"181\" height=\"171\" srcset=\"https:\/\/www.trois-a.org\/wp-content\/uploads\/2021\/07\/folie-douce.jpeg 1084w, https:\/\/www.trois-a.org\/wp-content\/uploads\/2021\/07\/folie-douce-300x283.jpeg 300w, https:\/\/www.trois-a.org\/wp-content\/uploads\/2021\/07\/folie-douce-1024x965.jpeg 1024w, https:\/\/www.trois-a.org\/wp-content\/uploads\/2021\/07\/folie-douce-768x724.jpeg 768w\" sizes=\"(max-width: 181px) 100vw, 181px\" \/><\/p>\n<p>&nbsp;<\/p>\n<p>L&rsquo;ouverture cet \u00e9t\u00e9 de la\u00a0<a href=\"https:\/\/www.trois-a.org?mailpoet_router&amp;endpoint=track&amp;action=click&amp;data=WzEzMCwiZjRhM2U5IiwiMTkiLCJjNzg4Njc0MDNmMzMiLGZhbHNlXQ\" target=\"_blank\" rel=\"noopener\">\u00ab\u00a0Folie Douce\u00a0\u00bb<\/a>\u00a0va permettre en particulier aux golfeurs de retrouver un lieu de d\u00e9tente et de restauration \u00e0 proximit\u00e9 de leurs exploits.<\/p>\n<div class=\"divider_line\"><\/div>\n<h2>5. O\u00f9 en est la Maison des propri\u00e9taires ?<\/h2>\n<p><img decoding=\"async\" class=\"wp-image-3712 aligncenter\" src=\"https:\/\/www.trois-a.org\/wp-content\/uploads\/2021\/07\/logo-mdp-souriant.jpeg\" alt=\"logo MdP souriant\" width=\"116\" height=\"182\" \/><\/p>\n<p>3A a pr\u00e9sent\u00e9 au groupe de travail sur la Maison des Propri\u00e9taires aux Arcs lors de sa derni\u00e8re r\u00e9union en date, d\u00e9but f\u00e9vrier,\u00a0<a href=\"https:\/\/www.trois-a.org?mailpoet_router&amp;endpoint=track&amp;action=click&amp;data=WzEzMCwiZjRhM2U5IiwiMTkiLCI1YmVkNTZlNTM1ZmUiLGZhbHNlXQ\">les r\u00e9sultats de l&rsquo;enqu\u00eate*<\/a>\u00a0qu&rsquo;elle avait organis\u00e9e \u00e0 ce sujet et \u00e0 laquelle beaucoup d&rsquo;entre vous avaient r\u00e9pondu.\u00a0Nous sommes en attente maintenant des propositions de la commune.<\/p>\n<p>Vous pouvez lire\u00a0<a href=\"https:\/\/www.trois-a.org?mailpoet_router&amp;endpoint=track&amp;action=click&amp;data=WzEzMCwiZjRhM2U5IiwiMTkiLCI1YjQzMWRiZmFhNTQiLGZhbHNlXQ\" target=\"_blank\" rel=\"noopener\">la Newsletter Infos Propri\u00e9taires de juillet 2021<\/a>\u00a0pour connaitre les avantages que la station a pr\u00e9vus pour les propri\u00e9taires cet \u00e9t\u00e9.<\/p>\n<p>* L&rsquo;<a href=\"https:\/\/www.trois-a.org?mailpoet_router&amp;endpoint=track&amp;action=click&amp;data=WzEzMCwiZjRhM2U5IiwiMTkiLCI1YmVkNTZlNTM1ZmUiLGZhbHNlXQ\">article du site de 3A sur la maison des propri\u00e9taires<\/a>\u00a0est d\u00e9sormais ouvert \u00e0 tous.<\/p>\n<div class=\"divider_line\"><\/div>\n<h2>6. Les Cristaux sortent de terre<\/h2>\n<p><img decoding=\"async\" class=\"wp-image-3713 aligncenter\" src=\"https:\/\/www.trois-a.org\/wp-content\/uploads\/2021\/07\/retour-ski-sur-les-cristaux.jpeg\" alt=\"Retour ski sur les Cristaux\" width=\"695\" height=\"265\" srcset=\"https:\/\/www.trois-a.org\/wp-content\/uploads\/2021\/07\/retour-ski-sur-les-cristaux.jpeg 1320w, https:\/\/www.trois-a.org\/wp-content\/uploads\/2021\/07\/retour-ski-sur-les-cristaux-300x114.jpeg 300w, https:\/\/www.trois-a.org\/wp-content\/uploads\/2021\/07\/retour-ski-sur-les-cristaux-1024x390.jpeg 1024w, https:\/\/www.trois-a.org\/wp-content\/uploads\/2021\/07\/retour-ski-sur-les-cristaux-768x293.jpeg 768w\" sizes=\"(max-width: 695px) 100vw, 695px\" \/><\/p>\n<p style=\"text-align: center;\"><em>La route reliant le carrefour des 4 chemins au restaurant de l&rsquo;Arpette a \u00e9t\u00e9 consid\u00e9rablement \u00e9largie, permettant ainsi un retour \u00e0 ski direct sur les Cristaux.<\/em><\/p>\n<div id=\"attachment_3714\" style=\"width: 695px\" class=\"wp-caption aligncenter\"><img decoding=\"async\" aria-describedby=\"caption-attachment-3714\" class=\"wp-image-3714\" src=\"https:\/\/www.trois-a.org\/wp-content\/uploads\/2021\/07\/les-cristaux.jpeg\" alt=\"Les Cristaux\" width=\"695\" height=\"521\" srcset=\"https:\/\/www.trois-a.org\/wp-content\/uploads\/2021\/07\/les-cristaux.jpeg 1320w, https:\/\/www.trois-a.org\/wp-content\/uploads\/2021\/07\/les-cristaux-300x225.jpeg 300w, https:\/\/www.trois-a.org\/wp-content\/uploads\/2021\/07\/les-cristaux-1024x768.jpeg 1024w, https:\/\/www.trois-a.org\/wp-content\/uploads\/2021\/07\/les-cristaux-768x576.jpeg 768w\" sizes=\"(max-width: 695px) 100vw, 695px\" \/><p id=\"caption-attachment-3714\" class=\"wp-caption-text\">Le chantier des Cristaux vu de la route des Espagnols sous Edenarc<\/p><\/div>\n<p>&nbsp;<\/p>\n<div id=\"attachment_3715\" style=\"width: 697px\" class=\"wp-caption aligncenter\"><img decoding=\"async\" aria-describedby=\"caption-attachment-3715\" class=\"wp-image-3715\" src=\"https:\/\/www.trois-a.org\/wp-content\/uploads\/2021\/07\/le-chalet-ionia.jpeg\" alt=\"Le chalet Ionia\" width=\"697\" height=\"522\" srcset=\"https:\/\/www.trois-a.org\/wp-content\/uploads\/2021\/07\/le-chalet-ionia.jpeg 1320w, https:\/\/www.trois-a.org\/wp-content\/uploads\/2021\/07\/le-chalet-ionia-300x225.jpeg 300w, https:\/\/www.trois-a.org\/wp-content\/uploads\/2021\/07\/le-chalet-ionia-1024x768.jpeg 1024w, https:\/\/www.trois-a.org\/wp-content\/uploads\/2021\/07\/le-chalet-ionia-768x576.jpeg 768w\" sizes=\"(max-width: 697px) 100vw, 697px\" \/><p id=\"caption-attachment-3715\" class=\"wp-caption-text\">De l&rsquo;autre c\u00f4t\u00e9 de la route des Espagnols, juste en face, le \u00ab\u00a0Chalet Ionia\u00a0\u00bb n&rsquo;est pour l&rsquo;instant qu&rsquo;un grand trou&#8230;<\/p><\/div>\n<p>Les projets immobiliers d\u00e9crits dans\u00a0<a href=\"https:\/\/www.trois-a.org?mailpoet_router&amp;endpoint=track&amp;action=click&amp;data=WzEzMCwiZjRhM2U5IiwiMTkiLCI0OWZmMmMzODE3NDIiLGZhbHNlXQ\">les Br\u00e8ves de 3A n\u00b014<\/a>\u00a0sont en cours, notamment\u00a0<a href=\"https:\/\/www.trois-a.org?mailpoet_router&amp;endpoint=track&amp;action=click&amp;data=WzEzMCwiZjRhM2U5IiwiMTkiLCJmMDRkMDA1ZjViZWMiLGZhbHNlXQ\">les Cristaux<\/a>, illustr\u00e9s ci-dessus, qui compl\u00e8tent Edenarc \u00e0 Arc 1800.<\/p>\n<div class=\"divider_line\"><\/div>\n<h2>7. L&rsquo;\u00e9volution des tarifs des remont\u00e9es\u00a0m\u00e9caniques<\/h2>\n<p><img decoding=\"async\" class=\"wp-image-3716 aligncenter\" src=\"https:\/\/www.trois-a.org\/wp-content\/uploads\/2021\/07\/forfait.jpeg\" alt=\"forfait\" width=\"461\" height=\"287\" srcset=\"https:\/\/www.trois-a.org\/wp-content\/uploads\/2021\/07\/forfait.jpeg 544w, https:\/\/www.trois-a.org\/wp-content\/uploads\/2021\/07\/forfait-300x187.jpeg 300w\" sizes=\"(max-width: 461px) 100vw, 461px\" \/><\/p>\n<p>Lors de sa\u00a0<a href=\"https:\/\/www.trois-a.org?mailpoet_router&amp;endpoint=track&amp;action=click&amp;data=WzEzMCwiZjRhM2U5IiwiMTkiLCIzMzUzNmQzYzhlYTMiLGZhbHNlXQ\" target=\"_blank\" rel=\"noopener\">session du 20 mai 2021<\/a>, le conseil municipal de Bourg Saint Maurice a valid\u00e9 la proposition d&rsquo;ADS d&rsquo;augmenter les tarifs des remont\u00e9es m\u00e9caniques de 3,2% en moyenne &#x1f633;. Une petite compensation, la tarification du funiculaire devrait \u00eatre maintenue (exp\u00e9rimentalement) \u00e0 ce qu&rsquo;elle aurait du \u00eatre cet \u00e9t\u00e9 (3\u20ac la mont\u00e9e, 5\u20ac l&rsquo;aller-retour).<\/p>\n<p>Ce compl\u00e9ment de recettes permettra sans doute de compenser quelque peu les pertes dues \u00e0 l&rsquo;ann\u00e9e blanche que vient de connaitre ADS, mais souhaitons qu&rsquo;elle soit aussi consacr\u00e9e \u00e0 d\u00e9marrer r\u00e9solument\u00a0la transformation \u00e0 venir des \u00ab\u00a0stations de ski\u00a0\u00bb en \u00ab\u00a0stations de montagne\u00a0\u00bb. Cette transformation est d\u00e9sormais \u00e0 l&rsquo;ordre du jour \u00e0 tous les niveaux, comme en t\u00e9moignent le dossier \u00ab\u00a0<a href=\"https:\/\/www.trois-a.org?mailpoet_router&amp;endpoint=track&amp;action=click&amp;data=WzEzMCwiZjRhM2U5IiwiMTkiLCJlMjg4ZWE3ZjY5ZWYiLGZhbHNlXQ\" target=\"_blank\" rel=\"noopener\">Le blues du blanc<\/a>\u00a0\u00bb cit\u00e9 ci-dessus, et le\u00a0<a href=\"https:\/\/www.trois-a.org?mailpoet_router&amp;endpoint=track&amp;action=click&amp;data=WzEzMCwiZjRhM2U5IiwiMTkiLCJmOTYzNWI5MDc5NjAiLGZhbHNlXQ\" target=\"_blank\" rel=\"noopener\">plan \u00ab\u00a0Avenir Montagnes\u00a0\u00bb<\/a>\u00a0du gouvernement pr\u00e9sent\u00e9 par le Premier Ministre lors de sa visite dans notre ch\u00e8re station le 27 mai dernier.<\/p>\n<div class=\"divider_line\"><\/div>\n<h2>8. Les remont\u00e9es\u00a0m\u00e9caniques : quoi de neuf ?<\/h2>\n<p>En attendant une pr\u00e9sentation compl\u00e8te lors de la r\u00e9union d&rsquo;information du 12 ao\u00fbt \u00e9voqu\u00e9e ci-dessus, faisons un tour d&rsquo;horizon sur les \u00e9volutions \u00e0 venir sur le domaine skiable des Arcs.<\/p>\n<p style=\"text-align: center;\"><strong>Le t\u00e9l\u00e9ski de la Combe n&rsquo;existe plus<\/strong><\/p>\n<p><img decoding=\"async\" class=\"wp-image-3717 aligncenter\" src=\"https:\/\/www.trois-a.org\/wp-content\/uploads\/2021\/07\/teleski-de-la-combe.jpeg\" alt=\"t\u00e9l\u00e9ski de la Combe\" width=\"406\" height=\"264\" srcset=\"https:\/\/www.trois-a.org\/wp-content\/uploads\/2021\/07\/teleski-de-la-combe.jpeg 762w, https:\/\/www.trois-a.org\/wp-content\/uploads\/2021\/07\/teleski-de-la-combe-300x195.jpeg 300w\" sizes=\"(max-width: 406px) 100vw, 406px\" \/><\/p>\n<p>C&rsquo;est avec un petit pincement au coeur que les amoureux de la piste de la Combe, tout \u00e0 l&rsquo;extr\u00e9mit\u00e9 de la station, sur le domaine de Peisey, constateront que l&rsquo;espace occup\u00e9 jusqu&rsquo;ici par le t\u00e9l\u00e9ski du m\u00eame nom, qui permettait de \u00ab\u00a0tourner\u00a0\u00bb sur cette piste, a \u00e9t\u00e9 rendu \u00e0 la nature. Heureusement, la piste elle-m\u00eame reste intacte.<\/p>\n<p style=\"text-align: center;\"><strong>La nouvelle t\u00e9l\u00e9cabine de Vallandry<\/strong><\/p>\n<div id=\"attachment_3718\" style=\"width: 738px\" class=\"wp-caption aligncenter\"><img decoding=\"async\" aria-describedby=\"caption-attachment-3718\" class=\"wp-image-3718\" src=\"https:\/\/www.trois-a.org\/wp-content\/uploads\/2021\/07\/telecabine-de-vallandry-depart.jpeg\" alt=\"t\u00e9l\u00e9cabine de Vallandry d\u00e9part\" width=\"738\" height=\"405\" srcset=\"https:\/\/www.trois-a.org\/wp-content\/uploads\/2021\/07\/telecabine-de-vallandry-depart.jpeg 981w, https:\/\/www.trois-a.org\/wp-content\/uploads\/2021\/07\/telecabine-de-vallandry-depart-300x165.jpeg 300w, https:\/\/www.trois-a.org\/wp-content\/uploads\/2021\/07\/telecabine-de-vallandry-depart-768x421.jpeg 768w\" sizes=\"(max-width: 738px) 100vw, 738px\" \/><p id=\"caption-attachment-3718\" class=\"wp-caption-text\">La future gare de d\u00e9part de la t\u00e9l\u00e9cabine de Vallandry<\/p><\/div>\n<p>&nbsp;<\/p>\n<div id=\"attachment_3719\" style=\"width: 734px\" class=\"wp-caption aligncenter\"><img decoding=\"async\" aria-describedby=\"caption-attachment-3719\" class=\"wp-image-3719\" src=\"https:\/\/www.trois-a.org\/wp-content\/uploads\/2021\/07\/telacabine-de-vallandry-gare-arrivee.jpeg\" alt=\"T\u00e9lacabine de Vallandry gare arriv\u00e9e\" width=\"734\" height=\"355\" srcset=\"https:\/\/www.trois-a.org\/wp-content\/uploads\/2021\/07\/telacabine-de-vallandry-gare-arrivee.jpeg 1048w, https:\/\/www.trois-a.org\/wp-content\/uploads\/2021\/07\/telacabine-de-vallandry-gare-arrivee-300x145.jpeg 300w, https:\/\/www.trois-a.org\/wp-content\/uploads\/2021\/07\/telacabine-de-vallandry-gare-arrivee-1024x495.jpeg 1024w, https:\/\/www.trois-a.org\/wp-content\/uploads\/2021\/07\/telacabine-de-vallandry-gare-arrivee-768x372.jpeg 768w\" sizes=\"(max-width: 734px) 100vw, 734px\" \/><p id=\"caption-attachment-3719\" class=\"wp-caption-text\">La future gare d&rsquo;arriv\u00e9e, qui devrait abriter un mus\u00e9e de la flore et de la faune en Vanoise<\/p><\/div>\n<p>&nbsp;<\/p>\n<div id=\"attachment_3720\" style=\"width: 721px\" class=\"wp-caption aligncenter\"><img decoding=\"async\" aria-describedby=\"caption-attachment-3720\" class=\"wp-image-3720\" src=\"https:\/\/www.trois-a.org\/wp-content\/uploads\/2021\/07\/telecabine-valladry-chantier-gare-arrivee.jpeg\" alt=\"t\u00e9l\u00e9cabine Valladry chantier gare arriv\u00e9e\" width=\"721\" height=\"961\" srcset=\"https:\/\/www.trois-a.org\/wp-content\/uploads\/2021\/07\/telecabine-valladry-chantier-gare-arrivee.jpeg 1152w, https:\/\/www.trois-a.org\/wp-content\/uploads\/2021\/07\/telecabine-valladry-chantier-gare-arrivee-225x300.jpeg 225w, https:\/\/www.trois-a.org\/wp-content\/uploads\/2021\/07\/telecabine-valladry-chantier-gare-arrivee-768x1024.jpeg 768w\" sizes=\"(max-width: 721px) 100vw, 721px\" \/><p id=\"caption-attachment-3720\" class=\"wp-caption-text\">Le chantier de la gare d&rsquo;arriv\u00e9e d\u00e9but juillet<\/p><\/div>\n<p>La grande nouveaut\u00e9 de cet hiver sera le remplacement du t\u00e9l\u00e9si\u00e8ge de Vallandry par\u00a0<a href=\"https:\/\/www.trois-a.org?mailpoet_router&amp;endpoint=track&amp;action=click&amp;data=WzEzMCwiZjRhM2U5IiwiMTkiLCJmNTMwYTk4ZTA0OTQiLGZhbHNlXQ\" target=\"_blank\" rel=\"noopener\">une t\u00e9l\u00e9cabine 10 personnes<\/a>\u00a0dernier cri. Le d\u00e9bit du t\u00e9l\u00e9si\u00e8ge \u00e9tait de 2400 personnes\/heure, celle de la t\u00e9l\u00e9cabine sera initialement de 2700 p\/h pour atteindre 3000 p\/h en phase d\u00e9finitive.<\/p>\n<p style=\"text-align: center;\"><strong>L&rsquo;aiguille Rouge<\/strong><\/p>\n<p>La\u00a0<a href=\"https:\/\/www.trois-a.org?mailpoet_router&amp;endpoint=track&amp;action=click&amp;data=WzEzMCwiZjRhM2U5IiwiMTkiLCJiYWE0YzgwZWY0NjQiLGZhbHNlXQ\" target=\"_blank\" rel=\"noopener\">m\u00e9tamorphose de l&rsquo;Aiguille Rouge<\/a> s&rsquo;ach\u00e8ve. Sur le toit du garage de la t\u00e9l\u00e9cabine de Varet, \u00e0 c\u00f4t\u00e9 de la station d&rsquo;arriv\u00e9e de cette remont\u00e9e, on trouvera un solarium panoramique et un caf\u00e9. Juste \u00e0 c\u00f4t\u00e9, le d\u00e9part d&rsquo;une vertigineuse tyrolienne, qui devrait permettre de retrouver quelques-unes des sensations du Kilom\u00e8tre Lanc\u00e9 dont elle surplombe le trac\u00e9, moins le danger&#8230;<\/p>\n<div id=\"attachment_3721\" style=\"width: 735px\" class=\"wp-caption aligncenter\"><img decoding=\"async\" aria-describedby=\"caption-attachment-3721\" class=\"wp-image-3721\" src=\"https:\/\/www.trois-a.org\/wp-content\/uploads\/2021\/07\/solarium-du-varet.jpeg\" alt=\"solarium du Varet\" width=\"735\" height=\"412\" srcset=\"https:\/\/www.trois-a.org\/wp-content\/uploads\/2021\/07\/solarium-du-varet.jpeg 1200w, https:\/\/www.trois-a.org\/wp-content\/uploads\/2021\/07\/solarium-du-varet-300x168.jpeg 300w, https:\/\/www.trois-a.org\/wp-content\/uploads\/2021\/07\/solarium-du-varet-1024x574.jpeg 1024w, https:\/\/www.trois-a.org\/wp-content\/uploads\/2021\/07\/solarium-du-varet-768x431.jpeg 768w\" sizes=\"(max-width: 735px) 100vw, 735px\" \/><p id=\"caption-attachment-3721\" class=\"wp-caption-text\">\u00c0 l&rsquo;arriv\u00e9e du Varet, un solarium.<\/p><\/div>\n<p>&nbsp;<\/p>\n<div id=\"attachment_3722\" style=\"width: 736px\" class=\"wp-caption aligncenter\"><img decoding=\"async\" aria-describedby=\"caption-attachment-3722\" class=\"wp-image-3722\" src=\"https:\/\/www.trois-a.org\/wp-content\/uploads\/2021\/07\/depart-tyrolienne.jpeg\" alt=\"d\u00e9part tyrolienne\" width=\"736\" height=\"552\" srcset=\"https:\/\/www.trois-a.org\/wp-content\/uploads\/2021\/07\/depart-tyrolienne.jpeg 1200w, https:\/\/www.trois-a.org\/wp-content\/uploads\/2021\/07\/depart-tyrolienne-300x225.jpeg 300w, https:\/\/www.trois-a.org\/wp-content\/uploads\/2021\/07\/depart-tyrolienne-1024x768.jpeg 1024w, https:\/\/www.trois-a.org\/wp-content\/uploads\/2021\/07\/depart-tyrolienne-768x576.jpeg 768w\" sizes=\"(max-width: 736px) 100vw, 736px\" \/><p id=\"caption-attachment-3722\" class=\"wp-caption-text\">Le d\u00e9part de la tyrolienne<\/p><\/div>\n<p style=\"text-align: center;\"><strong>Le Transarc<\/strong><\/p>\n<div id=\"attachment_3723\" style=\"width: 740px\" class=\"wp-caption aligncenter\"><img decoding=\"async\" aria-describedby=\"caption-attachment-3723\" class=\"wp-image-3723\" src=\"https:\/\/www.trois-a.org\/wp-content\/uploads\/2021\/07\/nouveau-depart-du-transarc.jpeg\" alt=\"nouveau d\u00e9part du Transarc\" width=\"740\" height=\"426\" srcset=\"https:\/\/www.trois-a.org\/wp-content\/uploads\/2021\/07\/nouveau-depart-du-transarc.jpeg 1320w, https:\/\/www.trois-a.org\/wp-content\/uploads\/2021\/07\/nouveau-depart-du-transarc-300x173.jpeg 300w, https:\/\/www.trois-a.org\/wp-content\/uploads\/2021\/07\/nouveau-depart-du-transarc-1024x590.jpeg 1024w, https:\/\/www.trois-a.org\/wp-content\/uploads\/2021\/07\/nouveau-depart-du-transarc-768x442.jpeg 768w\" sizes=\"(max-width: 740px) 100vw, 740px\" \/><p id=\"caption-attachment-3723\" class=\"wp-caption-text\">Vue d&rsquo;artiste du futur nouveau d\u00e9part du Transarc et la nouvelle piste d&rsquo;arriv\u00e9e sur la droite,\u00a0qui\u00a0diminuerait\u00a0sensiblement le rideau existant entre les r\u00e9sidences Mirantin 1, 2 et 3 et le Transarc. 3A se rapprochera des copropri\u00e9t\u00e9s concern\u00e9es pour formuler des observations concert\u00e9es.<\/p><\/div>\n<p>La r\u00e9novation du Transarc, retard\u00e9e pour cause de crise sanitaire et d\u00e9sormais pr\u00e9vue pour 2023, s&rsquo;accompagnera d&rsquo;un remodelage de l&rsquo;arriv\u00e9e des pistes vers la station de d\u00e9part. Ce remodelage suppose un d\u00e9boisement qui fait actuellement (du 5 juillet au 5 ao\u00fbt 21) l&rsquo;objet d&rsquo;<a href=\"https:\/\/www.trois-a.org?mailpoet_router&amp;endpoint=track&amp;action=click&amp;data=WzEzMCwiZjRhM2U5IiwiMTkiLCI5NDEzNzNlZGEyMzEiLGZhbHNlXQ\">une enqu\u00eate publique<\/a>. On pourra consulter l&rsquo;avis de la Mission R\u00e9gionale d&rsquo;Autorit\u00e9 Environnementale sur le l&rsquo;ensemble du projet de r\u00e9novation du Transarc\u00a0<a href=\"https:\/\/www.trois-a.org?mailpoet_router&amp;endpoint=track&amp;action=click&amp;data=WzEzMCwiZjRhM2U5IiwiMTkiLCI4OGYyMWZjZjhhNjIiLGZhbHNlXQ\" target=\"_blank\" rel=\"noopener\">ici<\/a>, ou tout le dossier du d\u00e9frichement\u00a0<a href=\"https:\/\/www.trois-a.org?mailpoet_router&amp;endpoint=track&amp;action=click&amp;data=WzEzMCwiZjRhM2U5IiwiMTkiLCIzYjljMzIwYTkwM2UiLGZhbHNlXQ\" target=\"_blank\" rel=\"noopener\">ici<\/a>.<\/p>\n<p style=\"text-align: center;\"><strong>Le Jardin Alpin<\/strong><\/p>\n<p>Les discussions entre ADS et la Mairie concernant le remplacement du t\u00e9l\u00e9si\u00e8ge du Jardin Alpin sont toujours en cours.<\/p>\n<div class=\"divider_line\"><\/div>\n<h2>9. Les VTT en station : quelle r\u00e9gulation ?<\/h2>\n<p><img decoding=\"async\" width=\"1320\" height=\"309\" class=\"wp-image-3724\" src=\"https:\/\/www.trois-a.org\/wp-content\/uploads\/2021\/07\/vtt.jpeg\" alt=\"VTT\" srcset=\"https:\/\/www.trois-a.org\/wp-content\/uploads\/2021\/07\/vtt.jpeg 1320w, https:\/\/www.trois-a.org\/wp-content\/uploads\/2021\/07\/vtt-300x70.jpeg 300w, https:\/\/www.trois-a.org\/wp-content\/uploads\/2021\/07\/vtt-1024x240.jpeg 1024w, https:\/\/www.trois-a.org\/wp-content\/uploads\/2021\/07\/vtt-768x180.jpeg 768w\" sizes=\"(max-width: 1320px) 100vw, 1320px\" \/><\/p>\n<p>Devant l&rsquo;engouement de la pratique du VTT et particuli\u00e8rement du VTT \u00e0 assistance \u00e9lectrique, la cohabitation des VTTistes et des promeneurs, aussi bien en station que sur les chemins en montagne, pose de plus en plus probl\u00e8me. Citons \u00e0 ce sujet un extrait du rapport moral de notre pr\u00e9sidente pr\u00e9sent\u00e9 lors de notre derni\u00e8re assembl\u00e9e g\u00e9n\u00e9rale :<\/p>\n<p>La FARSM a mis au point avec la F\u00e9d\u00e9ration fran\u00e7aise de cyclotourisme une charte de bonne utilisation des VTT. Ce document, que vous trouverez\u00a0<a href=\"https:\/\/www.trois-a.org\/wp-content\/uploads\/2019\/07\/Charte-du-VTT-FARSM.pdf\" target=\"_blank\" rel=\"noopener\">sur notre site Internet<\/a>, comprend une s\u00e9rie de sages recommandations, que nous aimerions voir porter \u00e0 la connaissance des usagers par ADS, les loueurs de v\u00e9los, les moniteurs de VTT et l\u2019Office du tourisme.<\/p>\n<p>La station de son c\u00f4t\u00e9 a pr\u00e9vu de\u00a0poser courant e\u0301te\u0301\u00a0une signale\u0301tique en amont des villages pour faire ralentir les VTTistes \u00e0 l&rsquo;approche des zones pi\u00e9tonni\u00e8res.<\/p>\n<div class=\"divider_line\"><\/div>\n<h2>10. La journ\u00e9e ramassage des d\u00e9chets<\/h2>\n<p><img decoding=\"async\" class=\"wp-image-3725 aligncenter\" src=\"https:\/\/www.trois-a.org\/wp-content\/uploads\/2021\/07\/ramassage-des-dechets.jpeg\" alt=\"Ramassage des d\u00e9chets\" width=\"570\" height=\"380\" srcset=\"https:\/\/www.trois-a.org\/wp-content\/uploads\/2021\/07\/ramassage-des-dechets.jpeg 595w, https:\/\/www.trois-a.org\/wp-content\/uploads\/2021\/07\/ramassage-des-dechets-300x200.jpeg 300w\" sizes=\"(max-width: 570px) 100vw, 570px\" \/><\/p>\n<p>&nbsp;<\/p>\n<p>3A, mais aussi le maire et ses enfants, ont particip\u00e9 \u00e0 la journ\u00e9e de ramassage de d\u00e9chets organis\u00e9e, comme chaque ann\u00e9e, par l&rsquo;association Mountain Riders (celle qui a d\u00e9cern\u00e9 le Flocon Vert aux Arcs), dont voici le compte-rendu :<\/p>\n<blockquote><p><em>A l&rsquo;occasion de nos 20 ans, nous \u00e9tions le 19 juin dernier \u00e0 Arc 1800 pour animer une op\u00e9ration de ramassage de d\u00e9chets en compagnie de nombreux autres acteurs pr\u00e9sents sur l&rsquo;\u00e9co-village de la journ\u00e9e.<\/em><br \/>\n<em>Gr\u00e2ce aux\u00a0<strong>150 b\u00e9n\u00e9voles et volontaires<\/strong>, c&rsquo;est plus de\u00a0<strong>308 kilos de d\u00e9chets\u00a0<\/strong>qui ont \u00e9t\u00e9 ramass\u00e9s !<\/em><br \/>\n<em>Une belle \u00e9dition qui montre que depuis 2001, la mobilisation de tous est n\u00e9cessaire pour faire changer les choses.<\/em><\/p><\/blockquote>\n<div class=\"divider\" style=\"border-color:rgba(231,32,32,1);border-bottom-width:4px\"><\/div>\n<p><img decoding=\"async\" class=\"wp-image-3726 aligncenter\" src=\"https:\/\/www.trois-a.org\/wp-content\/uploads\/2021\/07\/bandeau-3a.jpeg\" alt=\"bandeau 3A\" width=\"791\" height=\"232\" srcset=\"https:\/\/www.trois-a.org\/wp-content\/uploads\/2021\/07\/bandeau-3a.jpeg 1320w, https:\/\/www.trois-a.org\/wp-content\/uploads\/2021\/07\/bandeau-3a-300x88.jpeg 300w, https:\/\/www.trois-a.org\/wp-content\/uploads\/2021\/07\/bandeau-3a-1024x300.jpeg 1024w, https:\/\/www.trois-a.org\/wp-content\/uploads\/2021\/07\/bandeau-3a-768x225.jpeg 768w\" sizes=\"(max-width: 791px) 100vw, 791px\" \/><\/p>\n<p>Dialoguez avec nous<\/p>\n<p>Vous pouvez interagir avec nous :<br \/>\n* en utilisant\u00a0<a href=\"https:\/\/www.trois-a.org?mailpoet_router&amp;endpoint=track&amp;action=click&amp;data=WzEzMCwiZjRhM2U5IiwiMTkiLCIyMDI4NGJhZjkwOTEiLGZhbHNlXQ\">la rubrique \u00ab Exprimez-vous \u00bb<\/a>\u00a0(en haut \u00e0 droite de chaque page du site)<br \/>\n* en envoyant un mail \u00e0\u00a0<a href=\"https:\/\/www.trois-a.org?mailpoet_router&amp;endpoint=track&amp;action=click&amp;data=WzEzMCwiZjRhM2U5IiwiMTkiLCI2OTRkNTEyMzY1NGMiLGZhbHNlXQ\">contact@trois-a.org<\/a><br \/>\n* en postant un commentaire sur un article du site (ce qui permettra de dialoguer \u00e9galement avec les autres adh\u00e9rents)<br \/>\n* en participant aux r\u00e9unions \u00ab Propri\u00e9taire aux Arcs \u00bb que 3A organise r\u00e9guli\u00e8rement aux Arcs.<\/p>\n<p style=\"text-align: center;\">\u00a9 Avenir et Animation des Arcs 2021<\/p>\n<\/div><\/article><article id=\"post-3479\" class=\"hentry entry entry_full post_has_image \"><div class=\"entry_info\"><h2 class=\"entry_title entry-title\"><a href=\"https:\/\/www.trois-a.org\/index.php\/2021\/04\/07\/les-breves-de-3a-n-14-sont-parues\/\" rel=\"bookmark\" title=\"Lien permanent pour Les Br\u00e8ves de 3A n\u00b0 14 sont parues\">Les Br\u00e8ves de 3A n\u00b0 14 sont parues<\/a><\/h2><div class=\"entry_meta\"><time class=\"published updated\" datetime=\"2021-04-07\"><a href=\"https:\/\/www.trois-a.org\/index.php\/2021\/04\/\"><i class=\"theme-icon icon_calendar-meta meta-icon meta-icon-calendar\"><\/i>7 avril 2021<\/a><\/time><span class=\"separator\">|<\/span><span class=\"tags\"><i class=\"theme-icon icon_tag-meta meta-icon\"><\/i><a href=\"https:\/\/www.trois-a.org\/index.php\/tag\/article-en-acces-libre\/\" rel=\"tag\">Article en acc\u00e8s libre<\/a><\/span><\/div><\/div><div class=\"entry_content entry-content\"><p>Lisez les <a href=\"https:\/\/www.trois-a.org\/wp-content\/uploads\/2021\/04\/Les-Breves-de-3A-n\u00b0-14-Avril-2021.pdf\" target=\"_blank\" rel=\"noopener\">Br\u00e8ves de 3A n\u00b014 d&rsquo;avril 2021 sous format pdf<\/a>.<\/p>\n<p><img decoding=\"async\" width=\"153\" height=\"119\" class=\"wp-image-3533 alignleft\" src=\"https:\/\/www.trois-a.org\/wp-content\/uploads\/2021\/04\/word-image.jpeg\" \/><\/p>\n<h1 style=\"text-align: right;\"><strong>Les Br\u00e8ves de 3A<\/strong><\/h1>\n<h1 style=\"text-align: right;\"><strong>n\u00b014<\/strong><\/h1>\n<h1 style=\"text-align: right;\"><strong>Avril 2021<\/strong><\/h1>\n<p>&nbsp;<\/p>\n<hr \/>\n<p>Tous les anciens num\u00e9ros des Br\u00e8ves de 3A sont disponibles en libre acc\u00e8s <a href=\"https:\/\/www.trois-a.org\/index.php\/accueil\/les-breves-de-3a\/\">ici.<\/a><\/p>\n<hr \/>\n<p><img decoding=\"async\" width=\"992\" height=\"744\" class=\"wp-image-3534 aligncenter\" src=\"https:\/\/www.trois-a.org\/wp-content\/uploads\/2021\/04\/word-image-1.jpeg\" srcset=\"https:\/\/www.trois-a.org\/wp-content\/uploads\/2021\/04\/word-image-1.jpeg 992w, https:\/\/www.trois-a.org\/wp-content\/uploads\/2021\/04\/word-image-1-300x225.jpeg 300w, https:\/\/www.trois-a.org\/wp-content\/uploads\/2021\/04\/word-image-1-768x576.jpeg 768w\" sizes=\"(max-width: 992px) 100vw, 992px\" \/><\/p>\n<p>Chers amis,<\/p>\n<p>Nous avons le plaisir de partager avec vous cette nouvelle \u00e9dition des Br\u00e8ves de 3A.<\/p>\n<p>Malgr\u00e9 la triste fin pr\u00e9matur\u00e9e de la saison hiver le 6 avril, 3A poursuit, contre temp\u00eates et chutes de neige, mais aussi sous un soleil radieux, son action de porte-parole des propri\u00e9taires aupr\u00e8s des op\u00e9rateurs de la station. Apr\u00e8s plusieurs annulations d\u2019\u00e9v\u00e8nements dues aux circonstances connues de tous, nous nous tournons vers l\u2019avenir. Nous continuerons \u00e0 vous accompagner, et \u00e0 vous informer via des articles sur le site et de nouvelles \u00e9ditions des Br\u00e8ves de 3A. Nous pr\u00e9parons actuellement plusieurs animations qui viendront compl\u00e9ter nos rendez-vous habituels de l\u2019\u00e9t\u00e9. Vous pouvez nous rejoindre ou renouveler votre soutien pour 2021 en vous rendant <a href=\"https:\/\/www.trois-a.org\/index.php\/adhesion\/\">sur cette page<\/a>. Rappelons que la possibilit\u00e9 d\u2019utiliser une carte bancaire, disponible depuis l\u2019ann\u00e9e derni\u00e8re, facilite le versement des cotisations.<\/p>\n<hr \/>\n<ol>\n<li>&#8211; Premier bilan de la saison hiver<\/li>\n<li>&#8211; Contribution de 3A \u00e0 ABTourisme<\/li>\n<li>&#8211; Point sur les projets immobiliers<\/li>\n<li>&#8211; Remboursement du forfait annuel et saison<\/li>\n<li>&#8211; La liaison station-Chantel<\/li>\n<li>&#8211; Le festival de musique 2021 se d\u00e9couvre<\/li>\n<\/ol>\n<hr \/>\n<p><img decoding=\"async\" width=\"992\" height=\"539\" class=\"wp-image-3535\" src=\"https:\/\/www.trois-a.org\/wp-content\/uploads\/2021\/04\/word-image-2.jpeg\" srcset=\"https:\/\/www.trois-a.org\/wp-content\/uploads\/2021\/04\/word-image-2.jpeg 992w, https:\/\/www.trois-a.org\/wp-content\/uploads\/2021\/04\/word-image-2-300x163.jpeg 300w, https:\/\/www.trois-a.org\/wp-content\/uploads\/2021\/04\/word-image-2-768x417.jpeg 768w\" sizes=\"(max-width: 992px) 100vw, 992px\" \/><\/p>\n<h1>1 &#8211; Premier bilan de la saison hiver<\/h1>\n<p>Nous avons eu connaissance du taux d\u2019occupation moyen des vacances de f\u00e9vrier des principales stations fran\u00e7aises d\u2019altitude, qui s\u2019\u00e9l\u00e8ve \u00e0 24% en moyenne, soit 48 points de moins qu\u2019aux vacances d\u2019hiver 2020.<\/p>\n<p>Cela confirme combien le ski alpin reste la principale motivation pour des s\u00e9jours \u00e0 la montagne.<\/p>\n<p>Aux Arcs, o\u00f9 le taux d\u2019occupation devrait \u00eatre comparable, les vacanciers ont \u00e9t\u00e9 tr\u00e8s satisfaits des activit\u00e9s propos\u00e9es par l\u2019office du tourisme, les \u00e9coles de ski et les diff\u00e9rents prestataires.<\/p>\n<p>La montagne multiactivit\u00e9 est dans l\u2019air du temps, mais ces activit\u00e9s rapportent beaucoup moins que le ski alpin.<\/p>\n<p>Sur la saison Hiver, la mairie de Bourg Saint-Maurice a utilis\u00e9 sa r\u00e9serve financi\u00e8re pour maintenir le funiculaire, les liaisons interstation, le damage&#8230; pendant les vacances scolaires et les vendredis, samedis et dimanches de mars jusqu\u2019au 5 avril.<\/p>\n<hr \/>\n<h1>2 &#8211; Contribution de 3A \u00e0 ABTourisme<\/h1>\n<p>ABTourisme a r\u00e9uni avant les vacances de f\u00e9vrier les acteurs de chaque site des Arcs pour faire un bilan des activit\u00e9s mises en place \u00e0 No\u00ebl et r\u00e9fl\u00e9chir \u00e0 une proposition raisonnable pour les vacances de f\u00e9vrier.<\/p>\n<p>Carole Rampazzo, pr\u00e9sidente de 3A et membre du comit\u00e9 directeur d\u2019ABTourisme, a pu, \u00e0 cette occasion, faire \u00e9tat des remarques et attentes des propri\u00e9taires.<\/p>\n<p>Ces rencontres ont permis d\u2019\u00e9changer \u00e9galement avec les diff\u00e9rents prestataires dans un esprit collaboratif.<\/p>\n<p>Alain Rius participe pour 3A aux r\u00e9unions du groupe de travail sur la Maison des Propri\u00e9taires, au cours desquelles il a pr\u00e9sent\u00e9 la synth\u00e8se de vos r\u00e9ponses au <a href=\"https:\/\/www.trois-a.org\/index.php\/2020\/12\/24\/une-maison-des-proprietaires-aux-arcs\/\">questionnaire sur les services attendus de cette Maison<\/a> que nous avions soumis aux adh\u00e9rents de 3A. Un premier bilan sera pr\u00e9sent\u00e9 \u00e0 la commission d&rsquo;ABTourisme \u00ab\u00a0Relation propri\u00e9taires, accueil et qualit\u00e9\u00a0\u00bb le 28 avril prochain.<\/p>\n<hr \/>\n<p><img decoding=\"async\" width=\"739\" height=\"290\" class=\"wp-image-3536 aligncenter\" src=\"https:\/\/www.trois-a.org\/wp-content\/uploads\/2021\/04\/word-image-3.jpeg\" srcset=\"https:\/\/www.trois-a.org\/wp-content\/uploads\/2021\/04\/word-image-3.jpeg 739w, https:\/\/www.trois-a.org\/wp-content\/uploads\/2021\/04\/word-image-3-300x118.jpeg 300w\" sizes=\"(max-width: 739px) 100vw, 739px\" \/><\/p>\n<p style=\"text-align: center;\">Les chalets du Chantel vus de l&rsquo;amont<\/p>\n<p><img decoding=\"async\" width=\"722\" height=\"408\" class=\"wp-image-3537 aligncenter\" src=\"https:\/\/www.trois-a.org\/wp-content\/uploads\/2021\/04\/word-image-4.jpeg\" srcset=\"https:\/\/www.trois-a.org\/wp-content\/uploads\/2021\/04\/word-image-4.jpeg 722w, https:\/\/www.trois-a.org\/wp-content\/uploads\/2021\/04\/word-image-4-300x170.jpeg 300w\" sizes=\"(max-width: 722px) 100vw, 722px\" \/><\/p>\n<p style=\"text-align: center;\">Le Hameau du Mont Blanc 2 en d\u00e9cembre 2020<\/p>\n<h1>3 &#8211; Point sur les projets immobiliers<\/h1>\n<p>La nouvelle municipalit\u00e9 install\u00e9e en 2020 a annonc\u00e9 un moratoire concernant la construction de nouveaux lits touristiques.<\/p>\n<p>Cette orientation ne concerne pas les op\u00e9rations pr\u00e9c\u00e9demment autoris\u00e9es. Celles-ci vont donc s\u2019activer en 2021 sur les diff\u00e9rents sites des Arcs :<\/p>\n<ul>\n<li>Sur Arc 1950, est pr\u00e9vu l\u2019ach\u00e8vement d\u2019une r\u00e9sidence de tourisme, puis de deuxpetites copropri\u00e9t\u00e9s de logements pour le personnel et des installations pour le service des pistes (au total 7 634 m2 de plancher).<\/li>\n<li>Sur Arc 1600, dans le secteur de Malgovert, se d\u00e9veloppera progressivement celledes \u00ab Hameaux du Mont-Blanc \u00bb. Cette op\u00e9ration, d\u00e9crite dans les Br\u00e8ves de 3A <a href=\"https:\/\/www.trois-a.org\/index.php\/2018\/09\/26\/les-breves-de-3a-4\/\">n\u00b04 <\/a>de septembre 2018, comprendra \u00e0 terme 10 000 m2 de planchers (235 places de parkings et 52 grands chalets ou logements de luxe en semi collectifs).<\/li>\n<\/ul>\n<p>Sotarbat, son promoteur, a annonc\u00e9 son intention d\u2019achever pour l\u2019\u00e9t\u00e9 le gros \u0153uvre d\u2019une premi\u00e8re phase de 7 \u00ab chalets \u00bb (5 en bande et 2 mitoyens), qui constituent l\u2019op\u00e9ration dite Mont-Blanc 2. La programmation de la suite n\u2019est pas encore connue.<\/p>\n<ul>\n<li>Sur Arc 1800, l\u2019am\u00e9nagement de la ZAC du Chantel est en voie d\u2019ach\u00e8vement : On peut d\u2019ores et d\u00e9j\u00e0 d\u00e9couvrir le gros \u0153uvre des <a href=\"https:\/\/m.webcam-hd.com\/edenarc1800\/edenarc-residence-4-etoiles\">cinq grands Chalets du Chantel<\/a>, cit\u00e9s dans les Br\u00e8ves de 3A <a href=\"https:\/\/www.trois-a.org\/index.php\/2019\/06\/03\/les-breves-de-3a-n7\/\">n\u00b07<\/a> et <a href=\"https:\/\/www.trois-a.org\/index.php\/2020\/12\/26\/les-breves-de-3a-n13-sont-parues\/\">n\u00b013<\/a>, qui dominent l\u2019ensemble d\u2019EdenArc. L\u2019op\u00e9ration des Cristaux (27 grands logements r\u00e9partis en trois immeubles d\u2019une surface totale de 2 726 m2), pr\u00e9sent\u00e9e dans nos Br\u00e8ves de 3A <a href=\"https:\/\/www.trois-a.org\/index.php\/2019\/12\/04\/les-breves-de-3a-n9\/\">n\u00b09<\/a> de d\u00e9cembre 2019 et qui a \u00e9t\u00e9 autoris\u00e9e le 29 juin 2020, devrait logiquement d\u00e9marrer cette ann\u00e9e, tout comme la construction sous la route des Espagnols d\u2019un tr\u00e8s grand chalet pour le compte personnel du promoteur.<\/li>\n<\/ul>\n<p>Toutes ces op\u00e9rations ont deux traits communs :<\/p>\n<ul>\n<li>Elles ont toutes \u00e9t\u00e9 initi\u00e9es par le groupe borain Sotarbat, pr\u00e9sid\u00e9 par M. Luigi Logna.<\/li>\n<li>Elles visent \u00e0 satisfaire la demande de logements de standing et de grandes surfaces, jusqu\u2019\u00e0 pr\u00e9sent quasi-introuvables aux Arcs.<\/li>\n<\/ul>\n<hr \/>\n<p><img decoding=\"async\" width=\"992\" height=\"234\" class=\"wp-image-3538 aligncenter\" src=\"https:\/\/www.trois-a.org\/wp-content\/uploads\/2021\/04\/word-image-5.jpeg\" srcset=\"https:\/\/www.trois-a.org\/wp-content\/uploads\/2021\/04\/word-image-5.jpeg 992w, https:\/\/www.trois-a.org\/wp-content\/uploads\/2021\/04\/word-image-5-300x71.jpeg 300w, https:\/\/www.trois-a.org\/wp-content\/uploads\/2021\/04\/word-image-5-768x181.jpeg 768w\" sizes=\"(max-width: 992px) 100vw, 992px\" \/><\/p>\n<h1>4 &#8211; Remboursement du forfait annuel etsaison<\/h1>\n<p>\u00c0 la suite de plusieurs questions \u00e0 ce sujet, nous avons sollicit\u00e9 ADS et obtenu une r\u00e9ponse, dont nous vous communiquons ci-dessous l&rsquo;essentiel.<\/p>\n<p>ADS, comme en hiver 2019-20, confirme sa d\u00e9cision de rembourser les forfaits annuels ou saison au prorata des semaines de fermeture.<\/p>\n<p>Les d\u00e9tenteurs d\u2019un forfait saison hiver ou \u00ab hiver+\u00e9t\u00e9 \u00bb ont le choix entre deux possibilit\u00e9s :<\/p>\n<ol>\n<li>conserver leur forfait et \u00eatre rembours\u00e9s des journ\u00e9es de fermeture administrative du domaine cet hiver et cet \u00e9t\u00e9 \u00e0 la fin de validit\u00e9 de leur forfait (c\u2019est-\u00e0-dire, pour le forfait hiver+\u00e9t\u00e9, \u00e0 partir de fin ao\u00fbt)<\/li>\n<li>demander l\u2019annulation de leur forfait en utilisant <a href=\"https:\/\/www.ticketoski.fr\/fr\/clientads\/situation\/823\/dossier\/add\" target=\"_blank\" rel=\"noopener\">le formulaire de contact du site d\u2019ADS<\/a> et en \u00eatre int\u00e9gralement rembours\u00e9s sous 1 mois (en pratique, souvent plus rapidement).<\/li>\n<\/ol>\n<p>Par ailleurs, SAGS s&rsquo;est engag\u00e9e \u00e9galement \u00e0 rembourser en fin de saison les personnes ayant souscrit un forfait pour un parking.<\/p>\n<p>3A restera bien s\u00fbr attentive au bon d\u00e9roulement de ces op\u00e9rations.<\/p>\n<hr \/>\n<p><img decoding=\"async\" width=\"992\" height=\"744\" class=\"wp-image-3539 aligncenter\" src=\"https:\/\/www.trois-a.org\/wp-content\/uploads\/2021\/04\/word-image-6.jpeg\" srcset=\"https:\/\/www.trois-a.org\/wp-content\/uploads\/2021\/04\/word-image-6.jpeg 992w, https:\/\/www.trois-a.org\/wp-content\/uploads\/2021\/04\/word-image-6-300x225.jpeg 300w, https:\/\/www.trois-a.org\/wp-content\/uploads\/2021\/04\/word-image-6-768x576.jpeg 768w\" sizes=\"(max-width: 992px) 100vw, 992px\" \/><\/p>\n<h1>5 &#8211; La liaison station-Chantel<\/h1>\n<p>Les perturbations de l\u2019exploitation de la navette Charvet-Chantel pendant l\u2019\u00ab ouverture \u00bb de la station cet hiver ayant interpell\u00e9 fortement les propri\u00e9taires du Chantel, quelques-uns d\u2019entre eux r\u00e9fl\u00e9chissent \u00e0 la constitution d\u2019un groupe de travail sur la probl\u00e9matique de la liaison station-Chantel, auquel 3A participera. Plus de d\u00e9tails sont disponibles <a href=\"https:\/\/www.trois-a.org\/index.php\/2021\/04\/03\/la-liaison-station-chantel\/\">sur le site de 3A<\/a>.<\/p>\n<hr \/>\n<p><img decoding=\"async\" width=\"400\" height=\"371\" class=\"wp-image-3540 aligncenter\" src=\"https:\/\/www.trois-a.org\/wp-content\/uploads\/2021\/04\/word-image-7.jpeg\" srcset=\"https:\/\/www.trois-a.org\/wp-content\/uploads\/2021\/04\/word-image-7.jpeg 400w, https:\/\/www.trois-a.org\/wp-content\/uploads\/2021\/04\/word-image-7-300x278.jpeg 300w\" sizes=\"(max-width: 400px) 100vw, 400px\" \/><\/p>\n<h1>6 &#8211; Le festival de musique 2021 sed\u00e9couvre<\/h1>\n<p>Rappelons qu\u2019apr\u00e8s de (tr\u00e8s) nombreuses ann\u00e9es \u00e0 la t\u00eate de l\u2019Acad\u00e9mie-Festival des Arcs, Pierre Maurel a transmis le flambeau \u00e0 Pierre-Yves Tanguy. Hommage, appuy\u00e9, lui soit rendu ici, et tous nos encouragements \u00e0 Pierre-Yves, un fid\u00e8le de 3A, pour la suite\u2026<\/p>\n<p>Sans encore d\u00e9voiler le d\u00e9tail de la programmation de cet \u00e9t\u00e9, <a href=\"https:\/\/www.festivaldesarcs.com\/edition-2021\/\" target=\"_blank\" rel=\"noopener\">cet article sur le site du festival<\/a> permet d\u2019ores et d\u00e9j\u00e0 d\u2019avoir une id\u00e9e pr\u00e9cise de son contenu.<\/p>\n<hr \/>\n<h1 style=\"text-align: center;\"><strong>Dialoguez avec nous<\/strong><\/h1>\n<p>Vous pouvez interagir avec nous :<\/p>\n<ul>\n<li>en utilisant <a href=\"https:\/\/www.trois-a.org\/index.php\/exprimez-vous\/\">la rubrique \u00ab Exprimez-vous \u00bb<\/a> (en haut \u00e0 droite de chaque page du site)<\/li>\n<li>en envoyant un mail \u00e0 : <a href=\"mailto:contact@trois-a.org\">contact@trois-a.org<\/a><\/li>\n<li>en postant un commentaire sur un article du site (ce qui permettra de dialoguer \u00e9galement avec les autres adh\u00e9rents)<\/li>\n<li>en participant aux r\u00e9unions \u00ab Propri\u00e9taire aux Arcs \u00bb que 3A organise r\u00e9guli\u00e8rement aux Arcs.<\/li>\n<\/ul>\n<hr \/>\n<h1 style=\"text-align: center;\"><strong>Propri\u00e9taires aux Arcs, rejoignez-nous<\/strong><\/h1>\n<p>Vous pouvez nous rejoindre ou renouveler votre soutien pour 2021 en vous rendant <a href=\"https:\/\/www.trois-a.org\/index.php\/adhesion\/\">sur cette page<\/a>.<\/p>\n<hr \/>\n<p style=\"text-align: center;\">\u00a9 Avenir et Animation des Arcs 2021<\/p>\n<\/div><\/article><article id=\"post-3359\" class=\"hentry entry entry_full post_has_image \"><div class=\"entry_info\"><h2 class=\"entry_title entry-title\"><a href=\"https:\/\/www.trois-a.org\/index.php\/2020\/12\/26\/les-breves-de-3a-n13-sont-parues\/\" rel=\"bookmark\" title=\"Lien permanent pour Les Br\u00e8ves de 3A n\u00b013 sont parues\">Les Br\u00e8ves de 3A n\u00b013 sont parues<\/a><\/h2><div class=\"entry_meta\"><time class=\"published updated\" datetime=\"2020-12-26\"><a href=\"https:\/\/www.trois-a.org\/index.php\/2020\/12\/\"><i class=\"theme-icon icon_calendar-meta meta-icon meta-icon-calendar\"><\/i>26 d\u00e9cembre 2020<\/a><\/time><span class=\"separator\">|<\/span><span class=\"tags\"><i class=\"theme-icon icon_tag-meta meta-icon\"><\/i><a href=\"https:\/\/www.trois-a.org\/index.php\/tag\/article-en-acces-libre\/\" rel=\"tag\">Article en acc\u00e8s libre<\/a><\/span><\/div><\/div><div class=\"entry_content entry-content\"><p><em>Lisez les br\u00e8ves de 3A n\u00b013 de d\u00e9cembre 2020&nbsp;<a href=\"https:\/\/www.trois-a.org\/wp-content\/uploads\/2020\/12\/Les-Breves-de-3A-n\u00b0-13-Decembre-2020.pdf\" target=\"_blank\" rel=\"noopener\">sous format pdf<\/a>&nbsp;(avec les liens actifs).<\/em><\/p>\n<p><img decoding=\"async\" src=\"https:\/\/www.trois-a.org\/wp-content\/uploads\/2020\/12\/Breves-13-p1.jpg\" class=\"alignnone size-full wp-image-3360\" alt=\"\" width=\"2481\" height=\"3508\" srcset=\"https:\/\/www.trois-a.org\/wp-content\/uploads\/2020\/12\/Breves-13-p1.jpg 2481w, https:\/\/www.trois-a.org\/wp-content\/uploads\/2020\/12\/Breves-13-p1-212x300.jpg 212w, https:\/\/www.trois-a.org\/wp-content\/uploads\/2020\/12\/Breves-13-p1-724x1024.jpg 724w, https:\/\/www.trois-a.org\/wp-content\/uploads\/2020\/12\/Breves-13-p1-768x1086.jpg 768w, https:\/\/www.trois-a.org\/wp-content\/uploads\/2020\/12\/Breves-13-p1-1086x1536.jpg 1086w, https:\/\/www.trois-a.org\/wp-content\/uploads\/2020\/12\/Breves-13-p1-1448x2048.jpg 1448w, https:\/\/www.trois-a.org\/wp-content\/uploads\/2020\/12\/Breves-13-p1-1320x1866.jpg 1320w\" sizes=\"(max-width: 2481px) 100vw, 2481px\" \/><img decoding=\"async\" src=\"https:\/\/www.trois-a.org\/wp-content\/uploads\/2020\/12\/Breves-13-p2.jpg\" class=\"alignnone size-full wp-image-3361\" alt=\"\" width=\"2481\" height=\"3508\" srcset=\"https:\/\/www.trois-a.org\/wp-content\/uploads\/2020\/12\/Breves-13-p2.jpg 2481w, https:\/\/www.trois-a.org\/wp-content\/uploads\/2020\/12\/Breves-13-p2-212x300.jpg 212w, https:\/\/www.trois-a.org\/wp-content\/uploads\/2020\/12\/Breves-13-p2-724x1024.jpg 724w, https:\/\/www.trois-a.org\/wp-content\/uploads\/2020\/12\/Breves-13-p2-768x1086.jpg 768w, https:\/\/www.trois-a.org\/wp-content\/uploads\/2020\/12\/Breves-13-p2-1086x1536.jpg 1086w, https:\/\/www.trois-a.org\/wp-content\/uploads\/2020\/12\/Breves-13-p2-1448x2048.jpg 1448w, https:\/\/www.trois-a.org\/wp-content\/uploads\/2020\/12\/Breves-13-p2-1320x1866.jpg 1320w\" sizes=\"(max-width: 2481px) 100vw, 2481px\" \/><img decoding=\"async\" src=\"https:\/\/www.trois-a.org\/wp-content\/uploads\/2020\/12\/Breves-13-p3.jpg\" class=\"alignnone size-full wp-image-3362\" alt=\"\" width=\"2481\" height=\"3508\" srcset=\"https:\/\/www.trois-a.org\/wp-content\/uploads\/2020\/12\/Breves-13-p3.jpg 2481w, https:\/\/www.trois-a.org\/wp-content\/uploads\/2020\/12\/Breves-13-p3-212x300.jpg 212w, https:\/\/www.trois-a.org\/wp-content\/uploads\/2020\/12\/Breves-13-p3-724x1024.jpg 724w, https:\/\/www.trois-a.org\/wp-content\/uploads\/2020\/12\/Breves-13-p3-768x1086.jpg 768w, https:\/\/www.trois-a.org\/wp-content\/uploads\/2020\/12\/Breves-13-p3-1086x1536.jpg 1086w, https:\/\/www.trois-a.org\/wp-content\/uploads\/2020\/12\/Breves-13-p3-1448x2048.jpg 1448w, https:\/\/www.trois-a.org\/wp-content\/uploads\/2020\/12\/Breves-13-p3-1320x1866.jpg 1320w\" sizes=\"(max-width: 2481px) 100vw, 2481px\" \/><img decoding=\"async\" src=\"https:\/\/www.trois-a.org\/wp-content\/uploads\/2020\/12\/Breves-13-p4.jpg\" class=\"alignnone size-full wp-image-3363\" alt=\"\" width=\"2481\" height=\"3508\" srcset=\"https:\/\/www.trois-a.org\/wp-content\/uploads\/2020\/12\/Breves-13-p4.jpg 2481w, https:\/\/www.trois-a.org\/wp-content\/uploads\/2020\/12\/Breves-13-p4-212x300.jpg 212w, https:\/\/www.trois-a.org\/wp-content\/uploads\/2020\/12\/Breves-13-p4-724x1024.jpg 724w, https:\/\/www.trois-a.org\/wp-content\/uploads\/2020\/12\/Breves-13-p4-768x1086.jpg 768w, https:\/\/www.trois-a.org\/wp-content\/uploads\/2020\/12\/Breves-13-p4-1086x1536.jpg 1086w, https:\/\/www.trois-a.org\/wp-content\/uploads\/2020\/12\/Breves-13-p4-1448x2048.jpg 1448w, https:\/\/www.trois-a.org\/wp-content\/uploads\/2020\/12\/Breves-13-p4-1320x1866.jpg 1320w\" sizes=\"(max-width: 2481px) 100vw, 2481px\" \/><img decoding=\"async\" src=\"https:\/\/www.trois-a.org\/wp-content\/uploads\/2020\/12\/Breves-13-p5.jpg\" class=\"alignnone size-full wp-image-3364\" alt=\"\" width=\"2481\" height=\"3508\" srcset=\"https:\/\/www.trois-a.org\/wp-content\/uploads\/2020\/12\/Breves-13-p5.jpg 2481w, https:\/\/www.trois-a.org\/wp-content\/uploads\/2020\/12\/Breves-13-p5-212x300.jpg 212w, https:\/\/www.trois-a.org\/wp-content\/uploads\/2020\/12\/Breves-13-p5-724x1024.jpg 724w, https:\/\/www.trois-a.org\/wp-content\/uploads\/2020\/12\/Breves-13-p5-768x1086.jpg 768w, https:\/\/www.trois-a.org\/wp-content\/uploads\/2020\/12\/Breves-13-p5-1086x1536.jpg 1086w, https:\/\/www.trois-a.org\/wp-content\/uploads\/2020\/12\/Breves-13-p5-1448x2048.jpg 1448w, https:\/\/www.trois-a.org\/wp-content\/uploads\/2020\/12\/Breves-13-p5-1320x1866.jpg 1320w\" sizes=\"(max-width: 2481px) 100vw, 2481px\" \/><\/p>\n<\/div><\/article><article id=\"post-3224\" class=\"hentry entry entry_full post_has_image \"><div class=\"entry_info\"><h2 class=\"entry_title entry-title\"><a href=\"https:\/\/www.trois-a.org\/index.php\/2020\/09\/18\/les-breves-de-3a-n12-sont-parues\/\" rel=\"bookmark\" title=\"Lien permanent pour Les Br\u00e8ves de 3A n\u00b012 sont parues\">Les Br\u00e8ves de 3A n\u00b012 sont parues<\/a><\/h2><div class=\"entry_meta\"><time class=\"published updated\" datetime=\"2020-09-18\"><a href=\"https:\/\/www.trois-a.org\/index.php\/2020\/09\/\"><i class=\"theme-icon icon_calendar-meta meta-icon meta-icon-calendar\"><\/i>18 septembre 2020<\/a><\/time><span class=\"separator\">|<\/span><span class=\"tags\"><i class=\"theme-icon icon_tag-meta meta-icon\"><\/i><a href=\"https:\/\/www.trois-a.org\/index.php\/tag\/article-en-acces-libre\/\" rel=\"tag\">Article en acc\u00e8s libre<\/a><\/span><\/div><\/div><div class=\"entry_content entry-content\"><p><em>Lisez les br\u00e8ves de 3A n\u00b012 de septembre 2020\u00a0<a href=\"https:\/\/www.trois-a.org\/wp-content\/uploads\/2020\/09\/Les-Br\u00e8ves-de-3A-n\u00b0-12-Septembre-2020.pdf\" target=\"_blank\" rel=\"noopener noreferrer\">sous format pdf<\/a>\u00a0(avec les liens actifs).<\/em><\/p>\n<p><img decoding=\"async\" class=\"alignnone size-full wp-image-3228\" src=\"https:\/\/www.trois-a.org\/wp-content\/uploads\/2020\/09\/Br\u00e8ves-12-Page-0001.jpg\" alt=\"\" width=\"2481\" height=\"3508\" srcset=\"https:\/\/www.trois-a.org\/wp-content\/uploads\/2020\/09\/Br\u00e8ves-12-Page-0001.jpg 2481w, https:\/\/www.trois-a.org\/wp-content\/uploads\/2020\/09\/Br\u00e8ves-12-Page-0001-212x300.jpg 212w, https:\/\/www.trois-a.org\/wp-content\/uploads\/2020\/09\/Br\u00e8ves-12-Page-0001-724x1024.jpg 724w, https:\/\/www.trois-a.org\/wp-content\/uploads\/2020\/09\/Br\u00e8ves-12-Page-0001-768x1086.jpg 768w, https:\/\/www.trois-a.org\/wp-content\/uploads\/2020\/09\/Br\u00e8ves-12-Page-0001-1086x1536.jpg 1086w, https:\/\/www.trois-a.org\/wp-content\/uploads\/2020\/09\/Br\u00e8ves-12-Page-0001-1448x2048.jpg 1448w, https:\/\/www.trois-a.org\/wp-content\/uploads\/2020\/09\/Br\u00e8ves-12-Page-0001-1320x1866.jpg 1320w\" sizes=\"(max-width: 2481px) 100vw, 2481px\" \/> <img decoding=\"async\" class=\"alignnone size-full wp-image-3230\" src=\"https:\/\/www.trois-a.org\/wp-content\/uploads\/2020\/09\/Br\u00e8ves-12-Page-0002.jpg\" alt=\"\" width=\"2481\" height=\"3508\" srcset=\"https:\/\/www.trois-a.org\/wp-content\/uploads\/2020\/09\/Br\u00e8ves-12-Page-0002.jpg 2481w, https:\/\/www.trois-a.org\/wp-content\/uploads\/2020\/09\/Br\u00e8ves-12-Page-0002-212x300.jpg 212w, https:\/\/www.trois-a.org\/wp-content\/uploads\/2020\/09\/Br\u00e8ves-12-Page-0002-724x1024.jpg 724w, https:\/\/www.trois-a.org\/wp-content\/uploads\/2020\/09\/Br\u00e8ves-12-Page-0002-768x1086.jpg 768w, https:\/\/www.trois-a.org\/wp-content\/uploads\/2020\/09\/Br\u00e8ves-12-Page-0002-1086x1536.jpg 1086w, https:\/\/www.trois-a.org\/wp-content\/uploads\/2020\/09\/Br\u00e8ves-12-Page-0002-1448x2048.jpg 1448w, https:\/\/www.trois-a.org\/wp-content\/uploads\/2020\/09\/Br\u00e8ves-12-Page-0002-1320x1866.jpg 1320w\" sizes=\"(max-width: 2481px) 100vw, 2481px\" \/> <img decoding=\"async\" class=\"alignnone size-full wp-image-3231\" src=\"https:\/\/www.trois-a.org\/wp-content\/uploads\/2020\/09\/Br\u00e8ves-12-Page-0003.jpg\" alt=\"\" width=\"2481\" height=\"3508\" srcset=\"https:\/\/www.trois-a.org\/wp-content\/uploads\/2020\/09\/Br\u00e8ves-12-Page-0003.jpg 2481w, https:\/\/www.trois-a.org\/wp-content\/uploads\/2020\/09\/Br\u00e8ves-12-Page-0003-212x300.jpg 212w, https:\/\/www.trois-a.org\/wp-content\/uploads\/2020\/09\/Br\u00e8ves-12-Page-0003-724x1024.jpg 724w, https:\/\/www.trois-a.org\/wp-content\/uploads\/2020\/09\/Br\u00e8ves-12-Page-0003-768x1086.jpg 768w, https:\/\/www.trois-a.org\/wp-content\/uploads\/2020\/09\/Br\u00e8ves-12-Page-0003-1086x1536.jpg 1086w, https:\/\/www.trois-a.org\/wp-content\/uploads\/2020\/09\/Br\u00e8ves-12-Page-0003-1448x2048.jpg 1448w, https:\/\/www.trois-a.org\/wp-content\/uploads\/2020\/09\/Br\u00e8ves-12-Page-0003-1320x1866.jpg 1320w\" sizes=\"(max-width: 2481px) 100vw, 2481px\" \/> <img decoding=\"async\" class=\"alignnone size-full wp-image-3232\" src=\"https:\/\/www.trois-a.org\/wp-content\/uploads\/2020\/09\/Br\u00e8ves-12-Page-0004.jpg\" alt=\"\" width=\"2481\" height=\"3508\" srcset=\"https:\/\/www.trois-a.org\/wp-content\/uploads\/2020\/09\/Br\u00e8ves-12-Page-0004.jpg 2481w, https:\/\/www.trois-a.org\/wp-content\/uploads\/2020\/09\/Br\u00e8ves-12-Page-0004-212x300.jpg 212w, https:\/\/www.trois-a.org\/wp-content\/uploads\/2020\/09\/Br\u00e8ves-12-Page-0004-724x1024.jpg 724w, https:\/\/www.trois-a.org\/wp-content\/uploads\/2020\/09\/Br\u00e8ves-12-Page-0004-768x1086.jpg 768w, https:\/\/www.trois-a.org\/wp-content\/uploads\/2020\/09\/Br\u00e8ves-12-Page-0004-1086x1536.jpg 1086w, https:\/\/www.trois-a.org\/wp-content\/uploads\/2020\/09\/Br\u00e8ves-12-Page-0004-1448x2048.jpg 1448w, https:\/\/www.trois-a.org\/wp-content\/uploads\/2020\/09\/Br\u00e8ves-12-Page-0004-1320x1866.jpg 1320w\" sizes=\"(max-width: 2481px) 100vw, 2481px\" \/> <img decoding=\"async\" class=\"alignnone size-full wp-image-3233\" src=\"https:\/\/www.trois-a.org\/wp-content\/uploads\/2020\/09\/Br\u00e8ves-12-Page-0005.jpg\" alt=\"\" width=\"2481\" height=\"3508\" srcset=\"https:\/\/www.trois-a.org\/wp-content\/uploads\/2020\/09\/Br\u00e8ves-12-Page-0005.jpg 2481w, https:\/\/www.trois-a.org\/wp-content\/uploads\/2020\/09\/Br\u00e8ves-12-Page-0005-212x300.jpg 212w, https:\/\/www.trois-a.org\/wp-content\/uploads\/2020\/09\/Br\u00e8ves-12-Page-0005-724x1024.jpg 724w, https:\/\/www.trois-a.org\/wp-content\/uploads\/2020\/09\/Br\u00e8ves-12-Page-0005-768x1086.jpg 768w, https:\/\/www.trois-a.org\/wp-content\/uploads\/2020\/09\/Br\u00e8ves-12-Page-0005-1086x1536.jpg 1086w, https:\/\/www.trois-a.org\/wp-content\/uploads\/2020\/09\/Br\u00e8ves-12-Page-0005-1448x2048.jpg 1448w, https:\/\/www.trois-a.org\/wp-content\/uploads\/2020\/09\/Br\u00e8ves-12-Page-0005-1320x1866.jpg 1320w\" sizes=\"(max-width: 2481px) 100vw, 2481px\" \/> <img decoding=\"async\" class=\"alignnone size-full wp-image-3234\" src=\"https:\/\/www.trois-a.org\/wp-content\/uploads\/2020\/09\/Br\u00e8ves-12-Page-0006.jpg\" alt=\"\" width=\"2481\" height=\"3508\" srcset=\"https:\/\/www.trois-a.org\/wp-content\/uploads\/2020\/09\/Br\u00e8ves-12-Page-0006.jpg 2481w, https:\/\/www.trois-a.org\/wp-content\/uploads\/2020\/09\/Br\u00e8ves-12-Page-0006-212x300.jpg 212w, https:\/\/www.trois-a.org\/wp-content\/uploads\/2020\/09\/Br\u00e8ves-12-Page-0006-724x1024.jpg 724w, https:\/\/www.trois-a.org\/wp-content\/uploads\/2020\/09\/Br\u00e8ves-12-Page-0006-768x1086.jpg 768w, https:\/\/www.trois-a.org\/wp-content\/uploads\/2020\/09\/Br\u00e8ves-12-Page-0006-1086x1536.jpg 1086w, https:\/\/www.trois-a.org\/wp-content\/uploads\/2020\/09\/Br\u00e8ves-12-Page-0006-1448x2048.jpg 1448w, https:\/\/www.trois-a.org\/wp-content\/uploads\/2020\/09\/Br\u00e8ves-12-Page-0006-1320x1866.jpg 1320w\" sizes=\"(max-width: 2481px) 100vw, 2481px\" \/> <img decoding=\"async\" class=\"alignnone size-full wp-image-3235\" src=\"https:\/\/www.trois-a.org\/wp-content\/uploads\/2020\/09\/Br\u00e8ves-12-Page-0007.jpg\" alt=\"\" width=\"2481\" height=\"3508\" srcset=\"https:\/\/www.trois-a.org\/wp-content\/uploads\/2020\/09\/Br\u00e8ves-12-Page-0007.jpg 2481w, https:\/\/www.trois-a.org\/wp-content\/uploads\/2020\/09\/Br\u00e8ves-12-Page-0007-212x300.jpg 212w, https:\/\/www.trois-a.org\/wp-content\/uploads\/2020\/09\/Br\u00e8ves-12-Page-0007-724x1024.jpg 724w, https:\/\/www.trois-a.org\/wp-content\/uploads\/2020\/09\/Br\u00e8ves-12-Page-0007-768x1086.jpg 768w, https:\/\/www.trois-a.org\/wp-content\/uploads\/2020\/09\/Br\u00e8ves-12-Page-0007-1086x1536.jpg 1086w, https:\/\/www.trois-a.org\/wp-content\/uploads\/2020\/09\/Br\u00e8ves-12-Page-0007-1448x2048.jpg 1448w, https:\/\/www.trois-a.org\/wp-content\/uploads\/2020\/09\/Br\u00e8ves-12-Page-0007-1320x1866.jpg 1320w\" sizes=\"(max-width: 2481px) 100vw, 2481px\" \/> <img decoding=\"async\" class=\"alignnone size-full wp-image-3236\" src=\"https:\/\/www.trois-a.org\/wp-content\/uploads\/2020\/09\/Br\u00e8ves-12-Page-0008.jpg\" alt=\"\" width=\"2481\" height=\"3508\" srcset=\"https:\/\/www.trois-a.org\/wp-content\/uploads\/2020\/09\/Br\u00e8ves-12-Page-0008.jpg 2481w, https:\/\/www.trois-a.org\/wp-content\/uploads\/2020\/09\/Br\u00e8ves-12-Page-0008-212x300.jpg 212w, https:\/\/www.trois-a.org\/wp-content\/uploads\/2020\/09\/Br\u00e8ves-12-Page-0008-724x1024.jpg 724w, https:\/\/www.trois-a.org\/wp-content\/uploads\/2020\/09\/Br\u00e8ves-12-Page-0008-768x1086.jpg 768w, https:\/\/www.trois-a.org\/wp-content\/uploads\/2020\/09\/Br\u00e8ves-12-Page-0008-1086x1536.jpg 1086w, https:\/\/www.trois-a.org\/wp-content\/uploads\/2020\/09\/Br\u00e8ves-12-Page-0008-1448x2048.jpg 1448w, https:\/\/www.trois-a.org\/wp-content\/uploads\/2020\/09\/Br\u00e8ves-12-Page-0008-1320x1866.jpg 1320w\" sizes=\"(max-width: 2481px) 100vw, 2481px\" \/> <img decoding=\"async\" class=\"alignnone size-full wp-image-3237\" src=\"https:\/\/www.trois-a.org\/wp-content\/uploads\/2020\/09\/Br\u00e8ves-12-Page-0009.jpg\" alt=\"\" width=\"2481\" height=\"3508\" srcset=\"https:\/\/www.trois-a.org\/wp-content\/uploads\/2020\/09\/Br\u00e8ves-12-Page-0009.jpg 2481w, https:\/\/www.trois-a.org\/wp-content\/uploads\/2020\/09\/Br\u00e8ves-12-Page-0009-212x300.jpg 212w, https:\/\/www.trois-a.org\/wp-content\/uploads\/2020\/09\/Br\u00e8ves-12-Page-0009-724x1024.jpg 724w, https:\/\/www.trois-a.org\/wp-content\/uploads\/2020\/09\/Br\u00e8ves-12-Page-0009-768x1086.jpg 768w, https:\/\/www.trois-a.org\/wp-content\/uploads\/2020\/09\/Br\u00e8ves-12-Page-0009-1086x1536.jpg 1086w, https:\/\/www.trois-a.org\/wp-content\/uploads\/2020\/09\/Br\u00e8ves-12-Page-0009-1448x2048.jpg 1448w, https:\/\/www.trois-a.org\/wp-content\/uploads\/2020\/09\/Br\u00e8ves-12-Page-0009-1320x1866.jpg 1320w\" sizes=\"(max-width: 2481px) 100vw, 2481px\" \/> <img decoding=\"async\" class=\"alignnone size-full wp-image-3238\" src=\"https:\/\/www.trois-a.org\/wp-content\/uploads\/2020\/09\/Br\u00e8ves-12-Page-0010.jpg\" alt=\"\" width=\"2481\" height=\"3508\" srcset=\"https:\/\/www.trois-a.org\/wp-content\/uploads\/2020\/09\/Br\u00e8ves-12-Page-0010.jpg 2481w, https:\/\/www.trois-a.org\/wp-content\/uploads\/2020\/09\/Br\u00e8ves-12-Page-0010-212x300.jpg 212w, https:\/\/www.trois-a.org\/wp-content\/uploads\/2020\/09\/Br\u00e8ves-12-Page-0010-724x1024.jpg 724w, https:\/\/www.trois-a.org\/wp-content\/uploads\/2020\/09\/Br\u00e8ves-12-Page-0010-768x1086.jpg 768w, https:\/\/www.trois-a.org\/wp-content\/uploads\/2020\/09\/Br\u00e8ves-12-Page-0010-1086x1536.jpg 1086w, https:\/\/www.trois-a.org\/wp-content\/uploads\/2020\/09\/Br\u00e8ves-12-Page-0010-1448x2048.jpg 1448w, https:\/\/www.trois-a.org\/wp-content\/uploads\/2020\/09\/Br\u00e8ves-12-Page-0010-1320x1866.jpg 1320w\" sizes=\"(max-width: 2481px) 100vw, 2481px\" \/><\/p>\n<\/div><\/article><article id=\"post-2960\" class=\"hentry entry entry_full post_has_no_image \"><div class=\"entry_info\"><h2 class=\"entry_title entry-title\"><a href=\"https:\/\/www.trois-a.org\/index.php\/2020\/07\/09\/les-breve-de-3a-n11\/\" rel=\"bookmark\" title=\"Lien permanent pour Les Br\u00e8ve de 3A n\u00b011\">Les Br\u00e8ve de 3A n\u00b011<\/a><\/h2><div class=\"entry_meta\"><time class=\"published updated\" datetime=\"2020-07-09\"><a href=\"https:\/\/www.trois-a.org\/index.php\/2020\/07\/\"><i class=\"theme-icon icon_calendar-meta meta-icon meta-icon-calendar\"><\/i>9 juillet 2020<\/a><\/time><span class=\"separator\">|<\/span><span class=\"tags\"><i class=\"theme-icon icon_tag-meta meta-icon\"><\/i><a href=\"https:\/\/www.trois-a.org\/index.php\/tag\/article-en-acces-libre\/\" rel=\"tag\">Article en acc\u00e8s libre<\/a><\/span><\/div><\/div><div class=\"entry_content entry-content\"><p>Lisez et t\u00e9l\u00e9chargez la <a href=\"https:\/\/www.trois-a.org\/wp-content\/uploads\/2020\/07\/Les-Br\u00e8ves-de-3A-n\u00b011-juillet-2020.pdf\" target=\"_blank\" rel=\"noopener noreferrer\">version pdf<\/a>.<\/p>\n<p><img decoding=\"async\" class=\"wp-image-2962 aligncenter\" src=\"https:\/\/www.trois-a.org\/wp-content\/uploads\/2020\/07\/word-image.jpg\" width=\"432\" height=\"357\" srcset=\"https:\/\/www.trois-a.org\/wp-content\/uploads\/2020\/07\/word-image.jpg 1161w, https:\/\/www.trois-a.org\/wp-content\/uploads\/2020\/07\/word-image-300x248.jpg 300w, https:\/\/www.trois-a.org\/wp-content\/uploads\/2020\/07\/word-image-1024x846.jpg 1024w, https:\/\/www.trois-a.org\/wp-content\/uploads\/2020\/07\/word-image-768x634.jpg 768w\" sizes=\"(max-width: 432px) 100vw, 432px\" \/><\/p>\n<h1 style=\"text-align: center;\">Les Br\u00e8ves de 3A n\u00b011 &#8211; juillet 2020<\/h1>\n<p><img decoding=\"async\" width=\"1024\" height=\"4\" class=\"wp-image-2963\" src=\"https:\/\/www.trois-a.org\/wp-content\/uploads\/2020\/07\/word-image-1.jpg\" srcset=\"https:\/\/www.trois-a.org\/wp-content\/uploads\/2020\/07\/word-image-1.jpg 1024w, https:\/\/www.trois-a.org\/wp-content\/uploads\/2020\/07\/word-image-1-300x1.jpg 300w, https:\/\/www.trois-a.org\/wp-content\/uploads\/2020\/07\/word-image-1-768x3.jpg 768w\" sizes=\"(max-width: 1024px) 100vw, 1024px\" \/><\/p>\n<h2 style=\"text-align: center;\">Derni\u00e8re minute<\/h2>\n<p>Les adh\u00e9rents au nouveau <a href=\"https:\/\/www.trois-a.org\/index.php\/2020\/01\/12\/la-reunion-proprietaire-aux-arcs-le-nouveau-programme-avantages-proprietaires-en-piste\/\">pro<\/a>gramme Avantages Propri\u00e9taires viennent de recevoir l&rsquo;annonce de l&rsquo;arr\u00eat de ce programme. 3A ne manquera pas de vous tenir inform\u00e9s des suites de cette d\u00e9cision regrettable \u00e0 bien des \u00e9gards.<\/p>\n<hr \/>\n<p>Les vacances sont l\u00e0, et quoi de mieux que la montagne et le domaine des Arcs pour nous ressourcer ? Dans le contexte particulier que nous venons de connaitre, toutes les difficult\u00e9s ont \u00e9t\u00e9 surmont\u00e9es par l\u2019ensemble des acteurs de la station pour nous faire passer un bel \u00e9t\u00e9 tant sportif que culturel. Nous serons heureux de nous retrouver dans cette station \u00e0 laquelle nous sommes tous attach\u00e9s. \u00c0 tr\u00e8s bient\u00f4t.<\/p>\n<p>Carole Rampazzo pr\u00e9sidente de 3A<\/p>\n<hr \/>\n<h2 style=\"text-align: center;\">Un nouveau maire et une nouvelle \u00e9quipe municipale pour\u00a0Bourg-Saint-Maurice\/Les Arcs<\/h2>\n<p><img decoding=\"async\" class=\"wp-image-2964 aligncenter\" src=\"https:\/\/www.trois-a.org\/wp-content\/uploads\/2020\/07\/word-image-2.jpg\" width=\"232\" height=\"235\" srcset=\"https:\/\/www.trois-a.org\/wp-content\/uploads\/2020\/07\/word-image-2.jpg 694w, https:\/\/www.trois-a.org\/wp-content\/uploads\/2020\/07\/word-image-2-296x300.jpg 296w\" sizes=\"(max-width: 232px) 100vw, 232px\" \/><\/p>\n<p>Le deuxi\u00e8me tour des \u00e9lections municipales s\u2019est d\u00e9roul\u00e9 \u00e0 Bourg-Saint-Maurice\/les Arcs avec un taux de participation de 55% (+ 7 points par rapport au pr\u00e9c\u00e9dent scrutin de 2014).<\/p>\n<p>La liste <a href=\"https:\/\/www.bam2020.fr\/\">BAM \u00ab Bour<\/a>g-Saint-Maurice les Arcs et Moi \u00bb, men\u00e9e par Guillaume Desrues, est arriv\u00e9e en t\u00eate des suffrages, avec 62,5% des votes, la liste conduite par Michel GIRAUDY en r\u00e9unissant 37,5% (score comparable \u00e0 celui de 2014, 35,8%).<\/p>\n<p>Le 3 juillet, Guillaume Desrues a \u00e9t\u00e9 \u00e9lu maire, et ses adjoints d\u00e9sign\u00e9s. Laurent Chelle, ancien directeur g\u00e9n\u00e9ral d\u2019ADS, a \u00e9t\u00e9 nomm\u00e9 adjoint charg\u00e9 de l\u2019\u00e9conomie et du tourisme. Il pr\u00e9sidera le comit\u00e9 directeur d&rsquo;AB Tourisme.<\/p>\n<p>Vous trouverez <a href=\"https:\/\/www.trois-a.org\/index.php\/2020\/02\/23\/les-reponses-des-candidats\/\">sur le site de 3A<\/a> la r\u00e9ponse de Guillaume Desrues au questionnaire que 3A avait adress\u00e9 aux trois candidats sur tous les sujets jug\u00e9s importants pour nos adh\u00e9rents.<\/p>\n<p>Parmi les \u00ab engagements \u00bb de la nouvelle \u00e9quipe, 3A sera particuli\u00e8rement attentive \u00e0 la mise en \u0153uvre de ceux-ci :<\/p>\n<ul>\n<li>le principe d\u2019une gestion municipale nettement plus concert\u00e9e, et plus transparente,<\/li>\n<li>la mise en place, aux Arcs, d\u2019un \u00ab coordinateur de station \u00bb, ainsi que d\u2019une \u00ab maison des propri\u00e9taires, lieu d\u2019\u00e9changes et d\u2019information \u00bb,<\/li>\n<li>l\u2019annonce d\u2019un moratoire sur la construction de nouveaux lits touristiques,<\/li>\n<li>une volont\u00e9 d&rsquo;amplification des actions visant \u00e0 la r\u00e9novation et l\u2019am\u00e9lioration de la qualit\u00e9 \u00e9nerg\u00e9tique des logements touristiques,<\/li>\n<li>un plan d\u2019am\u00e9lioration de la qualit\u00e9 de l\u2019accueil et des parcours clients sur les diff\u00e9rents sites des Arcs et de Bourg-Saint-Maurice<\/li>\n<\/ul>\n<p>Fid\u00e8le \u00e0 sa tradition, 3A compte bien poursuivre avec la nouvelle \u00e9quipe le dialogue constructif, courtois et ferme qui s\u2019\u00e9tait d\u00e9velopp\u00e9 avec l\u2019ancienne \u00e9quipe.<\/p>\n<hr \/>\n<h2 style=\"text-align: center;\">Une saison d&rsquo;\u00e9t\u00e9 2020 aux Arcs accueillante et sportive<\/h2>\n<p><img decoding=\"async\" class=\"wp-image-2965 aligncenter\" src=\"https:\/\/www.trois-a.org\/wp-content\/uploads\/2020\/07\/word-image-3.jpg\" width=\"348\" height=\"231\" srcset=\"https:\/\/www.trois-a.org\/wp-content\/uploads\/2020\/07\/word-image-3.jpg 859w, https:\/\/www.trois-a.org\/wp-content\/uploads\/2020\/07\/word-image-3-300x199.jpg 300w, https:\/\/www.trois-a.org\/wp-content\/uploads\/2020\/07\/word-image-3-768x509.jpg 768w\" sizes=\"(max-width: 348px) 100vw, 348px\" \/><\/p>\n<ul>\n<li>Les liaisons seront assur\u00e9es toutes les demi-heures entre les stations des Arcs (comme 3A l\u2019avait demand\u00e9) ainsi qu\u2019avec Bourg-Saint Maurice (par le funiculaire gratuit cet \u00e9t\u00e9 pour les pi\u00e9tons)<\/li>\n<li>Les activit\u00e9s \u00ab <a href=\"https:\/\/www.lesarcs.com\/hero.html\">HERO LES ARCS<\/a> \u00bb d\u00e9j\u00e0 propos\u00e9es en 2019 sur Arc 1800 et Arc 1600 seront int\u00e9gralement reconduites cet \u00e9t\u00e9.<\/li>\n<\/ul>\n<p>Covid 19 oblige, les r\u00e8gles sanitaires d\u00e9finies au niveau national seront scrupuleusement respect\u00e9es.<\/p>\n<p>Cela pourra affecter la capacit\u00e9 d&rsquo;accueil de HERO LES ARCS pour certaines activit\u00e9s sur les quelques semaines les plus charg\u00e9es.<\/p>\n<p>Ne pas h\u00e9siter \u00e0 r\u00e9server \u00e0 l&rsquo;avance pour le mois d&rsquo;ao\u00fbt !<\/p>\n<hr \/>\n<p><img decoding=\"async\" class=\"wp-image-2966 aligncenter\" src=\"https:\/\/www.trois-a.org\/wp-content\/uploads\/2020\/07\/word-image-4.jpg\" width=\"472\" height=\"351\" srcset=\"https:\/\/www.trois-a.org\/wp-content\/uploads\/2020\/07\/word-image-4.jpg 1019w, https:\/\/www.trois-a.org\/wp-content\/uploads\/2020\/07\/word-image-4-300x223.jpg 300w, https:\/\/www.trois-a.org\/wp-content\/uploads\/2020\/07\/word-image-4-768x571.jpg 768w\" sizes=\"(max-width: 472px) 100vw, 472px\" \/><\/p>\n<p>Quel plaisir de retrouver les fairways du golf des Arcs, qui a ouvert le 4 juillet pour une belle saison estivale.<\/p>\n<ul>\n<li>Le gazon a bien profit\u00e9 de la fonte des neiges rapide, et les pluies de d\u00e9but juin ont permis d\u2019arroser l\u2019ensemble du parcours<\/li>\n<li>Les r\u00e8gles sanitaires pr\u00e9conis\u00e9es par la f\u00e9d\u00e9ration fran\u00e7aise de golf seront parfaitement appliqu\u00e9es tant sur le parcours qu\u2019au sein du club house, des vestiaires et du bar<\/li>\n<li>Les comp\u00e9titions sont \u00e0 nouveau possibles ; r\u00e9servez d\u2019ores et d\u00e9j\u00e0 la date du 12 ao\u00fbt pour la comp\u00e9tition 3A (formule scramble \u00e0 2).<\/li>\n<\/ul>\n<p>A bient\u00f4t !<\/p>\n<p style=\"text-align: center;\"><strong>Du nouveau pour nos jeunes golfeurs enfants ou petits-enfants de propri\u00e9taires<\/strong><\/p>\n<p>Julien Constans, pro de golf, propose un groupe loisir \u00e9cole de golf le dimanche de 10h30 \u00e0 12h, \u00e0 partir du dimanche 12 juillet jusqu&rsquo;au dimanche 30 ao\u00fbt.<\/p>\n<p>Ce groupe est r\u00e9serv\u00e9 aux enfants et\/ou petits-enfants de propri\u00e9taires aux Arcs, de 7 \u00e0 12 ans. Le tarif unique est de 150\u20ac pour l&rsquo;\u00e9cole de golf, pr\u00e9voir aussi la licence au tarif de 19\u20ac, ainsi que l&rsquo;adh\u00e9sion aux deux associations du golf, de 10\u20ac chacune. En plus des s\u00e9ances avec un enseignant PGA France tous les dimanches, le parcours compact du Bochet est en acc\u00e8s illimit\u00e9 (sous r\u00e9serve de la licence, de l&rsquo;adh\u00e9sion aux associations du golf, et de la r\u00e9servation aupr\u00e8s de l&rsquo;accueil).<\/p>\n<p><a href=\"mailto:ecole@golf-des-arcs.fr\">Pour tout renseignement, vous pouvez adresser un mail \u00e0 Julien \u00e0<\/a> ecole@golf-des-arcs.fr<\/p>\n<p>Changement de grip !<\/p>\n<p>Julien propose aussi un nouveau service que nous vous invitons \u00e0 tester :<\/p>\n<p><img decoding=\"async\" class=\"wp-image-2967 aligncenter\" src=\"https:\/\/www.trois-a.org\/wp-content\/uploads\/2020\/07\/word-image-5.jpg\" width=\"305\" height=\"431\" srcset=\"https:\/\/www.trois-a.org\/wp-content\/uploads\/2020\/07\/word-image-5.jpg 673w, https:\/\/www.trois-a.org\/wp-content\/uploads\/2020\/07\/word-image-5-212x300.jpg 212w\" sizes=\"(max-width: 305px) 100vw, 305px\" \/><\/p>\n<hr \/>\n<p><img decoding=\"async\" width=\"2075\" height=\"527\" class=\"wp-image-2968\" src=\"https:\/\/www.trois-a.org\/wp-content\/uploads\/2020\/07\/word-image-6.jpg\" srcset=\"https:\/\/www.trois-a.org\/wp-content\/uploads\/2020\/07\/word-image-6.jpg 2075w, https:\/\/www.trois-a.org\/wp-content\/uploads\/2020\/07\/word-image-6-300x76.jpg 300w, https:\/\/www.trois-a.org\/wp-content\/uploads\/2020\/07\/word-image-6-1024x260.jpg 1024w, https:\/\/www.trois-a.org\/wp-content\/uploads\/2020\/07\/word-image-6-768x195.jpg 768w, https:\/\/www.trois-a.org\/wp-content\/uploads\/2020\/07\/word-image-6-1536x390.jpg 1536w, https:\/\/www.trois-a.org\/wp-content\/uploads\/2020\/07\/word-image-6-2048x520.jpg 2048w, https:\/\/www.trois-a.org\/wp-content\/uploads\/2020\/07\/word-image-6-1320x335.jpg 1320w\" sizes=\"(max-width: 2075px) 100vw, 2075px\" \/><\/p>\n<p><a href=\"http:\/\/www.festivaldesarcs.com\/\"><strong>Invention et innovation <\/strong><\/a>: tels sont les mots clefs du 47e Festival de Musique des <a href=\"http:\/\/www.festivaldesarcs.com\/\"> Arcs<\/a>.<\/p>\n<p><strong>Un nouveau lieu<\/strong>, pour un concert en plein air : <strong>la place basse des VILLARDS<\/strong>. Chaque jour, le programme du lendemain sera annonc\u00e9 pour une \u00e9dition libre et spontan\u00e9e, recentr\u00e9e sur le c\u0153ur du r\u00e9pertoire de la musique de chambre, avec notamment les \u0153uvres de la compositrice <a href=\"https:\/\/www.camillepepin.com\/\">Camille PEPIN<\/a>, prim\u00e9e aux Victoires de la Musique 2020, invit\u00e9e en r\u00e9sidence.<\/p>\n<p><a href=\"https:\/\/rogergodino.festivaldesarcs.com\/\"><strong>Restez connect\u00e9s ! <\/strong><\/a>D\u00e9couvrez la nouvelle sc\u00e8ne digitale du festival : l\u2019Espace Roger GODINO sur <a href=\"http:\/\/www.festivaldesarcs.com\/\">www.festivaldesarcs.com<\/a><a href=\"https:\/\/rogergodino.festivaldesarcs.com\/\"> : concerts en streaming, conf\u00e9rences en repla<\/a>y, animations jeune public, interviews&#8230;<\/p>\n<p><img decoding=\"async\" class=\"wp-image-2969 aligncenter\" src=\"https:\/\/www.trois-a.org\/wp-content\/uploads\/2020\/07\/word-image-7.jpg\" width=\"514\" height=\"374\" srcset=\"https:\/\/www.trois-a.org\/wp-content\/uploads\/2020\/07\/word-image-7.jpg 682w, https:\/\/www.trois-a.org\/wp-content\/uploads\/2020\/07\/word-image-7-300x218.jpg 300w\" sizes=\"(max-width: 514px) 100vw, 514px\" \/><\/p>\n<p><strong>VOUS SOUHAITEZ VIVRE UNE AVENTURE ARTISTIQUE UNIQUE CET ETE ?<br \/>\nLE FESTIVAL DE MUSIQUE DES ARCS A BESOIN DE VOUS.<br \/>\nN\u2019ATTENDEZ PAS ET REJOIGNEZ UNE EQUIPE DYNAMIQUE !!<\/strong><\/p>\n<p>Pour donner vie au Festival de Musique des Arcs, chaque ann\u00e9e, plus de 30 b\u00e9n\u00e9voles int\u00e8grent l\u2019\u00e9quipe d\u2019organisation, selon leurs envies et leurs disponibilit\u00e9s.<\/p>\n<p>\u00catre b\u00e9n\u00e9vole, c\u2019est participer \u00e0 cette aventure collective de l\u2019int\u00e9rieur !<\/p>\n<p>Quelques missions : accueil des artistes avant le concert, contr\u00f4le des mises en place des diff\u00e9rents lieux de concert, accueil du public avant les concerts, accueil des invit\u00e9s au salon VIP, accueil de notre public junior dans la salle de concert, &#8230;<\/p>\n<p><strong>Vous d\u00e9sirez int\u00e9grer l\u2019organisation d\u2019un \u00e9v\u00e8nement d\u2019envergure, vous \u00eates majeur(e), disponible quelques jours pendant le Festival, motiv\u00e9(e), dynamique et \u00e0 l\u2019\u00e9coute ?<\/strong><\/p>\n<p>Contactez Miren VERCOLLIER au 07.84.96.25.66 ou par mail :<br \/>\n<a href=\"mailto:mecenat@festivaldesarcs.com\">mecenat<\/a>@festivaldesarcs.com<\/p>\n<hr \/>\n<p><img decoding=\"async\" class=\"wp-image-2970 aligncenter\" src=\"https:\/\/www.trois-a.org\/wp-content\/uploads\/2020\/07\/word-image-8.jpg\" width=\"235\" height=\"233\" srcset=\"https:\/\/www.trois-a.org\/wp-content\/uploads\/2020\/07\/word-image-8.jpg 464w, https:\/\/www.trois-a.org\/wp-content\/uploads\/2020\/07\/word-image-8-300x298.jpg 300w, https:\/\/www.trois-a.org\/wp-content\/uploads\/2020\/07\/word-image-8-150x150.jpg 150w\" sizes=\"(max-width: 235px) 100vw, 235px\" \/><\/p>\n<p>Les <a href=\"https:\/\/www.trois-a.org\/index.php\/2019\/06\/05\/les-cafescontacts-de-3a\/\">Caf\u00e9Contacts de 3A<\/a> reprennent !<\/p>\n<p>Et c&rsquo;est reparti, en faisant attention aux barri\u00e8res sanitaires, retrouvons-nous autour d&rsquo;un caf\u00e9 (que chacun prend \u00e0 sa charge) en toute simplicit\u00e9, chez BOUBOU \u00e0 Arc 1800 le lundi \u00e0 10h30. Paul Landowski, de 3A et fondateur de <a href=\"http:\/\/www.cafecontactemploi.fr\/\">Caf\u00e9 Contact de l&rsquo;Emploi<\/a> y sera pr\u00e9sent ! pour relancer nos contacts sociaux et de BON SENS !<\/p>\n<hr \/>\n<h2 style=\"text-align: center;\">Derni\u00e8res nouvelles de la fibre aux Arcs<\/h2>\n<p><img decoding=\"async\" class=\"wp-image-2971 aligncenter\" src=\"https:\/\/www.trois-a.org\/wp-content\/uploads\/2020\/07\/word-image-9.jpg\" width=\"311\" height=\"285\" srcset=\"https:\/\/www.trois-a.org\/wp-content\/uploads\/2020\/07\/word-image-9.jpg 959w, https:\/\/www.trois-a.org\/wp-content\/uploads\/2020\/07\/word-image-9-300x276.jpg 300w, https:\/\/www.trois-a.org\/wp-content\/uploads\/2020\/07\/word-image-9-768x706.jpg 768w\" sizes=\"(max-width: 311px) 100vw, 311px\" \/><\/p>\n<p><strong>Hier<\/strong><\/p>\n<p>Fin 2018, le d\u00e9partement de la Savoie a retenu le groupement SAVOIE CONNECTEE pour installer la fibre optique en Savoie. SAVOIE CONNECTEE a elle-m\u00eame confi\u00e9 \u00e0 la soci\u00e9t\u00e9 Sogetrel les \u00e9tudes et travaux d\u2019installation de la fibre optique aux Arcs.<\/p>\n<p><strong>Aujourd&rsquo;hui<\/strong><\/p>\n<p>Conform\u00e9ment aux textes en vigueur, une convention doit \u00eatre \u00e9tablie entre les syndicats de copropri\u00e9taires et SAVOIE CONNECTEE, valid\u00e9e par un vote en Assembl\u00e9e G\u00e9n\u00e9rale. Cette convention a d\u00e9j\u00e0 \u00e9t\u00e9 envoy\u00e9e \u00e0 plusieurs syndics de copropri\u00e9t\u00e9 aux Arcs. Si accord, et apr\u00e8s \u00e9tude, une convention d\u00e9finitive pr\u00e9cisera les travaux et, sauf cas particulier, ne devrait pas n\u00e9cessiter de nouveau vote d&rsquo;approbation.<\/p>\n<p>Rappelons que les co\u00fbts de ces \u00e9tudes et travaux sont enti\u00e8rement \u00e0 la charge de SAVOIE CONNECTEE, et ne concernent que la partie commune reliant le boitier de pied d\u2019immeuble aux diff\u00e9rents boitiers d\u2019\u00e9tages (voir notre article de mars 2019). La liaison boitier d\u2019\u00e9tage-appartement sera r\u00e9alis\u00e9e ensuite apr\u00e8s choix par le propri\u00e9taire de son op\u00e9rateur commercial (le propri\u00e9taire reste libre du choix de son op\u00e9rateur). Attention, bien veiller \u00e0 ce que ces deux op\u00e9rations ne d\u00e9gradent pas les parties communes !<\/p>\n<p><strong>Demain<\/strong><\/p>\n<p>La r\u00e9alisation de ces \u00e9tudes et travaux devrait avoir lieu \u00e0 l\u2019horizon fin 2020-d\u00e9but 2021 (sous r\u00e9serve des votes en AG). La loi pr\u00e9voit que la copropri\u00e9t\u00e9 doit se prononcer dans les 12 mois apr\u00e8s la r\u00e9ception par le syndic de la proposition de convention. 3A suivra de pr\u00e8s ce d\u00e9ploiement de la fibre aux Arcs. N&rsquo;h\u00e9sitez pas \u00e0 faire remonter vos interrogations, ou probl\u00e8mes constat\u00e9s tout au long de la proc\u00e9dure.<\/p>\n<hr \/>\n<p><img decoding=\"async\" class=\"wp-image-2972 aligncenter\" src=\"https:\/\/www.trois-a.org\/wp-content\/uploads\/2020\/07\/word-image-10.jpg\" width=\"430\" height=\"287\" srcset=\"https:\/\/www.trois-a.org\/wp-content\/uploads\/2020\/07\/word-image-10.jpg 1101w, https:\/\/www.trois-a.org\/wp-content\/uploads\/2020\/07\/word-image-10-300x200.jpg 300w, https:\/\/www.trois-a.org\/wp-content\/uploads\/2020\/07\/word-image-10-1024x684.jpg 1024w, https:\/\/www.trois-a.org\/wp-content\/uploads\/2020\/07\/word-image-10-768x513.jpg 768w\" sizes=\"(max-width: 430px) 100vw, 430px\" \/><\/p>\n<h2 style=\"text-align: center;\">De nouvelles perspectives pour l&rsquo;immobilier aux Arcs ?<\/h2>\n<p>L&rsquo;\u00e9quipe municipale conduite par Guillaume Desrues qui vient d&rsquo;\u00eatre largement \u00e9lue nous a fait savoir d\u00e8s le d\u00e9but de l&rsquo;ann\u00e9e qu&rsquo;elle proposerait \u00ab de mettre en place un moratoire sur la construction de nouveaux lits touristiques et d&rsquo;orienter ses efforts et moyens sur la requalification de l&rsquo;existant \u00bb.<\/p>\n<p>Cette orientation g\u00e9n\u00e9rale devrait rassurer tous ceux qu\u2019inqui\u00e9tait le d\u00e9veloppement\u00a0continu de l&rsquo;immobilier aux Arcs.<\/p>\n<p>3A s&rsquo;efforcera de vous tenir inform\u00e9s de l&rsquo;\u00e9volution des projets d\u00e9j\u00e0 autoris\u00e9s mais non commenc\u00e9s et qui ne peuvent pas \u00eatre concern\u00e9s par cette mesure.<\/p>\n<p>Cela concerne en particulier le projet du \u00ab Hameau du Mont-Blanc \u00bb (11.000 m2 au-dessus de la station d&rsquo;Arc 1600) et celui des \u00ab Cristaux \u00bb (27 logements r\u00e9partis sur trois immeubles au Chantel, voir <a href=\"https:\/\/www.trois-a.org\/index.php\/2019\/12\/04\/les-breves-de-3a-n9\/\">les Br\u00e8ves de 3A n\u00b09<\/a>).<\/p>\n<hr \/>\n<h2 style=\"text-align: center;\">L&rsquo;assembl\u00e9e g\u00e9n\u00e9rale de 3A 2020 le jeudi 6 ao\u00fbt<\/h2>\n<p>Notre assembl\u00e9e g\u00e9n\u00e9rale annuelle se tiendra cette ann\u00e9e le 6 ao\u00fbt au centre Taillefer. Elle pr\u00e9c\u00e9dera la r\u00e9union d&rsquo;information traditionnelle organis\u00e9e par la mairie, l&rsquo;office du tourisme et les remont\u00e9es m\u00e9caniques, reconduite par la nouvelle municipalit\u00e9. L&rsquo;heure exacte sera pr\u00e9cis\u00e9e ult\u00e9rieurement.<\/p>\n<h2 style=\"text-align: center;\">Soutenez-nous !<\/h2>\n<p>Le poids des actions de 3A vis-\u00e0-vis des diff\u00e9rents acteurs de la station d\u00e9pend beaucoup du nombre de ses adh\u00e9rents.<\/p>\n<p>Pour ceux d\u2019entre vous qui soutenez 3A depuis plusieurs ann\u00e9es et qui n\u2019avez pas encore renouvel\u00e9 votre cotisation pour 2020, c\u2019est le moment de le faire. Pour les autres, c\u2019est le moment de nous rejoindre ! Pour cela, rendez-vous <a href=\"https:\/\/www.trois-a.org\/index.php\/adhesion\/\">sur cette <\/a> <a href=\"https:\/\/www.trois-a.org\/index.php\/adhesion\/\">pa<\/a>ge : <a href=\"https:\/\/www.trois-a.org\/index.php\/adhesion\/\">https:\/\/www.trois-a.org\/index.php\/adhesion\/<\/a><\/p>\n<p>La nouvelle possibilit\u00e9 de r\u00e9gler sa cotisation par carte bleue est particuli\u00e8rement efficace, pour vous comme pour nous.<\/p>\n<h2 style=\"text-align: center;\">Dialoguez avec nous<\/h2>\n<p>Vous pouvez interagir avec nous :<\/p>\n<ul>\n<li>en utilisant <a href=\"https:\/\/www.trois-a.org\/index.php\/exprimez-vous\/\">la rubrique \u00ab Exprimez-vous \u00bb<\/a> (en haut \u00e0 droite de chaque page du site)<\/li>\n<li>en envoyant un mail \u00e0 <a href=\"mailto:contact@trois-a.org\">contact<\/a>@trois-a.org<\/li>\n<li>en postant un commentaire sur un article du site (ce qui permettra de dialoguer \u00e9galement avec les autres adh\u00e9rents)<\/li>\n<li>en participant aux r\u00e9unions \u00ab Propri\u00e9taire aux Arcs \u00bb que 3A organise r\u00e9guli\u00e8rement aux Arcs.<\/li>\n<\/ul>\n<p style=\"text-align: center;\">\u00a9 Avenir et Animation des Arcs 2020<\/p>\n<\/div><\/article><article id=\"post-2731\" class=\"hentry entry entry_full post_has_no_image \"><div class=\"entry_info\"><h2 class=\"entry_title entry-title\"><a href=\"https:\/\/www.trois-a.org\/index.php\/2020\/03\/04\/les-breves-de-3a-n10\/\" rel=\"bookmark\" title=\"Lien permanent pour Les Br\u00e8ves de 3A n\u00b010\">Les Br\u00e8ves de 3A n\u00b010<\/a><\/h2><div class=\"entry_meta\"><time class=\"published updated\" datetime=\"2020-03-04\"><a href=\"https:\/\/www.trois-a.org\/index.php\/2020\/03\/\"><i class=\"theme-icon icon_calendar-meta meta-icon meta-icon-calendar\"><\/i>4 mars 2020<\/a><\/time><span class=\"separator\">|<\/span><span class=\"tags\"><i class=\"theme-icon icon_tag-meta meta-icon\"><\/i><a href=\"https:\/\/www.trois-a.org\/index.php\/tag\/article-en-acces-libre\/\" rel=\"tag\">Article en acc\u00e8s libre<\/a><\/span><\/div><\/div><div class=\"entry_content entry-content\"><p>Lisez et t\u00e9l\u00e9chargez <a href=\"https:\/\/www.trois-a.org\/wp-content\/uploads\/2020\/03\/Br\u00e8ves-10.pdf\" target=\"_blank\" rel=\"noopener noreferrer\">la version pdf<\/a>.<\/p>\n<h1 style=\"text-align: center;\"><strong><br \/>\nLes Br\u00e8ves de 3A n\u00b0 10<\/strong><\/h1>\n<h1 style=\"text-align: center;\"><strong>Mars 2020<\/strong><\/h1>\n<h2 style=\"text-align: left;\">1 &#8211; La saison d\u2019\u00e9t\u00e9 aux Arcs s\u2019\u00e9largit<\/h2>\n<p><img decoding=\"async\" width=\"641\" height=\"290\" class=\"wp-image-2764 aligncenter\" src=\"https:\/\/www.trois-a.org\/wp-content\/uploads\/2020\/03\/word-image-4.png\" srcset=\"https:\/\/www.trois-a.org\/wp-content\/uploads\/2020\/03\/word-image-4.png 641w, https:\/\/www.trois-a.org\/wp-content\/uploads\/2020\/03\/word-image-4-300x136.png 300w\" sizes=\"(max-width: 641px) 100vw, 641px\" \/><\/p>\n<p>Cette ann\u00e9e, les Arcs ouvriront le 27 juin <a href=\"https:\/\/www.trois-a.org\/index.php\/2020\/03\/04\/pourrons-nous-encore-skier-aux-arcs-en-2050\/\">la saison d\u2019\u00e9t\u00e9<\/a>, allongeant celle-ci d\u2019une semaine. Signe de la recherche d\u2019une plus grande amplitude de l\u2019offre touristique de la station, face au r\u00e9chauffement climatique, qui menace \u00e0 terme la saison d\u2019hiver, mais ouvre de nouvelles perspectives \u00e0 la saison d\u2019\u00e9t\u00e9, au climat recherch\u00e9 en cas de canicule. Consultez l\u2019article <a href=\"https:\/\/www.trois-a.org\/index.php\/2020\/03\/04\/pourrons-nous-encore-skier-aux-arcs-en-2050\/\">\u00ab\u00a0Pourrons-nous encore skier aux Arcs en 2050 ?\u00a0\u00bb<\/a>.<\/p>\n<p>Dates de la prochaine saison d\u2019hiver\u00a0: du samedi 12 d\u00e9cembre au vendredi 30 avril. Dommage pour le week-end du 1<sup>er<\/sup> et 2 mai\u00a0! 3A sera vigilante sur les ouvertures des magasins, particuli\u00e8rement d\u2019alimentation, en d\u00e9but et fin de saison.<\/p>\n<h2>2 \u2013 Les \u00e9lections municipales<\/h2>\n<p><img decoding=\"async\" width=\"198\" height=\"198\" class=\"wp-image-2765 aligncenter\" src=\"https:\/\/www.trois-a.org\/wp-content\/uploads\/2020\/03\/elections-municipales-des-15-et-22-mars-2020-3a-1.jpeg\" alt=\"\u00c9lections municipales des 15 et 22 mars 2020 : 3A interpelle les candidats sur leurs priorit\u00e9s pour les Arcs\" srcset=\"https:\/\/www.trois-a.org\/wp-content\/uploads\/2020\/03\/elections-municipales-des-15-et-22-mars-2020-3a-1.jpeg 198w, https:\/\/www.trois-a.org\/wp-content\/uploads\/2020\/03\/elections-municipales-des-15-et-22-mars-2020-3a-1-150x150.jpeg 150w\" sizes=\"(max-width: 198px) 100vw, 198px\" \/><\/p>\n<p>Les r\u00e9ponses des trois candidats aux \u00e9lections municipales au questionnaire 3A \u00e9labor\u00e9 en concertation avec les propri\u00e9taires sont disponibles dans <a href=\"https:\/\/www.trois-a.org\/index.php\/2020\/01\/26\/elections-municipales-des-15-et-22-mars-2020-3a-interpelle-les-candidats-sur-leurs-priorites-pour-les-arcs\/\">un article ouvert \u00e0 tous<\/a>.<\/p>\n<h2>3 &#8211; Test consommateur du nouveau Programme Avantages Propri\u00e9taire<\/h2>\n<p><img decoding=\"async\" width=\"1145\" height=\"485\" class=\"wp-image-2766 aligncenter\" src=\"https:\/\/www.trois-a.org\/wp-content\/uploads\/2020\/03\/word-image-5.png\" srcset=\"https:\/\/www.trois-a.org\/wp-content\/uploads\/2020\/03\/word-image-5.png 1145w, https:\/\/www.trois-a.org\/wp-content\/uploads\/2020\/03\/word-image-5-300x127.png 300w, https:\/\/www.trois-a.org\/wp-content\/uploads\/2020\/03\/word-image-5-1024x434.png 1024w, https:\/\/www.trois-a.org\/wp-content\/uploads\/2020\/03\/word-image-5-768x325.png 768w\" sizes=\"(max-width: 1145px) 100vw, 1145px\" \/><\/p>\n<p>Apr\u00e8s les discussions, toujours en cours, avec ADS sur les modalit\u00e9s du nouveau Programme Avantages Propri\u00e9taires (voir <a href=\"https:\/\/www.trois-a.org\/index.php\/2019\/11\/30\/le-nouveau-programme-avantages-proprietaires-dans-les-starting-blocks\/\">Le nouveau programme Avantages Propri\u00e9taires dans les starting blocks<\/a> et <a href=\"https:\/\/www.trois-a.org\/index.php\/2020\/01\/12\/la-reunion-proprietaire-aux-arcs-le-nouveau-programme-avantages-proprietaires-en-piste\/\">La r\u00e9union \u201cPropri\u00e9taire aux Arcs\u201d : le nouveau programme Avantages Propri\u00e9taires en piste<\/a>), 3A a test\u00e9 sa mise en \u0153uvre pratique.<\/p>\n<p>La partie technique (le site du programme) a connu un d\u00e9marrage laborieux. Il nous a fallu de nombreux \u00e9changes t\u00e9l\u00e9phoniques et par mail pour ne serait-ce qu\u2019arriver \u00e0 nous connecter au site, puis pour recevoir les mails \u00e0 chaque d\u00e9claration d\u2019occupation. Il manque encore des fonctionnalit\u00e9s, comme la possibilit\u00e9 de modifier une d\u00e9claration une fois celle-ci d\u00e9pos\u00e9e.<\/p>\n<p>Le support d\u2019ADS nous a paru bien \u00e0 la peine entre les demandes des propri\u00e9taires toujours urgentes (et parfois irrit\u00e9es) et un support technique pas toujours tr\u00e8s r\u00e9actif ni m\u00eame simplement \u00e0 la hauteur des enjeux. Tout cela semble appartenir au pass\u00e9 maintenant, et nous ferons un bilan apr\u00e8s la r\u00e9union \u00ab\u00a0Propri\u00e9taire aux Arcs\u00a0\u00bb du 2 avril prochain, \u00e0 laquelle ADS nous a promis sa participation (comme le 27 d\u00e9cembre dernier).<\/p>\n<h2>4 &#8211; 3A rencontre les propri\u00e9taires\u00a0: retour sur la r\u00e9union du 27 d\u00e9cembre 2019<\/h2>\n<p><img decoding=\"async\" width=\"380\" height=\"330\" class=\"wp-image-2767 aligncenter\" src=\"https:\/\/www.trois-a.org\/wp-content\/uploads\/2020\/03\/word-image-6.png\" srcset=\"https:\/\/www.trois-a.org\/wp-content\/uploads\/2020\/03\/word-image-6.png 380w, https:\/\/www.trois-a.org\/wp-content\/uploads\/2020\/03\/word-image-6-300x261.png 300w\" sizes=\"(max-width: 380px) 100vw, 380px\" \/><\/p>\n<p>3A organise r\u00e9guli\u00e8rement des r\u00e9unions \u00ab\u00a0Propri\u00e9taire aux Arcs\u00a0\u00bb. <a href=\"https:\/\/www.trois-a.org\/index.php\/2020\/01\/12\/la-reunion-proprietaire-aux-arcs-le-nouveau-programme-avantages-proprietaires-en-piste\/\">La derni\u00e8re en date<\/a>, du 27 d\u00e9cembre 2019, a r\u00e9uni plus de 60 participants. \u00c0 l\u2019ordre du jour\u00a0:<\/p>\n<ul>\n<li>Pr\u00e9sentation des actions 3A par Carole Rampazzo, notre nouvelle pr\u00e9sidente<\/li>\n<li>Discussion sur le questionnaire adress\u00e9 par 3A aux candidats t\u00eates de liste aux \u00e9lections municipales<\/li>\n<li>Les nuisances engendr\u00e9es par les groupes, avec la participation d\u2019Annie Cotonnec, des Belles-Challes\/Lauzi\u00e8res<\/li>\n<li>Le nouveau programme Avantages Propri\u00e9taires, en pr\u00e9sence d\u2019ADS<\/li>\n<\/ul>\n<p>Voir <a href=\"https:\/\/www.trois-a.org\/index.php\/2020\/01\/12\/la-reunion-proprietaire-aux-arcs-le-nouveau-programme-avantages-proprietaires-en-piste\/\">le compte-rendu complet de cette r\u00e9union<\/a>.<\/p>\n<p><strong>Prochaine r\u00e9union \u00ab\u00a0Propri\u00e9taire aux Arcs\u00a0\u00bb le 2 avril \u00e0 18h, salle Pierra Menta au centre Taillefer (Arc 1800).<\/strong><\/p>\n<h2>5 &#8211; <del>Arr\u00eat<\/del> Reprise du damage de la boucle de ski de fond d\u2019Arc 1800 cette ann\u00e9e.<\/h2>\n<p><img decoding=\"async\" width=\"661\" height=\"434\" class=\"wp-image-2768 aligncenter\" src=\"https:\/\/www.trois-a.org\/wp-content\/uploads\/2020\/03\/word-image-5.jpeg\" srcset=\"https:\/\/www.trois-a.org\/wp-content\/uploads\/2020\/03\/word-image-5.jpeg 661w, https:\/\/www.trois-a.org\/wp-content\/uploads\/2020\/03\/word-image-5-300x197.jpeg 300w\" sizes=\"(max-width: 661px) 100vw, 661px\" \/><\/p>\n<p>Cet hiver, les amateurs de ski de fond ont \u00e9t\u00e9 d\u00e9\u00e7us de constater qu&rsquo;ils ne disposaient plus de piste de ski de fond sur Arc 1800, ADS ayant arr\u00eat\u00e9 de damer la boucle de 5 km situ\u00e9e au-dessus de Charmettoger.<\/p>\n<p>La boucle d\u2019Arc 1600 ayant \u00e9t\u00e9 abandonn\u00e9e depuis quelques ann\u00e9es, et celle de 5 km d\u2019Arc 2000 \u00e9tant bien lointaine, l&rsquo;office du tourisme invite les fondeurs des Arcs \u00e0 se rendre \u00e0 Pesey-Nancroix, sur le site nordique de Rosuel.<\/p>\n<p>Ce site, maintenant g\u00e9r\u00e9 par ADS, est parfaitement am\u00e9nag\u00e9, mais il est bien \u00e9loign\u00e9\u00a0: il faut descendre d&rsquo;Arc 1800 \u00e0 Vallandry, soit \u00e0 ski par la piste bleue de Barmont, soit par une navette bus ne circulant que trois fois par jour, puis successivement emprunter le t\u00e9l\u00e9-village de Lonzagne et la navette bus desservant Rosuel. Un p\u00e9riple de la journ\u00e9e tr\u00e8s valable pour les \u00ab\u00a0mordus\u00a0\u00bb du ski de fond, mais totalement d\u00e9courageant pour les fondeurs occasionnels !<\/p>\n<p>Il nous parait indispensable de maintenir sur les Arcs la possibilit\u00e9 de pratiquer le ski de fond comme toutes les autres formes de glisse. C\u2019est pourquoi 3A est intervenue aupr\u00e8s d\u2019ADS et de la mairie pour que soit repris avant la fin de l&rsquo;hiver le damage de la boucle de ski de fond d&rsquo;Arc 1800.<\/p>\n<p>La suite au prochain num\u00e9ro !<\/p>\n<div id=\"framed_box_153243d39b02ab55f25d3346f168f3f8\" class=\"framed_box\" style=\"border-width:1px;\">\n\t<div class=\"framed_box_content\">\n\t\t\n[Mise \u00e0 jour 9 mars 2020]\nLa suite, c\u2019est tout de suite ! Dans une prompte r\u00e9ponse \u00e0 3A, le maire a soulign\u00e9 l\u2019importance qu&rsquo;il attachait \u00e0 l\u2019offre \u00ab ski de fond \u00bb et nous a pr\u00e9cis\u00e9 que les \u00e9quipes de damage d&rsquo;ADS \u00e9taient d\u00e8s ce mois de mars 2020 mobilis\u00e9es pour assurer, en fonction de l&rsquo;enneigement, le meilleur entretien de la boucle d&rsquo;Arc 1800.<\/p>\n\n\t\t<div class=\"framed_box_space\"><\/div>\n\t<\/div>\n<\/div>\n\n<h2>6 &#8211; Vers un meilleur accueil des familles aux Arcs\u00a0?<\/h2>\n<p><img decoding=\"async\" width=\"150\" height=\"146\" class=\"wp-image-2769 aligncenter\" src=\"https:\/\/www.trois-a.org\/wp-content\/uploads\/2020\/03\/word-image-7.png\" \/><\/p>\n<p>\u00c0 l\u2019instar de nombreuses stations de Savoie (Courchevel, La Rosi\u00e8re, M\u00e9ribel, Val\u00a0d\u2019Is\u00e8re\u2026), la station des Arcs se porte candidate pour obtenir le label Famille Plus.<\/p>\n<p>Les communes labellis\u00e9es s\u2019engagent aupr\u00e8s des familles et des enfants \u00e0 tout faire pour leur assurer un accueil adapt\u00e9.<\/p>\n<p>Voici les six engagements (extrait du site <a href=\"http:\/\/familleplus.fr\/\">familleplus.fr<\/a>\u00a0) :<\/p>\n<ul>\n<li>un accueil personnalis\u00e9 pour les familles<\/li>\n<li>des animations adapt\u00e9es pour tous les \u00e2ges<\/li>\n<li>du plus petit au plus grand \u00e0 chacun son tarif<\/li>\n<li>des activit\u00e9s pour petits et grands, \u00e0 vivre ensemble ou s\u00e9par\u00e9ment<\/li>\n<li>tous les commerces et services sous la main<\/li>\n<li>des enfants choy\u00e9s par les professionnels de la station<\/li>\n<\/ul>\n<p>Les trois candidats aux municipales \u00e9tant favorables \u00e0 cette candidature, tous les espoirs sont permis, notamment pour la (r\u00e9)ouverture d\u2019une garderie pour enfants en bas \u00e2ge \u00e0 Arc 1800. Nous ne manquerons pas de vous tenir inform\u00e9s de l\u2019\u00e9volution de ce dossier.<\/p>\n<h2>7 -Vers l&rsquo;urbanisation du secteur de la Ma\u00eftaz \u00e0 l&rsquo;horizon 2021 ?<\/h2>\n<p><img decoding=\"async\" width=\"582\" height=\"294\" class=\"wp-image-2770 aligncenter\" src=\"https:\/\/www.trois-a.org\/wp-content\/uploads\/2020\/03\/word-image-6.jpeg\" srcset=\"https:\/\/www.trois-a.org\/wp-content\/uploads\/2020\/03\/word-image-6.jpeg 582w, https:\/\/www.trois-a.org\/wp-content\/uploads\/2020\/03\/word-image-6-300x152.jpeg 300w\" sizes=\"(max-width: 582px) 100vw, 582px\" \/><\/p>\n<p>Le rapport de la commissaire enqu\u00eatrice sur le projet de PLU de Landry vient d&rsquo;\u00eatre rendu public.<\/p>\n<p>Ses conclusions sont favorables \u00e0 toutes les dispositions du projet de PLU, y compris l&rsquo;O.A.P. (op\u00e9ration d&rsquo;am\u00e9nagement programm\u00e9) de la Ma\u00eftaz.<\/p>\n<p>La commissaire enqu\u00eatrice n&rsquo;a pas retenu les critiques formul\u00e9es par 3A et de tr\u00e8s nombreux intervenants contre l&rsquo;urbanisation de ce secteur naturel.<\/p>\n<p>Elle a toutefois demand\u00e9 une confirmation des dispositions convenues en 1993 entre les communes de Landry et de Bourg-Saint-Maurice pour l&rsquo;alimentation en eau potable et le traitement des eaux us\u00e9es ainsi que de celles, \u00e0 venir, pour l&rsquo;enl\u00e8vement des ordures m\u00e9nag\u00e8res et la gratuit\u00e9 aux barri\u00e8res de p\u00e9age d&rsquo;Arc 1800.<\/p>\n<p>L&rsquo;adoption du PLU \u00e0 la r\u00e9union du 8 mars du conseil municipal de Landry va ouvrir une nouvelle s\u00e9quence d\u00e9bouchant sur une proc\u00e9dure de permis de construire non encore programm\u00e9e. Les opposants \u00e0 l&rsquo;urbanisation de la Ma\u00eftaz pourront alors r\u00e9agir sur la pr\u00e9sentation d&rsquo;un projet pr\u00e9cis de constructions nouvelles.<\/p>\n<p>Affaire \u00e0 suivre !<\/p>\n<h2>8 &#8211; La longue marche vers le haut d\u00e9bit aux Arcs<\/h2>\n<p><img decoding=\"async\" width=\"505\" height=\"273\" class=\"wp-image-2771 aligncenter\" src=\"https:\/\/www.trois-a.org\/wp-content\/uploads\/2020\/03\/word-image-7.jpeg\" srcset=\"https:\/\/www.trois-a.org\/wp-content\/uploads\/2020\/03\/word-image-7.jpeg 505w, https:\/\/www.trois-a.org\/wp-content\/uploads\/2020\/03\/word-image-7-300x162.jpeg 300w\" sizes=\"(max-width: 505px) 100vw, 505px\" \/><\/p>\n<p>Le d\u00e9ploiement du THD (Tr\u00e8s Haut D\u00e9bit) aux Arcs fait un pas de plus\u00a0: <a href=\"https:\/\/www.covage.com\/fibre-savoie-connectee\/\">Savoie Connect\u00e9e<\/a> envoie actuellement aux syndics de nos immeubles des conventions pour c\u00e2bler les immeubles en fibre optique.<\/p>\n<p>1- Chaque copropri\u00e9t\u00e9 dispose de 12 mois pour statuer (accord [que nous conseillons] ou refus) sur cette proposition de convention.<\/p>\n<p>2- Dans un premier temps, ce n\u2019est qu\u2019une convention d\u2019\u00e9tude. Une nouvelle convention sera propos\u00e9e pour la mise en \u0153uvre.<\/p>\n<p>3- Ce choix d\u2019op\u00e9rateur d\u2019immeuble laisse ensuite toute libert\u00e9 de choix de fournisseur d\u2019acc\u00e8s \u00e0 Internet \u00e0 chaque propri\u00e9taire.<\/p>\n<h2>9 &#8211; Un coup d\u2019oeil sur les coulisses du festival de musique 2020<\/h2>\n<p><strong><img decoding=\"async\" class=\"wp-image-2772 aligncenter\" src=\"https:\/\/www.trois-a.org\/wp-content\/uploads\/2020\/03\/word-image-8.png\" width=\"690\" height=\"212\" srcset=\"https:\/\/www.trois-a.org\/wp-content\/uploads\/2020\/03\/word-image-8.png 848w, https:\/\/www.trois-a.org\/wp-content\/uploads\/2020\/03\/word-image-8-300x92.png 300w, https:\/\/www.trois-a.org\/wp-content\/uploads\/2020\/03\/word-image-8-768x236.png 768w\" sizes=\"(max-width: 690px) 100vw, 690px\" \/><\/strong><\/p>\n<p>Le 47<sup>e<\/sup>\u00a0opus du <a href=\"https:\/\/www.festivaldesarcs.com\/\">Festival de Musique des Arcs<\/a>, du 17 juillet au 2 ao\u00fbt prochain, vous invite \u00e0 percer le myst\u00e8re de la cr\u00e9ation musicale sur le th\u00e8me\u00a0: <strong>Musique et Pouvoir ou le Pouvoir de la musique<\/strong>.<\/p>\n<p>Eric Crambes, Directeur Artistique, a choisi de vous pr\u00e9senter des compositeurs sous un angle inhabituel\u00a0: \u00ab\u00a0Bach et le clerg\u00e9, Mozart et les Francs-ma\u00e7ons, Haydn et les princes Esterhazy, Beethoven et Napol\u00e9on, Strauss et Goebbels, Chostakovitch et Staline\u2026. Quel cr\u00e9ateur n\u2019a pas eu un temps \u00e0 s\u2019accommoder d\u2019un pouvoir ext\u00e9rieur \u00e0 son g\u00e9nie \u2013 mieux dit encore\u00a0: \u00e0 composer avec des contraintes \u00e9loign\u00e9es de son inspiration\u00a0? C\u2019est ce rapport entre pouvoir et musique que nous explorerons au travers de nombreuses \u0153uvres, du baroque \u00e0 la cr\u00e9ation contemporaine.\u00a0\u00bb<\/p>\n<p><strong>Nouveaut\u00e9s 2020<\/strong> : Nous verrons pour la premi\u00e8re\u00a0fois l\u2019apparition d\u2019un mini-cycle orchestral. Nous accueillerons comme compositeur en r\u00e9sidence <a href=\"https:\/\/www.camillepepin.com\/music\">Camille P\u00e9pin<\/a>, qui vient de remporter en f\u00e9vrier 2020 la Victoire du compositeur de l\u2019ann\u00e9e. Nombre de ses \u0153uvres seront interpr\u00e9t\u00e9es tout au long du Festival. Concert \u00e0 l\u2019Aiguille Rouge \u00e0 3226 m\u00a0! (si le temps le permet) Soir\u00e9e in\u00e9dite\u00a0: Piazzolla forever.<\/p>\n<h2>10 &#8211; Rejoignez-nous\u00a0!<\/h2>\n<p><a href=\"https:\/\/www.trois-a.org\/index.php\/adhesion\/\"><img decoding=\"async\" width=\"408\" height=\"315\" class=\"wp-image-2773 aligncenter\" src=\"https:\/\/www.trois-a.org\/wp-content\/uploads\/2020\/03\/word-image-8.jpeg\" srcset=\"https:\/\/www.trois-a.org\/wp-content\/uploads\/2020\/03\/word-image-8.jpeg 408w, https:\/\/www.trois-a.org\/wp-content\/uploads\/2020\/03\/word-image-8-300x232.jpeg 300w\" sizes=\"(max-width: 408px) 100vw, 408px\" \/><\/a><\/p>\n<p>Si vous pensez que l\u2019action de 3A est utile pour la pr\u00e9servation de votre patrimoine aux Arcs, n\u2019h\u00e9sitez pas \u00e0 nous soutenir en adh\u00e9rant ou en renouvelant votre adh\u00e9sion <a href=\"https:\/\/www.trois-a.org\/index.php\/adhesion\/\">ici<\/a>. <strong>Il est maintenant possible de r\u00e9gler sa cotisation (35 \u20ac plus un don \u00e9ventuel) par carte bancaire<\/strong>.<\/p>\n<p>Vous pouvez interagir avec nous :<\/p>\n<ul>\n<li>en utilisant la rubrique <a href=\"https:\/\/www.trois-a.org\/index.php\/exprimez-vous\/\">\u00ab Exprimez-vous \u00bb<\/a> (lien en haut \u00e0 droite de chaque page du site)<\/li>\n<li>en envoyant un mail \u00e0\u00a0<a href=\"mailto:contact@trois-a.org\">contact@trois-a.org<\/a><\/li>\n<li>en postant un commentaire sur un article du site (ce qui permettra de dialoguer \u00e9galement avec les autres adh\u00e9rents)<\/li>\n<li>en participant aux \u00ab R\u00e9unions Propri\u00e9taire \u00bb que 3A organise r\u00e9guli\u00e8rement aux Arcs<\/li>\n<\/ul>\n<p>Pour votre information sur notre station, venez r\u00e9guli\u00e8rement rendre visite \u00e0 <a href=\"http:\/\/trois-a.org\/\">notre site<\/a> !<\/p>\n<\/div><\/article><article id=\"post-2421\" class=\"hentry entry entry_full post_has_image \"><div class=\"entry_info\"><h2 class=\"entry_title entry-title\"><a href=\"https:\/\/www.trois-a.org\/index.php\/2019\/12\/04\/les-breves-de-3a-n9\/\" rel=\"bookmark\" title=\"Lien permanent pour Les Br\u00e8ves de 3A n\u00b09\">Les Br\u00e8ves de 3A n\u00b09<\/a><\/h2><div class=\"entry_meta\"><time class=\"published updated\" datetime=\"2019-12-04\"><a href=\"https:\/\/www.trois-a.org\/index.php\/2019\/12\/\"><i class=\"theme-icon icon_calendar-meta meta-icon meta-icon-calendar\"><\/i>4 d\u00e9cembre 2019<\/a><\/time><span class=\"separator\">|<\/span><span class=\"tags\"><i class=\"theme-icon icon_tag-meta meta-icon\"><\/i><a href=\"https:\/\/www.trois-a.org\/index.php\/tag\/article-en-acces-libre\/\" rel=\"tag\">Article en acc\u00e8s libre<\/a><\/span><\/div><\/div><div class=\"entry_content entry-content\"><p>Version <a href=\"https:\/\/sway.office.com\/5CkEjchY7a7UdGn6\" target=\"_blank\" rel=\"noopener noreferrer\">en format original<\/a>, <a href=\"https:\/\/www.trois-a.org\/wp-content\/uploads\/2020\/01\/Les-Br\u00e8ves-3A-n\u00b09-_D\u00e9cembre-2019.pdf\" target=\"_blank\" rel=\"noopener noreferrer\">en pdf<\/a>.<\/p>\n<p><img decoding=\"async\" class=\"wp-image-2476 aligncenter\" src=\"https:\/\/www.trois-a.org\/wp-content\/uploads\/2019\/12\/word-image-50.jpeg\" width=\"782\" height=\"587\" srcset=\"https:\/\/www.trois-a.org\/wp-content\/uploads\/2019\/12\/word-image-50.jpeg 2067w, https:\/\/www.trois-a.org\/wp-content\/uploads\/2019\/12\/word-image-50-300x225.jpeg 300w, https:\/\/www.trois-a.org\/wp-content\/uploads\/2019\/12\/word-image-50-1024x768.jpeg 1024w, https:\/\/www.trois-a.org\/wp-content\/uploads\/2019\/12\/word-image-50-768x576.jpeg 768w, https:\/\/www.trois-a.org\/wp-content\/uploads\/2019\/12\/word-image-50-1536x1152.jpeg 1536w, https:\/\/www.trois-a.org\/wp-content\/uploads\/2019\/12\/word-image-50-2048x1536.jpeg 2048w\" sizes=\"(max-width: 782px) 100vw, 782px\" \/><\/p>\n<h1 style=\"text-align: center;\">Les Br\u00e8ves 3A\u00a0n\u00b09<\/h1>\n<p style=\"text-align: center;\">D\u00e9cembre 2019<\/p>\n<p style=\"text-align: center;\"><img decoding=\"async\" width=\"300\" height=\"247\" class=\"wp-image-2477\" src=\"https:\/\/www.trois-a.org\/wp-content\/uploads\/2019\/12\/logo-3a-2.jpeg\" alt=\"Logo 3A\" \/><\/p>\n<p>&nbsp;<\/p>\n<p>3A, association de propri\u00e9taires aux Arcs, vous informe, vous \u00e9coute, et dialogue en votre nom avec les op\u00e9rateurs de la station.<\/p>\n<p>Pour pr\u00e9server et valoriser votre patrimoine aux Arcs, <a href=\"https:\/\/www.trois-a.org\/index.php\/adhesion\/\">rejoignez-nous<\/a> !<\/p>\n<p>Exprimez-vous !<\/p>\n<p>Propri\u00e9taires aux Arcs, nous sommes \u00e0 votre \u00e9coute. Faites-nous part de vos remarques et suggestions sur le bon fonctionnement de notre station via ce lien : <a href=\"https:\/\/www.trois-a.org\/index.php\/exprimez-vous\/\">https:\/\/www.trois-a.org\/index.php\/exprimez-vous\/<\/a> ou \u00e0 cette adresse : contact@trois-a.org.<\/p>\n<p>Quoi de neuf en station ?<\/p>\n<h2>Le nouveau funiculaire<\/h2>\n<p>Rappelons que <a href=\"https:\/\/www.lesarcs.com\/funiculaire.html\">les nouvelles rames du funiculaire<\/a>, d\u00e9j\u00e0 en service depuis cet \u00e9t\u00e9, red\u00e9marrent le 14 d\u00e9cembre prochain, cette fois-ci avec une gare aval flambant neuve.<\/p>\n<p><img decoding=\"async\" class=\"wp-image-2478 aligncenter\" src=\"https:\/\/www.trois-a.org\/wp-content\/uploads\/2019\/12\/word-image-51.jpeg\" width=\"498\" height=\"333\" srcset=\"https:\/\/www.trois-a.org\/wp-content\/uploads\/2019\/12\/word-image-51.jpeg 1278w, https:\/\/www.trois-a.org\/wp-content\/uploads\/2019\/12\/word-image-51-300x200.jpeg 300w, https:\/\/www.trois-a.org\/wp-content\/uploads\/2019\/12\/word-image-51-1024x684.jpeg 1024w, https:\/\/www.trois-a.org\/wp-content\/uploads\/2019\/12\/word-image-51-768x513.jpeg 768w\" sizes=\"(max-width: 498px) 100vw, 498px\" \/><\/p>\n<p style=\"text-align: center;\">Avant\/Apr\u00e8s<\/p>\n<p style=\"text-align: center;\"><img decoding=\"async\" class=\"wp-image-2479\" src=\"https:\/\/www.trois-a.org\/wp-content\/uploads\/2019\/12\/word-image-52.jpeg\" width=\"851\" height=\"402\" srcset=\"https:\/\/www.trois-a.org\/wp-content\/uploads\/2019\/12\/word-image-52.jpeg 1034w, https:\/\/www.trois-a.org\/wp-content\/uploads\/2019\/12\/word-image-52-300x142.jpeg 300w, https:\/\/www.trois-a.org\/wp-content\/uploads\/2019\/12\/word-image-52-1024x483.jpeg 1024w, https:\/\/www.trois-a.org\/wp-content\/uploads\/2019\/12\/word-image-52-768x362.jpeg 768w\" sizes=\"(max-width: 851px) 100vw, 851px\" \/><\/p>\n<p style=\"text-align: center;\">Le projet de nouvelle gare aval<\/p>\n<p style=\"text-align: center;\"><img decoding=\"async\" class=\"wp-image-2480\" src=\"https:\/\/www.trois-a.org\/wp-content\/uploads\/2019\/12\/word-image-53.jpeg\" width=\"844\" height=\"512\" srcset=\"https:\/\/www.trois-a.org\/wp-content\/uploads\/2019\/12\/word-image-53.jpeg 1034w, https:\/\/www.trois-a.org\/wp-content\/uploads\/2019\/12\/word-image-53-300x182.jpeg 300w, https:\/\/www.trois-a.org\/wp-content\/uploads\/2019\/12\/word-image-53-1024x621.jpeg 1024w, https:\/\/www.trois-a.org\/wp-content\/uploads\/2019\/12\/word-image-53-768x466.jpeg 768w\" sizes=\"(max-width: 844px) 100vw, 844px\" \/><\/p>\n<p style=\"text-align: center;\">Le chantier de la gare aval le 22 novembre<\/p>\n<h2>La chaufferie d&rsquo;Arc 1600<\/h2>\n<p>La station d\u2019Arc 1600 a fait le choix de l\u2019\u00e9nergie durable et de la transition \u00e9nerg\u00e9tique en construisant une chaufferie collective biomasse. \u00c0 compter de la saison Hiver 19\/20, celle-ci entre en service, et t\u00e9moigne de la volont\u00e9 des copropri\u00e9taires d\u2019arc 1600 de prendre part \u00e0 la transition \u00e9nerg\u00e9tique en diminuant le rejet de CO2 de 1800 tonnes \u00e9quivalent CO2\/an.<\/p>\n<p>(extrait du <a href=\"https:\/\/www.trois-a.org\/wp-content\/uploads\/2019\/01\/Dossier-de-presseUSPB-chaufferie-13-d\u00e9cembre-2018.pdf\">dossier de presse d\u00e9cembre 2018<\/a> cf <a href=\"https:\/\/www.trois-a.org\/index.php\/2019\/02\/10\/les-breves-de-3a-n6\/\">br\u00e8ves num\u00e9ro 6<\/a>)<\/p>\n<p><img decoding=\"async\" width=\"1283\" height=\"393\" class=\"wp-image-2481 aligncenter\" src=\"https:\/\/www.trois-a.org\/wp-content\/uploads\/2019\/12\/word-image-54.jpeg\" srcset=\"https:\/\/www.trois-a.org\/wp-content\/uploads\/2019\/12\/word-image-54.jpeg 1283w, https:\/\/www.trois-a.org\/wp-content\/uploads\/2019\/12\/word-image-54-300x92.jpeg 300w, https:\/\/www.trois-a.org\/wp-content\/uploads\/2019\/12\/word-image-54-1024x314.jpeg 1024w, https:\/\/www.trois-a.org\/wp-content\/uploads\/2019\/12\/word-image-54-768x235.jpeg 768w\" sizes=\"(max-width: 1283px) 100vw, 1283px\" \/><\/p>\n<p style=\"text-align: center;\">Le projet<\/p>\n<p style=\"text-align: center;\"><img decoding=\"async\" width=\"640\" height=\"427\" class=\"wp-image-2482\" src=\"https:\/\/www.trois-a.org\/wp-content\/uploads\/2019\/12\/word-image-55.jpeg\" srcset=\"https:\/\/www.trois-a.org\/wp-content\/uploads\/2019\/12\/word-image-55.jpeg 640w, https:\/\/www.trois-a.org\/wp-content\/uploads\/2019\/12\/word-image-55-300x200.jpeg 300w\" sizes=\"(max-width: 640px) 100vw, 640px\" \/><\/p>\n<p style=\"text-align: center;\">La r\u00e9alisation<\/p>\n<h2>La gare routi\u00e8re des Villards<\/h2>\n<p><img decoding=\"async\" width=\"787\" height=\"443\" class=\"wp-image-2483 aligncenter\" src=\"https:\/\/www.trois-a.org\/wp-content\/uploads\/2019\/12\/word-image-56.jpeg\" srcset=\"https:\/\/www.trois-a.org\/wp-content\/uploads\/2019\/12\/word-image-56.jpeg 787w, https:\/\/www.trois-a.org\/wp-content\/uploads\/2019\/12\/word-image-56-300x169.jpeg 300w, https:\/\/www.trois-a.org\/wp-content\/uploads\/2019\/12\/word-image-56-768x432.jpeg 768w\" sizes=\"(max-width: 787px) 100vw, 787px\" \/><\/p>\n<p style=\"text-align: center;\"><img decoding=\"async\" width=\"1004\" height=\"870\" class=\"wp-image-2484\" src=\"https:\/\/www.trois-a.org\/wp-content\/uploads\/2019\/12\/word-image-57.jpeg\" srcset=\"https:\/\/www.trois-a.org\/wp-content\/uploads\/2019\/12\/word-image-57.jpeg 1004w, https:\/\/www.trois-a.org\/wp-content\/uploads\/2019\/12\/word-image-57-300x260.jpeg 300w, https:\/\/www.trois-a.org\/wp-content\/uploads\/2019\/12\/word-image-57-768x665.jpeg 768w\" sizes=\"(max-width: 1004px) 100vw, 1004px\" \/><\/p>\n<p style=\"text-align: center;\">\u00c9tat des lieux le 20 novembre<\/p>\n<h2>Le Lodge en Folie<\/h2>\n<p>La reprise du Lodge par <a href=\"https:\/\/www.lafoliedouce.com\/fr\/\">la Folie Douce<\/a> sera ponctu\u00e9e par l&rsquo;inauguration (\u00ab\u00a0Big Opening Party\u00a0\u00bb) le 14 d\u00e9cembre prochain \u00e0 midi de ce nouveau lieu d&rsquo;animation de notre station, qui rejoint ainsi ses sept autres cons\u0153urs (Val d&rsquo;Is\u00e8re, M\u00e9ribel, Val Thorens, Alpe d&rsquo;Huez, Morzine, Saint-Gervais, Chamonix). Vous pouvez consulter l&rsquo;<a href=\"https:\/\/www.trois-a.org\/index.php\/2019\/05\/26\/reprise-du-lodge-par-la-folie-douce\/\">article du site de 3A<\/a> sur cette op\u00e9ration et \u00e9ventuellement y laisser les commentaires qu&rsquo;elle vous inspire.<\/p>\n<p><img decoding=\"async\" width=\"1034\" height=\"423\" class=\"wp-image-2485 aligncenter\" src=\"https:\/\/www.trois-a.org\/wp-content\/uploads\/2019\/12\/word-image-58.jpeg\" srcset=\"https:\/\/www.trois-a.org\/wp-content\/uploads\/2019\/12\/word-image-58.jpeg 1034w, https:\/\/www.trois-a.org\/wp-content\/uploads\/2019\/12\/word-image-58-300x123.jpeg 300w, https:\/\/www.trois-a.org\/wp-content\/uploads\/2019\/12\/word-image-58-1024x419.jpeg 1024w, https:\/\/www.trois-a.org\/wp-content\/uploads\/2019\/12\/word-image-58-768x314.jpeg 768w\" sizes=\"(max-width: 1034px) 100vw, 1034px\" \/><\/p>\n<p style=\"text-align: center;\"><img decoding=\"async\" width=\"1034\" height=\"515\" class=\"wp-image-2486\" src=\"https:\/\/www.trois-a.org\/wp-content\/uploads\/2019\/12\/word-image-59.jpeg\" srcset=\"https:\/\/www.trois-a.org\/wp-content\/uploads\/2019\/12\/word-image-59.jpeg 1034w, https:\/\/www.trois-a.org\/wp-content\/uploads\/2019\/12\/word-image-59-300x149.jpeg 300w, https:\/\/www.trois-a.org\/wp-content\/uploads\/2019\/12\/word-image-59-1024x510.jpeg 1024w, https:\/\/www.trois-a.org\/wp-content\/uploads\/2019\/12\/word-image-59-768x383.jpeg 768w\" sizes=\"(max-width: 1034px) 100vw, 1034px\" \/><\/p>\n<p style=\"text-align: center;\">Petit reportage photo du 20 novembre 2019<\/p>\n<h2>La r\u00e9novation des acc\u00e8s parking<\/h2>\n<p><img decoding=\"async\" class=\"wp-image-2487 aligncenter\" src=\"https:\/\/www.trois-a.org\/wp-content\/uploads\/2019\/12\/word-image-60.jpeg\" width=\"287\" height=\"422\" srcset=\"https:\/\/www.trois-a.org\/wp-content\/uploads\/2019\/12\/word-image-60.jpeg 514w, https:\/\/www.trois-a.org\/wp-content\/uploads\/2019\/12\/word-image-60-204x300.jpeg 204w\" sizes=\"(max-width: 287px) 100vw, 287px\" \/><\/p>\n<p style=\"text-align: center;\"><img decoding=\"async\" class=\"wp-image-2488\" src=\"https:\/\/www.trois-a.org\/wp-content\/uploads\/2019\/12\/word-image-61.jpeg\" width=\"800\" height=\"533\" srcset=\"https:\/\/www.trois-a.org\/wp-content\/uploads\/2019\/12\/word-image-61.jpeg 888w, https:\/\/www.trois-a.org\/wp-content\/uploads\/2019\/12\/word-image-61-300x200.jpeg 300w, https:\/\/www.trois-a.org\/wp-content\/uploads\/2019\/12\/word-image-61-768x512.jpeg 768w\" sizes=\"(max-width: 800px) 100vw, 800px\" \/><\/p>\n<p style=\"text-align: center;\"><img decoding=\"async\" class=\"wp-image-2489\" src=\"https:\/\/www.trois-a.org\/wp-content\/uploads\/2019\/12\/word-image-62.jpeg\" width=\"799\" height=\"532\" srcset=\"https:\/\/www.trois-a.org\/wp-content\/uploads\/2019\/12\/word-image-62.jpeg 881w, https:\/\/www.trois-a.org\/wp-content\/uploads\/2019\/12\/word-image-62-300x200.jpeg 300w, https:\/\/www.trois-a.org\/wp-content\/uploads\/2019\/12\/word-image-62-768x512.jpeg 768w\" sizes=\"(max-width: 799px) 100vw, 799px\" \/><\/p>\n<p><img decoding=\"async\" class=\"wp-image-2490 aligncenter\" src=\"https:\/\/www.trois-a.org\/wp-content\/uploads\/2019\/12\/word-image-63.jpeg\" width=\"800\" height=\"533\" srcset=\"https:\/\/www.trois-a.org\/wp-content\/uploads\/2019\/12\/word-image-63.jpeg 878w, https:\/\/www.trois-a.org\/wp-content\/uploads\/2019\/12\/word-image-63-300x200.jpeg 300w, https:\/\/www.trois-a.org\/wp-content\/uploads\/2019\/12\/word-image-63-768x512.jpeg 768w\" sizes=\"(max-width: 800px) 100vw, 800px\" \/><\/p>\n<p><img decoding=\"async\" class=\"wp-image-2491 aligncenter\" src=\"https:\/\/www.trois-a.org\/wp-content\/uploads\/2019\/12\/word-image-64.jpeg\" width=\"801\" height=\"534\" srcset=\"https:\/\/www.trois-a.org\/wp-content\/uploads\/2019\/12\/word-image-64.jpeg 877w, https:\/\/www.trois-a.org\/wp-content\/uploads\/2019\/12\/word-image-64-300x200.jpeg 300w, https:\/\/www.trois-a.org\/wp-content\/uploads\/2019\/12\/word-image-64-768x512.jpeg 768w\" sizes=\"(max-width: 801px) 100vw, 801px\" \/><\/p>\n<p>SAGS, l&rsquo;entreprise d\u00e9l\u00e9gataire pour la gestion des parkings aux Arcs, r\u00e9nove cette saison tous les appareils de contr\u00f4le d&rsquo;acc\u00e8s aux parkings (<a href=\"https:\/\/www.sags.fr\/parking-arc-1800\/arc-1800-charmettoger.html\">Arc 1800<\/a> et <a href=\"https:\/\/www.sags.fr\/parking\/arc-2000.html\">Arc 2000<\/a>), et aux <a href=\"https:\/\/www.lesarcs.com\/parkings-arc-1800.html#ong333\">portes d&rsquo;entr\u00e9e<\/a> d&rsquo;Arc 1800. Les passages \u00e0 ces contr\u00f4les devraient \u00eatre de ce fait acc\u00e9l\u00e9r\u00e9s, gr\u00e2ce aux r\u00e9servations faites \u00e0 l&rsquo;avance sur leur site Internet et valid\u00e9es par QR code ou lecture de plaque d&rsquo;immatriculation, en plus de la possibilit\u00e9 toujours pr\u00e9sente de taper un code sur un clavier.<\/p>\n<p>Pour les propri\u00e9taires de parkings priv\u00e9s, a priori rien ne change cette ann\u00e9e.<\/p>\n<h1>Le nouveau programme Avantages Propri\u00e9taires<\/h1>\n<p><img decoding=\"async\" class=\"wp-image-2492 aligncenter\" src=\"https:\/\/www.trois-a.org\/wp-content\/uploads\/2019\/12\/word-image-65.jpeg\" width=\"631\" height=\"592\" srcset=\"https:\/\/www.trois-a.org\/wp-content\/uploads\/2019\/12\/word-image-65.jpeg 988w, https:\/\/www.trois-a.org\/wp-content\/uploads\/2019\/12\/word-image-65-300x281.jpeg 300w, https:\/\/www.trois-a.org\/wp-content\/uploads\/2019\/12\/word-image-65-768x720.jpeg 768w\" sizes=\"(max-width: 631px) 100vw, 631px\" \/><\/p>\n<p>L\u2019ensemble des propri\u00e9taires adh\u00e9rents au programme Nirvanalps ont re\u00e7u d\u00e9but novembre une information sur son \u00e9volution vers un nouveau programme \u00ab\u00a0Avantages Propri\u00e9taires\u00a0\u00bb.<\/p>\n<p>La pr\u00e9sentation de ce nouveau programme a suscit\u00e9 nombre de r\u00e9actions sur les modalit\u00e9s de contr\u00f4le et d\u2019interrogations sur les avantages pr\u00e9vus, que 3A a relay\u00e9es aupr\u00e8s des responsables d\u2019ADS.\u00a0Vous trouverez <a href=\"https:\/\/www.trois-a.org\/index.php\/2019\/11\/30\/le-nouveau-programme-avantages-proprietaires-dans-les-starting-blocks\/\">sur le site de 3A<\/a> la r\u00e9ponse apport\u00e9e par ADS, qui en modifie plusieurs aspects. Elle nous semble avoir pris en compte la plupart des objections mises en avant par les propri\u00e9taires, notamment sur les atteintes \u00e0 la vie priv\u00e9e qu&rsquo;on pouvait craindre \u00e0 la lecture du premier texte.<\/p>\n<p>Pour compl\u00e9ter sa r\u00e9ponse, ADS nous pr\u00e9cise que le programme sera mis en ligne d\u00e8s que :<\/p>\n<ul>\n<li>les conditions g\u00e9n\u00e9rales d\u2019adh\u00e9sion seront valid\u00e9es par son service juridique<\/li>\n<li>les derniers d\u00e9veloppements techniques auront permis de rendre l&rsquo;utilisation du site la plus conviviale possible<\/li>\n<li>les bar\u00e8mes de gain de points et catalogue cadeaux seront d\u00e9finitivement valid\u00e9s.<\/li>\n<\/ul>\n<p>Nous mettrons \u00e0 jour <a href=\"https:\/\/www.trois-a.org\/index.php\/2019\/11\/30\/le-nouveau-programme-avantages-proprietaires-dans-les-starting-blocks\/\">l&rsquo;article du site<\/a> au fur et \u00e0 mesure que nous obtiendrons de nouvelles informations.<\/p>\n<h1>Le projet de la Ma\u00eftaz<\/h1>\n<p><img decoding=\"async\" class=\"wp-image-2493 aligncenter\" src=\"https:\/\/www.trois-a.org\/wp-content\/uploads\/2019\/12\/word-image-66.jpeg\" width=\"777\" height=\"391\" srcset=\"https:\/\/www.trois-a.org\/wp-content\/uploads\/2019\/12\/word-image-66.jpeg 1956w, https:\/\/www.trois-a.org\/wp-content\/uploads\/2019\/12\/word-image-66-300x151.jpeg 300w, https:\/\/www.trois-a.org\/wp-content\/uploads\/2019\/12\/word-image-66-1024x515.jpeg 1024w, https:\/\/www.trois-a.org\/wp-content\/uploads\/2019\/12\/word-image-66-768x386.jpeg 768w, https:\/\/www.trois-a.org\/wp-content\/uploads\/2019\/12\/word-image-66-1536x773.jpeg 1536w\" sizes=\"(max-width: 777px) 100vw, 777px\" \/><\/p>\n<p>Avec une trentaine de commentaires \u00e0 la suite de <a href=\"https:\/\/www.trois-a.org\/index.php\/2019\/10\/14\/participez-a-lenquete-publique-sur-le-plu-de-landry\/\">cet article du site de 3A<\/a>, ce projet, soumis \u00e0 enqu\u00eate publique dans le cadre plus g\u00e9n\u00e9ral du PLU de Landry (plus d&rsquo;une centaine de contributions d\u00e9pos\u00e9es sur <a href=\"https:\/\/www.registre-numerique.fr\/plu-landry\/voir-les-avis\">le site de l&rsquo;enqu\u00eate<\/a>), suscite beaucoup de r\u00e9actions de la part des propri\u00e9taires aux Arcs, particuli\u00e8rement ceux de Charmettoger, situ\u00e9 \u00e0 proximit\u00e9 imm\u00e9diate. Force est de constater que les avis favorables sont rares. Vous pouvez consulter <a href=\"https:\/\/www.trois-a.org\/wp-content\/uploads\/2019\/11\/Observations-pr\u00e9sent\u00e9es-par-M-Seligmann-au-nom-de-lassociation-3A-30-oct-2019.pdf\">la contribution de 3A<\/a> \u00e0 l&rsquo;enqu\u00eate publique.<\/p>\n<h1>O\u00f9 en est le projet de construction des bureaux d&rsquo;ADS \u00e0 Arc 1600 ?<\/h1>\n<p>Dans notre <a href=\"https:\/\/www.trois-a.org\/wp-content\/uploads\/2018\/09\/B3A4.pdf\">\u00ab\u00a0Br\u00e8ves n\u00b04\u00a0\u00bb<\/a> de septembre 2018, nous avions pr\u00e9sent\u00e9 le projet de construction de bureaux qu\u2019ADS souhaitait implanter sur Arc 1600 pour ses services administratifs, et nous avions fait le point sur l\u2019\u00e9tat d\u2019avancement de ce projet.<\/p>\n<p>Celui-ci a connu de multiples p\u00e9rip\u00e9ties\u00a0:<\/p>\n<ul>\n<li>Un premier projet, situ\u00e9 sous l\u2019ancienne \u00e9cole, \u00e0 proximit\u00e9 imm\u00e9diate des r\u00e9sidences des 3 Arcs et du Roc de Belleface, a \u00e9t\u00e9 refus\u00e9 en 2018 par la municipalit\u00e9, en raison de son incoh\u00e9rence architecturale avec les constructions environnantes<\/li>\n<li>ADS a alors mis \u00ab\u00a0deux fers au feu\u00a0\u00bb\u00a0:\n<ul>\n<li>un nouveau projet, moins important, implant\u00e9 sur le site de l\u2019ancienne \u00e9cole (pour lequel un dossier de construire a \u00e9t\u00e9 pr\u00e9sent\u00e9),<\/li>\n<li>un autre projet implant\u00e9 en contrebas de la place du soleil et en entr\u00e9e de station (qui a fait l\u2019objet d\u2019\u00e9tudes pr\u00e9liminaires).<\/li>\n<\/ul>\n<\/li>\n<li>Le permis de construire sous l\u2019ancienne \u00e9cole a \u00e9t\u00e9 accord\u00e9 en avril 2019. Cette d\u00e9cision a fait l\u2019objet de deux recours contentieux assez solidement \u00e9tay\u00e9s, d\u00e9pos\u00e9s devant le tribunal administratif de Grenoble au nom de copropri\u00e9taires de la r\u00e9sidence des 3 Arcs et de celle du Roc de Belleface hostiles \u00e0 ce projet, qui affecte leur vue sur la montagne<\/li>\n<li>ADS a annonc\u00e9 \u00e0 la fin juillet que, pour de multiples raisons, elle devait renoncer \u00e0 l\u2019implantation sous la place du Soleil et qu\u2019elle revenait\u00a0au projet d\u2019installation sous l\u2019ancienne \u00e9cole, pour lequel elle dispose d\u00e9j\u00e0 du permis de construire. Son directeur g\u00e9n\u00e9ral a toutefois indiqu\u00e9 qu\u2019il envisageait, en collaboration avec la Mairie, un nouveau projet de construction, qui serait situ\u00e9 sur l\u2019aire de retournement des navettes bus inter stations.<\/li>\n<\/ul>\n<h1>Nouvelles constructions au Chantel : Les Cristaux<\/h1>\n<p><img decoding=\"async\" class=\"wp-image-2494 aligncenter\" src=\"https:\/\/www.trois-a.org\/wp-content\/uploads\/2019\/12\/word-image-67.jpeg\" width=\"612\" height=\"762\" srcset=\"https:\/\/www.trois-a.org\/wp-content\/uploads\/2019\/12\/word-image-67.jpeg 1498w, https:\/\/www.trois-a.org\/wp-content\/uploads\/2019\/12\/word-image-67-241x300.jpeg 241w, https:\/\/www.trois-a.org\/wp-content\/uploads\/2019\/12\/word-image-67-822x1024.jpeg 822w, https:\/\/www.trois-a.org\/wp-content\/uploads\/2019\/12\/word-image-67-768x957.jpeg 768w, https:\/\/www.trois-a.org\/wp-content\/uploads\/2019\/12\/word-image-67-1233x1536.jpeg 1233w\" sizes=\"(max-width: 612px) 100vw, 612px\" \/><\/p>\n<p>Sotarbat poursuit l&rsquo;urbanisation de la ZAC du Chantel avec un projet, <a href=\"https:\/\/lescristaux1800.com\">les Cristaux<\/a>, de 27 appartements haut de gamme (\u00ab\u00a0chalets loft\u00a0\u00bb) r\u00e9partis sur trois immeubles en bordure de la route des Espagnols, tout \u00e0 c\u00f4t\u00e9 d&rsquo;Edenarc et de l&rsquo;Iseran. La commercialisation commence le 9 d\u00e9cembre 2019.<\/p>\n<p>L&rsquo;avis de 3A : Bien qu&rsquo;il s&rsquo;inscrive dans l&rsquo;enveloppe des derniers m2 autoris\u00e9s restant \u00e0 construire dans la ZAC du Chantel, on peut s&rsquo;interroger une nouvelle fois sur l&rsquo;opportunit\u00e9 pour le d\u00e9veloppement de la station d&rsquo;un projet suppl\u00e9mentaire de r\u00e9sidences secondaires, et regretter que sa finalisation intervienne sans concertation avec les immeubles voisins. Plusieurs questions se posent :<\/p>\n<ul>\n<li>\u00c0 notre connaissance, le permis de construire n&rsquo;est pas encore accord\u00e9 (il n&rsquo;\u00e9tait m\u00eame pas encore d\u00e9pos\u00e9 d\u00e9but novembre. N&rsquo;est-il pas pr\u00e9matur\u00e9 de lancer la commercialisation d&rsquo;une op\u00e9ration non encore approuv\u00e9e ?<\/li>\n<li>Le retour \u00e0 skis suppose l&rsquo;am\u00e9nagement, visible sur l&rsquo;illustration, d&rsquo;une v\u00e9ritable piste ; or, d&rsquo;apr\u00e8s nos sources, ADS n&rsquo;a pas de tel projet dans ses cartons \u00e0 l&rsquo;heure actuelle<\/li>\n<li>Le d\u00e9part \u00e0 skis promis dans les brochures de promotion semble quelque peu probl\u00e9matique, sauf \u00e0 marcher (\u00e0 la mont\u00e9e) sur la route des Espagnols pour rejoindre les pistes du Chantel.<\/li>\n<\/ul>\n<h1>Vos rendez-vous avec 3A cet hiver<\/h1>\n<p><img decoding=\"async\" class=\"wp-image-2495 aligncenter\" src=\"https:\/\/www.trois-a.org\/wp-content\/uploads\/2019\/12\/word-image-68.jpeg\" width=\"439\" height=\"339\" srcset=\"https:\/\/www.trois-a.org\/wp-content\/uploads\/2019\/12\/word-image-68.jpeg 1388w, https:\/\/www.trois-a.org\/wp-content\/uploads\/2019\/12\/word-image-68-300x232.jpeg 300w, https:\/\/www.trois-a.org\/wp-content\/uploads\/2019\/12\/word-image-68-1024x791.jpeg 1024w, https:\/\/www.trois-a.org\/wp-content\/uploads\/2019\/12\/word-image-68-768x593.jpeg 768w\" sizes=\"(max-width: 439px) 100vw, 439px\" \/><\/p>\n<p>R\u00e9servez d\u00e8s \u00e0 pr\u00e9sent ces dates pour nos prochaines r\u00e9unions, o\u00f9 nous vous esp\u00e9rons nombreux (non adh\u00e9rents bienvenus !) :<\/p>\n<ul>\n<li>r\u00e9union \u00ab\u00a0Propri\u00e9taire aux Arcs\u00a0\u00bb d\u2019\u00e9changes entre les propri\u00e9taires et les animateurs de 3A : vendredi 27 d\u00e9cembre 2019 \u00e0 <del>16<\/del><span style=\"color: #ff0000;\">15h<\/span><\/li>\n<li>r\u00e9union d\u2019\u00e9change avec les pr\u00e9sidents de copropri\u00e9t\u00e9 : mardi 10 mars 2020 \u00e0 18h<\/li>\n<\/ul>\n<h6>(attention, date modifi\u00e9e depuis la publication de ces Br\u00e8ves)<\/h6>\n<ul>\n<li>r\u00e9union \u00ab\u00a0Propri\u00e9taire aux Arcs\u00a0\u00bb d\u2019\u00e9changes entre les propri\u00e9taires et les animateurs de 3A :\u00a0jeudi 2 avril \u00e0 18h<\/li>\n<\/ul>\n<p>Toutes les r\u00e9unions ont lieu au <a href=\"https:\/\/www.lesarcs.com\/centre-bernard-taillefer-seminaires.html\">Centre Taillefer<\/a> (Arc 1800), salle Pierra Menta.<\/p>\n<h1>Vos questions aux candidats \u00e0 la Mairie de Bourg Saint Maurice<\/h1>\n<p><img decoding=\"async\" class=\"wp-image-2496 aligncenter\" src=\"https:\/\/www.trois-a.org\/wp-content\/uploads\/2019\/12\/word-image-69.jpeg\" width=\"531\" height=\"314\" srcset=\"https:\/\/www.trois-a.org\/wp-content\/uploads\/2019\/12\/word-image-69.jpeg 728w, https:\/\/www.trois-a.org\/wp-content\/uploads\/2019\/12\/word-image-69-300x177.jpeg 300w\" sizes=\"(max-width: 531px) 100vw, 531px\" \/><\/p>\n<p>C&rsquo;est la tradition : \u00e0 chaque \u00e9lection municipale, 3A envoie \u00e0 chaque candidat \u00e0 la mairie de Bourg Saint Maurice Les Arcs un questionnaire, dont les r\u00e9ponses sont restitu\u00e9es aux propri\u00e9taires avant l&rsquo;\u00e9lection. Participez \u00e0 l&rsquo;\u00e9laboration de ce questionnaire en formulant vos questions br\u00fblantes dans les commentaires de <a href=\"https:\/\/www.trois-a.org\/index.php\/2019\/12\/01\/elections-municipales-pour-que-comptent-la-voix-et-les-voix-des-proprietaires-aux-arcs\/\">cet article du site de 3A<\/a>.<\/p>\n<p>Rappelons que vous avez encore parfaitement le temps de vous inscrire sur les listes \u00e9lectorales de Bourg Saint-Maurice (Monsieur et\/ou Madame), et que vous pouvez voter par procuration. D\u00e9tails dans <a href=\"https:\/\/www.trois-a.org\/index.php\/2019\/12\/01\/elections-municipales-pour-que-comptent-la-voix-et-les-voix-des-proprietaires-aux-arcs\/\">l&rsquo;article du site<\/a> (en consultation libre).<\/p>\n<h1>Les Arcs Film Festival : et de 11 !<\/h1>\n<p><img decoding=\"async\" class=\"wp-image-2497 aligncenter\" src=\"https:\/\/www.trois-a.org\/wp-content\/uploads\/2019\/12\/word-image-70.jpeg\" width=\"472\" height=\"295\" srcset=\"https:\/\/www.trois-a.org\/wp-content\/uploads\/2019\/12\/word-image-70.jpeg 1033w, https:\/\/www.trois-a.org\/wp-content\/uploads\/2019\/12\/word-image-70-300x188.jpeg 300w, https:\/\/www.trois-a.org\/wp-content\/uploads\/2019\/12\/word-image-70-1024x640.jpeg 1024w, https:\/\/www.trois-a.org\/wp-content\/uploads\/2019\/12\/word-image-70-768x480.jpeg 768w\" sizes=\"(max-width: 472px) 100vw, 472px\" \/><\/p>\n<p>Offre sp\u00e9ciale PROPRIETAIRES\u00a0!<\/p>\n<p>La 11e \u00e9dition du Festival de Cin\u00e9ma Europ\u00e9en des Arcs se tiendra\u00a0du 14 d\u00e9cembre au 21 d\u00e9cembre 2019. Le <a href=\"https:\/\/lesarcs-filmfest.com\/fr\/programmation\">programme complet<\/a> est disponible en ligne.\u00a0Le Festival vous propose des PASS CINEMA et PASS PRIORITAIRE \u00e0 prix r\u00e9duits en pr\u00e9vente sur Internet uniquement, avec le code\u00a0PROP19.<\/p>\n<p>Les organisateurs du festival vous convient le lundi 16 d\u00e9cembre \u00e0 19h30 \u00e0 un cocktail sp\u00e9cial propri\u00e9taires, suivi \u00e0 20h30 du film \u00ab\u00a0Deux\u00a0\u00bb du producteur Pierre-Emmanuel Fleurantin.<\/p>\n<p>S\u00e9ance d\u00e9dicace du livre Tapis rouge d\u2019Eric Garandeau.<\/p>\n<p>Achetez vos pass <a href=\"https:\/\/lesarcs-filmfest.com\/fr\/achat-pass\">en ligne<\/a> !<\/p>\n<h1>Exposition Charlotte Perriand \u00e0 la Fondation Louis Vuitton<\/h1>\n<p><img decoding=\"async\" class=\"wp-image-2498 aligncenter\" src=\"https:\/\/www.trois-a.org\/wp-content\/uploads\/2019\/12\/word-image-71.jpeg\" width=\"709\" height=\"330\" srcset=\"https:\/\/www.trois-a.org\/wp-content\/uploads\/2019\/12\/word-image-71.jpeg 1280w, https:\/\/www.trois-a.org\/wp-content\/uploads\/2019\/12\/word-image-71-300x139.jpeg 300w, https:\/\/www.trois-a.org\/wp-content\/uploads\/2019\/12\/word-image-71-1024x476.jpeg 1024w, https:\/\/www.trois-a.org\/wp-content\/uploads\/2019\/12\/word-image-71-768x357.jpeg 768w\" sizes=\"(max-width: 709px) 100vw, 709px\" \/><\/p>\n<p>A l\u2019occasion du 20e anniversaire de la disparition de Charlotte Perriand, la fondation\u00a0Louis Vuitton pr\u00e9sente dans <a href=\"https:\/\/www.fondationlouisvuitton.fr\/fr\/expositions\/exposition\/charlotte-perriand.html\">une vaste exposition<\/a> l&rsquo;ensemble de ses cr\u00e9ations, y compris ses r\u00e9alisations aux Arcs. Cette c\u00e9l\u00e8bre architecte a en effet contribu\u00e9 d\u00e8s le d\u00e9part \u00e0 la conception et la r\u00e9alisation d&rsquo;Arc 1600 et d&rsquo;Arc 1800, en d\u00e9clinant dans l\u2019am\u00e9nagement int\u00e9rieur des logements ses cr\u00e9ations originelles, qui dataient des ann\u00e9es 30, et en concevant les nouveaux immeubles dans une logique esth\u00e9tique et fonctionnelle de respect de la montagne et de prise en compte de l&rsquo;environnement.<\/p>\n<p>On peut s&rsquo;y procurer le magnifique ouvrage \u00ab <a href=\"https:\/\/librairie.fondationlouisvuitton.fr\/fr\/charlotte-perriand-le-monde-nouveau-de-charlotte-perriand\/charlotte-perriand-loeuvre-complete-volume-4-1968-1999\/749.html\">Charlotte Perriand, l\u2019\u0153uvre compl\u00e8te volume 4 1968-1999<\/a> \u00bb,\u00a0\u00e9crit par Jacques Barsac et publi\u00e9 par les \u00e9ditions Norma, qui retrace l\u2019histoire de la cr\u00e9ation des Arcs, et qui m\u00e9rite sa place dans la biblioth\u00e8que de toute personne int\u00e9ress\u00e9e par le pass\u00e9, le pr\u00e9sent et l&rsquo;avenir des Arcs.<\/p>\n<p style=\"text-align: center;\"><img decoding=\"async\" class=\"wp-image-2499\" src=\"https:\/\/www.trois-a.org\/wp-content\/uploads\/2019\/12\/word-image-72.jpeg\" width=\"279\" height=\"373\" srcset=\"https:\/\/www.trois-a.org\/wp-content\/uploads\/2019\/12\/word-image-72.jpeg 480w, https:\/\/www.trois-a.org\/wp-content\/uploads\/2019\/12\/word-image-72-225x300.jpeg 225w\" sizes=\"(max-width: 279px) 100vw, 279px\" \/>\u00a0 \u00a0 \u00a0 \u00a0 \u00a0 \u00a0<img decoding=\"async\" class=\"wp-image-2500\" src=\"https:\/\/www.trois-a.org\/wp-content\/uploads\/2019\/12\/word-image-73.jpeg\" width=\"499\" height=\"374\" srcset=\"https:\/\/www.trois-a.org\/wp-content\/uploads\/2019\/12\/word-image-73.jpeg 640w, https:\/\/www.trois-a.org\/wp-content\/uploads\/2019\/12\/word-image-73-300x225.jpeg 300w\" sizes=\"(max-width: 499px) 100vw, 499px\" \/><\/p>\n<p><img decoding=\"async\" class=\"wp-image-2501 aligncenter\" src=\"https:\/\/www.trois-a.org\/wp-content\/uploads\/2019\/12\/word-image-74.jpeg\" width=\"444\" height=\"333\" srcset=\"https:\/\/www.trois-a.org\/wp-content\/uploads\/2019\/12\/word-image-74.jpeg 640w, https:\/\/www.trois-a.org\/wp-content\/uploads\/2019\/12\/word-image-74-300x225.jpeg 300w\" sizes=\"(max-width: 444px) 100vw, 444px\" \/><\/p>\n<\/div><\/article><article id=\"post-2214\" class=\"hentry entry entry_full post_has_image \"><div class=\"entry_info\"><h2 class=\"entry_title entry-title\"><a href=\"https:\/\/www.trois-a.org\/index.php\/2019\/09\/17\/les-breves-de-3a-n8\/\" rel=\"bookmark\" title=\"Lien permanent pour Les Br\u00e8ves de 3A n\u00b08\">Les Br\u00e8ves de 3A n\u00b08<\/a><\/h2><div class=\"entry_meta\"><time class=\"published updated\" datetime=\"2019-09-17\"><a href=\"https:\/\/www.trois-a.org\/index.php\/2019\/09\/\"><i class=\"theme-icon icon_calendar-meta meta-icon meta-icon-calendar\"><\/i>17 septembre 2019<\/a><\/time><span class=\"separator\">|<\/span><span class=\"tags\"><i class=\"theme-icon icon_tag-meta meta-icon\"><\/i><a href=\"https:\/\/www.trois-a.org\/index.php\/tag\/article-en-acces-libre\/\" rel=\"tag\">Article en acc\u00e8s libre<\/a><\/span><\/div><\/div><div class=\"entry_content entry-content\"><p>Le 8e num\u00e9ro des Br\u00e8ves de 3A est disponible.<\/p>\n<p>Lisez ces br\u00e8ves <a href=\"https:\/\/sway.office.com\/zX0bK2inAPo0uJ3R?ref=Link\" target=\"_blank\" rel=\"noopener noreferrer\">sous leur format original<\/a>.<\/p>\n<p>Vous pouvez aussi les r\u00e9cup\u00e9rer <a href=\"https:\/\/www.trois-a.org\/wp-content\/uploads\/2019\/09\/Les-Br\u00e8ves-de-3A-n\u00b08.pdf\" target=\"_blank\" rel=\"noopener noreferrer\">au format pdf<\/a>.<\/p>\n<p>&nbsp;<\/p>\n<p>&nbsp;<\/p>\n<p>&nbsp;<\/p>\n<p>&nbsp;<\/p>\n<h1 style=\"text-align: center;\"><a href=\"https:\/\/www.trois-a.org\">Les Br\u00e8ves de 3A n\u00b08<\/a><\/h1>\n<p><img decoding=\"async\" class=\"wp-image-2216 alignleft\" src=\"https:\/\/www.trois-a.org\/wp-content\/uploads\/2019\/09\/word-image.png\" width=\"273\" height=\"211\" \/><\/p>\n<p><img decoding=\"async\" class=\"wp-image-2217 aligncenter\" src=\"https:\/\/www.trois-a.org\/wp-content\/uploads\/2019\/09\/3a-association-de-proprietaires-aux-arcs.jpeg\" alt=\"3A, association de propri\u00e9taires aux Arcs\" width=\"514\" height=\"244\" srcset=\"https:\/\/www.trois-a.org\/wp-content\/uploads\/2019\/09\/3a-association-de-proprietaires-aux-arcs.jpeg 2218w, https:\/\/www.trois-a.org\/wp-content\/uploads\/2019\/09\/3a-association-de-proprietaires-aux-arcs-300x142.jpeg 300w, https:\/\/www.trois-a.org\/wp-content\/uploads\/2019\/09\/3a-association-de-proprietaires-aux-arcs-768x364.jpeg 768w, https:\/\/www.trois-a.org\/wp-content\/uploads\/2019\/09\/3a-association-de-proprietaires-aux-arcs-1024x485.jpeg 1024w\" sizes=\"(max-width: 514px) 100vw, 514px\" \/><\/p>\n<h3 style=\"text-align: center;\"><\/h3>\n<h4 style=\"text-align: center;\">Septembre 2019<\/h4>\n<h1>Une nouvelle pr\u00e9sidente pour 3A !<\/h1>\n<p><img decoding=\"async\" class=\"wp-image-2218 aligncenter\" src=\"https:\/\/www.trois-a.org\/wp-content\/uploads\/2019\/09\/word-image-1.jpeg\" width=\"224\" height=\"319\" srcset=\"https:\/\/www.trois-a.org\/wp-content\/uploads\/2019\/09\/word-image-1.jpeg 257w, https:\/\/www.trois-a.org\/wp-content\/uploads\/2019\/09\/word-image-1-211x300.jpeg 211w\" sizes=\"(max-width: 224px) 100vw, 224px\" \/><\/p>\n<p style=\"text-align: center;\">Carole<\/p>\n<p>Le nouveau <a href=\"https:\/\/www.trois-a.org\/index.php\/accueil\/le-conseil-dadministration-de-3a\/\">Conseil d\u2019Administration de 3A<\/a>, partiellement renouvel\u00e9 lors de l\u2019<a href=\"https:\/\/www.trois-a.org\/index.php\/2019\/08\/06\/rapport-moral-ag-2019\/\">AG du 6 ao\u00fbt<\/a> dernier (AG dont <a href=\"https:\/\/www.trois-a.org\/wp-content\/uploads\/2019\/08\/PV-AG-2019-08-2019.pdf\">le proc\u00e8s-verbal<\/a> est disponible sur le site de 3A), a d\u00e9sign\u00e9 une nouvelle pr\u00e9sidente : Carole Rampazzo, en remplacement de Jean-Louis Narquin.<\/p>\n<p>Jean-Louis a souhait\u00e9 mettre fin \u00e0 ses fonctions de pr\u00e9sident apr\u00e8s de nombreuses ann\u00e9es d\u2019efficacit\u00e9 unanimement reconnue \u00e0 ce poste, mais reste tr\u00e8s actif au sein de l\u2019association, notamment par sa pr\u00e9sence aux r\u00e9unions hebdomadaires de coordination des activit\u00e9s de la station. Qu\u2019il soit vivement remerci\u00e9 ici pour son action et son d\u00e9vouement sans faille durant son mandat.<\/p>\n<p>Carole, qui s\u2019est pr\u00e9sent\u00e9e elle-m\u00eame lors de l\u2019AG, est r\u00e9guli\u00e8rement pr\u00e9sente aux Arcs depuis son adolescence. Fille d&rsquo;un des premiers pr\u00e9sidents du Golf, son int\u00e9r\u00eat pour un d\u00e9veloppement harmonieux des Arcs prenant en compte les points de vue des propri\u00e9taires n\u2019a d\u2019\u00e9gal que ses capacit\u00e9s \u00e0 coordonner les actions de l\u2019\u00e9quipe d\u2019animation de 3A et \u00e0 dialoguer avec vous et les instances de la station.<\/p>\n<h1>L&rsquo;Assembl\u00e9e g\u00e9n\u00e9rale de 3A 2019<\/h1>\n<p><img decoding=\"async\" class=\"wp-image-2219 alignright\" src=\"https:\/\/www.trois-a.org\/wp-content\/uploads\/2019\/09\/word-image-2.jpeg\" width=\"602\" height=\"451\" srcset=\"https:\/\/www.trois-a.org\/wp-content\/uploads\/2019\/09\/word-image-2.jpeg 2067w, https:\/\/www.trois-a.org\/wp-content\/uploads\/2019\/09\/word-image-2-300x225.jpeg 300w, https:\/\/www.trois-a.org\/wp-content\/uploads\/2019\/09\/word-image-2-768x576.jpeg 768w, https:\/\/www.trois-a.org\/wp-content\/uploads\/2019\/09\/word-image-2-1024x768.jpeg 1024w\" sizes=\"(max-width: 602px) 100vw, 602px\" \/><\/p>\n<p>La <a href=\"https:\/\/www.trois-a.org\/index.php\/2019\/08\/06\/rapport-moral-ag-2019\/\">derni\u00e8re assembl\u00e9e g\u00e9n\u00e9rale de 3A<\/a> s&rsquo;est d\u00e9roul\u00e9e le 6 ao\u00fbt 2019 \u00e0 la salle Bernard Taillefer. Le pr\u00e9sident, Jean-Louis Narquin (qui donc a depuis pass\u00e9 le relais \u00e0 Carole Rampazzo) y a pr\u00e9sent\u00e9 le rapport moral de l&rsquo;activit\u00e9 2018-2019 de l&rsquo;association, dont on trouvera le texte complet <a href=\"https:\/\/www.trois-a.org\/wp-content\/uploads\/2019\/09\/3A-Actions-et-r\u00e9sultats-edition-2019.pdf\">ici<\/a>. L&rsquo;AG a \u00e9t\u00e9 suivie de <a href=\"https:\/\/fr.calameo.com\/read\/00568961640203d3a1df8?page=1\">la r\u00e9union d&rsquo;information des propri\u00e9taires aux Arcs organis\u00e9e par la Mairie<\/a>, elle-m\u00eame suivie d&rsquo;un pot convivial autour duquel les participants ont pu \u00e9changer avec les responsables de la station et les animateurs de 3A.<\/p>\n<p>Cette AG a permis de r\u00e9affirmer les grandes lignes directrices de l&rsquo;action \u00e0 venir de 3A :<\/p>\n<ul>\n<li>d&rsquo;une part l&rsquo;\u00e9largissement de son audience aupr\u00e8s des propri\u00e9taires aux Arcs, par l&rsquo;accroissement de sa communication (<a href=\"https:\/\/www.trois-a.org\/index.php\/accueil\/les-breves-de-3a\/\">Les Br\u00e8ves de 3A<\/a>, plus d\u00e9velopp\u00e9es, <a href=\"https:\/\/www.trois-a.org\/\">site Web<\/a>, plus fonctionnel et attractif),<\/li>\n<li>et d&rsquo;autre part le renforcement des canaux de remont\u00e9es d&rsquo;information en provenance de ces propri\u00e9taires (page <a href=\"https:\/\/www.trois-a.org\/index.php\/exprimez-vous\/\">\u00ab\u00a0Exprimez-vous\u00a0\u00bb<\/a> du site Web, r\u00e9unions \u00ab\u00a0Propri\u00e9taire aux Arcs\u00a0\u00bb, <a href=\"https:\/\/www.trois-a.org\/index.php\/2019\/05\/27\/reunion-3a-presidents-de-coproprietes-mars-2019\/\">interactions avec les pr\u00e9sidents de copropri\u00e9t\u00e9<\/a>, nomination de \u00ab\u00a0r\u00e9f\u00e9rents\u00a0\u00bb pour chaque village des Arcs,&#8230;).<\/li>\n<\/ul>\n<h1>Fin (annonc\u00e9e) du programme Nirvanalps<\/h1>\n<p><img decoding=\"async\" class=\"wp-image-2220 aligncenter\" src=\"https:\/\/www.trois-a.org\/wp-content\/uploads\/2019\/09\/word-image-3.jpeg\" width=\"815\" height=\"272\" srcset=\"https:\/\/www.trois-a.org\/wp-content\/uploads\/2019\/09\/word-image-3.jpeg 1200w, https:\/\/www.trois-a.org\/wp-content\/uploads\/2019\/09\/word-image-3-300x100.jpeg 300w, https:\/\/www.trois-a.org\/wp-content\/uploads\/2019\/09\/word-image-3-768x256.jpeg 768w, https:\/\/www.trois-a.org\/wp-content\/uploads\/2019\/09\/word-image-3-1024x341.jpeg 1024w\" sizes=\"(max-width: 815px) 100vw, 815px\" \/><\/p>\n<p>Si vous souscrivez au programme d&rsquo;avantages Propri\u00e9taire Nirvanalps, vous avez re\u00e7u un <a href=\"http:\/\/track.news-lesarcs.com\/wc.php?id=1058&amp;md=29128&amp;lid=195\">courrier \u00e9lectronique<\/a> vous informant de l&rsquo;arr\u00eat de ce programme au 31 octobre 2019. Cette fin \u00e9tait d\u00e9j\u00e0 pr\u00e9vue depuis deux ans, ce n&rsquo;est pas une surprise. Pour l&rsquo;instant, les d\u00e9tails op\u00e9rationnels du nouveau programme qui le remplace ne sont pas connus, mais d&rsquo;ores et d\u00e9j\u00e0 il faut savoir qu&rsquo;il sera indispensable de faire classer son appartement pour en profiter, et que les avantages obtenus d\u00e9pendront de l&rsquo;occupation de son logement. 3A ne manquera pas de vous informer de l&rsquo;\u00e9volution de la situation. Notez que vous pouvez encore augmenter vos points (qui seront reconduits dans le nouveau programme) en achetant vos forfaits d\u00e8s maintenant : la case \u00ab\u00a0Nirvanalps\u00a0\u00bb est toujours pr\u00e9sente (juste avant de payer). Quelques pr\u00e9cisions suppl\u00e9mentaires sur <a href=\"https:\/\/www.trois-a.org\/index.php\/2019\/09\/14\/quelques-precisions-sur-le-nouveau-programme-avantages-proprietaires\/\">le site de 3A<\/a>.<\/p>\n<h1>Achetez vos forfaits en \u00ab\u00a0early booking\u00a0\u00bb<\/h1>\n<p><img decoding=\"async\" class=\"wp-image-2221 alignleft\" src=\"https:\/\/www.trois-a.org\/wp-content\/uploads\/2019\/09\/word-image-4.jpeg\" width=\"404\" height=\"177\" srcset=\"https:\/\/www.trois-a.org\/wp-content\/uploads\/2019\/09\/word-image-4.jpeg 1165w, https:\/\/www.trois-a.org\/wp-content\/uploads\/2019\/09\/word-image-4-300x131.jpeg 300w, https:\/\/www.trois-a.org\/wp-content\/uploads\/2019\/09\/word-image-4-768x336.jpeg 768w, https:\/\/www.trois-a.org\/wp-content\/uploads\/2019\/09\/word-image-4-1024x448.jpeg 1024w\" sizes=\"(max-width: 404px) 100vw, 404px\" \/><\/p>\n<p>L&rsquo;achat des forfaits pour la saison 2019-2020 est ouvert, sur le site des Arcs par\u00e9 de ses atours enneig\u00e9s. Profitez des remises qui sont valables jusqu&rsquo;au 30 novembre 2019 (<a href=\"https:\/\/www.lesarcs-peiseyvallandry.ski\/fr\/forfait-ski\/saison-classique-2286\/\">exemple forfait saison<\/a>).<\/p>\n<p>3A regrette que les propri\u00e9taires n&rsquo;aient pas de tarifs privil\u00e9gi\u00e9s, en particulier pour les forfaits saison.<\/p>\n<p>Les nouveaut\u00e9s de la saison 2019-2020 sont <a href=\"https:\/\/www.lesarcs.com\/blog\/des-nouvelles-fraiches-du-domaine.html\">l\u00e0<\/a>.<\/p>\n<p>&nbsp;<\/p>\n<h1>Le Festival de Musique 2019, un nouveau grand cru<\/h1>\n<p><img decoding=\"async\" class=\"wp-image-2222 aligncenter\" src=\"https:\/\/www.trois-a.org\/wp-content\/uploads\/2019\/09\/word-image-5.jpeg\" width=\"922\" height=\"613\" srcset=\"https:\/\/www.trois-a.org\/wp-content\/uploads\/2019\/09\/word-image-5.jpeg 1034w, https:\/\/www.trois-a.org\/wp-content\/uploads\/2019\/09\/word-image-5-300x200.jpeg 300w, https:\/\/www.trois-a.org\/wp-content\/uploads\/2019\/09\/word-image-5-768x511.jpeg 768w, https:\/\/www.trois-a.org\/wp-content\/uploads\/2019\/09\/word-image-5-1024x681.jpeg 1024w\" sizes=\"(max-width: 922px) 100vw, 922px\" \/><\/p>\n<p style=\"text-align: center;\">Photo Pierre Pezet<\/p>\n<p><img decoding=\"async\" width=\"924\" height=\"693\" class=\"wp-image-2223 aligncenter\" src=\"https:\/\/www.trois-a.org\/wp-content\/uploads\/2019\/09\/word-image-6.jpeg\" srcset=\"https:\/\/www.trois-a.org\/wp-content\/uploads\/2019\/09\/word-image-6.jpeg 924w, https:\/\/www.trois-a.org\/wp-content\/uploads\/2019\/09\/word-image-6-300x225.jpeg 300w, https:\/\/www.trois-a.org\/wp-content\/uploads\/2019\/09\/word-image-6-768x576.jpeg 768w\" sizes=\"(max-width: 924px) 100vw, 924px\" \/><\/p>\n<p>La fr\u00e9quentation de cette 46<sup>e<\/sup> \u00e9dition de l\u2019Acad\u00e9mie-Festival de Musique classique, associ\u00e9e aux manifestations saluant les 50 ans des Arcs, a battu son record\u00a0: 12\u00a0000 entr\u00e9es ont \u00e9t\u00e9 enregistr\u00e9es\u00a0! Signe de popularit\u00e9 croissante, qui a pos\u00e9 un r\u00e9el probl\u00e8me logistique auquel s\u2019attelle d\u00e9j\u00e0 la direction pour 2020.<\/p>\n<p>Innovations nombreuses cette ann\u00e9e\u00a0: des s\u00e9ances r\u00e9serv\u00e9es aux enfants, une pr\u00e9sentation, en avant-programme, du concert du jour par un musicologue, des micro-trottoirs avec la participation impromptue de m\u00e9lomanes (ou pas), un plus grand d\u00e9ploiement sur la vall\u00e9e, la recherche de partenariats favorisant l&rsquo;image des Arcs comme station de pointe l&rsquo;\u00e9t\u00e9, une cr\u00e9ation mondiale pour le Carillon ArsSonora \u00e0 1800. Les compositeurs en r\u00e9sidence seront d\u00e9sormais invit\u00e9s \u00e0 produire une composition originale, qui enrichira ainsi le r\u00e9pertoire du carillon. Enfin, les \u00e9l\u00e8ves de l\u2019Acad\u00e9mie (certains venus de l\u2019autre bout de la plan\u00e8te) ont \u00e9t\u00e9 unanimes \u00e0 appr\u00e9cier le nouveau confort apport\u00e9 par l\u2019h\u00e9bergement \u00e0 l\u2019h\u00f4tel Belambra de 1600, privatis\u00e9 pour l\u2019occasion, avec un piano dans chaque chambre pour les pianistes\u00a0! Une offre probablement unique.<\/p>\n<p>La prochaine \u00e9dition, soit la 47e, se d\u00e9roulera du 17 juillet au 2 ao\u00fbt 2020. Cette fois, pas de pays ou de compositeur \u00e0 l\u2019honneur, mais un th\u00e8me qui s&rsquo;annonce passionnant\u00a0: les relations entre la cr\u00e9ation musicale et le pouvoir politique, \u00e9conomique et religieux \u00e0 travers les si\u00e8cles.<\/p>\n<p>Parce que, depuis bient\u00f4t 50 ans, artistes, \u00e9l\u00e8ves, b\u00e9n\u00e9voles\u2026 font vivre cet \u00e9v\u00e8nement magique en p\u00e9rennisant ses valeurs fondamentales, dont la gratuit\u00e9 de toutes les manifestations, 3A soutient\u00a0l\u2019Acad\u00e9mie-Festival de Musique des Arcs, atout majeur de la saison d\u2019\u00e9t\u00e9 aux Arcs.<\/p>\n<p>3A vous invite \u00e0 soutenir cette manifestation en devenant adh\u00e9rent.<\/p>\n<h1>La f\u00eate du Golf<\/h1>\n<p><img decoding=\"async\" width=\"1551\" height=\"1031\" class=\"wp-image-2224 aligncenter\" src=\"https:\/\/www.trois-a.org\/wp-content\/uploads\/2019\/09\/word-image-7.jpeg\" srcset=\"https:\/\/www.trois-a.org\/wp-content\/uploads\/2019\/09\/word-image-7.jpeg 1551w, https:\/\/www.trois-a.org\/wp-content\/uploads\/2019\/09\/word-image-7-300x199.jpeg 300w, https:\/\/www.trois-a.org\/wp-content\/uploads\/2019\/09\/word-image-7-768x511.jpeg 768w, https:\/\/www.trois-a.org\/wp-content\/uploads\/2019\/09\/word-image-7-1024x681.jpeg 1024w\" sizes=\"(max-width: 1551px) 100vw, 1551px\" \/><\/p>\n<p style=\"text-align: center;\">Photo Vincent Zavarroni<\/p>\n<p>3A a organis\u00e9 cet \u00e9t\u00e9 sa comp\u00e9tition annuelle dans le cadre de la f\u00eate du Golf et des 50 ans des Arcs. Belle participation, malgr\u00e9 une m\u00e9t\u00e9o contraire qui a oblig\u00e9 \u00e0 retarder l&rsquo;\u00e9v\u00e8nement de deux jours. Retrouvez les d\u00e9tails <a href=\"https:\/\/www.trois-a.org\/index.php\/2019\/08\/13\/18e-coupe-de-golf-3a\/\">sur le site de 3A<\/a>.<\/p>\n<h1>Les Arcs, on en parle dans les media<\/h1>\n<p><img decoding=\"async\" width=\"1552\" height=\"842\" class=\"wp-image-2225\" src=\"https:\/\/www.trois-a.org\/wp-content\/uploads\/2019\/09\/word-image-8.jpeg\" srcset=\"https:\/\/www.trois-a.org\/wp-content\/uploads\/2019\/09\/word-image-8.jpeg 1552w, https:\/\/www.trois-a.org\/wp-content\/uploads\/2019\/09\/word-image-8-300x163.jpeg 300w, https:\/\/www.trois-a.org\/wp-content\/uploads\/2019\/09\/word-image-8-768x417.jpeg 768w, https:\/\/www.trois-a.org\/wp-content\/uploads\/2019\/09\/word-image-8-1024x556.jpeg 1024w\" sizes=\"(max-width: 1552px) 100vw, 1552px\" \/><\/p>\n<p>L&rsquo;image de marque de la station est un param\u00e8tre important de la pr\u00e9servation de notre patrimoine en tant que propri\u00e9taire. L&rsquo;extrait ci-dessus de <a href=\"https:\/\/fr.calameo.com\/read\/00568961640203d3a1df8?page=1\">la pr\u00e9sentation publique de la Mairie du 6 ao\u00fbt 2019<\/a> fournit un panorama de la couverture m\u00e9diatique qu&rsquo;a connue notre station cette saison. Vous trouverez des liens sur les articles dans <a href=\"https:\/\/mailchi.mp\/6123e8374954\/revue-de-presse-dcouvrez-les-plus-beaux-articles-parus-de-mai-juillet-227869\">ce communiqu\u00e9 de presse de l&rsquo;Office du Tourisme<\/a>.<\/p>\n<h1>Bilan des caf\u00e9Contacts 3A<\/h1>\n<p><img decoding=\"async\" class=\"wp-image-2226 aligncenter\" src=\"https:\/\/www.trois-a.org\/wp-content\/uploads\/2019\/09\/word-image-9.jpeg\" width=\"389\" height=\"389\" srcset=\"https:\/\/www.trois-a.org\/wp-content\/uploads\/2019\/09\/word-image-9.jpeg 576w, https:\/\/www.trois-a.org\/wp-content\/uploads\/2019\/09\/word-image-9-150x150.jpeg 150w, https:\/\/www.trois-a.org\/wp-content\/uploads\/2019\/09\/word-image-9-300x300.jpeg 300w\" sizes=\"(max-width: 389px) 100vw, 389px\" \/><\/p>\n<p>Pilot\u00e9s par Paul Landowski, membre du conseil d\u2019administration de 3A et fort de son exp\u00e9rience <a href=\"http:\/\/www.cafecontactemploi.fr\">Caf\u00e9 contact\u00a0de l\u2019emploi\u00ae<\/a>, les caf\u00e9s contacts 3A ont r\u00e9uni environ 5\/6 participants chez Boubou \u00e0 Arc 1800 tous les lundis matin \u00e0 10h pendant ces 2 mois d\u2019\u00e9t\u00e9.<\/p>\n<p>Ces sympathiques r\u00e9unions ont \u00e9t\u00e9 l\u2019objet d\u2019un \u00e9change informel avec des adh\u00e9rents 3A sur leurs pr\u00e9occupations et ont permis de faire d\u00e9couvrir 3A \u00e0 de nouveaux contacts.<\/p>\n<p>Les questions pos\u00e9es, lorsqu\u2019elles n\u2019ont pas eu de r\u00e9ponses imm\u00e9diates par un membre 3A pr\u00e9sent, sont reprises lors des r\u00e9unions hebdomadaires de coordination avec les op\u00e9rateurs de la station.<\/p>\n<p>Ce rendez-vous r\u00e9gulier \u00e0 1800, qui a d\u00e9marr\u00e9 \u00e9galement \u00e0 1600 au Cairn gr\u00e2ce \u00e0 Miren Vercollier, a atteint son objectif et sera p\u00e9rennis\u00e9 en 2020.<\/p>\n<p>Merci \u00e0 tous les participants !<\/p>\n<h1>Fin de la diffusion de la t\u00e9l\u00e9vision par c\u00e2ble aux Arcs<\/h1>\n<p><img decoding=\"async\" width=\"590\" height=\"217\" class=\"wp-image-2227 aligncenter\" src=\"https:\/\/www.trois-a.org\/wp-content\/uploads\/2019\/09\/word-image-10.jpeg\" srcset=\"https:\/\/www.trois-a.org\/wp-content\/uploads\/2019\/09\/word-image-10.jpeg 590w, https:\/\/www.trois-a.org\/wp-content\/uploads\/2019\/09\/word-image-10-300x110.jpeg 300w\" sizes=\"(max-width: 590px) 100vw, 590px\" \/><\/p>\n<p>Un r\u00e9seau \u00ab\u00a0historique\u00a0\u00bb (c\u00e2ble coaxial type antenne de t\u00e9l\u00e9vision), exploit\u00e9 par SFR-Num\u00e9ricable au titre d\u2019une D\u00e9l\u00e9gation de Service Public (DSP), permet la diffusion de chaines de t\u00e9l\u00e9vision dans un certain nombre d\u2019appartements des Arcs. Cette DSP arrive \u00e0 \u00e9ch\u00e9ance en d\u00e9cembre 2019.<\/p>\n<p>Devant le faible nombre d\u2019abonn\u00e9s \u00ab\u00a0r\u00e9siduels\u00a0\u00bb (430, soit 5% des prises), la commune de Bourg Saint Maurice a d\u00e9cid\u00e9 de ne pas renouveler cette DSP et de mettre en vente ce r\u00e9seau. On peut consulter la d\u00e9lib\u00e9ration du Conseil Municipal \u00e0 ce sujet <a href=\"https:\/\/www.trois-a.org\/wp-content\/uploads\/2019\/09\/CM_2019.08.01.pdf\">ici<\/a> (page 17).<\/p>\n<p>Il faut noter que SFR-Num\u00e9ricable s\u2019est engag\u00e9 \u00e0 effectuer une d\u00e9marche commerciale aupr\u00e8s de ses abonn\u00e9s.<\/p>\n<p>Point de vue 3A\u00a0: la d\u00e9cision municipale semble justifi\u00e9e dans le contexte de l\u2019arriv\u00e9e \u00ab\u00a0prochaine\u00a0\u00bb du Tr\u00e8s Haut D\u00e9bit (THD ou Fibre Optique) dans notre station. Mais que va-t-il se passer dans l\u2019intervalle fin 2019 \u2013 disponibilit\u00e9 du THD ?<\/p>\n<p>3A restera\u00a0attentive dans les prochaines semaines aux points suivants :<\/p>\n<ul>\n<li>Contenu de la d\u00e9marche commerciale de SFR-Num\u00e9ricable<\/li>\n<li>Qui va se porter acqu\u00e9reur du r\u00e9seau actuel ?<\/li>\n<li>Et bien s\u00fbr, progression de la mise en place par Orange-Covage du THD en Tarentaise<\/li>\n<\/ul>\n<h1>De nouvelles id\u00e9es pour augmenter l&rsquo;attractivit\u00e9 des Arcs<\/h1>\n<p><img decoding=\"async\" class=\"wp-image-2228 alignleft\" src=\"https:\/\/www.trois-a.org\/wp-content\/uploads\/2019\/09\/word-image-11.jpeg\" width=\"323\" height=\"242\" srcset=\"https:\/\/www.trois-a.org\/wp-content\/uploads\/2019\/09\/word-image-11.jpeg 716w, https:\/\/www.trois-a.org\/wp-content\/uploads\/2019\/09\/word-image-11-300x225.jpeg 300w\" sizes=\"(max-width: 323px) 100vw, 323px\" \/> <img decoding=\"async\" class=\"wp-image-2229 alignleft\" src=\"https:\/\/www.trois-a.org\/wp-content\/uploads\/2019\/09\/word-image-12.jpeg\" width=\"360\" height=\"240\" srcset=\"https:\/\/www.trois-a.org\/wp-content\/uploads\/2019\/09\/word-image-12.jpeg 789w, https:\/\/www.trois-a.org\/wp-content\/uploads\/2019\/09\/word-image-12-300x200.jpeg 300w, https:\/\/www.trois-a.org\/wp-content\/uploads\/2019\/09\/word-image-12-768x512.jpeg 768w\" sizes=\"(max-width: 360px) 100vw, 360px\" \/> <img decoding=\"async\" class=\"wp-image-2230 alignright\" src=\"https:\/\/www.trois-a.org\/wp-content\/uploads\/2019\/09\/word-image-13.jpeg\" width=\"417\" height=\"278\" srcset=\"https:\/\/www.trois-a.org\/wp-content\/uploads\/2019\/09\/word-image-13.jpeg 604w, https:\/\/www.trois-a.org\/wp-content\/uploads\/2019\/09\/word-image-13-300x200.jpeg 300w\" sizes=\"(max-width: 417px) 100vw, 417px\" \/> <img decoding=\"async\" class=\"wp-image-2231 aligncenter\" src=\"https:\/\/www.trois-a.org\/wp-content\/uploads\/2019\/09\/word-image-14.jpeg\" width=\"320\" height=\"240\" srcset=\"https:\/\/www.trois-a.org\/wp-content\/uploads\/2019\/09\/word-image-14.jpeg 643w, https:\/\/www.trois-a.org\/wp-content\/uploads\/2019\/09\/word-image-14-300x225.jpeg 300w\" sizes=\"(max-width: 320px) 100vw, 320px\" \/> <img decoding=\"async\" class=\"wp-image-2232 alignleft\" src=\"https:\/\/www.trois-a.org\/wp-content\/uploads\/2019\/09\/word-image-15.jpeg\" width=\"431\" height=\"287\" srcset=\"https:\/\/www.trois-a.org\/wp-content\/uploads\/2019\/09\/word-image-15.jpeg 552w, https:\/\/www.trois-a.org\/wp-content\/uploads\/2019\/09\/word-image-15-300x200.jpeg 300w\" sizes=\"(max-width: 431px) 100vw, 431px\" \/> <img decoding=\"async\" width=\"1034\" height=\"449\" class=\"wp-image-2233\" src=\"https:\/\/www.trois-a.org\/wp-content\/uploads\/2019\/09\/word-image-16.jpeg\" srcset=\"https:\/\/www.trois-a.org\/wp-content\/uploads\/2019\/09\/word-image-16.jpeg 1034w, https:\/\/www.trois-a.org\/wp-content\/uploads\/2019\/09\/word-image-16-300x130.jpeg 300w, https:\/\/www.trois-a.org\/wp-content\/uploads\/2019\/09\/word-image-16-768x333.jpeg 768w, https:\/\/www.trois-a.org\/wp-content\/uploads\/2019\/09\/word-image-16-1024x445.jpeg 1024w\" sizes=\"(max-width: 1034px) 100vw, 1034px\" \/> <img decoding=\"async\" class=\"wp-image-2234\" src=\"https:\/\/www.trois-a.org\/wp-content\/uploads\/2019\/09\/word-image-17.jpeg\" width=\"362\" height=\"271\" srcset=\"https:\/\/www.trois-a.org\/wp-content\/uploads\/2019\/09\/word-image-17.jpeg 532w, https:\/\/www.trois-a.org\/wp-content\/uploads\/2019\/09\/word-image-17-300x225.jpeg 300w\" sizes=\"(max-width: 362px) 100vw, 362px\" \/>\u00a0 \u00a0 \u00a0 \u00a0 \u00a0 \u00a0 \u00a0 \u00a0 \u00a0 \u00a0 \u00a0 \u00a0 \u00a0 \u00a0 \u00a0 \u00a0 \u00a0 \u00a0 \u00a0 \u00a0<img decoding=\"async\" class=\"wp-image-2235\" src=\"https:\/\/www.trois-a.org\/wp-content\/uploads\/2019\/09\/word-image-18.jpeg\" width=\"210\" height=\"280\" srcset=\"https:\/\/www.trois-a.org\/wp-content\/uploads\/2019\/09\/word-image-18.jpeg 377w, https:\/\/www.trois-a.org\/wp-content\/uploads\/2019\/09\/word-image-18-225x300.jpeg 225w\" sizes=\"(max-width: 210px) 100vw, 210px\" \/><\/p>\n<p>Les maires des communes de Bourg Saint Maurice \u2013Les Arcs, Landry, Peisey-Nancroix et Villaroger\u2013 ont lanc\u00e9 une nouvelle r\u00e9flexion sur l\u2019attractivit\u00e9 des Arcs. Une premi\u00e8re r\u00e9union, qui s&rsquo;est tenue le 29 ao\u00fbt 2019, et \u00e0 laquelle 3A \u00e9tait pr\u00e9sente, avait pour objet de pr\u00e9senter un programme d&rsquo;\u00e9tudes devant aboutir \u00e0 la d\u00e9finition \u00e0 l&rsquo;\u00e9t\u00e9 2020 d&rsquo;orientations strat\u00e9giques.<\/p>\n<p>3A ne manquera pas de vous informer sur la progression de cette op\u00e9ration, et surtout de vous solliciter pour donner vos avis et suggestions !<\/p>\n<p><strong>Derni\u00e8re minute !<\/strong> Dans le cadre de ce projet, une enqu\u00eate vient d&rsquo;\u00eatre lanc\u00e9e aupr\u00e8s des \u00ab\u00a0clients\u00a0\u00bb des Arcs, afin de connaitre leur perception de l&rsquo;attractivit\u00e9 de nos stations. Il nous parait souhaitable que le plus grand nombre possible de propri\u00e9taires expriment leur point de vue <a href=\"https:\/\/fr.surveymonkey.com\/r\/BSMLAPVV_Visiteurs\" rel=\"nofollow noopener noreferrer\">en r\u00e9pondant \u00e0 ce questionnaire<\/a>\u200b.<\/p>\n<h1>3A vous donne rendez-vous en d\u00e9cembre<\/h1>\n<p>Une rencontre \u00ab\u00a0Propri\u00e9taire aux Arcs\u00a0\u00bb est programm\u00e9e pour la fin de l&rsquo;ann\u00e9e, le vendredi 27 d\u00e9cembre 2019 \u00e0 18h, lieu \u00e0 d\u00e9terminer. R\u00e9servez la date. Nous serons tr\u00e8s heureux de vous pr\u00e9senter autour d&rsquo;un verre les actions de 3A, et surtout de recueillir vos avis et suggestions pour am\u00e9liorer le fonctionnement de la station.<\/p>\n<p><img decoding=\"async\" class=\"wp-image-2236 aligncenter\" src=\"https:\/\/www.trois-a.org\/wp-content\/uploads\/2019\/09\/word-image-19.jpeg\" width=\"557\" height=\"417\" srcset=\"https:\/\/www.trois-a.org\/wp-content\/uploads\/2019\/09\/word-image-19.jpeg 632w, https:\/\/www.trois-a.org\/wp-content\/uploads\/2019\/09\/word-image-19-300x225.jpeg 300w\" sizes=\"(max-width: 557px) 100vw, 557px\" \/><\/p>\n<h1><a href=\"https:\/\/www.trois-a.org\/index.php\/exprimez-vous\/\">Exprimez-vous !<\/a><\/h1>\n<p>Si vous souhaitez nous alerter sur une situation probl\u00e9matique, nous poser une question ou nous faire remonter de l&rsquo;information, n&rsquo;h\u00e9sitez pas : rendez-vous sur <a href=\"https:\/\/www.trois-a.org\/index.php\/exprimez-vous\/\">la page du site 3A \u00ab\u00a0Exprimez-vous\u00a0\u00bb<\/a>.<\/p>\n<p><img decoding=\"async\" width=\"859\" height=\"1024\" class=\"wp-image-2237 aligncenter\" src=\"https:\/\/www.trois-a.org\/wp-content\/uploads\/2019\/09\/word-image-20.jpeg\" srcset=\"https:\/\/www.trois-a.org\/wp-content\/uploads\/2019\/09\/word-image-20.jpeg 859w, https:\/\/www.trois-a.org\/wp-content\/uploads\/2019\/09\/word-image-20-252x300.jpeg 252w, https:\/\/www.trois-a.org\/wp-content\/uploads\/2019\/09\/word-image-20-768x916.jpeg 768w\" sizes=\"(max-width: 859px) 100vw, 859px\" \/><\/p>\n<p style=\"text-align: center;\"><a href=\"https:\/\/www.trois-a.org\/index.php\/exprimez-vous\/\">Exprimez-vous<\/a><\/p>\n<h1><a href=\"https:\/\/www.trois-a.org\/index.php\/adhesion\/\">Soutenez-nous !<\/a><\/h1>\n<p>Si vous pensez que les propri\u00e9taires aux Arcs peuvent mieux se faire entendre en se regroupant, n&rsquo;h\u00e9sitez pas \u00e0 <a href=\"https:\/\/www.trois-a.org\/index.php\/adhesion\/\">adh\u00e9rer \u00e0 3A<\/a>, ou \u00e0 <a href=\"https:\/\/www.trois-a.org\/index.php\/adhesion\/\">renouveler votre cotisation<\/a> si vous \u00eates d\u00e9j\u00e0 adh\u00e9rent. Diffusez l&rsquo;information autour de vous !<\/p>\n<p>Pour contacter 3A, envoyez un courrier \u00e9lectronique \u00e0 <a href=\"mailto:contact@trois-a.org\">contact@trois-a.org<\/a><\/p>\n<p><img decoding=\"async\" class=\"wp-image-2238 aligncenter\" src=\"https:\/\/www.trois-a.org\/wp-content\/uploads\/2019\/09\/word-image-21.jpeg\" width=\"680\" height=\"981\" srcset=\"https:\/\/www.trois-a.org\/wp-content\/uploads\/2019\/09\/word-image-21.jpeg 803w, https:\/\/www.trois-a.org\/wp-content\/uploads\/2019\/09\/word-image-21-208x300.jpeg 208w, https:\/\/www.trois-a.org\/wp-content\/uploads\/2019\/09\/word-image-21-768x1108.jpeg 768w, https:\/\/www.trois-a.org\/wp-content\/uploads\/2019\/09\/word-image-21-709x1024.jpeg 709w\" sizes=\"(max-width: 680px) 100vw, 680px\" \/><\/p>\n<p style=\"text-align: center;\"><a href=\"https:\/\/www.trois-a.org\/index.php\/adhesion\/\">Bulletin d&rsquo;adh\u00e9sion<\/a><\/p>\n<p>&nbsp;<\/p>\n<\/div><\/article><\/div>\n","protected":false},"excerpt":{"rendered":"","protected":false},"author":386,"featured_media":0,"parent":17,"menu_order":10,"comment_status":"closed","ping_status":"closed","template":"","meta":{"footnotes":""},"class_list":["post-1206","page","type-page","status-publish","hentry"],"_links":{"self":[{"href":"https:\/\/www.trois-a.org\/index.php\/wp-json\/wp\/v2\/pages\/1206","targetHints":{"allow":["GET"]}}],"collection":[{"href":"https:\/\/www.trois-a.org\/index.php\/wp-json\/wp\/v2\/pages"}],"about":[{"href":"https:\/\/www.trois-a.org\/index.php\/wp-json\/wp\/v2\/types\/page"}],"author":[{"embeddable":true,"href":"https:\/\/www.trois-a.org\/index.php\/wp-json\/wp\/v2\/users\/386"}],"replies":[{"embeddable":true,"href":"https:\/\/www.trois-a.org\/index.php\/wp-json\/wp\/v2\/comments?post=1206"}],"version-history":[{"count":7,"href":"https:\/\/www.trois-a.org\/index.php\/wp-json\/wp\/v2\/pages\/1206\/revisions"}],"predecessor-version":[{"id":3468,"href":"https:\/\/www.trois-a.org\/index.php\/wp-json\/wp\/v2\/pages\/1206\/revisions\/3468"}],"up":[{"embeddable":true,"href":"https:\/\/www.trois-a.org\/index.php\/wp-json\/wp\/v2\/pages\/17"}],"wp:attachment":[{"href":"https:\/\/www.trois-a.org\/index.php\/wp-json\/wp\/v2\/media?parent=1206"}],"curies":[{"name":"wp","href":"https:\/\/api.w.org\/{rel}","templated":true}]}}